{"id":35422,"date":"2015-05-15T07:57:24","date_gmt":"2015-05-15T07:57:24","guid":{"rendered":"http:\/\/www.clinicaclaros.com\/?page_id=35422"},"modified":"2019-07-19T12:09:29","modified_gmt":"2019-07-19T12:09:29","slug":"noticias","status":"publish","type":"page","link":"https:\/\/www.clinicaclaros.com\/ru\/noticias\/","title":{"rendered":"(Espa\u00f1ol) Noticias"},"content":{"rendered":"<div class=\"wpb-content-wrapper\"><p>WhatsApp Image 2024-07-03 at 08.35.23 (2)\"  aria-label=\"Post image\"><img decoding=\"async\" class=\"preload-me lazy-load aspect\" src=\"data:image\/svg+xml,%3Csvg%20xmlns%3D&#39;http%3A%2F%2Fwww.w3.org%2F2000%2Fsvg&#39;%20viewBox%3D&#39;0%200%20157%20210&#39;%2F%3E\" data-src=\"https:\/\/www.clinicaclaros.com\/wp-content\/uploads\/2024\/07\/WhatsApp-Image-2024-07-03-at-08.35.23-2-157x210.jpeg\" data-srcset=\"https:\/\/www.clinicaclaros.com\/wp-content\/uploads\/2024\/07\/WhatsApp-Image-2024-07-03-at-08.35.23-2-157x210.jpeg 157w, https:\/\/www.clinicaclaros.com\/wp-content\/uploads\/2024\/07\/WhatsApp-Image-2024-07-03-at-08.35.23-2-314x420.jpeg 314w\" loading=\"eager\" style=\"--ratio: 157 \/ 210\" sizes=\"(max-width: 157px) 100vw, 157px\" alt=\"\" width=\"157\" height=\"210\"  \/><\/a>\t\t\t<\/figure>\n<\/div>\n<div class=\"project-list-content\">\n\t<h3 class=\"entry-title\"><a href=\"https:\/\/www.clinicaclaros.com\/ru\/project\/nombramiento-del-dr-pedro-claros-como-academico-correspondiente-honorario-de-la-r-a-n-m-e\/\" title=\"(Espa\u00f1ol) Nombramiento del Dr. Pedro Clar\u00f3s como Acad\u00e9mico Correspondiente Honorario de la R.A.N.M.E.\" rel=\"bookmark\">(Espa\u00f1ol) Nombramiento del Dr. Pedro Clar\u00f3s como Acad\u00e9mico Correspondiente Honorario de la R.A.N.M.E.<\/a><\/h3><\/div>\n<\/article>\n\n\n\n<article class=\"post post-76618 dt_portfolio type-dt_portfolio status-publish has-post-thumbnail hentry dt_portfolio_category-noticias dt_portfolio_category-73\">\n\n\t<div class=\"project-list-media\">\n\t<figure class=\"buttons-on-img forward-post\">\n\t\t<a href=\"https:\/\/www.clinicaclaros.com\/ru\/project\/entrevista-al-dr-pedro-claros-en-el-diario-la-razon-3-6-2024\/\" class=\"alignnone rollover layzr-bg\" title=\"IMG-20230220-WA0053\"  aria-label=\"Post image\"><img decoding=\"async\" class=\"preload-me lazy-load aspect\" src=\"data:image\/svg+xml,%3Csvg%20xmlns%3D&#39;http%3A%2F%2Fwww.w3.org%2F2000%2Fsvg&#39;%20viewBox%3D&#39;0%200%20157%20210&#39;%2F%3E\" data-src=\"https:\/\/www.clinicaclaros.com\/wp-content\/uploads\/2024\/06\/IMG-20230220-WA0053-157x210.jpg\" data-srcset=\"https:\/\/www.clinicaclaros.com\/wp-content\/uploads\/2024\/06\/IMG-20230220-WA0053-157x210.jpg 157w, https:\/\/www.clinicaclaros.com\/wp-content\/uploads\/2024\/06\/IMG-20230220-WA0053-314x420.jpg 314w\" loading=\"eager\" style=\"--ratio: 157 \/ 210\" sizes=\"(max-width: 157px) 100vw, 157px\" alt=\"\" width=\"157\" height=\"210\"  \/><\/a>\t\t\t<\/figure>\n<\/div>\n<div class=\"project-list-content\">\n\t<h3 class=\"entry-title\"><a href=\"https:\/\/www.clinicaclaros.com\/ru\/project\/entrevista-al-dr-pedro-claros-en-el-diario-la-razon-3-6-2024\/\" title=\"(Espa\u00f1ol) Entrevista al Dr. Pedro Clar\u00f3s en el diario La Raz\u00f3n (3-6-2024)\" rel=\"bookmark\">(Espa\u00f1ol) Entrevista al Dr. Pedro Clar\u00f3s en el diario La Raz\u00f3n (3-6-2024)<\/a><\/h3><\/div>\n<\/article>\n\n\n\n<article class=\"post post-75333 dt_portfolio type-dt_portfolio status-publish has-post-thumbnail hentry dt_portfolio_category-noticias dt_portfolio_category-73\">\n\n\t<div class=\"project-list-media\">\n\t<figure class=\"buttons-on-img forward-post\">\n\t\t<a href=\"https:\/\/www.clinicaclaros.com\/ru\/project\/celebracion-de-la-festividad-de-santo-tomas-de-aquino\/\" class=\"alignnone rollover layzr-bg\" title=\"IMG_9012\"  aria-label=\"Post image\"><img decoding=\"async\" class=\"preload-me lazy-load aspect\" src=\"data:image\/svg+xml,%3Csvg%20xmlns%3D&#39;http%3A%2F%2Fwww.w3.org%2F2000%2Fsvg&#39;%20viewBox%3D&#39;0%200%20314%20210&#39;%2F%3E\" data-src=\"https:\/\/www.clinicaclaros.com\/wp-content\/uploads\/2024\/03\/IMG_9012-scaled-314x210.jpg\" data-srcset=\"https:\/\/www.clinicaclaros.com\/wp-content\/uploads\/2024\/03\/IMG_9012-scaled-314x210.jpg 314w, https:\/\/www.clinicaclaros.com\/wp-content\/uploads\/2024\/03\/IMG_9012-scaled-628x420.jpg 628w\" loading=\"eager\" style=\"--ratio: 314 \/ 210\" sizes=\"(max-width: 314px) 100vw, 314px\" alt=\"\" width=\"314\" height=\"210\"  \/><\/a>\t\t\t<\/figure>\n<\/div>\n<div class=\"project-list-content\">\n\t<h3 class=\"entry-title\"><a href=\"https:\/\/www.clinicaclaros.com\/ru\/project\/celebracion-de-la-festividad-de-santo-tomas-de-aquino\/\" title=\"(Espa\u00f1ol) Celebraci\u00f3n de la festividad de Santo Tom\u00e1s de Aquino\" rel=\"bookmark\">(Espa\u00f1ol) Celebraci\u00f3n de la festividad de Santo Tom\u00e1s de Aquino<\/a><\/h3><\/div>\n<\/article>\n\n\n\n<article class=\"post post-71926 dt_portfolio type-dt_portfolio status-publish has-post-thumbnail hentry dt_portfolio_category-noticias dt_portfolio_category-73\">\n\n\t<div class=\"project-list-media\">\n\t<figure class=\"buttons-on-img forward-post\">\n\t\t<a href=\"https:\/\/www.clinicaclaros.com\/ru\/project\/entrevista-al-dr-claros-en-planta-baixa-en-tv3\/\" class=\"alignnone rollover layzr-bg\" title=\"345031211_695199495946664_4133766300811130876_n\"  aria-label=\"Post image\"><img decoding=\"async\" class=\"preload-me lazy-load aspect\" src=\"data:image\/svg+xml,%3Csvg%20xmlns%3D&#39;http%3A%2F%2Fwww.w3.org%2F2000%2Fsvg&#39;%20viewBox%3D&#39;0%200%20210%20210&#39;%2F%3E\" data-src=\"https:\/\/www.clinicaclaros.com\/wp-content\/uploads\/2023\/05\/345031211_695199495946664_4133766300811130876_n-210x210.jpg\" data-srcset=\"https:\/\/www.clinicaclaros.com\/wp-content\/uploads\/2023\/05\/345031211_695199495946664_4133766300811130876_n-210x210.jpg 210w, https:\/\/www.clinicaclaros.com\/wp-content\/uploads\/2023\/05\/345031211_695199495946664_4133766300811130876_n-420x420.jpg 420w\" loading=\"eager\" style=\"--ratio: 210 \/ 210\" sizes=\"(max-width: 210px) 100vw, 210px\" alt=\"\" width=\"210\" height=\"210\"  \/><\/a>\t\t\t<\/figure>\n<\/div>\n<div class=\"project-list-content\">\n\t<h3 class=\"entry-title\"><a href=\"https:\/\/www.clinicaclaros.com\/ru\/project\/entrevista-al-dr-claros-en-planta-baixa-en-tv3\/\" title=\"(Espa\u00f1ol) Entrevista al Dr. Clar\u00f3s en Planta Baixa en TV3\" rel=\"bookmark\">(Espa\u00f1ol) Entrevista al Dr. Clar\u00f3s en Planta Baixa en TV3<\/a><\/h3><\/div>\n<\/article>\n\n\n\n<article class=\"post post-71378 dt_portfolio type-dt_portfolio status-publish has-post-thumbnail hentry dt_portfolio_category-noticias dt_portfolio_category-73\">\n\n\t<div class=\"project-list-media\">\n\t<figure class=\"buttons-on-img forward-post\">\n\t\t<a href=\"https:\/\/www.clinicaclaros.com\/ru\/project\/presentacion-del-libro-un-cirujano-del-mundo-del-dr-pedro-claros\/\" class=\"alignnone rollover layzr-bg\" title=\"IMG-20230414-WA0003\"  aria-label=\"Post image\"><img decoding=\"async\" class=\"preload-me lazy-load aspect\" src=\"data:image\/svg+xml,%3Csvg%20xmlns%3D&#39;http%3A%2F%2Fwww.w3.org%2F2000%2Fsvg&#39;%20viewBox%3D&#39;0%200%20157%20210&#39;%2F%3E\" data-src=\"https:\/\/www.clinicaclaros.com\/wp-content\/uploads\/2023\/04\/IMG-20230414-WA0003-157x210.jpg\" data-srcset=\"https:\/\/www.clinicaclaros.com\/wp-content\/uploads\/2023\/04\/IMG-20230414-WA0003-157x210.jpg 157w, https:\/\/www.clinicaclaros.com\/wp-content\/uploads\/2023\/04\/IMG-20230414-WA0003-314x420.jpg 314w\" loading=\"eager\" style=\"--ratio: 157 \/ 210\" sizes=\"(max-width: 157px) 100vw, 157px\" alt=\"\" width=\"157\" height=\"210\"  \/><\/a>\t\t\t<\/figure>\n<\/div>\n<div class=\"project-list-content\">\n\t<h3 class=\"entry-title\"><a href=\"https:\/\/www.clinicaclaros.com\/ru\/project\/presentacion-del-libro-un-cirujano-del-mundo-del-dr-pedro-claros\/\" title=\"(Espa\u00f1ol) Presentaci\u00f3n del libro &#171;Un cirujano del mundo&#187; del Dr. Pedro Clar\u00f3s\" rel=\"bookmark\">(Espa\u00f1ol) Presentaci\u00f3n del libro &#171;Un cirujano del mundo&#187; del Dr. Pedro Clar\u00f3s<\/a><\/h3><\/div>\n<\/article>\n\n\n\n<article class=\"post post-71104 dt_portfolio type-dt_portfolio status-publish has-post-thumbnail hentry dt_portfolio_category-noticias dt_portfolio_category-73\">\n\n\t<div class=\"project-list-media\">\n\t<figure class=\"buttons-on-img forward-post\">\n\t\t<a href=\"https:\/\/www.clinicaclaros.com\/ru\/project\/acto-de-presentacion-del-libro-un-cirujano-del-mundo\/\" class=\"alignnone rollover layzr-bg\" title=\"cartell_02 (1)\"  aria-label=\"Post image\"><img decoding=\"async\" class=\"preload-me lazy-load aspect\" src=\"data:image\/svg+xml,%3Csvg%20xmlns%3D&#39;http%3A%2F%2Fwww.w3.org%2F2000%2Fsvg&#39;%20viewBox%3D&#39;0%200%20219%20210&#39;%2F%3E\" data-src=\"https:\/\/www.clinicaclaros.com\/wp-content\/uploads\/2023\/03\/cartell_02-1-219x210.jpg\" data-srcset=\"https:\/\/www.clinicaclaros.com\/wp-content\/uploads\/2023\/03\/cartell_02-1-219x210.jpg 219w, https:\/\/www.clinicaclaros.com\/wp-content\/uploads\/2023\/03\/cartell_02-1-438x420.jpg 438w\" loading=\"eager\" style=\"--ratio: 219 \/ 210\" sizes=\"(max-width: 219px) 100vw, 219px\" alt=\"\" width=\"219\" height=\"210\"  \/><\/a>\t\t\t<\/figure>\n<\/div>\n<div class=\"project-list-content\">\n\t<h3 class=\"entry-title\"><a href=\"https:\/\/www.clinicaclaros.com\/ru\/project\/acto-de-presentacion-del-libro-un-cirujano-del-mundo\/\" title=\"(Espa\u00f1ol) Acto de presentaci\u00f3n del libro &#171;Un cirujano del Mundo&#187;\" rel=\"bookmark\">(Espa\u00f1ol) Acto de presentaci\u00f3n del libro &#171;Un cirujano del Mundo&#187;<\/a><\/h3><\/div>\n<\/article>\n\n\n\n<article class=\"post post-71036 dt_portfolio type-dt_portfolio status-publish has-post-thumbnail hentry dt_portfolio_category-noticias dt_portfolio_category-73\">\n\n\t<div class=\"project-list-media\">\n\t<figure class=\"buttons-on-img forward-post\">\n\t\t<a href=\"https:\/\/www.clinicaclaros.com\/ru\/project\/un-cirujano-del-mundo-el-nuevo-libro-del-dr-pedro-claros\/\" class=\"alignnone rollover layzr-bg\" title=\"un-cirujano-del-mundo_ddc72429_500x760\"  aria-label=\"Post image\"><img decoding=\"async\" class=\"preload-me lazy-load aspect\" src=\"data:image\/svg+xml,%3Csvg%20xmlns%3D&#39;http%3A%2F%2Fwww.w3.org%2F2000%2Fsvg&#39;%20viewBox%3D&#39;0%200%20138%20210&#39;%2F%3E\" data-src=\"https:\/\/www.clinicaclaros.com\/wp-content\/uploads\/2023\/03\/un-cirujano-del-mundo_ddc72429_500x760-138x210.jpg\" data-srcset=\"https:\/\/www.clinicaclaros.com\/wp-content\/uploads\/2023\/03\/un-cirujano-del-mundo_ddc72429_500x760-138x210.jpg 138w, https:\/\/www.clinicaclaros.com\/wp-content\/uploads\/2023\/03\/un-cirujano-del-mundo_ddc72429_500x760-276x420.jpg 276w\" loading=\"eager\" style=\"--ratio: 138 \/ 210\" sizes=\"(max-width: 138px) 100vw, 138px\" alt=\"\" width=\"138\" height=\"210\"  \/><\/a>\t\t\t<\/figure>\n<\/div>\n<div class=\"project-list-content\">\n\t<h3 class=\"entry-title\"><a href=\"https:\/\/www.clinicaclaros.com\/ru\/project\/un-cirujano-del-mundo-el-nuevo-libro-del-dr-pedro-claros\/\" title=\"(Espa\u00f1ol) &#171;Un cirujano del mundo&#187;, el nuevo libro del Dr. Pedro Clar\u00f3s\" rel=\"bookmark\">(Espa\u00f1ol) &#171;Un cirujano del mundo&#187;, el nuevo libro del Dr. Pedro Clar\u00f3s<\/a><\/h3><\/div>\n<\/article>\n\n\n\n<article class=\"post post-70898 dt_portfolio type-dt_portfolio status-publish has-post-thumbnail hentry dt_portfolio_category-noticias dt_portfolio_category-73\">\n\n\t<div class=\"project-list-media\">\n\t<figure class=\"buttons-on-img forward-post\">\n\t\t<a href=\"https:\/\/www.clinicaclaros.com\/ru\/project\/invitacion-a-la-solemne-lectura-y-defensa-de-la-tesis-doctoral-las-ongs-medicas-en-el-ambito-internacional-un-estudio-a-la-luz-de-la-fundacion-claros-experiencia-de-25-anos-de-cooperacion-int\/\" class=\"alignnone rollover layzr-bg\"   aria-label=\"Post image\"><img decoding=\"async\" class=\"preload-me lazy-load aspect\" src=\"data:image\/svg+xml,%3Csvg%20xmlns%3D&#39;http%3A%2F%2Fwww.w3.org%2F2000%2Fsvg&#39;%20viewBox%3D&#39;0%200%20157%20210&#39;%2F%3E\" data-src=\"https:\/\/www.clinicaclaros.com\/wp-content\/uploads\/2019\/01\/5cddba61-301b-4211-b046-69c9ff8983dd-157x210.jpg\" data-srcset=\"https:\/\/www.clinicaclaros.com\/wp-content\/uploads\/2019\/01\/5cddba61-301b-4211-b046-69c9ff8983dd-157x210.jpg 157w, https:\/\/www.clinicaclaros.com\/wp-content\/uploads\/2019\/01\/5cddba61-301b-4211-b046-69c9ff8983dd-314x420.jpg 314w\" loading=\"eager\" style=\"--ratio: 157 \/ 210\" sizes=\"(max-width: 157px) 100vw, 157px\" alt=\"\" width=\"157\" height=\"210\"  \/><\/a>\t\t\t<\/figure>\n<\/div>\n<div class=\"project-list-content\">\n\t<h3 class=\"entry-title\"><a href=\"https:\/\/www.clinicaclaros.com\/ru\/project\/invitacion-a-la-solemne-lectura-y-defensa-de-la-tesis-doctoral-las-ongs-medicas-en-el-ambito-internacional-un-estudio-a-la-luz-de-la-fundacion-claros-experiencia-de-25-anos-de-cooperacion-int\/\" title=\"(Espa\u00f1ol) Invitaci\u00f3n a la solemne lectura y defensa de la tesis doctoral \u201cLAS ONGs M\u00c9DICAS EN EL \u00c1MBITO INTERNACIONAL UN ESTUDIO A LA LUZ DE LA FUNDACI\u00d3N CLAR\u00d3S EXPERIENCIA DE 25 A\u00d1OS DE COOPERACI\u00d3N INTERNACIONAL\u201d\" rel=\"bookmark\">(Espa\u00f1ol) Invitaci\u00f3n a la solemne lectura y defensa de la tesis doctoral \u201cLAS ONGs M\u00c9DICAS EN EL \u00c1MBITO INTERNACIONAL UN ESTUDIO A LA LUZ DE LA FUNDACI\u00d3N CLAR\u00d3S EXPERIENCIA DE 25 A\u00d1OS DE COOPERACI\u00d3N INTERNACIONAL\u201d<\/a><\/h3><\/div>\n<\/article>\n\n\n\n<article class=\"post post-69552 dt_portfolio type-dt_portfolio status-publish has-post-thumbnail hentry dt_portfolio_category-noticias dt_portfolio_category-73\">\n\n\t<div class=\"project-list-media\">\n\t<figure class=\"buttons-on-img forward-post\">\n\t\t<a href=\"https:\/\/www.clinicaclaros.com\/ru\/project\/medalla-de-honor-de-barcelona-para-el-dr-pedro-claros-el-cirujano-de-las-sonrisas\/\" class=\"alignnone rollover layzr-bg\" title=\"6387c01164ba0\"  aria-label=\"Post image\"><img decoding=\"async\" class=\"preload-me lazy-load aspect\" src=\"data:image\/svg+xml,%3Csvg%20xmlns%3D&#39;http%3A%2F%2Fwww.w3.org%2F2000%2Fsvg&#39;%20viewBox%3D&#39;0%200%20428%20210&#39;%2F%3E\" data-src=\"https:\/\/www.clinicaclaros.com\/wp-content\/uploads\/2022\/12\/6387c01164ba0-428x210.jpeg\" data-srcset=\"https:\/\/www.clinicaclaros.com\/wp-content\/uploads\/2022\/12\/6387c01164ba0-428x210.jpeg 428w, https:\/\/www.clinicaclaros.com\/wp-content\/uploads\/2022\/12\/6387c01164ba0-856x420.jpeg 856w\" loading=\"eager\" style=\"--ratio: 428 \/ 210\" sizes=\"(max-width: 428px) 100vw, 428px\" alt=\"\" width=\"428\" height=\"210\"  \/><\/a>\t\t\t<\/figure>\n<\/div>\n<div class=\"project-list-content\">\n\t<h3 class=\"entry-title\"><a href=\"https:\/\/www.clinicaclaros.com\/ru\/project\/medalla-de-honor-de-barcelona-para-el-dr-pedro-claros-el-cirujano-de-las-sonrisas\/\" title=\"(Espa\u00f1ol) Medalla de Honor de Barcelona para el Dr. Pedro Clar\u00f3s, el &#171;cirujano de las sonrisas&#187;\" rel=\"bookmark\">(Espa\u00f1ol) Medalla de Honor de Barcelona para el Dr. Pedro Clar\u00f3s, el &#171;cirujano de las sonrisas&#187;<\/a><\/h3><\/div>\n<\/article>\n\n\n\n<article class=\"post post-68817 dt_portfolio type-dt_portfolio status-publish has-post-thumbnail hentry dt_portfolio_category-noticias dt_portfolio_category-73\">\n\n\t<div class=\"project-list-media\">\n\t<figure class=\"buttons-on-img forward-post\">\n\t\t<a href=\"https:\/\/www.clinicaclaros.com\/ru\/project\/102nd-temporal-bone-dissection-course\/\" class=\"alignnone rollover layzr-bg\" title=\"102tbdc (4)\"  aria-label=\"Post image\"><img decoding=\"async\" class=\"preload-me lazy-load aspect\" src=\"data:image\/svg+xml,%3Csvg%20xmlns%3D&#39;http%3A%2F%2Fwww.w3.org%2F2000%2Fsvg&#39;%20viewBox%3D&#39;0%200%20280%20210&#39;%2F%3E\" data-src=\"https:\/\/www.clinicaclaros.com\/wp-content\/uploads\/2022\/10\/102tbdc-4-scaled-280x210.jpg\" data-srcset=\"https:\/\/www.clinicaclaros.com\/wp-content\/uploads\/2022\/10\/102tbdc-4-scaled-280x210.jpg 280w, https:\/\/www.clinicaclaros.com\/wp-content\/uploads\/2022\/10\/102tbdc-4-scaled-560x420.jpg 560w\" loading=\"eager\" style=\"--ratio: 280 \/ 210\" sizes=\"(max-width: 280px) 100vw, 280px\" alt=\"\" width=\"280\" height=\"210\"  \/><\/a>\t\t\t<\/figure>\n<\/div>\n<div class=\"project-list-content\">\n\t<h3 class=\"entry-title\"><a href=\"https:\/\/www.clinicaclaros.com\/ru\/project\/102nd-temporal-bone-dissection-course\/\" title=\"(Espa\u00f1ol) 102nd Temporal Bone Dissection Course\" rel=\"bookmark\">(Espa\u00f1ol) 102nd Temporal Bone Dissection Course<\/a><\/h3><\/div>\n<\/article>\n\n\n\n<article class=\"post post-68248 dt_portfolio type-dt_portfolio status-publish has-post-thumbnail hentry dt_portfolio_category-noticias dt_portfolio_category-73\">\n\n\t<div class=\"project-list-media\">\n\t<figure class=\"buttons-on-img forward-post\">\n\t\t<a href=\"https:\/\/www.clinicaclaros.com\/ru\/project\/conferencia-del-dr-pedro-claros-en-el-real-e-ilustre-colegio-de-medicos-de-sevilla\/\" class=\"alignnone rollover layzr-bg\"   aria-label=\"Post image\"><img decoding=\"async\" class=\"preload-me lazy-load aspect\" src=\"data:image\/svg+xml,%3Csvg%20xmlns%3D&#39;http%3A%2F%2Fwww.w3.org%2F2000%2Fsvg&#39;%20viewBox%3D&#39;0%200%20157%20210&#39;%2F%3E\" data-src=\"https:\/\/www.clinicaclaros.com\/wp-content\/uploads\/2019\/01\/5cddba61-301b-4211-b046-69c9ff8983dd-157x210.jpg\" data-srcset=\"https:\/\/www.clinicaclaros.com\/wp-content\/uploads\/2019\/01\/5cddba61-301b-4211-b046-69c9ff8983dd-157x210.jpg 157w, https:\/\/www.clinicaclaros.com\/wp-content\/uploads\/2019\/01\/5cddba61-301b-4211-b046-69c9ff8983dd-314x420.jpg 314w\" loading=\"eager\" style=\"--ratio: 157 \/ 210\" sizes=\"(max-width: 157px) 100vw, 157px\" alt=\"\" width=\"157\" height=\"210\"  \/><\/a>\t\t\t<\/figure>\n<\/div>\n<div class=\"project-list-content\">\n\t<h3 class=\"entry-title\"><a href=\"https:\/\/www.clinicaclaros.com\/ru\/project\/conferencia-del-dr-pedro-claros-en-el-real-e-ilustre-colegio-de-medicos-de-sevilla\/\" title=\"(Espa\u00f1ol) Conferencia del Dr. Pedro Clar\u00f3s en el Real e Ilustre Colegio de M\u00e9dicos de Sevilla\" rel=\"bookmark\">(Espa\u00f1ol) Conferencia del Dr. Pedro Clar\u00f3s en el Real e Ilustre Colegio de M\u00e9dicos de Sevilla<\/a><\/h3><\/div>\n<\/article>\n\n\n\n<article class=\"post post-66953 dt_portfolio type-dt_portfolio status-publish has-post-thumbnail hentry dt_portfolio_category-noticias dt_portfolio_category-73\">\n\n\t<div class=\"project-list-media\">\n\t<figure class=\"buttons-on-img forward-post\">\n\t\t<a href=\"https:\/\/www.clinicaclaros.com\/ru\/project\/la-dama-de-panama-que-salvo-a-los-cartujos-en-la-guerra-civil\/\" class=\"alignnone rollover layzr-bg\" title=\"UDSAT57Y6BCSRLTMJKEWUGB4ZE\"  aria-label=\"Post image\"><img decoding=\"async\" class=\"preload-me lazy-load aspect\" src=\"data:image\/svg+xml,%3Csvg%20xmlns%3D&#39;http%3A%2F%2Fwww.w3.org%2F2000%2Fsvg&#39;%20viewBox%3D&#39;0%200%20315%20210&#39;%2F%3E\" data-src=\"https:\/\/www.clinicaclaros.com\/wp-content\/uploads\/2022\/06\/UDSAT57Y6BCSRLTMJKEWUGB4ZE-315x210.jpg\" data-srcset=\"https:\/\/www.clinicaclaros.com\/wp-content\/uploads\/2022\/06\/UDSAT57Y6BCSRLTMJKEWUGB4ZE-315x210.jpg 315w, https:\/\/www.clinicaclaros.com\/wp-content\/uploads\/2022\/06\/UDSAT57Y6BCSRLTMJKEWUGB4ZE.jpg 600w\" loading=\"eager\" style=\"--ratio: 315 \/ 210\" sizes=\"(max-width: 315px) 100vw, 315px\" alt=\"\" width=\"315\" height=\"210\"  \/><\/a>\t\t\t<\/figure>\n<\/div>\n<div class=\"project-list-content\">\n\t<h3 class=\"entry-title\"><a href=\"https:\/\/www.clinicaclaros.com\/ru\/project\/la-dama-de-panama-que-salvo-a-los-cartujos-en-la-guerra-civil\/\" title=\"(Espa\u00f1ol) La \u00abDama de Panam\u00e1\u00bb que salv\u00f3 a los Cartujos en la Guerra Civil\" rel=\"bookmark\">(Espa\u00f1ol) La \u00abDama de Panam\u00e1\u00bb que salv\u00f3 a los Cartujos en la Guerra Civil<\/a><\/h3><\/div>\n<\/article>\n\n\n\n<article class=\"post post-66795 dt_portfolio type-dt_portfolio status-publish has-post-thumbnail hentry dt_portfolio_category-noticias dt_portfolio_category-73\">\n\n\t<div class=\"project-list-media\">\n\t<figure class=\"buttons-on-img forward-post\">\n\t\t<a href=\"https:\/\/www.clinicaclaros.com\/ru\/project\/conferencia-en-la-ramc-conceptes-i-avencos-en-el-nas-electronic-e-nose\/\" class=\"alignnone rollover layzr-bg\" title=\"14062022\"  aria-label=\"Post image\"><img decoding=\"async\" class=\"preload-me lazy-load aspect\" src=\"data:image\/svg+xml,%3Csvg%20xmlns%3D&#39;http%3A%2F%2Fwww.w3.org%2F2000%2Fsvg&#39;%20viewBox%3D&#39;0%200%20148%20210&#39;%2F%3E\" data-src=\"https:\/\/www.clinicaclaros.com\/wp-content\/uploads\/2022\/06\/14062022-148x210.jpg\" data-srcset=\"https:\/\/www.clinicaclaros.com\/wp-content\/uploads\/2022\/06\/14062022-148x210.jpg 148w, https:\/\/www.clinicaclaros.com\/wp-content\/uploads\/2022\/06\/14062022-296x420.jpg 296w\" loading=\"eager\" style=\"--ratio: 148 \/ 210\" sizes=\"(max-width: 148px) 100vw, 148px\" alt=\"\" width=\"148\" height=\"210\"  \/><\/a>\t\t\t<\/figure>\n<\/div>\n<div class=\"project-list-content\">\n\t<h3 class=\"entry-title\"><a href=\"https:\/\/www.clinicaclaros.com\/ru\/project\/conferencia-en-la-ramc-conceptes-i-avencos-en-el-nas-electronic-e-nose\/\" title=\"(Espa\u00f1ol) Confer\u00e8ncia en la RAMC &#171;Conceptes i aven\u00e7os en el nas electr\u00f2nic (E-Nose)\" rel=\"bookmark\">(Espa\u00f1ol) Confer\u00e8ncia en la RAMC &#171;Conceptes i aven\u00e7os en el nas electr\u00f2nic (E-Nose)<\/a><\/h3><\/div>\n<\/article>\n\n\n\n<article class=\"post post-66737 dt_portfolio type-dt_portfolio status-publish has-post-thumbnail hentry dt_portfolio_category-noticias dt_portfolio_category-73\">\n\n\t<div class=\"project-list-media\">\n\t<figure class=\"buttons-on-img forward-post\">\n\t\t<a href=\"https:\/\/www.clinicaclaros.com\/ru\/project\/cena-de-gala-palmares-2022-institucion-del-merito-humanitario\/\" class=\"alignnone rollover layzr-bg\" title=\"PALMARES M\u00c9RITO HUMANITARIO-GRANDES-009\"  aria-label=\"Post image\"><img decoding=\"async\" class=\"preload-me lazy-load aspect\" src=\"data:image\/svg+xml,%3Csvg%20xmlns%3D&#39;http%3A%2F%2Fwww.w3.org%2F2000%2Fsvg&#39;%20viewBox%3D&#39;0%200%20314%20210&#39;%2F%3E\" data-src=\"https:\/\/www.clinicaclaros.com\/wp-content\/uploads\/2022\/05\/PALMARES-MERITO-HUMANITARIO-GRANDES-009-314x210.jpg\" data-srcset=\"https:\/\/www.clinicaclaros.com\/wp-content\/uploads\/2022\/05\/PALMARES-MERITO-HUMANITARIO-GRANDES-009-314x210.jpg 314w, https:\/\/www.clinicaclaros.com\/wp-content\/uploads\/2022\/05\/PALMARES-MERITO-HUMANITARIO-GRANDES-009-628x420.jpg 628w\" loading=\"eager\" style=\"--ratio: 314 \/ 210\" sizes=\"(max-width: 314px) 100vw, 314px\" alt=\"\" width=\"314\" height=\"210\"  \/><\/a>\t\t\t<\/figure>\n<\/div>\n<div class=\"project-list-content\">\n\t<h3 class=\"entry-title\"><a href=\"https:\/\/www.clinicaclaros.com\/ru\/project\/cena-de-gala-palmares-2022-institucion-del-merito-humanitario\/\" title=\"(Espa\u00f1ol) Cena de Gala Palmar\u00e9s 2022 Instituci\u00f3n del M\u00e9rito Humanitario.\" rel=\"bookmark\">(Espa\u00f1ol) Cena de Gala Palmar\u00e9s 2022 Instituci\u00f3n del M\u00e9rito Humanitario.<\/a><\/h3><\/div>\n<\/article>\n\n\n\n<article class=\"post post-66448 dt_portfolio type-dt_portfolio status-publish has-post-thumbnail hentry dt_portfolio_category-noticias dt_portfolio_category-73\">\n\n\t<div class=\"project-list-media\">\n\t<figure class=\"buttons-on-img forward-post\">\n\t\t<a href=\"https:\/\/www.clinicaclaros.com\/ru\/project\/entrevista-en-la-vanguardia-el-sabado-21-de-mayo-de-2022\/\" class=\"alignnone rollover layzr-bg\" title=\"626047d509ec9\"  aria-label=\"Post image\"><img decoding=\"async\" class=\"preload-me lazy-load aspect\" src=\"data:image\/svg+xml,%3Csvg%20xmlns%3D&#39;http%3A%2F%2Fwww.w3.org%2F2000%2Fsvg&#39;%20viewBox%3D&#39;0%200%20328%20210&#39;%2F%3E\" data-src=\"https:\/\/www.clinicaclaros.com\/wp-content\/uploads\/2022\/04\/626047d509ec9-328x210.jpeg\" data-srcset=\"https:\/\/www.clinicaclaros.com\/wp-content\/uploads\/2022\/04\/626047d509ec9-328x210.jpeg 328w, https:\/\/www.clinicaclaros.com\/wp-content\/uploads\/2022\/04\/626047d509ec9.jpeg 543w\" loading=\"eager\" style=\"--ratio: 328 \/ 210\" sizes=\"(max-width: 328px) 100vw, 328px\" alt=\"\" width=\"328\" height=\"210\"  \/><\/a>\t\t\t<\/figure>\n<\/div>\n<div class=\"project-list-content\">\n\t<h3 class=\"entry-title\"><a href=\"https:\/\/www.clinicaclaros.com\/ru\/project\/entrevista-en-la-vanguardia-el-sabado-21-de-mayo-de-2022\/\" title=\"(Espa\u00f1ol) Entrevista en La Vanguardia el s\u00e1bado 21 de mayo de 2022.\" rel=\"bookmark\">(Espa\u00f1ol) Entrevista en La Vanguardia el s\u00e1bado 21 de mayo de 2022.<\/a><\/h3><\/div>\n<\/article>\n\n\n\n<article class=\"post post-66349 dt_portfolio type-dt_portfolio status-publish has-post-thumbnail hentry dt_portfolio_category-noticias dt_portfolio_category-73\">\n\n\t<div class=\"project-list-media\">\n\t<figure class=\"buttons-on-img forward-post\">\n\t\t<a href=\"https:\/\/www.clinicaclaros.com\/ru\/project\/presentacion-de-la-dama-de-panama-en-la-81a-feria-del-libro-de-madrid\/\" class=\"alignnone rollover layzr-bg\" title=\"FLMadrid_PedroClaros\"  aria-label=\"Post image\"><img decoding=\"async\" class=\"preload-me lazy-load aspect\" src=\"data:image\/svg+xml,%3Csvg%20xmlns%3D&#39;http%3A%2F%2Fwww.w3.org%2F2000%2Fsvg&#39;%20viewBox%3D&#39;0%200%20210%20210&#39;%2F%3E\" data-src=\"https:\/\/www.clinicaclaros.com\/wp-content\/uploads\/2022\/05\/FLMadrid_PedroClaros-210x210.jpg\" data-srcset=\"https:\/\/www.clinicaclaros.com\/wp-content\/uploads\/2022\/05\/FLMadrid_PedroClaros-210x210.jpg 210w, https:\/\/www.clinicaclaros.com\/wp-content\/uploads\/2022\/05\/FLMadrid_PedroClaros-420x420.jpg 420w\" loading=\"eager\" style=\"--ratio: 210 \/ 210\" sizes=\"(max-width: 210px) 100vw, 210px\" alt=\"\" width=\"210\" height=\"210\"  \/><\/a>\t\t\t<\/figure>\n<\/div>\n<div class=\"project-list-content\">\n\t<h3 class=\"entry-title\"><a href=\"https:\/\/www.clinicaclaros.com\/ru\/project\/presentacion-de-la-dama-de-panama-en-la-81a-feria-del-libro-de-madrid\/\" title=\"(Espa\u00f1ol) Presentaci\u00f3n de &#171;La Dama de Panam\u00e1&#187; en la 81\u00aa Feria del Libro de Madrid\" rel=\"bookmark\">(Espa\u00f1ol) Presentaci\u00f3n de &#171;La Dama de Panam\u00e1&#187; en la 81\u00aa Feria del Libro de Madrid<\/a><\/h3><\/div>\n<\/article>\n\n\n\n<article class=\"post post-66180 dt_portfolio type-dt_portfolio status-publish has-post-thumbnail hentry dt_portfolio_category-noticias dt_portfolio_category-73\">\n\n\t<div class=\"project-list-media\">\n\t<figure class=\"buttons-on-img forward-post\">\n\t\t<a href=\"https:\/\/www.clinicaclaros.com\/ru\/project\/entrevista-al-dr-pedro-claros-en-el-periodico-de-aragon-y-acto-de-investidura-real-academia-de-medicina-de-zaragoza\/\" class=\"alignnone rollover layzr-bg\" title=\"1\"  aria-label=\"Post image\"><img decoding=\"async\" class=\"preload-me lazy-load aspect\" src=\"data:image\/svg+xml,%3Csvg%20xmlns%3D&#39;http%3A%2F%2Fwww.w3.org%2F2000%2Fsvg&#39;%20viewBox%3D&#39;0%200%20314%20210&#39;%2F%3E\" data-src=\"https:\/\/www.clinicaclaros.com\/wp-content\/uploads\/2022\/05\/1-scaled-314x210.jpg\" data-srcset=\"https:\/\/www.clinicaclaros.com\/wp-content\/uploads\/2022\/05\/1-scaled-314x210.jpg 314w, https:\/\/www.clinicaclaros.com\/wp-content\/uploads\/2022\/05\/1-scaled-628x420.jpg 628w\" loading=\"eager\" style=\"--ratio: 314 \/ 210\" sizes=\"(max-width: 314px) 100vw, 314px\" alt=\"\" width=\"314\" height=\"210\"  \/><\/a>\t\t\t<\/figure>\n<\/div>\n<div class=\"project-list-content\">\n\t<h3 class=\"entry-title\"><a href=\"https:\/\/www.clinicaclaros.com\/ru\/project\/entrevista-al-dr-pedro-claros-en-el-periodico-de-aragon-y-acto-de-investidura-real-academia-de-medicina-de-zaragoza\/\" title=\"(Espa\u00f1ol) Entrevista al Dr. Pedro Clar\u00f3s en el Peri\u00f3dico de Arag\u00f3n y Acto de Investidura Real Academia de Medicina de Zaragoza.\" rel=\"bookmark\">(Espa\u00f1ol) Entrevista al Dr. Pedro Clar\u00f3s en el Peri\u00f3dico de Arag\u00f3n y Acto de Investidura Real Academia de Medicina de Zaragoza.<\/a><\/h3><\/div>\n<\/article>\n\n\n\n<article class=\"post post-65794 dt_portfolio type-dt_portfolio status-publish has-post-thumbnail hentry dt_portfolio_category-noticias dt_portfolio_category-73\">\n\n\t<div class=\"project-list-media\">\n\t<figure class=\"buttons-on-img forward-post\">\n\t\t<a href=\"https:\/\/www.clinicaclaros.com\/ru\/project\/discurso-del-dr-pedro-claros-en-la-ramz\/\" class=\"alignnone rollover layzr-bg\"   aria-label=\"Post image\"><img decoding=\"async\" class=\"preload-me lazy-load aspect\" src=\"data:image\/svg+xml,%3Csvg%20xmlns%3D&#39;http%3A%2F%2Fwww.w3.org%2F2000%2Fsvg&#39;%20viewBox%3D&#39;0%200%20157%20210&#39;%2F%3E\" data-src=\"https:\/\/www.clinicaclaros.com\/wp-content\/uploads\/2019\/01\/5cddba61-301b-4211-b046-69c9ff8983dd-157x210.jpg\" data-srcset=\"https:\/\/www.clinicaclaros.com\/wp-content\/uploads\/2019\/01\/5cddba61-301b-4211-b046-69c9ff8983dd-157x210.jpg 157w, https:\/\/www.clinicaclaros.com\/wp-content\/uploads\/2019\/01\/5cddba61-301b-4211-b046-69c9ff8983dd-314x420.jpg 314w\" loading=\"eager\" style=\"--ratio: 157 \/ 210\" sizes=\"(max-width: 157px) 100vw, 157px\" alt=\"\" width=\"157\" height=\"210\"  \/><\/a>\t\t\t<\/figure>\n<\/div>\n<div class=\"project-list-content\">\n\t<h3 class=\"entry-title\"><a href=\"https:\/\/www.clinicaclaros.com\/ru\/project\/discurso-del-dr-pedro-claros-en-la-ramz\/\" title=\"(Espa\u00f1ol) Discurso del Dr. Pedro Clar\u00f3s en la RAMZ.\" rel=\"bookmark\">(Espa\u00f1ol) Discurso del Dr. Pedro Clar\u00f3s en la RAMZ.<\/a><\/h3><\/div>\n<\/article>\n\n\n\n<article class=\"post post-65566 dt_portfolio type-dt_portfolio status-publish has-post-thumbnail hentry dt_portfolio_category-noticias dt_portfolio_category-73\">\n\n\t<div class=\"project-list-media\">\n\t<figure class=\"buttons-on-img forward-post\">\n\t\t<a href=\"https:\/\/www.clinicaclaros.com\/ru\/project\/entrevista-en-la-vanguardia-al-dr-pedro-claros-la-gran-dama-de-los-cartujos\/\" class=\"alignnone rollover layzr-bg\" title=\"626047d509ec9\"  aria-label=\"Post image\"><img decoding=\"async\" class=\"preload-me lazy-load aspect\" src=\"data:image\/svg+xml,%3Csvg%20xmlns%3D&#39;http%3A%2F%2Fwww.w3.org%2F2000%2Fsvg&#39;%20viewBox%3D&#39;0%200%20328%20210&#39;%2F%3E\" data-src=\"https:\/\/www.clinicaclaros.com\/wp-content\/uploads\/2022\/04\/626047d509ec9-328x210.jpeg\" data-srcset=\"https:\/\/www.clinicaclaros.com\/wp-content\/uploads\/2022\/04\/626047d509ec9-328x210.jpeg 328w, https:\/\/www.clinicaclaros.com\/wp-content\/uploads\/2022\/04\/626047d509ec9.jpeg 543w\" loading=\"eager\" style=\"--ratio: 328 \/ 210\" sizes=\"(max-width: 328px) 100vw, 328px\" alt=\"\" width=\"328\" height=\"210\"  \/><\/a>\t\t\t<\/figure>\n<\/div>\n<div class=\"project-list-content\">\n\t<h3 class=\"entry-title\"><a href=\"https:\/\/www.clinicaclaros.com\/ru\/project\/entrevista-en-la-vanguardia-al-dr-pedro-claros-la-gran-dama-de-los-cartujos\/\" title=\"(Espa\u00f1ol) Entrevista en la Vanguardia al Dr. Pedro Clar\u00f3s &#171;La gran dama de los Cartujos&#187;\" rel=\"bookmark\">(Espa\u00f1ol) Entrevista en la Vanguardia al Dr. Pedro Clar\u00f3s &#171;La gran dama de los Cartujos&#187;<\/a><\/h3><\/div>\n<\/article>\n\n\n\n<article class=\"post post-65243 dt_portfolio type-dt_portfolio status-publish has-post-thumbnail hentry dt_portfolio_category-noticias dt_portfolio_category-73\">\n\n\t<div class=\"project-list-media\">\n\t<figure class=\"buttons-on-img forward-post\">\n\t\t<a href=\"https:\/\/www.clinicaclaros.com\/ru\/project\/firma-del-dr-pedro-claros-de-la-dama-de-panama-para-sant-jordi\/\" class=\"alignnone rollover layzr-bg\" title=\"StJordi_Pedro_Claros\"  aria-label=\"Post image\"><img decoding=\"async\" class=\"preload-me lazy-load aspect\" src=\"data:image\/svg+xml,%3Csvg%20xmlns%3D&#39;http%3A%2F%2Fwww.w3.org%2F2000%2Fsvg&#39;%20viewBox%3D&#39;0%200%20210%20210&#39;%2F%3E\" data-src=\"https:\/\/www.clinicaclaros.com\/wp-content\/uploads\/2022\/04\/StJordi_Pedro_Claros-210x210.jpg\" data-srcset=\"https:\/\/www.clinicaclaros.com\/wp-content\/uploads\/2022\/04\/StJordi_Pedro_Claros-210x210.jpg 210w, https:\/\/www.clinicaclaros.com\/wp-content\/uploads\/2022\/04\/StJordi_Pedro_Claros-420x420.jpg 420w\" loading=\"eager\" style=\"--ratio: 210 \/ 210\" sizes=\"(max-width: 210px) 100vw, 210px\" alt=\"\" width=\"210\" height=\"210\"  \/><\/a>\t\t\t<\/figure>\n<\/div>\n<div class=\"project-list-content\">\n\t<h3 class=\"entry-title\"><a href=\"https:\/\/www.clinicaclaros.com\/ru\/project\/firma-del-dr-pedro-claros-de-la-dama-de-panama-para-sant-jordi\/\" title=\"(Espa\u00f1ol) Firma del Dr. Pedro Clar\u00f3s de &#171;La Dama de Panam\u00e1&#187; para Sant Jordi\" rel=\"bookmark\">(Espa\u00f1ol) Firma del Dr. Pedro Clar\u00f3s de &#171;La Dama de Panam\u00e1&#187; para Sant Jordi<\/a><\/h3><\/div>\n<\/article>\n\n\n\n<article class=\"post post-65051 dt_portfolio type-dt_portfolio status-publish has-post-thumbnail hentry dt_portfolio_category-noticias dt_portfolio_category-73\">\n\n\t<div class=\"project-list-media\">\n\t<figure class=\"buttons-on-img forward-post\">\n\t\t<a href=\"https:\/\/www.clinicaclaros.com\/ru\/project\/entrevista-al-dr-pedro-claros-en-radio-mataro\/\" class=\"alignnone rollover layzr-bg\" title=\"portada cc2\"  aria-label=\"Post image\"><img decoding=\"async\" class=\"preload-me lazy-load aspect\" src=\"data:image\/svg+xml,%3Csvg%20xmlns%3D&#39;http%3A%2F%2Fwww.w3.org%2F2000%2Fsvg&#39;%20viewBox%3D&#39;0%200%20373%20210&#39;%2F%3E\" data-src=\"https:\/\/www.clinicaclaros.com\/wp-content\/uploads\/2020\/05\/portada-cc2-373x210.jpg\" data-srcset=\"https:\/\/www.clinicaclaros.com\/wp-content\/uploads\/2020\/05\/portada-cc2-373x210.jpg 373w, https:\/\/www.clinicaclaros.com\/wp-content\/uploads\/2020\/05\/portada-cc2-746x420.jpg 746w\" loading=\"eager\" style=\"--ratio: 373 \/ 210\" sizes=\"(max-width: 373px) 100vw, 373px\" alt=\"\" width=\"373\" height=\"210\"  \/><\/a>\t\t\t<\/figure>\n<\/div>\n<div class=\"project-list-content\">\n\t<h3 class=\"entry-title\"><a href=\"https:\/\/www.clinicaclaros.com\/ru\/project\/entrevista-al-dr-pedro-claros-en-radio-mataro\/\" title=\"(Espa\u00f1ol) Entrevista al Dr. Pedro Clar\u00f3s en Radio Matar\u00f3\" rel=\"bookmark\">(Espa\u00f1ol) Entrevista al Dr. Pedro Clar\u00f3s en Radio Matar\u00f3<\/a><\/h3><\/div>\n<\/article>\n\n\n\n<article class=\"post post-64908 dt_portfolio type-dt_portfolio status-publish has-post-thumbnail hentry dt_portfolio_category-noticias dt_portfolio_category-73\">\n\n\t<div class=\"project-list-media\">\n\t<figure class=\"buttons-on-img forward-post\">\n\t\t<a href=\"https:\/\/www.clinicaclaros.com\/ru\/project\/la-guerra-copia-y-calca-las-crueldades-entrevista-al-dr-pedro-claros-en-la-vanguardia\/\" class=\"alignnone rollover layzr-bg\" title=\"6239fd4c0dcaf.r_d.587-415-3520\"  aria-label=\"Post image\"><img decoding=\"async\" class=\"preload-me lazy-load aspect\" src=\"data:image\/svg+xml,%3Csvg%20xmlns%3D&#39;http%3A%2F%2Fwww.w3.org%2F2000%2Fsvg&#39;%20viewBox%3D&#39;0%200%20202%20210&#39;%2F%3E\" data-src=\"https:\/\/www.clinicaclaros.com\/wp-content\/uploads\/2022\/03\/6239fd4c0dcaf.r_d.587-415-3520-202x210.jpeg\" data-srcset=\"https:\/\/www.clinicaclaros.com\/wp-content\/uploads\/2022\/03\/6239fd4c0dcaf.r_d.587-415-3520-202x210.jpeg 202w, https:\/\/www.clinicaclaros.com\/wp-content\/uploads\/2022\/03\/6239fd4c0dcaf.r_d.587-415-3520-404x420.jpeg 404w\" loading=\"eager\" style=\"--ratio: 202 \/ 210\" sizes=\"(max-width: 202px) 100vw, 202px\" alt=\"\" width=\"202\" height=\"210\"  \/><\/a>\t\t\t<\/figure>\n<\/div>\n<div class=\"project-list-content\">\n\t<h3 class=\"entry-title\"><a href=\"https:\/\/www.clinicaclaros.com\/ru\/project\/la-guerra-copia-y-calca-las-crueldades-entrevista-al-dr-pedro-claros-en-la-vanguardia\/\" title=\"(Espa\u00f1ol) &#171;La guerra copia y calca las crueldades&#187; Entrevista al Dr. Pedro Clar\u00f3s en &#171;La Vanguardia&#187;\" rel=\"bookmark\">(Espa\u00f1ol) &#171;La guerra copia y calca las crueldades&#187; Entrevista al Dr. Pedro Clar\u00f3s en &#171;La Vanguardia&#187;<\/a><\/h3><\/div>\n<\/article>\n\n\n\n<article class=\"post post-64821 dt_portfolio type-dt_portfolio status-publish has-post-thumbnail hentry dt_portfolio_category-noticias dt_portfolio_category-73\">\n\n\t<div class=\"project-list-media\">\n\t<figure class=\"buttons-on-img forward-post\">\n\t\t<a href=\"https:\/\/www.clinicaclaros.com\/ru\/project\/conferencia-de-la-opera-a-traves-de-la-imagen-y-del-sonido-en-el-i-c-o\/\" class=\"alignnone rollover layzr-bg\" title=\"20220225_125434\"  aria-label=\"Post image\"><img decoding=\"async\" class=\"preload-me lazy-load aspect\" src=\"data:image\/svg+xml,%3Csvg%20xmlns%3D&#39;http%3A%2F%2Fwww.w3.org%2F2000%2Fsvg&#39;%20viewBox%3D&#39;0%200%20157%20210&#39;%2F%3E\" data-src=\"https:\/\/www.clinicaclaros.com\/wp-content\/uploads\/2022\/03\/20220225_125434-rotated-157x210.jpg\" data-srcset=\"https:\/\/www.clinicaclaros.com\/wp-content\/uploads\/2022\/03\/20220225_125434-rotated-157x210.jpg 157w, https:\/\/www.clinicaclaros.com\/wp-content\/uploads\/2022\/03\/20220225_125434-rotated-314x420.jpg 314w\" loading=\"eager\" style=\"--ratio: 157 \/ 210\" sizes=\"(max-width: 157px) 100vw, 157px\" alt=\"\" width=\"157\" height=\"210\"  \/><\/a>\t\t\t<\/figure>\n<\/div>\n<div class=\"project-list-content\">\n\t<h3 class=\"entry-title\"><a href=\"https:\/\/www.clinicaclaros.com\/ru\/project\/conferencia-de-la-opera-a-traves-de-la-imagen-y-del-sonido-en-el-i-c-o\/\" title=\"(Espa\u00f1ol) Conferencia de &#171;La \u00d3pera a trav\u00e9s de la imagen y del sonido&#187; en el I.C.O.\" rel=\"bookmark\">(Espa\u00f1ol) Conferencia de &#171;La \u00d3pera a trav\u00e9s de la imagen y del sonido&#187; en el I.C.O.<\/a><\/h3><\/div>\n<\/article>\n\n\n\n<article class=\"post post-64257 dt_portfolio type-dt_portfolio status-publish has-post-thumbnail hentry dt_portfolio_category-noticias dt_portfolio_category-73\">\n\n\t<div class=\"project-list-media\">\n\t<figure class=\"buttons-on-img forward-post\">\n\t\t<a href=\"https:\/\/www.clinicaclaros.com\/ru\/project\/la-dama-de-panama-novela-escrita-por-el-dr-pedro-claros\/\" class=\"alignnone rollover layzr-bg\" title=\"41USe1jrWEL._SX327_BO1,204,203,200_\"  aria-label=\"Post image\"><img decoding=\"async\" class=\"preload-me lazy-load aspect\" src=\"data:image\/svg+xml,%3Csvg%20xmlns%3D&#39;http%3A%2F%2Fwww.w3.org%2F2000%2Fsvg&#39;%20viewBox%3D&#39;0%200%20138%20210&#39;%2F%3E\" data-src=\"https:\/\/www.clinicaclaros.com\/wp-content\/uploads\/2022\/03\/41USe1jrWEL._SX327_BO1204203200_-138x210.jpg\" data-srcset=\"https:\/\/www.clinicaclaros.com\/wp-content\/uploads\/2022\/03\/41USe1jrWEL._SX327_BO1204203200_-138x210.jpg 138w, https:\/\/www.clinicaclaros.com\/wp-content\/uploads\/2022\/03\/41USe1jrWEL._SX327_BO1204203200_-276x420.jpg 276w\" loading=\"eager\" style=\"--ratio: 138 \/ 210\" sizes=\"(max-width: 138px) 100vw, 138px\" alt=\"\" width=\"138\" height=\"210\"  \/><\/a>\t\t\t<\/figure>\n<\/div>\n<div class=\"project-list-content\">\n\t<h3 class=\"entry-title\"><a href=\"https:\/\/www.clinicaclaros.com\/ru\/project\/la-dama-de-panama-novela-escrita-por-el-dr-pedro-claros\/\" title=\"(Espa\u00f1ol) La Dama de Panam\u00e1. Novela escrita por el Dr. Pedro Clar\u00f3s\" rel=\"bookmark\">(Espa\u00f1ol) La Dama de Panam\u00e1. Novela escrita por el Dr. Pedro Clar\u00f3s<\/a><\/h3><\/div>\n<\/article>\n\n\n\n<article class=\"post post-64201 dt_portfolio type-dt_portfolio status-publish has-post-thumbnail hentry dt_portfolio_category-noticias dt_portfolio_category-73\">\n\n\t<div class=\"project-list-media\">\n\t<figure class=\"buttons-on-img forward-post\">\n\t\t<a href=\"https:\/\/www.clinicaclaros.com\/ru\/project\/la-cirugia-de-las-sonrisas-entrevista-al-dr-pedro-claros-en-la-vanguardia-el-27-de-febrero-de-2022\/\" class=\"alignnone rollover layzr-bg\" title=\"lll\"  aria-label=\"Post image\"><img decoding=\"async\" class=\"preload-me lazy-load aspect\" src=\"data:image\/svg+xml,%3Csvg%20xmlns%3D&#39;http%3A%2F%2Fwww.w3.org%2F2000%2Fsvg&#39;%20viewBox%3D&#39;0%200%20157%20210&#39;%2F%3E\" data-src=\"https:\/\/www.clinicaclaros.com\/wp-content\/uploads\/2022\/02\/lll-rotated-157x210.jpg\" data-srcset=\"https:\/\/www.clinicaclaros.com\/wp-content\/uploads\/2022\/02\/lll-rotated-157x210.jpg 157w, https:\/\/www.clinicaclaros.com\/wp-content\/uploads\/2022\/02\/lll-rotated-314x420.jpg 314w\" loading=\"eager\" style=\"--ratio: 157 \/ 210\" sizes=\"(max-width: 157px) 100vw, 157px\" alt=\"\" width=\"157\" height=\"210\"  \/><\/a>\t\t\t<\/figure>\n<\/div>\n<div class=\"project-list-content\">\n\t<h3 class=\"entry-title\"><a href=\"https:\/\/www.clinicaclaros.com\/ru\/project\/la-cirugia-de-las-sonrisas-entrevista-al-dr-pedro-claros-en-la-vanguardia-el-27-de-febrero-de-2022\/\" title=\"(Espa\u00f1ol) &#171;La Cirug\u00eda de las sonrisas&#187; Entrevista al Dr. Pedro Clar\u00f3s en La Vanguardia el 27 de Febrero de 2022.\" rel=\"bookmark\">(Espa\u00f1ol) &#171;La Cirug\u00eda de las sonrisas&#187; Entrevista al Dr. Pedro Clar\u00f3s en La Vanguardia el 27 de Febrero de 2022.<\/a><\/h3><\/div>\n<\/article>\n\n\n\n<article class=\"post post-63353 dt_portfolio type-dt_portfolio status-publish has-post-thumbnail hentry dt_portfolio_category-noticias dt_portfolio_category-73\">\n\n\t<div class=\"project-list-media\">\n\t<figure class=\"buttons-on-img forward-post\">\n\t\t<a href=\"https:\/\/www.clinicaclaros.com\/ru\/project\/entrevista-en-la-vanguardia-al-dr-pedro-claros-con-esta-e-nose-detectaremos-pronto-tumores-y-enfermedades\/\" class=\"alignnone rollover layzr-bg\" title=\"IMG_20220119_122158\"  aria-label=\"Post image\"><img decoding=\"async\" class=\"preload-me lazy-load aspect\" src=\"data:image\/svg+xml,%3Csvg%20xmlns%3D&#39;http%3A%2F%2Fwww.w3.org%2F2000%2Fsvg&#39;%20viewBox%3D&#39;0%200%20157%20210&#39;%2F%3E\" data-src=\"https:\/\/www.clinicaclaros.com\/wp-content\/uploads\/2022\/01\/IMG_20220119_122158-scaled-157x210.jpg\" data-srcset=\"https:\/\/www.clinicaclaros.com\/wp-content\/uploads\/2022\/01\/IMG_20220119_122158-scaled-157x210.jpg 157w, https:\/\/www.clinicaclaros.com\/wp-content\/uploads\/2022\/01\/IMG_20220119_122158-scaled-314x420.jpg 314w\" loading=\"eager\" style=\"--ratio: 157 \/ 210\" sizes=\"(max-width: 157px) 100vw, 157px\" alt=\"\" width=\"157\" height=\"210\"  \/><\/a>\t\t\t<\/figure>\n<\/div>\n<div class=\"project-list-content\">\n\t<h3 class=\"entry-title\"><a href=\"https:\/\/www.clinicaclaros.com\/ru\/project\/entrevista-en-la-vanguardia-al-dr-pedro-claros-con-esta-e-nose-detectaremos-pronto-tumores-y-enfermedades\/\" title=\"(Espa\u00f1ol) Entrevista en La Vanguardia al Dr. Pedro Clar\u00f3s. &#171;Con esta e-nose detectaremos pronto tumores y enfermedades&#187;\" rel=\"bookmark\">(Espa\u00f1ol) Entrevista en La Vanguardia al Dr. Pedro Clar\u00f3s. &#171;Con esta e-nose detectaremos pronto tumores y enfermedades&#187;<\/a><\/h3><\/div>\n<\/article>\n\n\n\n<article class=\"post post-62662 dt_portfolio type-dt_portfolio status-publish has-post-thumbnail hentry dt_portfolio_category-noticias dt_portfolio_category-73\">\n\n\t<div class=\"project-list-media\">\n\t<figure class=\"buttons-on-img forward-post\">\n\t\t<a href=\"https:\/\/www.clinicaclaros.com\/ru\/project\/entrevista-al-dr-pedro-claros-en-la-revista-federacion-de-asociaciones-de-implantados-cocleares-en-espana\/\" class=\"alignnone rollover layzr-bg\" title=\"f aice\"  aria-label=\"Post image\"><img decoding=\"async\" class=\"preload-me lazy-load aspect\" src=\"data:image\/svg+xml,%3Csvg%20xmlns%3D&#39;http%3A%2F%2Fwww.w3.org%2F2000%2Fsvg&#39;%20viewBox%3D&#39;0%200%20173%20210&#39;%2F%3E\" data-src=\"https:\/\/www.clinicaclaros.com\/wp-content\/uploads\/2021\/12\/f-aice-173x210.jpg\" data-srcset=\"https:\/\/www.clinicaclaros.com\/wp-content\/uploads\/2021\/12\/f-aice-173x210.jpg 173w, https:\/\/www.clinicaclaros.com\/wp-content\/uploads\/2021\/12\/f-aice-346x420.jpg 346w\" loading=\"eager\" style=\"--ratio: 173 \/ 210\" sizes=\"(max-width: 173px) 100vw, 173px\" alt=\"\" width=\"173\" height=\"210\"  \/><\/a>\t\t\t<\/figure>\n<\/div>\n<div class=\"project-list-content\">\n\t<h3 class=\"entry-title\"><a href=\"https:\/\/www.clinicaclaros.com\/ru\/project\/entrevista-al-dr-pedro-claros-en-la-revista-federacion-de-asociaciones-de-implantados-cocleares-en-espana\/\" title=\"(Espa\u00f1ol) Entrevista al Dr. Pedro Clar\u00f3s en la revista &#171;Federaci\u00f3n de Asociaciones de Implantados Cocleares en Espa\u00f1a&#187;\" rel=\"bookmark\">(Espa\u00f1ol) Entrevista al Dr. Pedro Clar\u00f3s en la revista &#171;Federaci\u00f3n de Asociaciones de Implantados Cocleares en Espa\u00f1a&#187;<\/a><\/h3><\/div>\n<\/article>\n\n\n\n<article class=\"post post-59620 dt_portfolio type-dt_portfolio status-publish has-post-thumbnail hentry dt_portfolio_category-noticias dt_portfolio_category-73\">\n\n\t<div class=\"project-list-media\">\n\t<figure class=\"buttons-on-img forward-post\">\n\t\t<a href=\"https:\/\/www.clinicaclaros.com\/ru\/project\/voces-liricas-la-influencia-de-las-hormonas-en-la-voz-operistica\/\" class=\"alignnone rollover layzr-bg\" title=\"libro voces liricas\"  aria-label=\"Post image\"><img decoding=\"async\" class=\"preload-me lazy-load aspect\" src=\"data:image\/svg+xml,%3Csvg%20xmlns%3D&#39;http%3A%2F%2Fwww.w3.org%2F2000%2Fsvg&#39;%20viewBox%3D&#39;0%200%20323%20210&#39;%2F%3E\" data-src=\"https:\/\/www.clinicaclaros.com\/wp-content\/uploads\/2021\/09\/libro-voces-liricas-323x210.jpg\" data-srcset=\"https:\/\/www.clinicaclaros.com\/wp-content\/uploads\/2021\/09\/libro-voces-liricas-323x210.jpg 323w, https:\/\/www.clinicaclaros.com\/wp-content\/uploads\/2021\/09\/libro-voces-liricas-646x420.jpg 646w\" loading=\"eager\" style=\"--ratio: 323 \/ 210\" sizes=\"(max-width: 323px) 100vw, 323px\" alt=\"\" width=\"323\" height=\"210\"  \/><\/a>\t\t\t<\/figure>\n<\/div>\n<div class=\"project-list-content\">\n\t<h3 class=\"entry-title\"><a href=\"https:\/\/www.clinicaclaros.com\/ru\/project\/voces-liricas-la-influencia-de-las-hormonas-en-la-voz-operistica\/\" title=\"(Espa\u00f1ol) Voces l\u00edricas: la influencia de las hormonas en la voz oper\u00edstica\" rel=\"bookmark\">(Espa\u00f1ol) Voces l\u00edricas: la influencia de las hormonas en la voz oper\u00edstica<\/a><\/h3><\/div>\n<\/article>\n\n\n\n<article class=\"post post-57020 dt_portfolio type-dt_portfolio status-publish has-post-thumbnail hentry dt_portfolio_category-noticias dt_portfolio_category-73\">\n\n\t<div class=\"project-list-media\">\n\t<figure class=\"buttons-on-img forward-post\">\n\t\t<a href=\"https:\/\/www.clinicaclaros.com\/ru\/project\/las-virtudes-de-la-voz-operisitica-un-asunto-hormonal-la-vanguardia-28-07-2021\/\" class=\"alignnone rollover layzr-bg\" title=\"Las virtudes de la voz\"  aria-label=\"Post image\"><img decoding=\"async\" class=\"preload-me lazy-load aspect\" src=\"data:image\/svg+xml,%3Csvg%20xmlns%3D&#39;http%3A%2F%2Fwww.w3.org%2F2000%2Fsvg&#39;%20viewBox%3D&#39;0%200%20181%20210&#39;%2F%3E\" data-src=\"https:\/\/www.clinicaclaros.com\/wp-content\/uploads\/2021\/07\/Sin-titulo-1-181x210.jpg\" data-srcset=\"https:\/\/www.clinicaclaros.com\/wp-content\/uploads\/2021\/07\/Sin-titulo-1-181x210.jpg 181w, https:\/\/www.clinicaclaros.com\/wp-content\/uploads\/2021\/07\/Sin-titulo-1-362x420.jpg 362w\" loading=\"eager\" style=\"--ratio: 181 \/ 210\" sizes=\"(max-width: 181px) 100vw, 181px\" alt=\"Las virtudes de la voz\" width=\"181\" height=\"210\"  \/><\/a>\t\t\t<\/figure>\n<\/div>\n<div class=\"project-list-content\">\n\t<h3 class=\"entry-title\"><a href=\"https:\/\/www.clinicaclaros.com\/ru\/project\/las-virtudes-de-la-voz-operisitica-un-asunto-hormonal-la-vanguardia-28-07-2021\/\" title=\"(Espa\u00f1ol) &#171;Las virtudes de la voz oper\u00edsitica, un asunto hormonal.&#187; La Vanguardia 28-07-2021\" rel=\"bookmark\">(Espa\u00f1ol) &#171;Las virtudes de la voz oper\u00edsitica, un asunto hormonal.&#187; La Vanguardia 28-07-2021<\/a><\/h3><\/div>\n<\/article>\n\n\n\n<article class=\"post post-55087 dt_portfolio type-dt_portfolio status-publish has-post-thumbnail hentry dt_portfolio_category-noticias dt_portfolio_category-73\">\n\n\t<div class=\"project-list-media\">\n\t<figure class=\"buttons-on-img forward-post\">\n\t\t<a href=\"https:\/\/www.clinicaclaros.com\/ru\/project\/entrevista-al-dr-pedro-claros-en-el-programa-la-noche-de-la-cadena-cope\/\" class=\"alignnone rollover layzr-bg\" title=\"dr-pedro\"  aria-label=\"Post image\"><img decoding=\"async\" class=\"preload-me lazy-load aspect\" src=\"data:image\/svg+xml,%3Csvg%20xmlns%3D&#39;http%3A%2F%2Fwww.w3.org%2F2000%2Fsvg&#39;%20viewBox%3D&#39;0%200%20227%20210&#39;%2F%3E\" data-src=\"https:\/\/www.clinicaclaros.com\/wp-content\/uploads\/2016\/10\/Dr-pedro-227x210.jpg\" data-srcset=\"https:\/\/www.clinicaclaros.com\/wp-content\/uploads\/2016\/10\/Dr-pedro-227x210.jpg 227w, https:\/\/www.clinicaclaros.com\/wp-content\/uploads\/2016\/10\/Dr-pedro-454x420.jpg 454w\" loading=\"eager\" style=\"--ratio: 227 \/ 210\" sizes=\"(max-width: 227px) 100vw, 227px\" alt=\"\" width=\"227\" height=\"210\"  \/><\/a>\t\t\t<\/figure>\n<\/div>\n<div class=\"project-list-content\">\n\t<h3 class=\"entry-title\"><a href=\"https:\/\/www.clinicaclaros.com\/ru\/project\/entrevista-al-dr-pedro-claros-en-el-programa-la-noche-de-la-cadena-cope\/\" title=\"(Espa\u00f1ol) Entrevista al Dr. Pedro Clar\u00f3s en el programa &#171;La noche&#187; de la cadena Cope\" rel=\"bookmark\">(Espa\u00f1ol) Entrevista al Dr. Pedro Clar\u00f3s en el programa &#171;La noche&#187; de la cadena Cope<\/a><\/h3><\/div>\n<\/article>\n\n\n\n<article class=\"post post-54294 dt_portfolio type-dt_portfolio status-publish has-post-thumbnail hentry dt_portfolio_category-noticias dt_portfolio_category-73\">\n\n\t<div class=\"project-list-media\">\n\t<figure class=\"buttons-on-img forward-post\">\n\t\t<a href=\"https:\/\/www.clinicaclaros.com\/ru\/project\/entrevista-en-el-diario-la-razon-al-dr-pedro-claros-el-orl-de-las-voces-de-oro-que-investiga-la-nariz-artificial\/\" class=\"alignnone rollover layzr-bg\" title=\"044nac08fot10_10342654_20190808000810\"  aria-label=\"Post image\"><img decoding=\"async\" class=\"preload-me lazy-load aspect\" src=\"data:image\/svg+xml,%3Csvg%20xmlns%3D&#39;http%3A%2F%2Fwww.w3.org%2F2000%2Fsvg&#39;%20viewBox%3D&#39;0%200%20373%20210&#39;%2F%3E\" data-src=\"https:\/\/www.clinicaclaros.com\/wp-content\/uploads\/2019\/08\/044nac08fot10_10342654_20190808000810-373x210.jpg\" data-srcset=\"https:\/\/www.clinicaclaros.com\/wp-content\/uploads\/2019\/08\/044nac08fot10_10342654_20190808000810-373x210.jpg 373w, https:\/\/www.clinicaclaros.com\/wp-content\/uploads\/2019\/08\/044nac08fot10_10342654_20190808000810-746x420.jpg 746w\" loading=\"eager\" style=\"--ratio: 373 \/ 210\" sizes=\"(max-width: 373px) 100vw, 373px\" alt=\"\" width=\"373\" height=\"210\"  \/><\/a>\t\t\t<\/figure>\n<\/div>\n<div class=\"project-list-content\">\n\t<h3 class=\"entry-title\"><a href=\"https:\/\/www.clinicaclaros.com\/ru\/project\/entrevista-en-el-diario-la-razon-al-dr-pedro-claros-el-orl-de-las-voces-de-oro-que-investiga-la-nariz-artificial\/\" title=\"(Espa\u00f1ol) Entrevista en el Diario La Raz\u00f3n al Dr. Pedro Clar\u00f3s &#171;El ORL de las voces de oro que investiga la nariz artificial&#187;\" rel=\"bookmark\">(Espa\u00f1ol) Entrevista en el Diario La Raz\u00f3n al Dr. Pedro Clar\u00f3s &#171;El ORL de las voces de oro que investiga la nariz artificial&#187;<\/a><\/h3><\/div>\n<\/article>\n\n\n\n<article class=\"post post-53867 dt_portfolio type-dt_portfolio status-publish has-post-thumbnail hentry dt_portfolio_category-noticias dt_portfolio_category-73\">\n\n\t<div class=\"project-list-media\">\n\t<figure class=\"buttons-on-img forward-post\">\n\t\t<a href=\"https:\/\/www.clinicaclaros.com\/ru\/project\/clinica-claros-colaboradora-de-las-primeras-jornadas-on-line-de-medicina-subacuatica-e-hiperbarica-para-instructores-guias-entrenadores-arbitros-y-tecnicos-deportivos\/\" class=\"alignnone rollover layzr-bg\" title=\"Catel jornadas MSH FEDAS baja calidad\"  aria-label=\"Post image\"><img decoding=\"async\" class=\"preload-me lazy-load aspect\" src=\"data:image\/svg+xml,%3Csvg%20xmlns%3D&#39;http%3A%2F%2Fwww.w3.org%2F2000%2Fsvg&#39;%20viewBox%3D&#39;0%200%20148%20210&#39;%2F%3E\" data-src=\"https:\/\/www.clinicaclaros.com\/wp-content\/uploads\/2021\/05\/Catel-jornadas-MSH-FEDAS-baja-calidad-148x210.jpg\" data-srcset=\"https:\/\/www.clinicaclaros.com\/wp-content\/uploads\/2021\/05\/Catel-jornadas-MSH-FEDAS-baja-calidad-148x210.jpg 148w, https:\/\/www.clinicaclaros.com\/wp-content\/uploads\/2021\/05\/Catel-jornadas-MSH-FEDAS-baja-calidad-296x420.jpg 296w\" loading=\"eager\" style=\"--ratio: 148 \/ 210\" sizes=\"(max-width: 148px) 100vw, 148px\" alt=\"\" width=\"148\" height=\"210\"  \/><\/a>\t\t\t<\/figure>\n<\/div>\n<div class=\"project-list-content\">\n\t<h3 class=\"entry-title\"><a href=\"https:\/\/www.clinicaclaros.com\/ru\/project\/clinica-claros-colaboradora-de-las-primeras-jornadas-on-line-de-medicina-subacuatica-e-hiperbarica-para-instructores-guias-entrenadores-arbitros-y-tecnicos-deportivos\/\" title=\"(Espa\u00f1ol) Cl\u00ednica Clar\u00f3s, colaboradora de las Primeras Jornadas On Line de Medicina Subacu\u00e1tica e Hiperb\u00e1rica para instructores, gu\u00edas, entrenadores, \u00e1rbitros y t\u00e9cnicos deportivos.\" rel=\"bookmark\">(Espa\u00f1ol) Cl\u00ednica Clar\u00f3s, colaboradora de las Primeras Jornadas On Line de Medicina Subacu\u00e1tica e Hiperb\u00e1rica para instructores, gu\u00edas, entrenadores, \u00e1rbitros y t\u00e9cnicos deportivos.<\/a><\/h3><\/div>\n<\/article>\n\n\n\n<article class=\"post post-51906 dt_portfolio type-dt_portfolio status-publish has-post-thumbnail hentry dt_portfolio_category-noticias dt_portfolio_category-73\">\n\n\t<div class=\"project-list-media\">\n\t<figure class=\"buttons-on-img forward-post\">\n\t\t<a href=\"https:\/\/www.clinicaclaros.com\/ru\/project\/recomendamos-el-libro-voces-liricas-la-influencia-de-las-hormonas-en-la-voz-operistica\/\" class=\"alignnone rollover layzr-bg\" title=\"r sant jordi\"  aria-label=\"Post image\"><img decoding=\"async\" class=\"preload-me lazy-load aspect\" src=\"data:image\/svg+xml,%3Csvg%20xmlns%3D&#39;http%3A%2F%2Fwww.w3.org%2F2000%2Fsvg&#39;%20viewBox%3D&#39;0%200%20192%20210&#39;%2F%3E\" data-src=\"https:\/\/www.clinicaclaros.com\/wp-content\/uploads\/2021\/04\/r-sant-jordi-192x210.jpg\" data-srcset=\"https:\/\/www.clinicaclaros.com\/wp-content\/uploads\/2021\/04\/r-sant-jordi-192x210.jpg 192w, https:\/\/www.clinicaclaros.com\/wp-content\/uploads\/2021\/04\/r-sant-jordi-384x420.jpg 384w\" loading=\"eager\" style=\"--ratio: 192 \/ 210\" sizes=\"(max-width: 192px) 100vw, 192px\" alt=\"\" width=\"192\" height=\"210\"  \/><\/a>\t\t\t<\/figure>\n<\/div>\n<div class=\"project-list-content\">\n\t<h3 class=\"entry-title\"><a href=\"https:\/\/www.clinicaclaros.com\/ru\/project\/recomendamos-el-libro-voces-liricas-la-influencia-de-las-hormonas-en-la-voz-operistica\/\" title=\"(Espa\u00f1ol) Recomendamos el libro &#171;Voces L\u00edricas: La influencia de las hormonas en la voz oper\u00edstica&#187;\" rel=\"bookmark\">(Espa\u00f1ol) Recomendamos el libro &#171;Voces L\u00edricas: La influencia de las hormonas en la voz oper\u00edstica&#187;<\/a><\/h3><\/div>\n<\/article>\n\n\n\n<article class=\"post post-41379 dt_portfolio type-dt_portfolio status-publish has-post-thumbnail hentry dt_portfolio_category-noticias dt_portfolio_category-73\">\n\n\t<div class=\"project-list-media\">\n\t<figure class=\"buttons-on-img forward-post\">\n\t\t<a href=\"https:\/\/www.clinicaclaros.com\/ru\/project\/entrevista-al-dr-pedro-claros-la-entrevista-de-radio-5\/\" class=\"alignnone rollover layzr-bg\" title=\"portada cc\"  aria-label=\"Post image\"><img decoding=\"async\" class=\"preload-me lazy-load aspect\" src=\"data:image\/svg+xml,%3Csvg%20xmlns%3D&#39;http%3A%2F%2Fwww.w3.org%2F2000%2Fsvg&#39;%20viewBox%3D&#39;0%200%20373%20210&#39;%2F%3E\" data-src=\"https:\/\/www.clinicaclaros.com\/wp-content\/uploads\/2020\/05\/portada-cc-373x210.jpg\" data-srcset=\"https:\/\/www.clinicaclaros.com\/wp-content\/uploads\/2020\/05\/portada-cc-373x210.jpg 373w, https:\/\/www.clinicaclaros.com\/wp-content\/uploads\/2020\/05\/portada-cc-746x420.jpg 746w\" loading=\"eager\" style=\"--ratio: 373 \/ 210\" sizes=\"(max-width: 373px) 100vw, 373px\" alt=\"\" width=\"373\" height=\"210\"  \/><\/a>\t\t\t<\/figure>\n<\/div>\n<div class=\"project-list-content\">\n\t<h3 class=\"entry-title\"><a href=\"https:\/\/www.clinicaclaros.com\/ru\/project\/entrevista-al-dr-pedro-claros-la-entrevista-de-radio-5\/\" title=\"(Espa\u00f1ol) Entrevista al Dr. Pedro Clar\u00f3s (La entrevista de Radio 5)\" rel=\"bookmark\">(Espa\u00f1ol) Entrevista al Dr. Pedro Clar\u00f3s (La entrevista de Radio 5)<\/a><\/h3><\/div>\n<\/article>\n\n\n\n<article class=\"post post-38209 dt_portfolio type-dt_portfolio status-publish has-post-thumbnail hentry dt_portfolio_category-noticias dt_portfolio_category-73\">\n\n\t<div class=\"project-list-media\">\n\t<figure class=\"buttons-on-img forward-post\">\n\t\t<a href=\"https:\/\/www.clinicaclaros.com\/ru\/project\/realizamos-test-de-antigenos\/\" class=\"alignnone rollover layzr-bg\" title=\"test antigenos\"  aria-label=\"Post image\"><img decoding=\"async\" class=\"preload-me lazy-load aspect\" src=\"data:image\/svg+xml,%3Csvg%20xmlns%3D&#39;http%3A%2F%2Fwww.w3.org%2F2000%2Fsvg&#39;%20viewBox%3D&#39;0%200%20322%20210&#39;%2F%3E\" data-src=\"https:\/\/www.clinicaclaros.com\/wp-content\/uploads\/2021\/01\/test-antigenos-scaled-e1611923427790-322x210.jpg\" data-srcset=\"https:\/\/www.clinicaclaros.com\/wp-content\/uploads\/2021\/01\/test-antigenos-scaled-e1611923427790-322x210.jpg 322w, https:\/\/www.clinicaclaros.com\/wp-content\/uploads\/2021\/01\/test-antigenos-scaled-e1611923427790-644x420.jpg 644w\" loading=\"eager\" style=\"--ratio: 322 \/ 210\" sizes=\"(max-width: 322px) 100vw, 322px\" alt=\"test antigenos\" width=\"322\" height=\"210\"  \/><\/a>\t\t\t<\/figure>\n<\/div>\n<div class=\"project-list-content\">\n\t<h3 class=\"entry-title\"><a href=\"https:\/\/www.clinicaclaros.com\/ru\/project\/realizamos-test-de-antigenos\/\" title=\"(Espa\u00f1ol) Realizamos Test de Ant\u00edgenos de la Covid para nuestros pacientes\" rel=\"bookmark\">(Espa\u00f1ol) Realizamos Test de Ant\u00edgenos de la Covid para nuestros pacientes<\/a><\/h3><\/div>\n<\/article>\n\n\n\n<article class=\"post post-38193 dt_portfolio type-dt_portfolio status-publish has-post-thumbnail hentry dt_portfolio_category-noticias dt_portfolio_category-73\">\n\n\t<div class=\"project-list-media\">\n\t<figure class=\"buttons-on-img forward-post\">\n\t\t<a href=\"https:\/\/www.clinicaclaros.com\/ru\/project\/felices-fiestas-y-prospero-ano-nuevo-2021\/\" class=\"alignnone rollover layzr-bg\" title=\"Felices Fiestas 2021\"  aria-label=\"Post image\"><img decoding=\"async\" class=\"preload-me lazy-load aspect\" src=\"data:image\/svg+xml,%3Csvg%20xmlns%3D&#39;http%3A%2F%2Fwww.w3.org%2F2000%2Fsvg&#39;%20viewBox%3D&#39;0%200%20297%20210&#39;%2F%3E\" data-src=\"https:\/\/www.clinicaclaros.com\/wp-content\/uploads\/2020\/12\/cc-2020-297x210.jpg\" data-srcset=\"https:\/\/www.clinicaclaros.com\/wp-content\/uploads\/2020\/12\/cc-2020-297x210.jpg 297w, https:\/\/www.clinicaclaros.com\/wp-content\/uploads\/2020\/12\/cc-2020-594x420.jpg 594w\" loading=\"eager\" style=\"--ratio: 297 \/ 210\" sizes=\"(max-width: 297px) 100vw, 297px\" alt=\"\" width=\"297\" height=\"210\"  \/><\/a>\t\t\t<\/figure>\n<\/div>\n<div class=\"project-list-content\">\n\t<h3 class=\"entry-title\"><a href=\"https:\/\/www.clinicaclaros.com\/ru\/project\/felices-fiestas-y-prospero-ano-nuevo-2021\/\" title=\"(Espa\u00f1ol) Felices Fiestas y Pr\u00f3spero a\u00f1o nuevo 2021\" rel=\"bookmark\">(Espa\u00f1ol) Felices Fiestas y Pr\u00f3spero a\u00f1o nuevo 2021<\/a><\/h3><\/div>\n<\/article>\n\n\n\n<article class=\"post post-38130 dt_portfolio type-dt_portfolio status-publish has-post-thumbnail hentry dt_portfolio_category-noticias dt_portfolio_category-73\">\n\n\t<div class=\"project-list-media\">\n\t<figure class=\"buttons-on-img forward-post\">\n\t\t<a href=\"https:\/\/www.clinicaclaros.com\/ru\/project\/estudio-sobre-los-martires-de-la-cartuja-de-tiana-por-el-dr-pedro-claros\/\" class=\"alignnone rollover layzr-bg\" title=\"Untitled-2\"  aria-label=\"Post image\"><img decoding=\"async\" class=\"preload-me lazy-load aspect\" src=\"data:image\/svg+xml,%3Csvg%20xmlns%3D&#39;http%3A%2F%2Fwww.w3.org%2F2000%2Fsvg&#39;%20viewBox%3D&#39;0%200%20287%20210&#39;%2F%3E\" data-src=\"https:\/\/www.clinicaclaros.com\/wp-content\/uploads\/2020\/11\/Untitled-2-287x210.jpg\" data-srcset=\"https:\/\/www.clinicaclaros.com\/wp-content\/uploads\/2020\/11\/Untitled-2-287x210.jpg 287w, https:\/\/www.clinicaclaros.com\/wp-content\/uploads\/2020\/11\/Untitled-2-574x420.jpg 574w\" loading=\"eager\" style=\"--ratio: 287 \/ 210\" sizes=\"(max-width: 287px) 100vw, 287px\" alt=\"\" width=\"287\" height=\"210\"  \/><\/a>\t\t\t<\/figure>\n<\/div>\n<div class=\"project-list-content\">\n\t<h3 class=\"entry-title\"><a href=\"https:\/\/www.clinicaclaros.com\/ru\/project\/estudio-sobre-los-martires-de-la-cartuja-de-tiana-por-el-dr-pedro-claros\/\" title=\"(Espa\u00f1ol) Estudio sobre los m\u00e1rtires de la Cartuja de Tiana, por el Dr. Pedro Clar\u00f3s.\" rel=\"bookmark\">(Espa\u00f1ol) Estudio sobre los m\u00e1rtires de la Cartuja de Tiana, por el Dr. Pedro Clar\u00f3s.<\/a><\/h3><\/div>\n<\/article>\n\n\n\n<article class=\"post post-38106 dt_portfolio type-dt_portfolio status-publish has-post-thumbnail hentry dt_portfolio_category-noticias dt_portfolio_category-73\">\n\n\t<div class=\"project-list-media\">\n\t<figure class=\"buttons-on-img forward-post\">\n\t\t<a href=\"https:\/\/www.clinicaclaros.com\/ru\/project\/el-cirujano-es-un-instrumento-de-dios-entrevista-en-el-diario-abc-al-dr-pedro-claros\/\" class=\"alignnone rollover layzr-bg\" title=\"Entrevista PC ABC 8 11 2020\"  aria-label=\"Post image\"><img decoding=\"async\" class=\"preload-me lazy-load aspect\" src=\"data:image\/svg+xml,%3Csvg%20xmlns%3D&#39;http%3A%2F%2Fwww.w3.org%2F2000%2Fsvg&#39;%20viewBox%3D&#39;0%200%20148%20210&#39;%2F%3E\" data-src=\"https:\/\/www.clinicaclaros.com\/wp-content\/uploads\/2020\/11\/Entrevista-PC-ABC-8-11-2020-scaled-148x210.jpg\" data-srcset=\"https:\/\/www.clinicaclaros.com\/wp-content\/uploads\/2020\/11\/Entrevista-PC-ABC-8-11-2020-scaled-148x210.jpg 148w, https:\/\/www.clinicaclaros.com\/wp-content\/uploads\/2020\/11\/Entrevista-PC-ABC-8-11-2020-scaled-296x420.jpg 296w\" loading=\"eager\" style=\"--ratio: 148 \/ 210\" sizes=\"(max-width: 148px) 100vw, 148px\" alt=\"\" width=\"148\" height=\"210\"  \/><\/a>\t\t\t<\/figure>\n<\/div>\n<div class=\"project-list-content\">\n\t<h3 class=\"entry-title\"><a href=\"https:\/\/www.clinicaclaros.com\/ru\/project\/el-cirujano-es-un-instrumento-de-dios-entrevista-en-el-diario-abc-al-dr-pedro-claros\/\" title=\"(Espa\u00f1ol) &#171;El cirujano es un instrumento de Dios&#187; entrevista en el Diario ABC al Dr. Pedro Clar\u00f3s.\" rel=\"bookmark\">(Espa\u00f1ol) &#171;El cirujano es un instrumento de Dios&#187; entrevista en el Diario ABC al Dr. Pedro Clar\u00f3s.<\/a><\/h3><\/div>\n<\/article>\n\n\n\n<article class=\"post post-38099 dt_portfolio type-dt_portfolio status-publish has-post-thumbnail hentry dt_portfolio_category-noticias dt_portfolio_category-73\">\n\n\t<div class=\"project-list-media\">\n\t<figure class=\"buttons-on-img forward-post\">\n\t\t<a href=\"https:\/\/www.clinicaclaros.com\/ru\/project\/activepure-la-apuesta-de-la-clinica-claros-para-combatir-patogenos\/\" class=\"alignnone rollover layzr-bg\" title=\"Untitled-2\"  aria-label=\"Post image\"><img decoding=\"async\" class=\"preload-me lazy-load aspect\" src=\"data:image\/svg+xml,%3Csvg%20xmlns%3D&#39;http%3A%2F%2Fwww.w3.org%2F2000%2Fsvg&#39;%20viewBox%3D&#39;0%200%20160%20210&#39;%2F%3E\" data-src=\"https:\/\/www.clinicaclaros.com\/wp-content\/uploads\/2020\/10\/Untitled-2-160x210.jpg\" data-srcset=\"https:\/\/www.clinicaclaros.com\/wp-content\/uploads\/2020\/10\/Untitled-2-160x210.jpg 160w, https:\/\/www.clinicaclaros.com\/wp-content\/uploads\/2020\/10\/Untitled-2-320x420.jpg 320w\" loading=\"eager\" style=\"--ratio: 160 \/ 210\" sizes=\"(max-width: 160px) 100vw, 160px\" alt=\"\" width=\"160\" height=\"210\"  \/><\/a>\t\t\t<\/figure>\n<\/div>\n<div class=\"project-list-content\">\n\t<h3 class=\"entry-title\"><a href=\"https:\/\/www.clinicaclaros.com\/ru\/project\/activepure-la-apuesta-de-la-clinica-claros-para-combatir-patogenos\/\" title=\"(Espa\u00f1ol) ActivePure, la apuesta de la Cl\u00ednica Clar\u00f3s para combatir pat\u00f3genos\" rel=\"bookmark\">(Espa\u00f1ol) ActivePure, la apuesta de la Cl\u00ednica Clar\u00f3s para combatir pat\u00f3genos<\/a><\/h3><\/div>\n<\/article>\n\n\n\n<article class=\"post post-37850 dt_portfolio type-dt_portfolio status-publish has-post-thumbnail hentry dt_portfolio_category-noticias dt_portfolio_category-73\">\n\n\t<div class=\"project-list-media\">\n\t<figure class=\"buttons-on-img forward-post\">\n\t\t<a href=\"https:\/\/www.clinicaclaros.com\/ru\/project\/el-5-de-la-poblacion-mundial-sufre-perdida-de-audicion-incapacitante\/\" class=\"alignnone rollover layzr-bg\" title=\"Untitled-4-retro\"  aria-label=\"Post image\"><img decoding=\"async\" class=\"preload-me lazy-load aspect\" src=\"data:image\/svg+xml,%3Csvg%20xmlns%3D&#39;http%3A%2F%2Fwww.w3.org%2F2000%2Fsvg&#39;%20viewBox%3D&#39;0%200%20253%20210&#39;%2F%3E\" data-src=\"https:\/\/www.clinicaclaros.com\/wp-content\/uploads\/2019\/12\/Untitled-4-retro-253x210.jpg\" data-srcset=\"https:\/\/www.clinicaclaros.com\/wp-content\/uploads\/2019\/12\/Untitled-4-retro-253x210.jpg 253w, https:\/\/www.clinicaclaros.com\/wp-content\/uploads\/2019\/12\/Untitled-4-retro-506x420.jpg 506w\" loading=\"eager\" style=\"--ratio: 253 \/ 210\" sizes=\"(max-width: 253px) 100vw, 253px\" alt=\"\" width=\"253\" height=\"210\"  \/><\/a>\t\t\t<\/figure>\n<\/div>\n<div class=\"project-list-content\">\n\t<h3 class=\"entry-title\"><a href=\"https:\/\/www.clinicaclaros.com\/ru\/project\/el-5-de-la-poblacion-mundial-sufre-perdida-de-audicion-incapacitante\/\" title=\"(Espa\u00f1ol) El 5% de la poblaci\u00f3n mundial sufre p\u00e9rdida de audici\u00f3n incapacitante\" rel=\"bookmark\">(Espa\u00f1ol) El 5% de la poblaci\u00f3n mundial sufre p\u00e9rdida de audici\u00f3n incapacitante<\/a><\/h3><\/div>\n<\/article>\n\n\n\n<article class=\"post post-37830 dt_portfolio type-dt_portfolio status-publish has-post-thumbnail hentry dt_portfolio_category-noticias dt_portfolio_category-73\">\n\n\t<div class=\"project-list-media\">\n\t<figure class=\"buttons-on-img forward-post\">\n\t\t<a href=\"https:\/\/www.clinicaclaros.com\/ru\/project\/conferencia-las-voces-en-los-coros-infantiles-muda-de-la-voz-y-sus-alteraciones\/\" class=\"alignnone rollover layzr-bg\" title=\"20191126_sesioncientifica\"  aria-label=\"Post image\"><img decoding=\"async\" class=\"preload-me lazy-load aspect\" src=\"data:image\/svg+xml,%3Csvg%20xmlns%3D&#39;http%3A%2F%2Fwww.w3.org%2F2000%2Fsvg&#39;%20viewBox%3D&#39;0%200%20300%20210&#39;%2F%3E\" data-src=\"https:\/\/www.clinicaclaros.com\/wp-content\/uploads\/2019\/11\/20191126_sesioncientifica-300x210.jpg\" data-srcset=\"https:\/\/www.clinicaclaros.com\/wp-content\/uploads\/2019\/11\/20191126_sesioncientifica-300x210.jpg 300w, https:\/\/www.clinicaclaros.com\/wp-content\/uploads\/2019\/11\/20191126_sesioncientifica-600x420.jpg 600w\" loading=\"eager\" style=\"--ratio: 300 \/ 210\" sizes=\"(max-width: 300px) 100vw, 300px\" alt=\"\" width=\"300\" height=\"210\"  \/><\/a>\t\t\t<\/figure>\n<\/div>\n<div class=\"project-list-content\">\n\t<h3 class=\"entry-title\"><a href=\"https:\/\/www.clinicaclaros.com\/ru\/project\/conferencia-las-voces-en-los-coros-infantiles-muda-de-la-voz-y-sus-alteraciones\/\" title=\"(Espa\u00f1ol) Conferencia &#171;Las voces en los coros infantiles, muda de la voz y sus alteraciones&#187;\" rel=\"bookmark\">(Espa\u00f1ol) Conferencia &#171;Las voces en los coros infantiles, muda de la voz y sus alteraciones&#187;<\/a><\/h3><\/div>\n<\/article>\n\n\n\n<article class=\"post post-37818 dt_portfolio type-dt_portfolio status-publish has-post-thumbnail hentry dt_portfolio_category-noticias dt_portfolio_category-73\">\n\n\t<div class=\"project-list-media\">\n\t<figure class=\"buttons-on-img forward-post\">\n\t\t<a href=\"https:\/\/www.clinicaclaros.com\/ru\/project\/91-temporal-bone-dissection-course\/\" class=\"alignnone rollover layzr-bg\" title=\"91 TBDC\"  aria-label=\"Post image\"><img decoding=\"async\" class=\"preload-me lazy-load aspect\" src=\"data:image\/svg+xml,%3Csvg%20xmlns%3D&#39;http%3A%2F%2Fwww.w3.org%2F2000%2Fsvg&#39;%20viewBox%3D&#39;0%200%20280%20210&#39;%2F%3E\" data-src=\"https:\/\/www.clinicaclaros.com\/wp-content\/uploads\/2019\/11\/IMG_2203-scaled-280x210.jpg\" data-srcset=\"https:\/\/www.clinicaclaros.com\/wp-content\/uploads\/2019\/11\/IMG_2203-scaled-280x210.jpg 280w, https:\/\/www.clinicaclaros.com\/wp-content\/uploads\/2019\/11\/IMG_2203-scaled-560x420.jpg 560w\" loading=\"eager\" style=\"--ratio: 280 \/ 210\" sizes=\"(max-width: 280px) 100vw, 280px\" alt=\"\" width=\"280\" height=\"210\"  \/><\/a>\t\t\t<\/figure>\n<\/div>\n<div class=\"project-list-content\">\n\t<h3 class=\"entry-title\"><a href=\"https:\/\/www.clinicaclaros.com\/ru\/project\/91-temporal-bone-dissection-course\/\" title=\"(Espa\u00f1ol) 91 Temporal Bone Dissection Course\" rel=\"bookmark\">(Espa\u00f1ol) 91 Temporal Bone Dissection Course<\/a><\/h3><\/div>\n<\/article>\n\n\n\n<article class=\"post post-37796 dt_portfolio type-dt_portfolio status-publish has-post-thumbnail hentry dt_portfolio_category-noticias dt_portfolio_category-73\">\n\n\t<div class=\"project-list-media\">\n\t<figure class=\"buttons-on-img forward-post\">\n\t\t<a href=\"https:\/\/www.clinicaclaros.com\/ru\/project\/1er-curso-anatomical-orbital-dissection-course\/\" class=\"alignnone rollover layzr-bg\" title=\"IMG_1950\"  aria-label=\"Post image\"><img decoding=\"async\" class=\"preload-me lazy-load aspect\" src=\"data:image\/svg+xml,%3Csvg%20xmlns%3D&#39;http%3A%2F%2Fwww.w3.org%2F2000%2Fsvg&#39;%20viewBox%3D&#39;0%200%20280%20210&#39;%2F%3E\" data-src=\"https:\/\/www.clinicaclaros.com\/wp-content\/uploads\/2019\/10\/IMG_1950-280x210.jpg\" data-srcset=\"https:\/\/www.clinicaclaros.com\/wp-content\/uploads\/2019\/10\/IMG_1950-280x210.jpg 280w, https:\/\/www.clinicaclaros.com\/wp-content\/uploads\/2019\/10\/IMG_1950-560x420.jpg 560w\" loading=\"eager\" style=\"--ratio: 280 \/ 210\" sizes=\"(max-width: 280px) 100vw, 280px\" alt=\"\" width=\"280\" height=\"210\"  \/><\/a>\t\t\t<\/figure>\n<\/div>\n<div class=\"project-list-content\">\n\t<h3 class=\"entry-title\"><a href=\"https:\/\/www.clinicaclaros.com\/ru\/project\/1er-curso-anatomical-orbital-dissection-course\/\" title=\"(Espa\u00f1ol) 1er Curso Anatomical Orbital Dissection Course\" rel=\"bookmark\">(Espa\u00f1ol) 1er Curso Anatomical Orbital Dissection Course<\/a><\/h3><\/div>\n<\/article>\n\n\n\n<article class=\"post post-37775 dt_portfolio type-dt_portfolio status-publish has-post-thumbnail hentry dt_portfolio_category-noticias dt_portfolio_category-73\">\n\n\t<div class=\"project-list-media\">\n\t<figure class=\"buttons-on-img forward-post\">\n\t\t<a href=\"https:\/\/www.clinicaclaros.com\/ru\/project\/pedro-claros-blanch-el-medico-de-las-cantantes-la-voz-identifica-mas-que-una-huella-dactilar-entrevista-en-la-razon\/\" class=\"alignnone rollover layzr-bg\" title=\"044nac08fot10_10342654_20190808000810\"  aria-label=\"Post image\"><img decoding=\"async\" class=\"preload-me lazy-load aspect\" src=\"data:image\/svg+xml,%3Csvg%20xmlns%3D&#39;http%3A%2F%2Fwww.w3.org%2F2000%2Fsvg&#39;%20viewBox%3D&#39;0%200%20373%20210&#39;%2F%3E\" data-src=\"https:\/\/www.clinicaclaros.com\/wp-content\/uploads\/2019\/08\/044nac08fot10_10342654_20190808000810-373x210.jpg\" data-srcset=\"https:\/\/www.clinicaclaros.com\/wp-content\/uploads\/2019\/08\/044nac08fot10_10342654_20190808000810-373x210.jpg 373w, https:\/\/www.clinicaclaros.com\/wp-content\/uploads\/2019\/08\/044nac08fot10_10342654_20190808000810-746x420.jpg 746w\" loading=\"eager\" style=\"--ratio: 373 \/ 210\" sizes=\"(max-width: 373px) 100vw, 373px\" alt=\"\" width=\"373\" height=\"210\"  \/><\/a>\t\t\t<\/figure>\n<\/div>\n<div class=\"project-list-content\">\n\t<h3 class=\"entry-title\"><a href=\"https:\/\/www.clinicaclaros.com\/ru\/project\/pedro-claros-blanch-el-medico-de-las-cantantes-la-voz-identifica-mas-que-una-huella-dactilar-entrevista-en-la-razon\/\" title=\"Pedro Clar\u00f3s Blanch, el m\u00e9dico de las cantantes: \u00abLa voz identifica m\u00e1s que una huella dactilar\u00bb Entrevista en &#171;La Raz\u00f3n&#187;.\" rel=\"bookmark\">Pedro Clar\u00f3s Blanch, el m\u00e9dico de las cantantes: \u00abLa voz identifica m\u00e1s que una huella dactilar\u00bb Entrevista en &#171;La Raz\u00f3n&#187;.<\/a><\/h3><\/div>\n<\/article>\n\n\n\n<article class=\"post post-37720 dt_portfolio type-dt_portfolio status-publish has-post-thumbnail hentry dt_portfolio_category-noticias dt_portfolio_category-73\">\n\n\t<div class=\"project-list-media\">\n\t<figure class=\"buttons-on-img forward-post\">\n\t\t<a href=\"https:\/\/www.clinicaclaros.com\/ru\/project\/gente-despierta-pedro-claros-y-la-otorrinolaringologia-entrevista-en-r-n-e\/\" class=\"alignnone rollover layzr-bg\" title=\"1557263156761\"  aria-label=\"Post image\"><img decoding=\"async\" class=\"preload-me lazy-load aspect\" src=\"data:image\/svg+xml,%3Csvg%20xmlns%3D&#39;http%3A%2F%2Fwww.w3.org%2F2000%2Fsvg&#39;%20viewBox%3D&#39;0%200%20373%20210&#39;%2F%3E\" data-src=\"https:\/\/www.clinicaclaros.com\/wp-content\/uploads\/2019\/05\/1557263156761-373x210.jpg\" data-srcset=\"https:\/\/www.clinicaclaros.com\/wp-content\/uploads\/2019\/05\/1557263156761-373x210.jpg 373w, https:\/\/www.clinicaclaros.com\/wp-content\/uploads\/2019\/05\/1557263156761-746x420.jpg 746w\" loading=\"eager\" style=\"--ratio: 373 \/ 210\" sizes=\"(max-width: 373px) 100vw, 373px\" alt=\"\" width=\"373\" height=\"210\"  \/><\/a>\t\t\t<\/figure>\n<\/div>\n<div class=\"project-list-content\">\n\t<h3 class=\"entry-title\"><a href=\"https:\/\/www.clinicaclaros.com\/ru\/project\/gente-despierta-pedro-claros-y-la-otorrinolaringologia-entrevista-en-r-n-e\/\" title=\"(Espa\u00f1ol) Gente despierta &#8212; Pedro Clar\u00f3s y la otorrinolaringolog\u00eda (Entrevista en R.N.E.)\" rel=\"bookmark\">(Espa\u00f1ol) Gente despierta &#8212; Pedro Clar\u00f3s y la otorrinolaringolog\u00eda (Entrevista en R.N.E.)<\/a><\/h3><\/div>\n<\/article>\n\n\n\n<article class=\"post post-37246 dt_portfolio type-dt_portfolio status-publish has-post-thumbnail hentry dt_portfolio_category-noticias dt_portfolio_category-73\">\n\n\t<div class=\"project-list-media\">\n\t<figure class=\"buttons-on-img forward-post\">\n\t\t<a href=\"https:\/\/www.clinicaclaros.com\/ru\/project\/jornada-sensorial-sobre-el-aove-en-la-restauracion-descubriendo-las-cualidades-sensoriales\/\" class=\"alignnone rollover layzr-bg\" title=\"Jornada Sensorialitat AOVE_Programa de m\u00e0-compresse2424247d\"  aria-label=\"Post image\"><img decoding=\"async\" class=\"preload-me lazy-load aspect\" src=\"data:image\/svg+xml,%3Csvg%20xmlns%3D&#39;http%3A%2F%2Fwww.w3.org%2F2000%2Fsvg&#39;%20viewBox%3D&#39;0%200%20731%20210&#39;%2F%3E\" data-src=\"https:\/\/www.clinicaclaros.com\/wp-content\/uploads\/2019\/02\/Jornada-Sensorialitat-AOVE_Programa-de-m\u00e0-compresse2424247d-731x210.jpg\" data-srcset=\"https:\/\/www.clinicaclaros.com\/wp-content\/uploads\/2019\/02\/Jornada-Sensorialitat-AOVE_Programa-de-m\u00e0-compresse2424247d-731x210.jpg 731w, https:\/\/www.clinicaclaros.com\/wp-content\/uploads\/2019\/02\/Jornada-Sensorialitat-AOVE_Programa-de-m\u00e0-compresse2424247d.jpg 1190w\" loading=\"eager\" style=\"--ratio: 731 \/ 210\" sizes=\"(max-width: 731px) 100vw, 731px\" alt=\"\" width=\"731\" height=\"210\"  \/><\/a>\t\t\t<\/figure>\n<\/div>\n<div class=\"project-list-content\">\n\t<h3 class=\"entry-title\"><a href=\"https:\/\/www.clinicaclaros.com\/ru\/project\/jornada-sensorial-sobre-el-aove-en-la-restauracion-descubriendo-las-cualidades-sensoriales\/\" title=\"(Espa\u00f1ol) JORNADA SENSORIAL sobre el AOVE en la Restauraci\u00f3n. Descubriendo las cualidades sensoriales.\" rel=\"bookmark\">(Espa\u00f1ol) JORNADA SENSORIAL sobre el AOVE en la Restauraci\u00f3n. Descubriendo las cualidades sensoriales.<\/a><\/h3><\/div>\n<\/article>\n\n\n\n<article class=\"post post-37233 dt_portfolio type-dt_portfolio status-publish has-post-thumbnail hentry dt_portfolio_category-noticias dt_portfolio_category-73\">\n\n\t<div class=\"project-list-media\">\n\t<figure class=\"buttons-on-img forward-post\">\n\t\t<a href=\"https:\/\/www.clinicaclaros.com\/ru\/project\/tesis-doctoral-influencia-de-las-hormonas-en-la-voz-operistica-40-anos-de-experiencia\/\" class=\"alignnone rollover layzr-bg\"   aria-label=\"Post image\"><img decoding=\"async\" class=\"preload-me lazy-load aspect\" src=\"data:image\/svg+xml,%3Csvg%20xmlns%3D&#39;http%3A%2F%2Fwww.w3.org%2F2000%2Fsvg&#39;%20viewBox%3D&#39;0%200%20209%20210&#39;%2F%3E\" data-src=\"https:\/\/www.clinicaclaros.com\/wp-content\/uploads\/2019\/01\/Untitled-2-209x210.jpg\" data-srcset=\"https:\/\/www.clinicaclaros.com\/wp-content\/uploads\/2019\/01\/Untitled-2-209x210.jpg 209w, https:\/\/www.clinicaclaros.com\/wp-content\/uploads\/2019\/01\/Untitled-2-418x420.jpg 418w\" loading=\"eager\" style=\"--ratio: 209 \/ 210\" sizes=\"(max-width: 209px) 100vw, 209px\" alt=\"\" width=\"209\" height=\"210\"  \/><\/a>\t\t\t<\/figure>\n<\/div>\n<div class=\"project-list-content\">\n\t<h3 class=\"entry-title\"><a href=\"https:\/\/www.clinicaclaros.com\/ru\/project\/tesis-doctoral-influencia-de-las-hormonas-en-la-voz-operistica-40-anos-de-experiencia\/\" title=\"(Espa\u00f1ol) Tesis doctoral &#171;Influencia de las hormonas en la voz oper\u00edstica. 40 a\u00f1os de experiencia&#187;\" rel=\"bookmark\">(Espa\u00f1ol) Tesis doctoral &#171;Influencia de las hormonas en la voz oper\u00edstica. 40 a\u00f1os de experiencia&#187;<\/a><\/h3><\/div>\n<\/article>\n\n\n\n<article class=\"post post-37190 dt_portfolio type-dt_portfolio status-publish has-post-thumbnail hentry dt_portfolio_category-noticias dt_portfolio_category-73\">\n\n\t<div class=\"project-list-media\">\n\t<figure class=\"buttons-on-img forward-post\">\n\t\t<a href=\"https:\/\/www.clinicaclaros.com\/ru\/project\/pedro-claros-doctor-en-medicina-y-cirugia-ahora-doctor-en-farmacia-por-la-universitat-de-barcelona\/\" class=\"alignnone rollover layzr-bg\"   aria-label=\"Post image\"><img decoding=\"async\" class=\"preload-me lazy-load aspect\" src=\"data:image\/svg+xml,%3Csvg%20xmlns%3D&#39;http%3A%2F%2Fwww.w3.org%2F2000%2Fsvg&#39;%20viewBox%3D&#39;0%200%20371%20210&#39;%2F%3E\" data-src=\"https:\/\/www.clinicaclaros.com\/wp-content\/uploads\/2018\/07\/5-1-371x210.jpg\" data-srcset=\"https:\/\/www.clinicaclaros.com\/wp-content\/uploads\/2018\/07\/5-1-371x210.jpg 371w, https:\/\/www.clinicaclaros.com\/wp-content\/uploads\/2018\/07\/5-1-742x420.jpg 742w\" loading=\"eager\" style=\"--ratio: 371 \/ 210\" sizes=\"(max-width: 371px) 100vw, 371px\" alt=\"\" width=\"371\" height=\"210\"  \/><\/a>\t\t\t<\/figure>\n<\/div>\n<div class=\"project-list-content\">\n\t<h3 class=\"entry-title\"><a href=\"https:\/\/www.clinicaclaros.com\/ru\/project\/pedro-claros-doctor-en-medicina-y-cirugia-ahora-doctor-en-farmacia-por-la-universitat-de-barcelona\/\" title=\"(Espa\u00f1ol) Pedro Clar\u00f3s, doctor en medicina y cirug\u00eda, ahora, Doctor en Farmacia por la Universitat de Barcelona\" rel=\"bookmark\">(Espa\u00f1ol) Pedro Clar\u00f3s, doctor en medicina y cirug\u00eda, ahora, Doctor en Farmacia por la Universitat de Barcelona<\/a><\/h3><\/div>\n<\/article>\n\n\n\n<article class=\"post post-36990 dt_portfolio type-dt_portfolio status-publish has-post-thumbnail hentry dt_portfolio_category-noticias dt_portfolio_category-73\">\n\n\t<div class=\"project-list-media\">\n\t<figure class=\"buttons-on-img forward-post\">\n\t\t<a href=\"https:\/\/www.clinicaclaros.com\/ru\/project\/conferencia-del-dr-pedro-claros-que-hi-ha-darrera-de-la-veu-en-lopera\/\" class=\"alignnone rollover layzr-bg\" title=\"dr-pedro\"  aria-label=\"Post image\"><img decoding=\"async\" class=\"preload-me lazy-load aspect\" src=\"data:image\/svg+xml,%3Csvg%20xmlns%3D&#39;http%3A%2F%2Fwww.w3.org%2F2000%2Fsvg&#39;%20viewBox%3D&#39;0%200%20227%20210&#39;%2F%3E\" data-src=\"https:\/\/www.clinicaclaros.com\/wp-content\/uploads\/2016\/10\/Dr-pedro-227x210.jpg\" data-srcset=\"https:\/\/www.clinicaclaros.com\/wp-content\/uploads\/2016\/10\/Dr-pedro-227x210.jpg 227w, https:\/\/www.clinicaclaros.com\/wp-content\/uploads\/2016\/10\/Dr-pedro-454x420.jpg 454w\" loading=\"eager\" style=\"--ratio: 227 \/ 210\" sizes=\"(max-width: 227px) 100vw, 227px\" alt=\"\" width=\"227\" height=\"210\"  \/><\/a>\t\t\t<\/figure>\n<\/div>\n<div class=\"project-list-content\">\n\t<h3 class=\"entry-title\"><a href=\"https:\/\/www.clinicaclaros.com\/ru\/project\/conferencia-del-dr-pedro-claros-que-hi-ha-darrera-de-la-veu-en-lopera\/\" title=\"(Espa\u00f1ol) CONFER\u00c8NCIA del DR. PEDRO CLAR\u00d3S: &#8216;QUE HI HA DARRERA DE LA VEU EN L&#8217;\u00d2PERA&#8217;\" rel=\"bookmark\">(Espa\u00f1ol) CONFER\u00c8NCIA del DR. PEDRO CLAR\u00d3S: &#8216;QUE HI HA DARRERA DE LA VEU EN L&#8217;\u00d2PERA&#8217;<\/a><\/h3><\/div>\n<\/article>\n\n\n\n<article class=\"post post-36919 dt_portfolio type-dt_portfolio status-publish has-post-thumbnail hentry dt_portfolio_category-noticias dt_portfolio_category-fundacion-claros dt_portfolio_category-73 dt_portfolio_category-72\">\n\n\t<div class=\"project-list-media\">\n\t<figure class=\"buttons-on-img forward-post\">\n\t\t<a href=\"https:\/\/www.clinicaclaros.com\/ru\/project\/investidura-de-la-gran-cruz-del-merito-humanitario-al-dr-pedro-claros\/\" class=\"alignnone rollover layzr-bg\" title=\"IMG_20180613_0001\"  aria-label=\"Post image\"><img decoding=\"async\" class=\"preload-me lazy-load aspect\" src=\"data:image\/svg+xml,%3Csvg%20xmlns%3D&#39;http%3A%2F%2Fwww.w3.org%2F2000%2Fsvg&#39;%20viewBox%3D&#39;0%200%20148%20210&#39;%2F%3E\" data-src=\"https:\/\/www.clinicaclaros.com\/wp-content\/uploads\/2018\/06\/IMG_20180613_0001-148x210.jpg\" data-srcset=\"https:\/\/www.clinicaclaros.com\/wp-content\/uploads\/2018\/06\/IMG_20180613_0001-148x210.jpg 148w, https:\/\/www.clinicaclaros.com\/wp-content\/uploads\/2018\/06\/IMG_20180613_0001-296x420.jpg 296w\" loading=\"eager\" style=\"--ratio: 148 \/ 210\" sizes=\"(max-width: 148px) 100vw, 148px\" alt=\"\" width=\"148\" height=\"210\"  \/><\/a>\t\t\t<\/figure>\n<\/div>\n<div class=\"project-list-content\">\n\t<h3 class=\"entry-title\"><a href=\"https:\/\/www.clinicaclaros.com\/ru\/project\/investidura-de-la-gran-cruz-del-merito-humanitario-al-dr-pedro-claros\/\" title=\"(Espa\u00f1ol) Investidura de la Gran Cruz del M\u00e9rito Humanitario al Dr. Pedro Clar\u00f3s.\" rel=\"bookmark\">(Espa\u00f1ol) Investidura de la Gran Cruz del M\u00e9rito Humanitario al Dr. Pedro Clar\u00f3s.<\/a><\/h3><\/div>\n<\/article>\n\n\n\n<article class=\"post post-36878 dt_portfolio type-dt_portfolio status-publish has-post-thumbnail hentry dt_portfolio_category-noticias dt_portfolio_category-73\">\n\n\t<div class=\"project-list-media\">\n\t<figure class=\"buttons-on-img forward-post\">\n\t\t<a href=\"https:\/\/www.clinicaclaros.com\/ru\/project\/84th-temporal-bone-dissection-course\/\" class=\"alignnone rollover layzr-bg\" title=\"Processed with VSCO with kk1 preset\"  aria-label=\"Post image\"><img decoding=\"async\" class=\"preload-me lazy-load aspect\" src=\"data:image\/svg+xml,%3Csvg%20xmlns%3D&#39;http%3A%2F%2Fwww.w3.org%2F2000%2Fsvg&#39;%20viewBox%3D&#39;0%200%20280%20210&#39;%2F%3E\" data-src=\"https:\/\/www.clinicaclaros.com\/wp-content\/uploads\/2018\/03\/77B72A7C-D2C5-4BCF-B6FC-C307E2D4BE10-280x210.jpg\" data-srcset=\"https:\/\/www.clinicaclaros.com\/wp-content\/uploads\/2018\/03\/77B72A7C-D2C5-4BCF-B6FC-C307E2D4BE10-280x210.jpg 280w, https:\/\/www.clinicaclaros.com\/wp-content\/uploads\/2018\/03\/77B72A7C-D2C5-4BCF-B6FC-C307E2D4BE10-560x420.jpg 560w\" loading=\"eager\" style=\"--ratio: 280 \/ 210\" sizes=\"(max-width: 280px) 100vw, 280px\" alt=\"\" width=\"280\" height=\"210\"  \/><\/a>\t\t\t<\/figure>\n<\/div>\n<div class=\"project-list-content\">\n\t<h3 class=\"entry-title\"><a href=\"https:\/\/www.clinicaclaros.com\/ru\/project\/84th-temporal-bone-dissection-course\/\" title=\"(Espa\u00f1ol) 84th temporal bone dissection course.\" rel=\"bookmark\">(Espa\u00f1ol) 84th temporal bone dissection course.<\/a><\/h3><\/div>\n<\/article>\n\n\n\n<article class=\"post post-36865 dt_portfolio type-dt_portfolio status-publish has-post-thumbnail hentry dt_portfolio_category-noticias dt_portfolio_category-73\">\n\n\t<div class=\"project-list-media\">\n\t<figure class=\"buttons-on-img forward-post\">\n\t\t<a href=\"https:\/\/www.clinicaclaros.com\/ru\/project\/conferencia-el-papel-del-laringologo-en-la-opera\/\" class=\"alignnone rollover layzr-bg\" title=\"Cartel Sesi\u00f3n Cientifica 15-02-18 Excmo. Sr. D. Pedro Clar\u00f3s (Prensa)\"  aria-label=\"Post image\"><img decoding=\"async\" class=\"preload-me lazy-load aspect\" src=\"data:image\/svg+xml,%3Csvg%20xmlns%3D&#39;http%3A%2F%2Fwww.w3.org%2F2000%2Fsvg&#39;%20viewBox%3D&#39;0%200%20148%20210&#39;%2F%3E\" data-src=\"https:\/\/www.clinicaclaros.com\/wp-content\/uploads\/2018\/02\/Cartel-Sesi\u00f3n-Cientifica-15-02-18-Excmo.-Sr.-D.-Pedro-Clar\u00f3s-Prensa-148x210.jpg\" data-srcset=\"https:\/\/www.clinicaclaros.com\/wp-content\/uploads\/2018\/02\/Cartel-Sesi\u00f3n-Cientifica-15-02-18-Excmo.-Sr.-D.-Pedro-Clar\u00f3s-Prensa-148x210.jpg 148w, https:\/\/www.clinicaclaros.com\/wp-content\/uploads\/2018\/02\/Cartel-Sesi\u00f3n-Cientifica-15-02-18-Excmo.-Sr.-D.-Pedro-Clar\u00f3s-Prensa-296x420.jpg 296w\" loading=\"eager\" style=\"--ratio: 148 \/ 210\" sizes=\"(max-width: 148px) 100vw, 148px\" alt=\"\" width=\"148\" height=\"210\"  \/><\/a>\t\t\t<\/figure>\n<\/div>\n<div class=\"project-list-content\">\n\t<h3 class=\"entry-title\"><a href=\"https:\/\/www.clinicaclaros.com\/ru\/project\/conferencia-el-papel-del-laringologo-en-la-opera\/\" title=\"(Espa\u00f1ol) Conferencia: \u201cEl Papel del Laring\u00f3logo en la \u00f3pera\u201d\" rel=\"bookmark\">(Espa\u00f1ol) Conferencia: \u201cEl Papel del Laring\u00f3logo en la \u00f3pera\u201d<\/a><\/h3><\/div>\n<\/article>\n\n\n\n<article class=\"post post-36835 dt_portfolio type-dt_portfolio status-publish has-post-thumbnail hentry dt_portfolio_category-noticias dt_portfolio_category-73\">\n\n\t<div class=\"project-list-media\">\n\t<figure class=\"buttons-on-img forward-post\">\n\t\t<a href=\"https:\/\/www.clinicaclaros.com\/ru\/project\/conferencia-la-odisea-de-la-voz-y-la-opera-en-el-col%c2%b7legi-de-metges-de-barcelona\/\" class=\"alignnone rollover layzr-bg\" title=\"20171114CONFER\u00c8NCIADr.Clar\u00f3s1\"  aria-label=\"Post image\"><img decoding=\"async\" class=\"preload-me lazy-load aspect\" src=\"data:image\/svg+xml,%3Csvg%20xmlns%3D&#39;http%3A%2F%2Fwww.w3.org%2F2000%2Fsvg&#39;%20viewBox%3D&#39;0%200%20148%20210&#39;%2F%3E\" data-src=\"https:\/\/www.clinicaclaros.com\/wp-content\/uploads\/2017\/11\/20171114CONFER\u00c8NCIADr.Clar\u00f3s1-148x210.jpg\" data-srcset=\"https:\/\/www.clinicaclaros.com\/wp-content\/uploads\/2017\/11\/20171114CONFER\u00c8NCIADr.Clar\u00f3s1-148x210.jpg 148w, https:\/\/www.clinicaclaros.com\/wp-content\/uploads\/2017\/11\/20171114CONFER\u00c8NCIADr.Clar\u00f3s1-296x420.jpg 296w\" loading=\"eager\" style=\"--ratio: 148 \/ 210\" sizes=\"(max-width: 148px) 100vw, 148px\" alt=\"\" width=\"148\" height=\"210\"  \/><\/a>\t\t\t<\/figure>\n<\/div>\n<div class=\"project-list-content\">\n\t<h3 class=\"entry-title\"><a href=\"https:\/\/www.clinicaclaros.com\/ru\/project\/conferencia-la-odisea-de-la-voz-y-la-opera-en-el-col%c2%b7legi-de-metges-de-barcelona\/\" title=\"(Espa\u00f1ol) &#171;Confer\u00e8ncia: LA ODISEA DE LA VOZ Y LA \u00d3PERA&#187; En el Col\u00b7legi de Metges de Barcelona\" rel=\"bookmark\">(Espa\u00f1ol) &#171;Confer\u00e8ncia: LA ODISEA DE LA VOZ Y LA \u00d3PERA&#187; En el Col\u00b7legi de Metges de Barcelona<\/a><\/h3><\/div>\n<\/article>\n\n\n\n<article class=\"post post-36802 dt_portfolio type-dt_portfolio status-publish has-post-thumbnail hentry dt_portfolio_category-noticias dt_portfolio_category-fundacion-claros dt_portfolio_category-73 dt_portfolio_category-72\">\n\n\t<div class=\"project-list-media\">\n\t<figure class=\"buttons-on-img forward-post\">\n\t\t<a href=\"https:\/\/www.clinicaclaros.com\/ru\/project\/recital-liric-de-canco-catalana-en-benefici-de-fundacio-claros-a-lesglesia-parroquial-de-sant-vicenc-de-montalt\/\" class=\"alignnone rollover layzr-bg\" title=\"Cartel-sant-vicen\u00e7-de-montalt\"  aria-label=\"Post image\"><img decoding=\"async\" class=\"preload-me lazy-load aspect\" src=\"data:image\/svg+xml,%3Csvg%20xmlns%3D&#39;http%3A%2F%2Fwww.w3.org%2F2000%2Fsvg&#39;%20viewBox%3D&#39;0%200%20148%20210&#39;%2F%3E\" data-src=\"https:\/\/www.clinicaclaros.com\/wp-content\/uploads\/2017\/07\/Cartel-sant-vicen\u00e7-de-montalt-148x210.jpg\" data-srcset=\"https:\/\/www.clinicaclaros.com\/wp-content\/uploads\/2017\/07\/Cartel-sant-vicen\u00e7-de-montalt-148x210.jpg 148w, https:\/\/www.clinicaclaros.com\/wp-content\/uploads\/2017\/07\/Cartel-sant-vicen\u00e7-de-montalt-296x420.jpg 296w\" loading=\"eager\" style=\"--ratio: 148 \/ 210\" sizes=\"(max-width: 148px) 100vw, 148px\" alt=\"\" width=\"148\" height=\"210\"  \/><\/a>\t\t\t<\/figure>\n<\/div>\n<div class=\"project-list-content\">\n\t<h3 class=\"entry-title\"><a href=\"https:\/\/www.clinicaclaros.com\/ru\/project\/recital-liric-de-canco-catalana-en-benefici-de-fundacio-claros-a-lesglesia-parroquial-de-sant-vicenc-de-montalt\/\" title=\"(Espa\u00f1ol) Recital L\u00edric de Can\u00e7\u00f3 Catalana en benefici de Fundaci\u00f3 Clar\u00f3s, a L&#8217;Esgl\u00e8sia Parroquial de Sant Vicen\u00e7 de Montalt.\" rel=\"bookmark\">(Espa\u00f1ol) Recital L\u00edric de Can\u00e7\u00f3 Catalana en benefici de Fundaci\u00f3 Clar\u00f3s, a L&#8217;Esgl\u00e8sia Parroquial de Sant Vicen\u00e7 de Montalt.<\/a><\/h3><\/div>\n<\/article>\n\n\n\n<article class=\"post post-36791 dt_portfolio type-dt_portfolio status-publish has-post-thumbnail hentry dt_portfolio_category-noticias dt_portfolio_category-fundacion-claros dt_portfolio_category-73 dt_portfolio_category-72\">\n\n\t<div class=\"project-list-media\">\n\t<figure class=\"buttons-on-img forward-post\">\n\t\t<a href=\"https:\/\/www.clinicaclaros.com\/ru\/project\/nota-informativa-sobre-el-concert-cancel%c2%b7lat-la-fundacio-claros-presenta-a-joan-manuel-serrat-concert-benefic-a-calella-de-palafrugell-amb-silvia-perez-cruz-miquel-abras-y-peix-fregit\/\" class=\"alignnone rollover layzr-bg\" title=\"logofc\"  aria-label=\"Post image\"><img decoding=\"async\" class=\"preload-me lazy-load aspect\" src=\"data:image\/svg+xml,%3Csvg%20xmlns%3D&#39;http%3A%2F%2Fwww.w3.org%2F2000%2Fsvg&#39;%20viewBox%3D&#39;0%200%20300%20200&#39;%2F%3E\" data-src=\"https:\/\/www.clinicaclaros.com\/wp-content\/uploads\/2015\/06\/logofc.jpg\" data-srcset=\"https:\/\/www.clinicaclaros.com\/wp-content\/uploads\/2015\/06\/logofc.jpg 300w\" loading=\"eager\" style=\"--ratio: 300 \/ 200\" sizes=\"(max-width: 300px) 100vw, 300px\" alt=\"\" width=\"300\" height=\"200\"  \/><\/a>\t\t\t<\/figure>\n<\/div>\n<div class=\"project-list-content\">\n\t<h3 class=\"entry-title\"><a href=\"https:\/\/www.clinicaclaros.com\/ru\/project\/nota-informativa-sobre-el-concert-cancel%c2%b7lat-la-fundacio-claros-presenta-a-joan-manuel-serrat-concert-benefic-a-calella-de-palafrugell-amb-silvia-perez-cruz-miquel-abras-y-peix-fregit\/\" title=\"(Espa\u00f1ol) Nota informativa sobre el concert cancel\u00b7lat &#171;La Fundaci\u00f3 Clar\u00f3s presenta a Joan Manuel Serrat. Concert ben\u00e8fic a Calella de Palafrugell. Amb S\u00edlvia P\u00e9rez Cruz, Miquel Abras y Peix Fregit&#187;\" rel=\"bookmark\">(Espa\u00f1ol) Nota informativa sobre el concert cancel\u00b7lat &#171;La Fundaci\u00f3 Clar\u00f3s presenta a Joan Manuel Serrat. Concert ben\u00e8fic a Calella de Palafrugell. Amb S\u00edlvia P\u00e9rez Cruz, Miquel Abras y Peix Fregit&#187;<\/a><\/h3><\/div>\n<\/article>\n\n\n\n<article class=\"post post-36787 dt_portfolio type-dt_portfolio status-publish has-post-thumbnail hentry dt_portfolio_category-noticias dt_portfolio_category-fundacion-claros dt_portfolio_category-73 dt_portfolio_category-72\">\n\n\t<div class=\"project-list-media\">\n\t<figure class=\"buttons-on-img forward-post\">\n\t\t<a href=\"https:\/\/www.clinicaclaros.com\/ru\/project\/entrevista-al-dr-andres-claros-al-diari-el-punt-avui-serrat-es-retroba-amb-calella\/\" class=\"alignnone rollover layzr-bg\" title=\"fotoandres\"  aria-label=\"Post image\"><img decoding=\"async\" class=\"preload-me lazy-load aspect\" src=\"data:image\/svg+xml,%3Csvg%20xmlns%3D&#39;http%3A%2F%2Fwww.w3.org%2F2000%2Fsvg&#39;%20viewBox%3D&#39;0%200%20348%20210&#39;%2F%3E\" data-src=\"https:\/\/www.clinicaclaros.com\/wp-content\/uploads\/2017\/06\/fotoandres-348x210.jpg\" data-srcset=\"https:\/\/www.clinicaclaros.com\/wp-content\/uploads\/2017\/06\/fotoandres-348x210.jpg 348w, https:\/\/www.clinicaclaros.com\/wp-content\/uploads\/2017\/06\/fotoandres.jpg 570w\" loading=\"eager\" style=\"--ratio: 348 \/ 210\" sizes=\"(max-width: 348px) 100vw, 348px\" alt=\"\" width=\"348\" height=\"210\"  \/><\/a>\t\t\t<\/figure>\n<\/div>\n<div class=\"project-list-content\">\n\t<h3 class=\"entry-title\"><a href=\"https:\/\/www.clinicaclaros.com\/ru\/project\/entrevista-al-dr-andres-claros-al-diari-el-punt-avui-serrat-es-retroba-amb-calella\/\" title=\"(Espa\u00f1ol) Entrevista al Dr. Andr\u00e9s Clar\u00f3s al diari &#171;El Punt Avui&#187;. &#171;Serrat es retroba amb Calella&#187;.\" rel=\"bookmark\">(Espa\u00f1ol) Entrevista al Dr. Andr\u00e9s Clar\u00f3s al diari &#171;El Punt Avui&#187;. &#171;Serrat es retroba amb Calella&#187;.<\/a><\/h3><\/div>\n<\/article>\n\n\n\n<article class=\"post post-36781 dt_portfolio type-dt_portfolio status-publish has-post-thumbnail hentry dt_portfolio_category-noticias dt_portfolio_category-73\">\n\n\t<div class=\"project-list-media\">\n\t<figure class=\"buttons-on-img forward-post\">\n\t\t<a href=\"https:\/\/www.clinicaclaros.com\/ru\/project\/entrevista-al-dr-pedro-claros-en-la-vanguardia-el-medico-que-cuida-las-voces-liricas\/\" class=\"alignnone rollover layzr-bg\" title=\"LV\"  aria-label=\"Post image\"><img decoding=\"async\" class=\"preload-me lazy-load aspect\" src=\"data:image\/svg+xml,%3Csvg%20xmlns%3D&#39;http%3A%2F%2Fwww.w3.org%2F2000%2Fsvg&#39;%20viewBox%3D&#39;0%200%20315%20210&#39;%2F%3E\" data-src=\"https:\/\/www.clinicaclaros.com\/wp-content\/uploads\/2017\/06\/LV-315x210.jpg\" data-srcset=\"https:\/\/www.clinicaclaros.com\/wp-content\/uploads\/2017\/06\/LV-315x210.jpg 315w, https:\/\/www.clinicaclaros.com\/wp-content\/uploads\/2017\/06\/LV-630x420.jpg 630w\" loading=\"eager\" style=\"--ratio: 315 \/ 210\" sizes=\"(max-width: 315px) 100vw, 315px\" alt=\"\" width=\"315\" height=\"210\"  \/><\/a>\t\t\t<\/figure>\n<\/div>\n<div class=\"project-list-content\">\n\t<h3 class=\"entry-title\"><a href=\"https:\/\/www.clinicaclaros.com\/ru\/project\/entrevista-al-dr-pedro-claros-en-la-vanguardia-el-medico-que-cuida-las-voces-liricas\/\" title=\"(Espa\u00f1ol) Entrevista al Dr. Pedro Clar\u00f3s en la Vanguardia &#171;El m\u00e9dico que cuida las voces l\u00edricas&#187;.\" rel=\"bookmark\">(Espa\u00f1ol) Entrevista al Dr. Pedro Clar\u00f3s en la Vanguardia &#171;El m\u00e9dico que cuida las voces l\u00edricas&#187;.<\/a><\/h3><\/div>\n<\/article>\n\n\n\n<article class=\"post post-36754 dt_portfolio type-dt_portfolio status-publish has-post-thumbnail hentry dt_portfolio_category-noticias dt_portfolio_category-73\">\n\n\t<div class=\"project-list-media\">\n\t<figure class=\"buttons-on-img forward-post\">\n\t\t<a href=\"https:\/\/www.clinicaclaros.com\/ru\/project\/30-aniversario-clinica-claros\/\" class=\"alignnone rollover layzr-bg\" title=\"18921135_10154425060417441_3332005858129827603_o\"  aria-label=\"Post image\"><img decoding=\"async\" class=\"preload-me lazy-load aspect\" src=\"data:image\/svg+xml,%3Csvg%20xmlns%3D&#39;http%3A%2F%2Fwww.w3.org%2F2000%2Fsvg&#39;%20viewBox%3D&#39;0%200%20280%20210&#39;%2F%3E\" data-src=\"https:\/\/www.clinicaclaros.com\/wp-content\/uploads\/2017\/06\/18921135_10154425060417441_3332005858129827603_o-280x210.jpg\" data-srcset=\"https:\/\/www.clinicaclaros.com\/wp-content\/uploads\/2017\/06\/18921135_10154425060417441_3332005858129827603_o-280x210.jpg 280w, https:\/\/www.clinicaclaros.com\/wp-content\/uploads\/2017\/06\/18921135_10154425060417441_3332005858129827603_o-560x420.jpg 560w\" loading=\"eager\" style=\"--ratio: 280 \/ 210\" sizes=\"(max-width: 280px) 100vw, 280px\" alt=\"\" width=\"280\" height=\"210\"  \/><\/a>\t\t\t<\/figure>\n<\/div>\n<div class=\"project-list-content\">\n\t<h3 class=\"entry-title\"><a href=\"https:\/\/www.clinicaclaros.com\/ru\/project\/30-aniversario-clinica-claros\/\" title=\"30 Aniversario Cl\u00ednica Clar\u00f3s\" rel=\"bookmark\">30 Aniversario Cl\u00ednica Clar\u00f3s<\/a><\/h3><\/div>\n<\/article>\n\n\n\n<article class=\"post post-36747 dt_portfolio type-dt_portfolio status-publish has-post-thumbnail hentry dt_portfolio_category-noticias dt_portfolio_category-fundacion-claros dt_portfolio_category-73 dt_portfolio_category-72\">\n\n\t<div class=\"project-list-media\">\n\t<figure class=\"buttons-on-img forward-post\">\n\t\t<a href=\"https:\/\/www.clinicaclaros.com\/ru\/project\/reportatge-en-la-revista-el-nou-de-lemporda\/\" class=\"alignnone rollover layzr-bg\" title=\"FundacioClaros\"  aria-label=\"Post image\"><img decoding=\"async\" class=\"preload-me lazy-load aspect\" src=\"data:image\/svg+xml,%3Csvg%20xmlns%3D&#39;http%3A%2F%2Fwww.w3.org%2F2000%2Fsvg&#39;%20viewBox%3D&#39;0%200%20148%20210&#39;%2F%3E\" data-src=\"https:\/\/www.clinicaclaros.com\/wp-content\/uploads\/2017\/05\/NI_FundacioClaros_08052017-4-148x210.jpg\" data-srcset=\"https:\/\/www.clinicaclaros.com\/wp-content\/uploads\/2017\/05\/NI_FundacioClaros_08052017-4-148x210.jpg 148w, https:\/\/www.clinicaclaros.com\/wp-content\/uploads\/2017\/05\/NI_FundacioClaros_08052017-4-296x420.jpg 296w\" loading=\"eager\" style=\"--ratio: 148 \/ 210\" sizes=\"(max-width: 148px) 100vw, 148px\" alt=\"\" width=\"148\" height=\"210\"  \/><\/a>\t\t\t<\/figure>\n<\/div>\n<div class=\"project-list-content\">\n\t<h3 class=\"entry-title\"><a href=\"https:\/\/www.clinicaclaros.com\/ru\/project\/reportatge-en-la-revista-el-nou-de-lemporda\/\" title=\"Reportaje en e\" rel=\"bookmark\">Reportaje en e<\/a><\/h3><\/div>\n<\/article>\n\n\n\n<article class=\"post post-36739 dt_portfolio type-dt_portfolio status-publish has-post-thumbnail hentry dt_portfolio_category-noticias dt_portfolio_category-fundacion-claros dt_portfolio_category-73 dt_portfolio_category-72\">\n\n\t<div class=\"project-list-media\">\n\t<figure class=\"buttons-on-img forward-post\">\n\t\t<a href=\"https:\/\/www.clinicaclaros.com\/ru\/project\/fricando-matiner-de-rac105-parla-de-clinica-claros-i-el-concert-de-joan-manuel-serrat-canta-per-la-fundacio-claros\/\" class=\"alignnone rollover layzr-bg\" title=\"FundacioClaros\"  aria-label=\"Post image\"><img decoding=\"async\" class=\"preload-me lazy-load aspect\" src=\"data:image\/svg+xml,%3Csvg%20xmlns%3D&#39;http%3A%2F%2Fwww.w3.org%2F2000%2Fsvg&#39;%20viewBox%3D&#39;0%200%20148%20210&#39;%2F%3E\" data-src=\"https:\/\/www.clinicaclaros.com\/wp-content\/uploads\/2017\/05\/NI_FundacioClaros_08052017-4-148x210.jpg\" data-srcset=\"https:\/\/www.clinicaclaros.com\/wp-content\/uploads\/2017\/05\/NI_FundacioClaros_08052017-4-148x210.jpg 148w, https:\/\/www.clinicaclaros.com\/wp-content\/uploads\/2017\/05\/NI_FundacioClaros_08052017-4-296x420.jpg 296w\" loading=\"eager\" style=\"--ratio: 148 \/ 210\" sizes=\"(max-width: 148px) 100vw, 148px\" alt=\"\" width=\"148\" height=\"210\"  \/><\/a>\t\t\t<\/figure>\n<\/div>\n<div class=\"project-list-content\">\n\t<h3 class=\"entry-title\"><a href=\"https:\/\/www.clinicaclaros.com\/ru\/project\/fricando-matiner-de-rac105-parla-de-clinica-claros-i-el-concert-de-joan-manuel-serrat-canta-per-la-fundacio-claros\/\" title=\"(Espa\u00f1ol) Fricand\u00f3 Matiner de Rac105 parla de Cl\u00ednica Clar\u00f3s i el Concert de Joan Manuel Serrat canta per la Fundaci\u00f3 Clar\u00f3s.\" rel=\"bookmark\">(Espa\u00f1ol) Fricand\u00f3 Matiner de Rac105 parla de Cl\u00ednica Clar\u00f3s i el Concert de Joan Manuel Serrat canta per la Fundaci\u00f3 Clar\u00f3s.<\/a><\/h3><\/div>\n<\/article>\n\n\n\n<article class=\"post post-36729 dt_portfolio type-dt_portfolio status-publish has-post-thumbnail hentry dt_portfolio_category-noticias dt_portfolio_category-fundacion-claros dt_portfolio_category-73 dt_portfolio_category-72\">\n\n\t<div class=\"project-list-media\">\n\t<figure class=\"buttons-on-img forward-post\">\n\t\t<a href=\"https:\/\/www.clinicaclaros.com\/ru\/project\/la-fundacio-claros-presenta-a-joan-manuel-serrat-concert-benefic-a-calella-de-palafrugell-divendres-30-de-juny-2017-a-les-2130-amb-silvia-perez-cruz-miquel-abras-y-peix-fregit\/\" class=\"alignnone rollover layzr-bg\" title=\"FundacioClaros\"  aria-label=\"Post image\"><img decoding=\"async\" class=\"preload-me lazy-load aspect\" src=\"data:image\/svg+xml,%3Csvg%20xmlns%3D&#39;http%3A%2F%2Fwww.w3.org%2F2000%2Fsvg&#39;%20viewBox%3D&#39;0%200%20148%20210&#39;%2F%3E\" data-src=\"https:\/\/www.clinicaclaros.com\/wp-content\/uploads\/2017\/05\/NI_FundacioClaros_08052017-4-148x210.jpg\" data-srcset=\"https:\/\/www.clinicaclaros.com\/wp-content\/uploads\/2017\/05\/NI_FundacioClaros_08052017-4-148x210.jpg 148w, https:\/\/www.clinicaclaros.com\/wp-content\/uploads\/2017\/05\/NI_FundacioClaros_08052017-4-296x420.jpg 296w\" loading=\"eager\" style=\"--ratio: 148 \/ 210\" sizes=\"(max-width: 148px) 100vw, 148px\" alt=\"\" width=\"148\" height=\"210\"  \/><\/a>\t\t\t<\/figure>\n<\/div>\n<div class=\"project-list-content\">\n\t<h3 class=\"entry-title\"><a href=\"https:\/\/www.clinicaclaros.com\/ru\/project\/la-fundacio-claros-presenta-a-joan-manuel-serrat-concert-benefic-a-calella-de-palafrugell-divendres-30-de-juny-2017-a-les-2130-amb-silvia-perez-cruz-miquel-abras-y-peix-fregit\/\" title=\"(Espa\u00f1ol) La Fundaci\u00f3 Clar\u00f3s presenta a Joan Manuel Serrat. Concert ben\u00e8fic a Calella de Palafrugell, divendres 30 de juny 2017 a les 21:30. Amb S\u00edlvia P\u00e9rez Cruz, Miquel Abras y Peix Fregit.\" rel=\"bookmark\">(Espa\u00f1ol) La Fundaci\u00f3 Clar\u00f3s presenta a Joan Manuel Serrat. Concert ben\u00e8fic a Calella de Palafrugell, divendres 30 de juny 2017 a les 21:30. Amb S\u00edlvia P\u00e9rez Cruz, Miquel Abras y Peix Fregit.<\/a><\/h3><\/div>\n<\/article>\n\n\n\n<article class=\"post post-36717 dt_portfolio type-dt_portfolio status-publish has-post-thumbnail hentry dt_portfolio_category-noticias dt_portfolio_category-fundacion-claros dt_portfolio_category-73 dt_portfolio_category-72\">\n\n\t<div class=\"project-list-media\">\n\t<figure class=\"buttons-on-img forward-post\">\n\t\t<a href=\"https:\/\/www.clinicaclaros.com\/ru\/project\/concierto-joan-manuel-serrat-para-fundacion-claros\/\" class=\"alignnone rollover layzr-bg\" title=\"Concert JM Serrat\"  aria-label=\"Post image\"><img decoding=\"async\" class=\"preload-me lazy-load aspect\" src=\"data:image\/svg+xml,%3Csvg%20xmlns%3D&#39;http%3A%2F%2Fwww.w3.org%2F2000%2Fsvg&#39;%20viewBox%3D&#39;0%200%20177%20210&#39;%2F%3E\" data-src=\"https:\/\/www.clinicaclaros.com\/wp-content\/uploads\/2017\/05\/Sin-t\u00edtulo-3-177x210.jpg\" data-srcset=\"https:\/\/www.clinicaclaros.com\/wp-content\/uploads\/2017\/05\/Sin-t\u00edtulo-3-177x210.jpg 177w, https:\/\/www.clinicaclaros.com\/wp-content\/uploads\/2017\/05\/Sin-t\u00edtulo-3-354x420.jpg 354w\" loading=\"eager\" style=\"--ratio: 177 \/ 210\" sizes=\"(max-width: 177px) 100vw, 177px\" alt=\"\" width=\"177\" height=\"210\"  \/><\/a>\t\t\t<\/figure>\n<\/div>\n<div class=\"project-list-content\">\n\t<h3 class=\"entry-title\"><a href=\"https:\/\/www.clinicaclaros.com\/ru\/project\/concierto-joan-manuel-serrat-para-fundacion-claros\/\" title=\"(Espa\u00f1ol) Concierto Joan Manuel Serrat para Fundaci\u00f3n Clar\u00f3s\" rel=\"bookmark\">(Espa\u00f1ol) Concierto Joan Manuel Serrat para Fundaci\u00f3n Clar\u00f3s<\/a><\/h3><\/div>\n<\/article>\n\n\n\n<article class=\"post post-36705 dt_portfolio type-dt_portfolio status-publish has-post-thumbnail hentry dt_portfolio_category-noticias dt_portfolio_category-73\">\n\n\t<div class=\"project-list-media\">\n\t<figure class=\"buttons-on-img forward-post\">\n\t\t<a href=\"https:\/\/www.clinicaclaros.com\/ru\/project\/81-curso-diseccion-del-hueso-temporal\/\" class=\"alignnone rollover layzr-bg\" title=\"IMG_5590\"  aria-label=\"Post image\"><img decoding=\"async\" class=\"preload-me lazy-load aspect\" src=\"data:image\/svg+xml,%3Csvg%20xmlns%3D&#39;http%3A%2F%2Fwww.w3.org%2F2000%2Fsvg&#39;%20viewBox%3D&#39;0%200%20280%20210&#39;%2F%3E\" data-src=\"https:\/\/www.clinicaclaros.com\/wp-content\/uploads\/2017\/04\/IMG_5590-280x210.jpg\" data-srcset=\"https:\/\/www.clinicaclaros.com\/wp-content\/uploads\/2017\/04\/IMG_5590-280x210.jpg 280w, https:\/\/www.clinicaclaros.com\/wp-content\/uploads\/2017\/04\/IMG_5590-560x420.jpg 560w\" loading=\"eager\" style=\"--ratio: 280 \/ 210\" sizes=\"(max-width: 280px) 100vw, 280px\" alt=\"\" width=\"280\" height=\"210\"  \/><\/a>\t\t\t<\/figure>\n<\/div>\n<div class=\"project-list-content\">\n\t<h3 class=\"entry-title\"><a href=\"https:\/\/www.clinicaclaros.com\/ru\/project\/81-curso-diseccion-del-hueso-temporal\/\" title=\"(Espa\u00f1ol) 81 Curso Disecci\u00f3n del Hueso Temporal\" rel=\"bookmark\">(Espa\u00f1ol) 81 Curso Disecci\u00f3n del Hueso Temporal<\/a><\/h3><\/div>\n<\/article>\n\n\n\n<article class=\"post post-36698 dt_portfolio type-dt_portfolio status-publish has-post-thumbnail hentry dt_portfolio_category-noticias dt_portfolio_category-73\">\n\n\t<div class=\"project-list-media\">\n\t<figure class=\"buttons-on-img forward-post\">\n\t\t<a href=\"https:\/\/www.clinicaclaros.com\/ru\/project\/conferencia-la-sordera-de-beethoven-y-su-genio-musical\/\" class=\"alignnone rollover layzr-bg\" title=\"Imagen1\"  aria-label=\"Post image\"><img decoding=\"async\" class=\"preload-me lazy-load aspect\" src=\"data:image\/svg+xml,%3Csvg%20xmlns%3D&#39;http%3A%2F%2Fwww.w3.org%2F2000%2Fsvg&#39;%20viewBox%3D&#39;0%200%20172%20210&#39;%2F%3E\" data-src=\"https:\/\/www.clinicaclaros.com\/wp-content\/uploads\/2017\/03\/Imagen1-172x210.jpg\" data-srcset=\"https:\/\/www.clinicaclaros.com\/wp-content\/uploads\/2017\/03\/Imagen1-172x210.jpg 172w, https:\/\/www.clinicaclaros.com\/wp-content\/uploads\/2017\/03\/Imagen1-344x420.jpg 344w\" loading=\"eager\" style=\"--ratio: 172 \/ 210\" sizes=\"(max-width: 172px) 100vw, 172px\" alt=\"\" width=\"172\" height=\"210\"  \/><\/a>\t\t\t<\/figure>\n<\/div>\n<div class=\"project-list-content\">\n\t<h3 class=\"entry-title\"><a href=\"https:\/\/www.clinicaclaros.com\/ru\/project\/conferencia-la-sordera-de-beethoven-y-su-genio-musical\/\" title=\"(Espa\u00f1ol) Conferencia &#171;La sordera de Beethoven y su genio musical&#187;\" rel=\"bookmark\">(Espa\u00f1ol) Conferencia &#171;La sordera de Beethoven y su genio musical&#187;<\/a><\/h3><\/div>\n<\/article>\n\n\n\n<article class=\"post post-36687 dt_portfolio type-dt_portfolio status-publish has-post-thumbnail hentry dt_portfolio_category-noticias dt_portfolio_category-73\">\n\n\t<div class=\"project-list-media\">\n\t<figure class=\"buttons-on-img forward-post\">\n\t\t<a href=\"https:\/\/www.clinicaclaros.com\/ru\/project\/80-curso-diseccion-del-hueso-temporal\/\" class=\"alignnone rollover layzr-bg\" title=\"80 TBDC\"  aria-label=\"Post image\"><img decoding=\"async\" class=\"preload-me lazy-load aspect\" src=\"data:image\/svg+xml,%3Csvg%20xmlns%3D&#39;http%3A%2F%2Fwww.w3.org%2F2000%2Fsvg&#39;%20viewBox%3D&#39;0%200%20280%20210&#39;%2F%3E\" data-src=\"https:\/\/www.clinicaclaros.com\/wp-content\/uploads\/2017\/03\/IMG_4998-280x210.jpg\" data-srcset=\"https:\/\/www.clinicaclaros.com\/wp-content\/uploads\/2017\/03\/IMG_4998-280x210.jpg 280w, https:\/\/www.clinicaclaros.com\/wp-content\/uploads\/2017\/03\/IMG_4998-560x420.jpg 560w\" loading=\"eager\" style=\"--ratio: 280 \/ 210\" sizes=\"(max-width: 280px) 100vw, 280px\" alt=\"\" width=\"280\" height=\"210\"  \/><\/a>\t\t\t<\/figure>\n<\/div>\n<div class=\"project-list-content\">\n\t<h3 class=\"entry-title\"><a href=\"https:\/\/www.clinicaclaros.com\/ru\/project\/80-curso-diseccion-del-hueso-temporal\/\" title=\"(Espa\u00f1ol) 80 Curso Disecci\u00f3n del Hueso Temporal\" rel=\"bookmark\">(Espa\u00f1ol) 80 Curso Disecci\u00f3n del Hueso Temporal<\/a><\/h3><\/div>\n<\/article>\n\n\n\n<article class=\"post post-36666 dt_portfolio type-dt_portfolio status-publish has-post-thumbnail hentry dt_portfolio_category-noticias dt_portfolio_category-73\">\n\n\t<div class=\"project-list-media\">\n\t<figure class=\"buttons-on-img forward-post\">\n\t\t<a href=\"https:\/\/www.clinicaclaros.com\/ru\/project\/los-secretos-de-la-voz-en-la-opera-en-la-real-academia-de-medicina-e-cirurxia-de-galicia\/\" class=\"alignnone rollover layzr-bg\" title=\"pcf\"  aria-label=\"Post image\"><img decoding=\"async\" class=\"preload-me lazy-load aspect\" src=\"data:image\/svg+xml,%3Csvg%20xmlns%3D&#39;http%3A%2F%2Fwww.w3.org%2F2000%2Fsvg&#39;%20viewBox%3D&#39;0%200%20288%20210&#39;%2F%3E\" data-src=\"https:\/\/www.clinicaclaros.com\/wp-content\/uploads\/2016\/07\/pcf-288x210.jpg\" data-srcset=\"https:\/\/www.clinicaclaros.com\/wp-content\/uploads\/2016\/07\/pcf-288x210.jpg 288w, https:\/\/www.clinicaclaros.com\/wp-content\/uploads\/2016\/07\/pcf-576x420.jpg 576w\" loading=\"eager\" style=\"--ratio: 288 \/ 210\" sizes=\"(max-width: 288px) 100vw, 288px\" alt=\"\" width=\"288\" height=\"210\"  \/><\/a>\t\t\t<\/figure>\n<\/div>\n<div class=\"project-list-content\">\n\t<h3 class=\"entry-title\"><a href=\"https:\/\/www.clinicaclaros.com\/ru\/project\/los-secretos-de-la-voz-en-la-opera-en-la-real-academia-de-medicina-e-cirurxia-de-galicia\/\" title=\"(Espa\u00f1ol) Los secretos de la Voz en la \u00d3pera en la Real Academia de medicina e Cirurx\u00eda de Galicia.\" rel=\"bookmark\">(Espa\u00f1ol) Los secretos de la Voz en la \u00d3pera en la Real Academia de medicina e Cirurx\u00eda de Galicia.<\/a><\/h3><\/div>\n<\/article>\n\n\n\n<article class=\"post post-36646 dt_portfolio type-dt_portfolio status-publish has-post-thumbnail hentry dt_portfolio_category-noticias dt_portfolio_category-73\">\n\n\t<div class=\"project-list-media\">\n\t<figure class=\"buttons-on-img forward-post\">\n\t\t<a href=\"https:\/\/www.clinicaclaros.com\/ru\/project\/debate-historico-en-la-raed-sobre-la-guerra-de-la-independencia-en-catalunya-debat-historic-en-la-raed-sobre-la-guerra-de-la-independencia-a-catalunya\/\" class=\"alignnone rollover layzr-bg\" title=\"Sin t\u00edtulo-2\"  aria-label=\"Post image\"><img decoding=\"async\" class=\"preload-me lazy-load aspect\" src=\"data:image\/svg+xml,%3Csvg%20xmlns%3D&#39;http%3A%2F%2Fwww.w3.org%2F2000%2Fsvg&#39;%20viewBox%3D&#39;0%200%20157%20210&#39;%2F%3E\" data-src=\"https:\/\/www.clinicaclaros.com\/wp-content\/uploads\/2017\/02\/Sin-t\u00edtulo-2-157x210.jpg\" data-srcset=\"https:\/\/www.clinicaclaros.com\/wp-content\/uploads\/2017\/02\/Sin-t\u00edtulo-2-157x210.jpg 157w, https:\/\/www.clinicaclaros.com\/wp-content\/uploads\/2017\/02\/Sin-t\u00edtulo-2-314x420.jpg 314w\" loading=\"eager\" style=\"--ratio: 157 \/ 210\" sizes=\"(max-width: 157px) 100vw, 157px\" alt=\"\" width=\"157\" height=\"210\"  \/><\/a>\t\t\t<\/figure>\n<\/div>\n<div class=\"project-list-content\">\n\t<h3 class=\"entry-title\"><a href=\"https:\/\/www.clinicaclaros.com\/ru\/project\/debate-historico-en-la-raed-sobre-la-guerra-de-la-independencia-en-catalunya-debat-historic-en-la-raed-sobre-la-guerra-de-la-independencia-a-catalunya\/\" title=\"(Espa\u00f1ol) Debate hist\u00f3rico en la RAED sobre la Guerra de la Independencia en Catalunya\/ Debat hist\u00f2ric en la RAED sobre la Guerra de la Independencia a Catalunya.\" rel=\"bookmark\">(Espa\u00f1ol) Debate hist\u00f3rico en la RAED sobre la Guerra de la Independencia en Catalunya\/ Debat hist\u00f2ric en la RAED sobre la Guerra de la Independencia a Catalunya.<\/a><\/h3><\/div>\n<\/article>\n\n\n\n<article class=\"post post-36611 dt_portfolio type-dt_portfolio status-publish has-post-thumbnail hentry dt_portfolio_category-noticias dt_portfolio_category-73\">\n\n\t<div class=\"project-list-media\">\n\t<figure class=\"buttons-on-img forward-post\">\n\t\t<a href=\"https:\/\/www.clinicaclaros.com\/ru\/project\/79-curso-diseccion-del-hueso-temporal\/\" class=\"alignnone rollover layzr-bg\" title=\"TBDC 79\"  aria-label=\"Post image\"><img decoding=\"async\" class=\"preload-me lazy-load aspect\" src=\"data:image\/svg+xml,%3Csvg%20xmlns%3D&#39;http%3A%2F%2Fwww.w3.org%2F2000%2Fsvg&#39;%20viewBox%3D&#39;0%200%20280%20210&#39;%2F%3E\" data-src=\"https:\/\/www.clinicaclaros.com\/wp-content\/uploads\/2016\/11\/IMG_3524-280x210.jpg\" data-srcset=\"https:\/\/www.clinicaclaros.com\/wp-content\/uploads\/2016\/11\/IMG_3524-280x210.jpg 280w, https:\/\/www.clinicaclaros.com\/wp-content\/uploads\/2016\/11\/IMG_3524-560x420.jpg 560w\" loading=\"eager\" style=\"--ratio: 280 \/ 210\" sizes=\"(max-width: 280px) 100vw, 280px\" alt=\"\" width=\"280\" height=\"210\"  \/><\/a>\t\t\t<\/figure>\n<\/div>\n<div class=\"project-list-content\">\n\t<h3 class=\"entry-title\"><a href=\"https:\/\/www.clinicaclaros.com\/ru\/project\/79-curso-diseccion-del-hueso-temporal\/\" title=\"(Espa\u00f1ol) 79 Curso Disecci\u00f3n del Hueso Temporal\" rel=\"bookmark\">(Espa\u00f1ol) 79 Curso Disecci\u00f3n del Hueso Temporal<\/a><\/h3><\/div>\n<\/article>\n\n\n\n<article class=\"post post-36596 dt_portfolio type-dt_portfolio status-publish has-post-thumbnail hentry dt_portfolio_category-noticias dt_portfolio_category-73\">\n\n\t<div class=\"project-list-media\">\n\t<figure class=\"buttons-on-img forward-post\">\n\t\t<a href=\"https:\/\/www.clinicaclaros.com\/ru\/project\/78-curso-diseccion-del-hueso-temporal\/\" class=\"alignnone rollover layzr-bg\" title=\"78-tbdc-4\"  aria-label=\"Post image\"><img decoding=\"async\" class=\"preload-me lazy-load aspect\" src=\"data:image\/svg+xml,%3Csvg%20xmlns%3D&#39;http%3A%2F%2Fwww.w3.org%2F2000%2Fsvg&#39;%20viewBox%3D&#39;0%200%20280%20210&#39;%2F%3E\" data-src=\"https:\/\/www.clinicaclaros.com\/wp-content\/uploads\/2016\/11\/78-TBDC-4-280x210.jpg\" data-srcset=\"https:\/\/www.clinicaclaros.com\/wp-content\/uploads\/2016\/11\/78-TBDC-4-280x210.jpg 280w, https:\/\/www.clinicaclaros.com\/wp-content\/uploads\/2016\/11\/78-TBDC-4-560x420.jpg 560w\" loading=\"eager\" style=\"--ratio: 280 \/ 210\" sizes=\"(max-width: 280px) 100vw, 280px\" alt=\"\" width=\"280\" height=\"210\"  \/><\/a>\t\t\t<\/figure>\n<\/div>\n<div class=\"project-list-content\">\n\t<h3 class=\"entry-title\"><a href=\"https:\/\/www.clinicaclaros.com\/ru\/project\/78-curso-diseccion-del-hueso-temporal\/\" title=\"(Espa\u00f1ol) 78 Curso Disecci\u00f3n del Hueso Temporal\" rel=\"bookmark\">(Espa\u00f1ol) 78 Curso Disecci\u00f3n del Hueso Temporal<\/a><\/h3><\/div>\n<\/article>\n\n\n\n<article class=\"post post-36588 dt_portfolio type-dt_portfolio status-publish has-post-thumbnail hentry dt_portfolio_category-noticias dt_portfolio_category-fundacion-claros dt_portfolio_category-73 dt_portfolio_category-72\">\n\n\t<div class=\"project-list-media\">\n\t<figure class=\"buttons-on-img forward-post\">\n\t\t<a href=\"https:\/\/www.clinicaclaros.com\/ru\/project\/entrevista-al-dr-pedro-claros-a-8aldia-8tv\/\" class=\"alignnone rollover layzr-bg\" title=\"sin-titulo\"  aria-label=\"Post image\"><img decoding=\"async\" class=\"preload-me lazy-load aspect\" src=\"data:image\/svg+xml,%3Csvg%20xmlns%3D&#39;http%3A%2F%2Fwww.w3.org%2F2000%2Fsvg&#39;%20viewBox%3D&#39;0%200%20373%20210&#39;%2F%3E\" data-src=\"https:\/\/www.clinicaclaros.com\/wp-content\/uploads\/2016\/11\/Sin-t\u00edtulo-373x210.jpg\" data-srcset=\"https:\/\/www.clinicaclaros.com\/wp-content\/uploads\/2016\/11\/Sin-t\u00edtulo-373x210.jpg 373w, https:\/\/www.clinicaclaros.com\/wp-content\/uploads\/2016\/11\/Sin-t\u00edtulo-746x420.jpg 746w\" loading=\"eager\" style=\"--ratio: 373 \/ 210\" sizes=\"(max-width: 373px) 100vw, 373px\" alt=\"\" width=\"373\" height=\"210\"  \/><\/a>\t\t\t<\/figure>\n<\/div>\n<div class=\"project-list-content\">\n\t<h3 class=\"entry-title\"><a href=\"https:\/\/www.clinicaclaros.com\/ru\/project\/entrevista-al-dr-pedro-claros-a-8aldia-8tv\/\" title=\"(Espa\u00f1ol) Entrevista al Dr. Pedro Clar\u00f3s a 8aldia (8tv)\" rel=\"bookmark\">(Espa\u00f1ol) Entrevista al Dr. Pedro Clar\u00f3s a 8aldia (8tv)<\/a><\/h3><\/div>\n<\/article>\n\n\n\n<article class=\"post post-36578 dt_portfolio type-dt_portfolio status-publish has-post-thumbnail hentry dt_portfolio_category-noticias dt_portfolio_category-fundacion-claros dt_portfolio_category-73 dt_portfolio_category-72\">\n\n\t<div class=\"project-list-media\">\n\t<figure class=\"buttons-on-img forward-post\">\n\t\t<a href=\"https:\/\/www.clinicaclaros.com\/ru\/project\/entrevista-al-dr-pedro-claros-en-radio-estel-en-el-programa-estem-amb-tu\/\" class=\"alignnone rollover layzr-bg\" title=\"Pedro Clar\u00f3s Blanch\"  aria-label=\"Post image\"><img decoding=\"async\" class=\"preload-me lazy-load aspect\" src=\"data:image\/svg+xml,%3Csvg%20xmlns%3D&#39;http%3A%2F%2Fwww.w3.org%2F2000%2Fsvg&#39;%20viewBox%3D&#39;0%200%20210%20210&#39;%2F%3E\" data-src=\"https:\/\/www.clinicaclaros.com\/wp-content\/uploads\/2015\/05\/pedrocb1-210x210.jpg\" data-srcset=\"https:\/\/www.clinicaclaros.com\/wp-content\/uploads\/2015\/05\/pedrocb1-210x210.jpg 210w, https:\/\/www.clinicaclaros.com\/wp-content\/uploads\/2015\/05\/pedrocb1.jpg 310w\" loading=\"eager\" style=\"--ratio: 210 \/ 210\" sizes=\"(max-width: 210px) 100vw, 210px\" alt=\"\" width=\"210\" height=\"210\"  \/><\/a>\t\t\t<\/figure>\n<\/div>\n<div class=\"project-list-content\">\n\t<h3 class=\"entry-title\"><a href=\"https:\/\/www.clinicaclaros.com\/ru\/project\/entrevista-al-dr-pedro-claros-en-radio-estel-en-el-programa-estem-amb-tu\/\" title=\"(Espa\u00f1ol) Entrevista al Dr. Pedro Clar\u00f3s en Radio Estel en el programa &#171;Estem amb tu&#187;\" rel=\"bookmark\">(Espa\u00f1ol) Entrevista al Dr. Pedro Clar\u00f3s en Radio Estel en el programa &#171;Estem amb tu&#187;<\/a><\/h3><\/div>\n<\/article>\n\n\n\n<article class=\"post post-36567 dt_portfolio type-dt_portfolio status-publish has-post-thumbnail hentry dt_portfolio_category-noticias dt_portfolio_category-fundacion-claros dt_portfolio_category-73 dt_portfolio_category-72\">\n\n\t<div class=\"project-list-media\">\n\t<figure class=\"buttons-on-img forward-post\">\n\t\t<a href=\"https:\/\/www.clinicaclaros.com\/ru\/project\/entrevista-al-dr-pedro-claros-en-la-revista-k-press-de-redkomunica-com\/\" class=\"alignnone rollover layzr-bg\" title=\"dr-pedro\"  aria-label=\"Post image\"><img decoding=\"async\" class=\"preload-me lazy-load aspect\" src=\"data:image\/svg+xml,%3Csvg%20xmlns%3D&#39;http%3A%2F%2Fwww.w3.org%2F2000%2Fsvg&#39;%20viewBox%3D&#39;0%200%20227%20210&#39;%2F%3E\" data-src=\"https:\/\/www.clinicaclaros.com\/wp-content\/uploads\/2016\/10\/Dr-pedro-227x210.jpg\" data-srcset=\"https:\/\/www.clinicaclaros.com\/wp-content\/uploads\/2016\/10\/Dr-pedro-227x210.jpg 227w, https:\/\/www.clinicaclaros.com\/wp-content\/uploads\/2016\/10\/Dr-pedro-454x420.jpg 454w\" loading=\"eager\" style=\"--ratio: 227 \/ 210\" sizes=\"(max-width: 227px) 100vw, 227px\" alt=\"\" width=\"227\" height=\"210\"  \/><\/a>\t\t\t<\/figure>\n<\/div>\n<div class=\"project-list-content\">\n\t<h3 class=\"entry-title\"><a href=\"https:\/\/www.clinicaclaros.com\/ru\/project\/entrevista-al-dr-pedro-claros-en-la-revista-k-press-de-redkomunica-com\/\" title=\"(Espa\u00f1ol) Entrevista al Dr. Pedro Clar\u00f3s en la Revista K-Press de redkomunica.com\" rel=\"bookmark\">(Espa\u00f1ol) Entrevista al Dr. Pedro Clar\u00f3s en la Revista K-Press de redkomunica.com<\/a><\/h3><\/div>\n<\/article>\n\n\n\n<article class=\"post post-36550 dt_portfolio type-dt_portfolio status-publish has-post-thumbnail hentry dt_portfolio_category-noticias dt_portfolio_category-fundacion-claros dt_portfolio_category-73 dt_portfolio_category-72\">\n\n\t<div class=\"project-list-media\">\n\t<figure class=\"buttons-on-img forward-post\">\n\t\t<a href=\"https:\/\/www.clinicaclaros.com\/ru\/project\/lopera-en-veu-masculina-concert-lirico-pictoric-en-benefici-de-la-fundacio-claros\/\" class=\"alignnone rollover layzr-bg\" title=\"cartel-once-web\"  aria-label=\"Post image\"><img decoding=\"async\" class=\"preload-me lazy-load aspect\" src=\"data:image\/svg+xml,%3Csvg%20xmlns%3D&#39;http%3A%2F%2Fwww.w3.org%2F2000%2Fsvg&#39;%20viewBox%3D&#39;0%200%20148%20210&#39;%2F%3E\" data-src=\"https:\/\/www.clinicaclaros.com\/wp-content\/uploads\/2016\/09\/Cartel-ONCE-web-148x210.jpg\" data-srcset=\"https:\/\/www.clinicaclaros.com\/wp-content\/uploads\/2016\/09\/Cartel-ONCE-web-148x210.jpg 148w, https:\/\/www.clinicaclaros.com\/wp-content\/uploads\/2016\/09\/Cartel-ONCE-web-296x420.jpg 296w\" loading=\"eager\" style=\"--ratio: 148 \/ 210\" sizes=\"(max-width: 148px) 100vw, 148px\" alt=\"\" width=\"148\" height=\"210\"  \/><\/a>\t\t\t<\/figure>\n<\/div>\n<div class=\"project-list-content\">\n\t<h3 class=\"entry-title\"><a href=\"https:\/\/www.clinicaclaros.com\/ru\/project\/lopera-en-veu-masculina-concert-lirico-pictoric-en-benefici-de-la-fundacio-claros\/\" title=\"(Espa\u00f1ol) \u201cL\u2019\u00f2pera en veu masculina \u201d Concert \u201cl\u00edrico-pict\u00f2ric\u201d en benefici de la Fundaci\u00f3 Clar\u00f3s\" rel=\"bookmark\">(Espa\u00f1ol) \u201cL\u2019\u00f2pera en veu masculina \u201d Concert \u201cl\u00edrico-pict\u00f2ric\u201d en benefici de la Fundaci\u00f3 Clar\u00f3s<\/a><\/h3><\/div>\n<\/article>\n\n\n\n<article class=\"post post-36533 dt_portfolio type-dt_portfolio status-publish has-post-thumbnail hentry dt_portfolio_category-noticias dt_portfolio_category-73\">\n\n\t<div class=\"project-list-media\">\n\t<figure class=\"buttons-on-img forward-post\">\n\t\t<a href=\"https:\/\/www.clinicaclaros.com\/ru\/project\/entrega-de-premio-nick-icorn-2016-a-la-persona-que-mas-ha-hecho-por-la-recuperacion-de-la-memoria-historica-de-la-memoria-submarina\/\" class=\"alignnone rollover layzr-bg\" title=\"13925855_1749808178595405_3635232816285465152_o\"  aria-label=\"Post image\"><img decoding=\"async\" class=\"preload-me lazy-load aspect\" src=\"data:image\/svg+xml,%3Csvg%20xmlns%3D&#39;http%3A%2F%2Fwww.w3.org%2F2000%2Fsvg&#39;%20viewBox%3D&#39;0%200%20316%20210&#39;%2F%3E\" data-src=\"https:\/\/www.clinicaclaros.com\/wp-content\/uploads\/2016\/09\/13925855_1749808178595405_3635232816285465152_o-316x210.jpg\" data-srcset=\"https:\/\/www.clinicaclaros.com\/wp-content\/uploads\/2016\/09\/13925855_1749808178595405_3635232816285465152_o-316x210.jpg 316w, https:\/\/www.clinicaclaros.com\/wp-content\/uploads\/2016\/09\/13925855_1749808178595405_3635232816285465152_o-632x420.jpg 632w\" loading=\"eager\" style=\"--ratio: 316 \/ 210\" sizes=\"(max-width: 316px) 100vw, 316px\" alt=\"\" width=\"316\" height=\"210\"  \/><\/a>\t\t\t<\/figure>\n<\/div>\n<div class=\"project-list-content\">\n\t<h3 class=\"entry-title\"><a href=\"https:\/\/www.clinicaclaros.com\/ru\/project\/entrega-de-premio-nick-icorn-2016-a-la-persona-que-mas-ha-hecho-por-la-recuperacion-de-la-memoria-historica-de-la-memoria-submarina\/\" title=\"(Espa\u00f1ol) Entrega de premio Nick Icorn 2016 a la persona que m\u00e1s ha hecho por la recuperaci\u00f3n de la memoria hist\u00f3rica de la memoria submarina.\" rel=\"bookmark\">(Espa\u00f1ol) Entrega de premio Nick Icorn 2016 a la persona que m\u00e1s ha hecho por la recuperaci\u00f3n de la memoria hist\u00f3rica de la memoria submarina.<\/a><\/h3><\/div>\n<\/article>\n\n\n\n<article class=\"post post-36498 dt_portfolio type-dt_portfolio status-publish has-post-thumbnail hentry dt_portfolio_category-noticias dt_portfolio_category-73\">\n\n\t<div class=\"project-list-media\">\n\t<figure class=\"buttons-on-img forward-post\">\n\t\t<a href=\"https:\/\/www.clinicaclaros.com\/ru\/project\/colaboracion-del-dr-andres-claros-con-programa-de-submarinismo-en-la-radio\/\" class=\"alignnone rollover layzr-bg\" title=\"acb vanguardia f\"  aria-label=\"Post image\"><img decoding=\"async\" class=\"preload-me lazy-load aspect\" src=\"data:image\/svg+xml,%3Csvg%20xmlns%3D&#39;http%3A%2F%2Fwww.w3.org%2F2000%2Fsvg&#39;%20viewBox%3D&#39;0%200%20338%20210&#39;%2F%3E\" data-src=\"https:\/\/www.clinicaclaros.com\/wp-content\/uploads\/2016\/08\/acb-vanguardia-f-338x210.jpg\" data-srcset=\"https:\/\/www.clinicaclaros.com\/wp-content\/uploads\/2016\/08\/acb-vanguardia-f-338x210.jpg 338w, https:\/\/www.clinicaclaros.com\/wp-content\/uploads\/2016\/08\/acb-vanguardia-f.jpg 387w\" loading=\"eager\" style=\"--ratio: 338 \/ 210\" sizes=\"(max-width: 338px) 100vw, 338px\" alt=\"\" width=\"338\" height=\"210\"  \/><\/a>\t\t\t<\/figure>\n<\/div>\n<div class=\"project-list-content\">\n\t<h3 class=\"entry-title\"><a href=\"https:\/\/www.clinicaclaros.com\/ru\/project\/colaboracion-del-dr-andres-claros-con-programa-de-submarinismo-en-la-radio\/\" title=\"(Espa\u00f1ol) Colaboraci\u00f3n del Dr. Andres Clar\u00f3s con programa de submarinismo en la radio.\" rel=\"bookmark\">(Espa\u00f1ol) Colaboraci\u00f3n del Dr. Andres Clar\u00f3s con programa de submarinismo en la radio.<\/a><\/h3><\/div>\n<\/article>\n\n\n\n<article class=\"post post-36507 dt_portfolio type-dt_portfolio status-publish has-post-thumbnail hentry dt_portfolio_category-noticias dt_portfolio_category-73\">\n\n\t<div class=\"project-list-media\">\n\t<figure class=\"buttons-on-img forward-post\">\n\t\t<a href=\"https:\/\/www.clinicaclaros.com\/ru\/project\/conferencia-los-secretos-de-la-voz-en-la-opera\/\" class=\"alignnone rollover layzr-bg\" title=\"Cercle Liceu\"  aria-label=\"Post image\"><img decoding=\"async\" class=\"preload-me lazy-load aspect\" src=\"data:image\/svg+xml,%3Csvg%20xmlns%3D&#39;http%3A%2F%2Fwww.w3.org%2F2000%2Fsvg&#39;%20viewBox%3D&#39;0%200%20311%20210&#39;%2F%3E\" data-src=\"https:\/\/www.clinicaclaros.com\/wp-content\/uploads\/2016\/09\/Sin-t\u00edtulo-4-311x210.jpg\" data-srcset=\"https:\/\/www.clinicaclaros.com\/wp-content\/uploads\/2016\/09\/Sin-t\u00edtulo-4-311x210.jpg 311w, https:\/\/www.clinicaclaros.com\/wp-content\/uploads\/2016\/09\/Sin-t\u00edtulo-4-622x420.jpg 622w\" loading=\"eager\" style=\"--ratio: 311 \/ 210\" sizes=\"(max-width: 311px) 100vw, 311px\" alt=\"\" width=\"311\" height=\"210\"  \/><\/a>\t\t\t<\/figure>\n<\/div>\n<div class=\"project-list-content\">\n\t<h3 class=\"entry-title\"><a href=\"https:\/\/www.clinicaclaros.com\/ru\/project\/conferencia-los-secretos-de-la-voz-en-la-opera\/\" title=\"(Espa\u00f1ol) Conferencia &#171;Los secretos de la voz en la \u00f3pera&#187;\" rel=\"bookmark\">(Espa\u00f1ol) Conferencia &#171;Los secretos de la voz en la \u00f3pera&#187;<\/a><\/h3><\/div>\n<\/article>\n\n\n\n<article class=\"post post-36493 dt_portfolio type-dt_portfolio status-publish has-post-thumbnail hentry dt_portfolio_category-noticias dt_portfolio_category-73\">\n\n\t<div class=\"project-list-media\">\n\t<figure class=\"buttons-on-img forward-post\">\n\t\t<a href=\"https:\/\/www.clinicaclaros.com\/ru\/project\/entrevista-al-dr-andres-claros-en-la-contra-de-la-vanguardia\/\" class=\"alignnone rollover layzr-bg\" title=\"acb vanguardia f\"  aria-label=\"Post image\"><img decoding=\"async\" class=\"preload-me lazy-load aspect\" src=\"data:image\/svg+xml,%3Csvg%20xmlns%3D&#39;http%3A%2F%2Fwww.w3.org%2F2000%2Fsvg&#39;%20viewBox%3D&#39;0%200%20338%20210&#39;%2F%3E\" data-src=\"https:\/\/www.clinicaclaros.com\/wp-content\/uploads\/2016\/08\/acb-vanguardia-f-338x210.jpg\" data-srcset=\"https:\/\/www.clinicaclaros.com\/wp-content\/uploads\/2016\/08\/acb-vanguardia-f-338x210.jpg 338w, https:\/\/www.clinicaclaros.com\/wp-content\/uploads\/2016\/08\/acb-vanguardia-f.jpg 387w\" loading=\"eager\" style=\"--ratio: 338 \/ 210\" sizes=\"(max-width: 338px) 100vw, 338px\" alt=\"\" width=\"338\" height=\"210\"  \/><\/a>\t\t\t<\/figure>\n<\/div>\n<div class=\"project-list-content\">\n\t<h3 class=\"entry-title\"><a href=\"https:\/\/www.clinicaclaros.com\/ru\/project\/entrevista-al-dr-andres-claros-en-la-contra-de-la-vanguardia\/\" title=\"(Espa\u00f1ol) Entrevista al Dr. Andr\u00e9s Clar\u00f3s en la Contra de &#171;La Vanguardia.&#187;\" rel=\"bookmark\">(Espa\u00f1ol) Entrevista al Dr. Andr\u00e9s Clar\u00f3s en la Contra de &#171;La Vanguardia.&#187;<\/a><\/h3><\/div>\n<\/article>\n\n\n\n<article class=\"post post-36479 dt_portfolio type-dt_portfolio status-publish has-post-thumbnail hentry dt_portfolio_category-noticias dt_portfolio_category-73\">\n\n\t<div class=\"project-list-media\">\n\t<figure class=\"buttons-on-img forward-post\">\n\t\t<a href=\"https:\/\/www.clinicaclaros.com\/ru\/project\/los-estimulos-olfativos-en-la-creatividad-artistica\/\" class=\"alignnone rollover layzr-bg\" title=\"art_olfactiu_1\"  aria-label=\"Post image\"><img decoding=\"async\" class=\"preload-me lazy-load aspect\" src=\"data:image\/svg+xml,%3Csvg%20xmlns%3D&#39;http%3A%2F%2Fwww.w3.org%2F2000%2Fsvg&#39;%20viewBox%3D&#39;0%200%20118%20210&#39;%2F%3E\" data-src=\"https:\/\/www.clinicaclaros.com\/wp-content\/uploads\/2016\/07\/art_olfactiu_1-118x210.jpg\" data-srcset=\"https:\/\/www.clinicaclaros.com\/wp-content\/uploads\/2016\/07\/art_olfactiu_1-118x210.jpg 118w, https:\/\/www.clinicaclaros.com\/wp-content\/uploads\/2016\/07\/art_olfactiu_1-236x420.jpg 236w\" loading=\"eager\" style=\"--ratio: 118 \/ 210\" sizes=\"(max-width: 118px) 100vw, 118px\" alt=\"\" width=\"118\" height=\"210\"  \/><\/a>\t\t\t<\/figure>\n<\/div>\n<div class=\"project-list-content\">\n\t<h3 class=\"entry-title\"><a href=\"https:\/\/www.clinicaclaros.com\/ru\/project\/los-estimulos-olfativos-en-la-creatividad-artistica\/\" title=\"(Espa\u00f1ol) Los est\u00edmulos olfativos en la creatividad art\u00edstica\" rel=\"bookmark\">(Espa\u00f1ol) Los est\u00edmulos olfativos en la creatividad art\u00edstica<\/a><\/h3><\/div>\n<\/article>\n\n\n\n<article class=\"post post-36458 dt_portfolio type-dt_portfolio status-publish has-post-thumbnail hentry dt_portfolio_category-noticias dt_portfolio_category-73\">\n\n\t<div class=\"project-list-media\">\n\t<figure class=\"buttons-on-img forward-post\">\n\t\t<a href=\"https:\/\/www.clinicaclaros.com\/ru\/project\/conferencia-del-dr-pedro-claros-que-hi-ha-darrera-de-la-veu-en-lopera-camerata-sant-cugat-2016\/\" class=\"alignnone rollover layzr-bg\" title=\"pcf\"  aria-label=\"Post image\"><img decoding=\"async\" class=\"preload-me lazy-load aspect\" src=\"data:image\/svg+xml,%3Csvg%20xmlns%3D&#39;http%3A%2F%2Fwww.w3.org%2F2000%2Fsvg&#39;%20viewBox%3D&#39;0%200%20288%20210&#39;%2F%3E\" data-src=\"https:\/\/www.clinicaclaros.com\/wp-content\/uploads\/2016\/07\/pcf-288x210.jpg\" data-srcset=\"https:\/\/www.clinicaclaros.com\/wp-content\/uploads\/2016\/07\/pcf-288x210.jpg 288w, https:\/\/www.clinicaclaros.com\/wp-content\/uploads\/2016\/07\/pcf-576x420.jpg 576w\" loading=\"eager\" style=\"--ratio: 288 \/ 210\" sizes=\"(max-width: 288px) 100vw, 288px\" alt=\"\" width=\"288\" height=\"210\"  \/><\/a>\t\t\t<\/figure>\n<\/div>\n<div class=\"project-list-content\">\n\t<h3 class=\"entry-title\"><a href=\"https:\/\/www.clinicaclaros.com\/ru\/project\/conferencia-del-dr-pedro-claros-que-hi-ha-darrera-de-la-veu-en-lopera-camerata-sant-cugat-2016\/\" title=\"(Espa\u00f1ol) Confer\u00e8ncia del Dr. Pedro Clar\u00f3s: \u2018Que hi ha darrera de la veu en l&#8217;\u00f2pera\u2019. Camerata Sant Cugat 2016\" rel=\"bookmark\">(Espa\u00f1ol) Confer\u00e8ncia del Dr. Pedro Clar\u00f3s: \u2018Que hi ha darrera de la veu en l&#8217;\u00f2pera\u2019. Camerata Sant Cugat 2016<\/a><\/h3><\/div>\n<\/article>\n\n\n\n<article class=\"post post-36452 dt_portfolio type-dt_portfolio status-publish has-post-thumbnail hentry dt_portfolio_category-noticias dt_portfolio_category-73\">\n\n\t<div class=\"project-list-media\">\n\t<figure class=\"buttons-on-img forward-post\">\n\t\t<a href=\"https:\/\/www.clinicaclaros.com\/ru\/project\/horario-durante-los-meses-de-julio-y-agosto\/\" class=\"alignnone rollover layzr-bg\" title=\"fachada1\"  aria-label=\"Post image\"><img decoding=\"async\" class=\"preload-me lazy-load aspect\" src=\"data:image\/svg+xml,%3Csvg%20xmlns%3D&#39;http%3A%2F%2Fwww.w3.org%2F2000%2Fsvg&#39;%20viewBox%3D&#39;0%200%20280%20210&#39;%2F%3E\" data-src=\"https:\/\/www.clinicaclaros.com\/wp-content\/uploads\/2014\/08\/imagen1-3-e1432119232839-280x210.jpg\" data-srcset=\"https:\/\/www.clinicaclaros.com\/wp-content\/uploads\/2014\/08\/imagen1-3-e1432119232839-280x210.jpg 280w, https:\/\/www.clinicaclaros.com\/wp-content\/uploads\/2014\/08\/imagen1-3-e1432119232839-560x420.jpg 560w\" loading=\"eager\" style=\"--ratio: 280 \/ 210\" sizes=\"(max-width: 280px) 100vw, 280px\" alt=\"\" width=\"280\" height=\"210\"  \/><\/a>\t\t\t<\/figure>\n<\/div>\n<div class=\"project-list-content\">\n\t<h3 class=\"entry-title\"><a href=\"https:\/\/www.clinicaclaros.com\/ru\/project\/horario-durante-los-meses-de-julio-y-agosto\/\" title=\"(Espa\u00f1ol) Horario durante los meses de Julio y Agosto.\" rel=\"bookmark\">(Espa\u00f1ol) Horario durante los meses de Julio y Agosto.<\/a><\/h3><\/div>\n<\/article>\n\n\n\n<article class=\"post post-36437 dt_portfolio type-dt_portfolio status-publish has-post-thumbnail hentry dt_portfolio_category-noticias dt_portfolio_category-73\">\n\n\t<div class=\"project-list-media\">\n\t<figure class=\"buttons-on-img forward-post\">\n\t\t<a href=\"https:\/\/www.clinicaclaros.com\/ru\/project\/consolatio-dr-andres-claros-domenech\/\" class=\"alignnone rollover layzr-bg\" title=\"Diapositiva27\"  aria-label=\"Post image\"><img decoding=\"async\" class=\"preload-me lazy-load aspect\" src=\"data:image\/svg+xml,%3Csvg%20xmlns%3D&#39;http%3A%2F%2Fwww.w3.org%2F2000%2Fsvg&#39;%20viewBox%3D&#39;0%200%20280%20210&#39;%2F%3E\" data-src=\"https:\/\/www.clinicaclaros.com\/wp-content\/uploads\/2016\/06\/Diapositiva27-280x210.jpg\" data-srcset=\"https:\/\/www.clinicaclaros.com\/wp-content\/uploads\/2016\/06\/Diapositiva27-280x210.jpg 280w, https:\/\/www.clinicaclaros.com\/wp-content\/uploads\/2016\/06\/Diapositiva27-560x420.jpg 560w\" loading=\"eager\" style=\"--ratio: 280 \/ 210\" sizes=\"(max-width: 280px) 100vw, 280px\" alt=\"\" width=\"280\" height=\"210\"  \/><\/a>\t\t\t<\/figure>\n<\/div>\n<div class=\"project-list-content\">\n\t<h3 class=\"entry-title\"><a href=\"https:\/\/www.clinicaclaros.com\/ru\/project\/consolatio-dr-andres-claros-domenech\/\" title=\"(Espa\u00f1ol) Consolatio Dr. Andr\u00e9s Clar\u00f3s Dom\u00e9nech.\" rel=\"bookmark\">(Espa\u00f1ol) Consolatio Dr. Andr\u00e9s Clar\u00f3s Dom\u00e9nech.<\/a><\/h3><\/div>\n<\/article>\n\n\n\n<article class=\"post post-36420 dt_portfolio type-dt_portfolio status-publish has-post-thumbnail hentry dt_portfolio_category-noticias dt_portfolio_category-73\">\n\n\t<div class=\"project-list-media\">\n\t<figure class=\"buttons-on-img forward-post\">\n\t\t<a href=\"https:\/\/www.clinicaclaros.com\/ru\/project\/la-voz-y-la-opera-aspectos-medico-artisticos-en-la-real-academia-nacional-de-medicina\/\" class=\"alignnone rollover layzr-bg\" title=\"IMG_2200\"  aria-label=\"Post image\"><img decoding=\"async\" class=\"preload-me lazy-load aspect\" src=\"data:image\/svg+xml,%3Csvg%20xmlns%3D&#39;http%3A%2F%2Fwww.w3.org%2F2000%2Fsvg&#39;%20viewBox%3D&#39;0%200%20280%20210&#39;%2F%3E\" data-src=\"https:\/\/www.clinicaclaros.com\/wp-content\/uploads\/2016\/05\/IMG_2200-280x210.jpg\" data-srcset=\"https:\/\/www.clinicaclaros.com\/wp-content\/uploads\/2016\/05\/IMG_2200-280x210.jpg 280w, https:\/\/www.clinicaclaros.com\/wp-content\/uploads\/2016\/05\/IMG_2200-560x420.jpg 560w\" loading=\"eager\" style=\"--ratio: 280 \/ 210\" sizes=\"(max-width: 280px) 100vw, 280px\" alt=\"\" width=\"280\" height=\"210\"  \/><\/a>\t\t\t<\/figure>\n<\/div>\n<div class=\"project-list-content\">\n\t<h3 class=\"entry-title\"><a href=\"https:\/\/www.clinicaclaros.com\/ru\/project\/la-voz-y-la-opera-aspectos-medico-artisticos-en-la-real-academia-nacional-de-medicina\/\" title=\"(Espa\u00f1ol) La voz y la \u00f3pera. Aspectos m\u00e9dico-art\u00edsticos en la Real Academia Nacional de Medicina.\" rel=\"bookmark\">(Espa\u00f1ol) La voz y la \u00f3pera. Aspectos m\u00e9dico-art\u00edsticos en la Real Academia Nacional de Medicina.<\/a><\/h3><\/div>\n<\/article>\n\n\n\n<article class=\"post post-36409 dt_portfolio type-dt_portfolio status-publish has-post-thumbnail hentry dt_portfolio_category-noticias dt_portfolio_category-73\">\n\n\t<div class=\"project-list-media\">\n\t<figure class=\"buttons-on-img forward-post\">\n\t\t<a href=\"https:\/\/www.clinicaclaros.com\/ru\/project\/conferencia-la-voz-y-la-opera-aspectos-medico-artisticos-24-mayo-de-2016\/\" class=\"alignnone rollover layzr-bg\" title=\"RANM\"  aria-label=\"Post image\"><img decoding=\"async\" class=\"preload-me lazy-load aspect\" src=\"data:image\/svg+xml,%3Csvg%20xmlns%3D&#39;http%3A%2F%2Fwww.w3.org%2F2000%2Fsvg&#39;%20viewBox%3D&#39;0%200%20302%20210&#39;%2F%3E\" data-src=\"https:\/\/www.clinicaclaros.com\/wp-content\/uploads\/2016\/05\/Sin-t\u00edtulo-2-302x210.jpg\" data-srcset=\"https:\/\/www.clinicaclaros.com\/wp-content\/uploads\/2016\/05\/Sin-t\u00edtulo-2-302x210.jpg 302w, https:\/\/www.clinicaclaros.com\/wp-content\/uploads\/2016\/05\/Sin-t\u00edtulo-2-604x420.jpg 604w\" loading=\"eager\" style=\"--ratio: 302 \/ 210\" sizes=\"(max-width: 302px) 100vw, 302px\" alt=\"\" width=\"302\" height=\"210\"  \/><\/a>\t\t\t<\/figure>\n<\/div>\n<div class=\"project-list-content\">\n\t<h3 class=\"entry-title\"><a href=\"https:\/\/www.clinicaclaros.com\/ru\/project\/conferencia-la-voz-y-la-opera-aspectos-medico-artisticos-24-mayo-de-2016\/\" title=\"(Espa\u00f1ol) Conferencia &#187; La voz y la \u00f3pera. Aspectos m\u00e9dico-art\u00edsticos&#187;. 24 Mayo de 2016\" rel=\"bookmark\">(Espa\u00f1ol) Conferencia &#187; La voz y la \u00f3pera. Aspectos m\u00e9dico-art\u00edsticos&#187;. 24 Mayo de 2016<\/a><\/h3><\/div>\n<\/article>\n\n\n\n<article class=\"post post-36395 dt_portfolio type-dt_portfolio status-publish has-post-thumbnail hentry dt_portfolio_category-noticias dt_portfolio_category-73\">\n\n\t<div class=\"project-list-media\">\n\t<figure class=\"buttons-on-img forward-post\">\n\t\t<a href=\"https:\/\/www.clinicaclaros.com\/ru\/project\/conferencia-la-odisea-de-la-voz-en-el-liceu\/\" class=\"alignnone rollover layzr-bg\" title=\"Imagen1\"  aria-label=\"Post image\"><img decoding=\"async\" class=\"preload-me lazy-load aspect\" src=\"data:image\/svg+xml,%3Csvg%20xmlns%3D&#39;http%3A%2F%2Fwww.w3.org%2F2000%2Fsvg&#39;%20viewBox%3D&#39;0%200%20305%20210&#39;%2F%3E\" data-src=\"https:\/\/www.clinicaclaros.com\/wp-content\/uploads\/2016\/05\/Imagen1-305x210.jpg\" data-srcset=\"https:\/\/www.clinicaclaros.com\/wp-content\/uploads\/2016\/05\/Imagen1-305x210.jpg 305w, https:\/\/www.clinicaclaros.com\/wp-content\/uploads\/2016\/05\/Imagen1-610x420.jpg 610w\" loading=\"eager\" style=\"--ratio: 305 \/ 210\" sizes=\"(max-width: 305px) 100vw, 305px\" alt=\"\" width=\"305\" height=\"210\"  \/><\/a>\t\t\t<\/figure>\n<\/div>\n<div class=\"project-list-content\">\n\t<h3 class=\"entry-title\"><a href=\"https:\/\/www.clinicaclaros.com\/ru\/project\/conferencia-la-odisea-de-la-voz-en-el-liceu\/\" title=\"(Espa\u00f1ol) Conferencia &#171;La Odisea de la Voz&#187; en el Liceu.\" rel=\"bookmark\">(Espa\u00f1ol) Conferencia &#171;La Odisea de la Voz&#187; en el Liceu.<\/a><\/h3><\/div>\n<\/article>\n\n\n\n<article class=\"post post-36385 dt_portfolio type-dt_portfolio status-publish has-post-thumbnail hentry dt_portfolio_category-noticias dt_portfolio_category-73\">\n\n\t<div class=\"project-list-media\">\n\t<figure class=\"buttons-on-img forward-post\">\n\t\t<a href=\"https:\/\/www.clinicaclaros.com\/ru\/project\/77-curso-diseccion-del-hueso-temporal\/\" class=\"alignnone rollover layzr-bg\" title=\"TBDC 77\"  aria-label=\"Post image\"><img decoding=\"async\" class=\"preload-me lazy-load aspect\" src=\"data:image\/svg+xml,%3Csvg%20xmlns%3D&#39;http%3A%2F%2Fwww.w3.org%2F2000%2Fsvg&#39;%20viewBox%3D&#39;0%200%20280%20210&#39;%2F%3E\" data-src=\"https:\/\/www.clinicaclaros.com\/wp-content\/uploads\/2016\/04\/IMG_1264-280x210.jpg\" data-srcset=\"https:\/\/www.clinicaclaros.com\/wp-content\/uploads\/2016\/04\/IMG_1264-280x210.jpg 280w, https:\/\/www.clinicaclaros.com\/wp-content\/uploads\/2016\/04\/IMG_1264-560x420.jpg 560w\" loading=\"eager\" style=\"--ratio: 280 \/ 210\" sizes=\"(max-width: 280px) 100vw, 280px\" alt=\"\" width=\"280\" height=\"210\"  \/><\/a>\t\t\t<\/figure>\n<\/div>\n<div class=\"project-list-content\">\n\t<h3 class=\"entry-title\"><a href=\"https:\/\/www.clinicaclaros.com\/ru\/project\/77-curso-diseccion-del-hueso-temporal\/\" title=\"(Espa\u00f1ol) 77 Curso Disecci\u00f3n del Hueso Temporal\" rel=\"bookmark\">(Espa\u00f1ol) 77 Curso Disecci\u00f3n del Hueso Temporal<\/a><\/h3><\/div>\n<\/article>\n\n\n\n<article class=\"post post-36378 dt_portfolio type-dt_portfolio status-publish has-post-thumbnail hentry dt_portfolio_category-noticias dt_portfolio_category-73\">\n\n\t<div class=\"project-list-media\">\n\t<figure class=\"buttons-on-img forward-post\">\n\t\t<a href=\"https:\/\/www.clinicaclaros.com\/ru\/project\/la-odisea-de-la-voz-la-voz-y-la-opera-desde-el-punto-de-vista-medico-artistico-en-el-liceu-de-barcelona\/\" class=\"alignnone rollover layzr-bg\" title=\"Liceo. Invitaci\u00f3n Conferencia 03 05 2016. MARZO 17\"  aria-label=\"Post image\"><img decoding=\"async\" class=\"preload-me lazy-load aspect\" src=\"data:image\/svg+xml,%3Csvg%20xmlns%3D&#39;http%3A%2F%2Fwww.w3.org%2F2000%2Fsvg&#39;%20viewBox%3D&#39;0%200%20297%20210&#39;%2F%3E\" data-src=\"https:\/\/www.clinicaclaros.com\/wp-content\/uploads\/2016\/04\/Liceo.-Invitaci\u00f3n-Conferencia-03-05-2016.-MARZO-17-297x210.jpg\" data-srcset=\"https:\/\/www.clinicaclaros.com\/wp-content\/uploads\/2016\/04\/Liceo.-Invitaci\u00f3n-Conferencia-03-05-2016.-MARZO-17-297x210.jpg 297w, https:\/\/www.clinicaclaros.com\/wp-content\/uploads\/2016\/04\/Liceo.-Invitaci\u00f3n-Conferencia-03-05-2016.-MARZO-17-594x420.jpg 594w\" loading=\"eager\" style=\"--ratio: 297 \/ 210\" sizes=\"(max-width: 297px) 100vw, 297px\" alt=\"\" width=\"297\" height=\"210\"  \/><\/a>\t\t\t<\/figure>\n<\/div>\n<div class=\"project-list-content\">\n\t<h3 class=\"entry-title\"><a href=\"https:\/\/www.clinicaclaros.com\/ru\/project\/la-odisea-de-la-voz-la-voz-y-la-opera-desde-el-punto-de-vista-medico-artistico-en-el-liceu-de-barcelona\/\" title=\"(Espa\u00f1ol) &#171;La Odisea de la Voz&#187; La voz y la \u00f3pera desde el punto de vista m\u00e9dico-art\u00edstico. En el Liceu de Barcelona\" rel=\"bookmark\">(Espa\u00f1ol) &#171;La Odisea de la Voz&#187; La voz y la \u00f3pera desde el punto de vista m\u00e9dico-art\u00edstico. En el Liceu de Barcelona<\/a><\/h3><\/div>\n<\/article>\n\n\n\n<article class=\"post post-36370 dt_portfolio type-dt_portfolio status-publish has-post-thumbnail hentry dt_portfolio_category-noticias dt_portfolio_category-73\">\n\n\t<div class=\"project-list-media\">\n\t<figure class=\"buttons-on-img forward-post\">\n\t\t<a href=\"https:\/\/www.clinicaclaros.com\/ru\/project\/la-odisea-de-la-voz-la-voz-y-la-opera-desde-el-punto-de-vista-medico-artistico\/\" class=\"alignnone rollover layzr-bg\" title=\"RAED\"  aria-label=\"Post image\"><img decoding=\"async\" class=\"preload-me lazy-load aspect\" src=\"data:image\/svg+xml,%3Csvg%20xmlns%3D&#39;http%3A%2F%2Fwww.w3.org%2F2000%2Fsvg&#39;%20viewBox%3D&#39;0%200%20296%20210&#39;%2F%3E\" data-src=\"https:\/\/www.clinicaclaros.com\/wp-content\/uploads\/2016\/03\/Radliceo-296x210.jpg\" data-srcset=\"https:\/\/www.clinicaclaros.com\/wp-content\/uploads\/2016\/03\/Radliceo-296x210.jpg 296w, https:\/\/www.clinicaclaros.com\/wp-content\/uploads\/2016\/03\/Radliceo-592x420.jpg 592w\" loading=\"eager\" style=\"--ratio: 296 \/ 210\" sizes=\"(max-width: 296px) 100vw, 296px\" alt=\"\" width=\"296\" height=\"210\"  \/><\/a>\t\t\t<\/figure>\n<\/div>\n<div class=\"project-list-content\">\n\t<h3 class=\"entry-title\"><a href=\"https:\/\/www.clinicaclaros.com\/ru\/project\/la-odisea-de-la-voz-la-voz-y-la-opera-desde-el-punto-de-vista-medico-artistico\/\" title=\"(Espa\u00f1ol) &#171;La Odisea de la Voz&#187; La voz y la \u00f3pera desde el punto de vista m\u00e9dico-art\u00edstico.\" rel=\"bookmark\">(Espa\u00f1ol) &#171;La Odisea de la Voz&#187; La voz y la \u00f3pera desde el punto de vista m\u00e9dico-art\u00edstico.<\/a><\/h3><\/div>\n<\/article>\n\n\n\n<article class=\"post post-36359 dt_portfolio type-dt_portfolio status-publish has-post-thumbnail hentry dt_portfolio_category-noticias dt_portfolio_category-73\">\n\n\t<div class=\"project-list-media\">\n\t<figure class=\"buttons-on-img forward-post\">\n\t\t<a href=\"https:\/\/www.clinicaclaros.com\/ru\/project\/76-curso-diseccion-del-hueso-temporal\/\" class=\"alignnone rollover layzr-bg\" title=\"Sin t\u00edtulo-1\"  aria-label=\"Post image\"><img decoding=\"async\" class=\"preload-me lazy-load aspect\" src=\"data:image\/svg+xml,%3Csvg%20xmlns%3D&#39;http%3A%2F%2Fwww.w3.org%2F2000%2Fsvg&#39;%20viewBox%3D&#39;0%200%20343%20210&#39;%2F%3E\" data-src=\"https:\/\/www.clinicaclaros.com\/wp-content\/uploads\/2016\/03\/Sin-t\u00edtulo-1-343x210.jpg\" data-srcset=\"https:\/\/www.clinicaclaros.com\/wp-content\/uploads\/2016\/03\/Sin-t\u00edtulo-1-343x210.jpg 343w, https:\/\/www.clinicaclaros.com\/wp-content\/uploads\/2016\/03\/Sin-t\u00edtulo-1-686x420.jpg 686w\" loading=\"eager\" style=\"--ratio: 343 \/ 210\" sizes=\"(max-width: 343px) 100vw, 343px\" alt=\"\" width=\"343\" height=\"210\"  \/><\/a>\t\t\t<\/figure>\n<\/div>\n<div class=\"project-list-content\">\n\t<h3 class=\"entry-title\"><a href=\"https:\/\/www.clinicaclaros.com\/ru\/project\/76-curso-diseccion-del-hueso-temporal\/\" title=\"(Espa\u00f1ol) 76 Curso Disecci\u00f3n del Hueso Temporal\" rel=\"bookmark\">(Espa\u00f1ol) 76 Curso Disecci\u00f3n del Hueso Temporal<\/a><\/h3><\/div>\n<\/article>\n\n\n\n<article class=\"post post-36350 dt_portfolio type-dt_portfolio status-publish has-post-thumbnail hentry dt_portfolio_category-noticias dt_portfolio_category-73\">\n\n\t<div class=\"project-list-media\">\n\t<figure class=\"buttons-on-img forward-post\">\n\t\t<a href=\"https:\/\/www.clinicaclaros.com\/ru\/project\/76-y-77-curso-de-diseccion-del-hueso-temporal\/\" class=\"alignnone rollover layzr-bg\" title=\"IMG_0179\"  aria-label=\"Post image\"><img decoding=\"async\" class=\"preload-me lazy-load aspect\" src=\"data:image\/svg+xml,%3Csvg%20xmlns%3D&#39;http%3A%2F%2Fwww.w3.org%2F2000%2Fsvg&#39;%20viewBox%3D&#39;0%200%20281%20210&#39;%2F%3E\" data-src=\"https:\/\/www.clinicaclaros.com\/wp-content\/uploads\/2016\/03\/IMG_0179-281x210.jpg\" data-srcset=\"https:\/\/www.clinicaclaros.com\/wp-content\/uploads\/2016\/03\/IMG_0179-281x210.jpg 281w, https:\/\/www.clinicaclaros.com\/wp-content\/uploads\/2016\/03\/IMG_0179-562x420.jpg 562w\" loading=\"eager\" style=\"--ratio: 281 \/ 210\" sizes=\"(max-width: 281px) 100vw, 281px\" alt=\"\" width=\"281\" height=\"210\"  \/><\/a>\t\t\t<\/figure>\n<\/div>\n<div class=\"project-list-content\">\n\t<h3 class=\"entry-title\"><a href=\"https:\/\/www.clinicaclaros.com\/ru\/project\/76-y-77-curso-de-diseccion-del-hueso-temporal\/\" title=\"(Espa\u00f1ol) 76 y 77 Curso de disecci\u00f3n del Hueso Temporal.\" rel=\"bookmark\">(Espa\u00f1ol) 76 y 77 Curso de disecci\u00f3n del Hueso Temporal.<\/a><\/h3><\/div>\n<\/article>\n\n\n\n<article class=\"post post-36344 dt_portfolio type-dt_portfolio status-publish has-post-thumbnail hentry dt_portfolio_category-noticias dt_portfolio_category-73\">\n\n\t<div class=\"project-list-media\">\n\t<figure class=\"buttons-on-img forward-post\">\n\t\t<a href=\"https:\/\/www.clinicaclaros.com\/ru\/project\/la-odisea-de-la-voz-en-la-real-academia-de-doctores-6-de-abril-de-2016\/\" class=\"alignnone rollover layzr-bg\" title=\"Pedro Clar\u00f3s Blanch\"  aria-label=\"Post image\"><img decoding=\"async\" class=\"preload-me lazy-load aspect\" src=\"data:image\/svg+xml,%3Csvg%20xmlns%3D&#39;http%3A%2F%2Fwww.w3.org%2F2000%2Fsvg&#39;%20viewBox%3D&#39;0%200%20210%20210&#39;%2F%3E\" data-src=\"https:\/\/www.clinicaclaros.com\/wp-content\/uploads\/2015\/05\/pedrocb1-210x210.jpg\" data-srcset=\"https:\/\/www.clinicaclaros.com\/wp-content\/uploads\/2015\/05\/pedrocb1-210x210.jpg 210w, https:\/\/www.clinicaclaros.com\/wp-content\/uploads\/2015\/05\/pedrocb1.jpg 310w\" loading=\"eager\" style=\"--ratio: 210 \/ 210\" sizes=\"(max-width: 210px) 100vw, 210px\" alt=\"\" width=\"210\" height=\"210\"  \/><\/a>\t\t\t<\/figure>\n<\/div>\n<div class=\"project-list-content\">\n\t<h3 class=\"entry-title\"><a href=\"https:\/\/www.clinicaclaros.com\/ru\/project\/la-odisea-de-la-voz-en-la-real-academia-de-doctores-6-de-abril-de-2016\/\" title=\"(Espa\u00f1ol) &#171;La odisea de la voz&#187; en la Real Academia de Doctores. 6 de Abril de 2016.\" rel=\"bookmark\">(Espa\u00f1ol) &#171;La odisea de la voz&#187; en la Real Academia de Doctores. 6 de Abril de 2016.<\/a><\/h3><\/div>\n<\/article>\n\n\n\n<article class=\"post post-36337 dt_portfolio type-dt_portfolio status-publish has-post-thumbnail hentry dt_portfolio_category-noticias dt_portfolio_category-73\">\n\n\t<div class=\"project-list-media\">\n\t<figure class=\"buttons-on-img forward-post\">\n\t\t<a href=\"https:\/\/www.clinicaclaros.com\/ru\/project\/actividad-academica-del-dr-pedro-claros-en-la-real-academia-de-doctores\/\" class=\"alignnone rollover layzr-bg\" title=\"Sin t\u00edtulo-1 (2)\"  aria-label=\"Post image\"><img decoding=\"async\" class=\"preload-me lazy-load aspect\" src=\"data:image\/svg+xml,%3Csvg%20xmlns%3D&#39;http%3A%2F%2Fwww.w3.org%2F2000%2Fsvg&#39;%20viewBox%3D&#39;0%200%20286%20210&#39;%2F%3E\" data-src=\"https:\/\/www.clinicaclaros.com\/wp-content\/uploads\/2016\/02\/Sin-t\u00edtulo-1-2-1-286x210.jpg\" data-srcset=\"https:\/\/www.clinicaclaros.com\/wp-content\/uploads\/2016\/02\/Sin-t\u00edtulo-1-2-1-286x210.jpg 286w, https:\/\/www.clinicaclaros.com\/wp-content\/uploads\/2016\/02\/Sin-t\u00edtulo-1-2-1-572x420.jpg 572w\" loading=\"eager\" style=\"--ratio: 286 \/ 210\" sizes=\"(max-width: 286px) 100vw, 286px\" alt=\"\" width=\"286\" height=\"210\"  \/><\/a>\t\t\t<\/figure>\n<\/div>\n<div class=\"project-list-content\">\n\t<h3 class=\"entry-title\"><a href=\"https:\/\/www.clinicaclaros.com\/ru\/project\/actividad-academica-del-dr-pedro-claros-en-la-real-academia-de-doctores\/\" title=\"(Espa\u00f1ol) Actividad acad\u00e9mica del Dr. Pedro Clar\u00f3s en la Real Academia de Doctores.\" rel=\"bookmark\">(Espa\u00f1ol) Actividad acad\u00e9mica del Dr. Pedro Clar\u00f3s en la Real Academia de Doctores.<\/a><\/h3><\/div>\n<\/article>\n\n\n\n<article class=\"post post-36292 dt_portfolio type-dt_portfolio status-publish has-post-thumbnail hentry dt_portfolio_category-noticias dt_portfolio_category-73\">\n\n\t<div class=\"project-list-media\">\n\t<figure class=\"buttons-on-img forward-post\">\n\t\t<a href=\"https:\/\/www.clinicaclaros.com\/ru\/project\/75-curso-de-diseccion-del-hueso-temporal\/\" class=\"alignnone rollover layzr-bg\" title=\"TBDC 75\"  aria-label=\"Post image\"><img decoding=\"async\" class=\"preload-me lazy-load aspect\" src=\"data:image\/svg+xml,%3Csvg%20xmlns%3D&#39;http%3A%2F%2Fwww.w3.org%2F2000%2Fsvg&#39;%20viewBox%3D&#39;0%200%20281%20210&#39;%2F%3E\" data-src=\"https:\/\/www.clinicaclaros.com\/wp-content\/uploads\/2015\/11\/IMG_8048-281x210.jpg\" data-srcset=\"https:\/\/www.clinicaclaros.com\/wp-content\/uploads\/2015\/11\/IMG_8048-281x210.jpg 281w, https:\/\/www.clinicaclaros.com\/wp-content\/uploads\/2015\/11\/IMG_8048-562x420.jpg 562w\" loading=\"eager\" style=\"--ratio: 281 \/ 210\" sizes=\"(max-width: 281px) 100vw, 281px\" alt=\"\" width=\"281\" height=\"210\"  \/><\/a>\t\t\t<\/figure>\n<\/div>\n<div class=\"project-list-content\">\n\t<h3 class=\"entry-title\"><a href=\"https:\/\/www.clinicaclaros.com\/ru\/project\/75-curso-de-diseccion-del-hueso-temporal\/\" title=\"(Espa\u00f1ol) 75 Curso de disecci\u00f3n del Hueso Temporal.\" rel=\"bookmark\">(Espa\u00f1ol) 75 Curso de disecci\u00f3n del Hueso Temporal.<\/a><\/h3><\/div>\n<\/article>\n\n\n\n<article class=\"post post-36275 dt_portfolio type-dt_portfolio status-publish has-post-thumbnail hentry dt_portfolio_category-noticias dt_portfolio_category-73\">\n\n\t<div class=\"project-list-media\">\n\t<figure class=\"buttons-on-img forward-post\">\n\t\t<a href=\"https:\/\/www.clinicaclaros.com\/ru\/project\/el-dr-pedro-claros-nos-ensena-el-funcionamiento-de-las-cuerdas-vocales-en-el-programa-this-is-opera-de-la2-de-rtve\/\" class=\"alignnone rollover layzr-bg\" title=\"12122768_1683412801882667_8134979164352480330_n\"  aria-label=\"Post image\"><img decoding=\"async\" class=\"preload-me lazy-load aspect\" src=\"data:image\/svg+xml,%3Csvg%20xmlns%3D&#39;http%3A%2F%2Fwww.w3.org%2F2000%2Fsvg&#39;%20viewBox%3D&#39;0%200%20373%20210&#39;%2F%3E\" data-src=\"https:\/\/www.clinicaclaros.com\/wp-content\/uploads\/2015\/11\/12122768_1683412801882667_8134979164352480330_n-373x210.jpg\" data-srcset=\"https:\/\/www.clinicaclaros.com\/wp-content\/uploads\/2015\/11\/12122768_1683412801882667_8134979164352480330_n-373x210.jpg 373w, https:\/\/www.clinicaclaros.com\/wp-content\/uploads\/2015\/11\/12122768_1683412801882667_8134979164352480330_n-746x420.jpg 746w\" loading=\"eager\" style=\"--ratio: 373 \/ 210\" sizes=\"(max-width: 373px) 100vw, 373px\" alt=\"\" width=\"373\" height=\"210\"  \/><\/a>\t\t\t<\/figure>\n<\/div>\n<div class=\"project-list-content\">\n\t<h3 class=\"entry-title\"><a href=\"https:\/\/www.clinicaclaros.com\/ru\/project\/el-dr-pedro-claros-nos-ensena-el-funcionamiento-de-las-cuerdas-vocales-en-el-programa-this-is-opera-de-la2-de-rtve\/\" title=\"(Espa\u00f1ol) El Dr. Pedro Clar\u00f3s nos ense\u00f1a el funcionamiento de las cuerdas vocales en el programa This is Opera, de La2 de RTVE\" rel=\"bookmark\">(Espa\u00f1ol) El Dr. Pedro Clar\u00f3s nos ense\u00f1a el funcionamiento de las cuerdas vocales en el programa This is Opera, de La2 de RTVE<\/a><\/h3><\/div>\n<\/article>\n\n\n\n<article class=\"post post-36259 dt_portfolio type-dt_portfolio status-publish has-post-thumbnail hentry dt_portfolio_category-noticias dt_portfolio_category-73\">\n\n\t<div class=\"project-list-media\">\n\t<figure class=\"buttons-on-img forward-post\">\n\t\t<a href=\"https:\/\/www.clinicaclaros.com\/ru\/project\/joan-claros-lheroi-figuerenc-oblidat-pel-pas-del-temps\/\" class=\"alignnone rollover layzr-bg\" title=\"J Claros\"  aria-label=\"Post image\"><img decoding=\"async\" class=\"preload-me lazy-load aspect\" src=\"data:image\/svg+xml,%3Csvg%20xmlns%3D&#39;http%3A%2F%2Fwww.w3.org%2F2000%2Fsvg&#39;%20viewBox%3D&#39;0%200%20188%20210&#39;%2F%3E\" data-src=\"https:\/\/www.clinicaclaros.com\/wp-content\/uploads\/2015\/10\/J-CLaros-188x210.jpg\" data-srcset=\"https:\/\/www.clinicaclaros.com\/wp-content\/uploads\/2015\/10\/J-CLaros-188x210.jpg 188w, https:\/\/www.clinicaclaros.com\/wp-content\/uploads\/2015\/10\/J-CLaros-376x420.jpg 376w\" loading=\"eager\" style=\"--ratio: 188 \/ 210\" sizes=\"(max-width: 188px) 100vw, 188px\" alt=\"\" width=\"188\" height=\"210\"  \/><\/a>\t\t\t<\/figure>\n<\/div>\n<div class=\"project-list-content\">\n\t<h3 class=\"entry-title\"><a href=\"https:\/\/www.clinicaclaros.com\/ru\/project\/joan-claros-lheroi-figuerenc-oblidat-pel-pas-del-temps\/\" title=\"(Espa\u00f1ol) Joan Clar\u00f3s, l&#8217;heroi figuerenc oblidat pel pas del temps\" rel=\"bookmark\">(Espa\u00f1ol) Joan Clar\u00f3s, l&#8217;heroi figuerenc oblidat pel pas del temps<\/a><\/h3><\/div>\n<\/article>\n\n\n\n<article class=\"post post-36242 dt_portfolio type-dt_portfolio status-publish has-post-thumbnail hentry dt_portfolio_category-noticias dt_portfolio_category-73\">\n\n\t<div class=\"project-list-media\">\n\t<figure class=\"buttons-on-img forward-post\">\n\t\t<a href=\"https:\/\/www.clinicaclaros.com\/ru\/project\/exposicio-nasevo\/\" class=\"alignnone rollover layzr-bg\" title=\"nasevo\"  aria-label=\"Post image\"><img decoding=\"async\" class=\"preload-me lazy-load aspect\" src=\"data:image\/svg+xml,%3Csvg%20xmlns%3D&#39;http%3A%2F%2Fwww.w3.org%2F2000%2Fsvg&#39;%20viewBox%3D&#39;0%200%20157%20210&#39;%2F%3E\" data-src=\"https:\/\/www.clinicaclaros.com\/wp-content\/uploads\/2015\/10\/nasevo-157x210.jpg\" data-srcset=\"https:\/\/www.clinicaclaros.com\/wp-content\/uploads\/2015\/10\/nasevo-157x210.jpg 157w, https:\/\/www.clinicaclaros.com\/wp-content\/uploads\/2015\/10\/nasevo-314x420.jpg 314w\" loading=\"eager\" style=\"--ratio: 157 \/ 210\" sizes=\"(max-width: 157px) 100vw, 157px\" alt=\"\" width=\"157\" height=\"210\"  \/><\/a>\t\t\t<\/figure>\n<\/div>\n<div class=\"project-list-content\">\n\t<h3 class=\"entry-title\"><a href=\"https:\/\/www.clinicaclaros.com\/ru\/project\/exposicio-nasevo\/\" title=\"(Espa\u00f1ol) Exposici\u00f3 NASEVO\" rel=\"bookmark\">(Espa\u00f1ol) Exposici\u00f3 NASEVO<\/a><\/h3><\/div>\n<\/article>\n\n\n\n<article class=\"post post-36209 dt_portfolio type-dt_portfolio status-publish has-post-thumbnail hentry dt_portfolio_category-noticias dt_portfolio_category-73\">\n\n\t<div class=\"project-list-media\">\n\t<figure class=\"buttons-on-img forward-post\">\n\t\t<a href=\"https:\/\/www.clinicaclaros.com\/ru\/project\/entrevista-al-dr-pedro-claros-en-la-contra-de-la-vanguardia\/\" class=\"alignnone rollover layzr-bg\" title=\"entrevistaPCVang17OCT2015\"  aria-label=\"Post image\"><img decoding=\"async\" class=\"preload-me lazy-load aspect\" src=\"data:image\/svg+xml,%3Csvg%20xmlns%3D&#39;http%3A%2F%2Fwww.w3.org%2F2000%2Fsvg&#39;%20viewBox%3D&#39;0%200%20191%20210&#39;%2F%3E\" data-src=\"https:\/\/www.clinicaclaros.com\/wp-content\/uploads\/2015\/10\/entrevistaPCVang17OCT2015-191x210.jpg\" data-srcset=\"https:\/\/www.clinicaclaros.com\/wp-content\/uploads\/2015\/10\/entrevistaPCVang17OCT2015-191x210.jpg 191w, https:\/\/www.clinicaclaros.com\/wp-content\/uploads\/2015\/10\/entrevistaPCVang17OCT2015-382x420.jpg 382w\" loading=\"eager\" style=\"--ratio: 191 \/ 210\" sizes=\"(max-width: 191px) 100vw, 191px\" alt=\"\" width=\"191\" height=\"210\"  \/><\/a>\t\t\t<\/figure>\n<\/div>\n<div class=\"project-list-content\">\n\t<h3 class=\"entry-title\"><a href=\"https:\/\/www.clinicaclaros.com\/ru\/project\/entrevista-al-dr-pedro-claros-en-la-contra-de-la-vanguardia\/\" title=\"(Espa\u00f1ol) Entrevista al Dr. Pedro Clar\u00f3s en La Contra de La Vanguardia\" rel=\"bookmark\">(Espa\u00f1ol) Entrevista al Dr. Pedro Clar\u00f3s en La Contra de La Vanguardia<\/a><\/h3><\/div>\n<\/article>\n\n\n\n<article class=\"post post-36198 dt_portfolio type-dt_portfolio status-publish has-post-thumbnail hentry dt_portfolio_category-noticias dt_portfolio_category-73\">\n\n\t<div class=\"project-list-media\">\n\t<figure class=\"buttons-on-img forward-post\">\n\t\t<a href=\"https:\/\/www.clinicaclaros.com\/ru\/project\/74o-y-75o-curso-de-diseccion-del-hueso-temporal\/\" class=\"alignnone rollover layzr-bg\"   aria-label=\"Post image\"><img decoding=\"async\" class=\"preload-me lazy-load aspect\" src=\"data:image\/svg+xml,%3Csvg%20xmlns%3D&#39;http%3A%2F%2Fwww.w3.org%2F2000%2Fsvg&#39;%20viewBox%3D&#39;0%200%20280%20210&#39;%2F%3E\" data-src=\"https:\/\/www.clinicaclaros.com\/wp-content\/uploads\/2015\/10\/P4020004-280x210.jpg\" data-srcset=\"https:\/\/www.clinicaclaros.com\/wp-content\/uploads\/2015\/10\/P4020004-280x210.jpg 280w, https:\/\/www.clinicaclaros.com\/wp-content\/uploads\/2015\/10\/P4020004-560x420.jpg 560w\" loading=\"eager\" style=\"--ratio: 280 \/ 210\" sizes=\"(max-width: 280px) 100vw, 280px\" alt=\"\" width=\"280\" height=\"210\"  \/><\/a>\t\t\t<\/figure>\n<\/div>\n<div class=\"project-list-content\">\n\t<h3 class=\"entry-title\"><a href=\"https:\/\/www.clinicaclaros.com\/ru\/project\/74o-y-75o-curso-de-diseccion-del-hueso-temporal\/\" title=\"(Espa\u00f1ol) 74\u00ba y 75\u00ba Curso de Disecci\u00f3n del Hueso Temporal.\" rel=\"bookmark\">(Espa\u00f1ol) 74\u00ba y 75\u00ba Curso de Disecci\u00f3n del Hueso Temporal.<\/a><\/h3><\/div>\n<\/article>\n\n\n\n<article class=\"post post-36188 dt_portfolio type-dt_portfolio status-publish has-post-thumbnail hentry dt_portfolio_category-noticias dt_portfolio_category-73\">\n\n\t<div class=\"project-list-media\">\n\t<figure class=\"buttons-on-img forward-post\">\n\t\t<a href=\"https:\/\/www.clinicaclaros.com\/ru\/project\/publicacion-del-articulo-la-veu-i-l-opera-visio-del-metge-en-la-revista-de-la-reial-academia-de-medicina-de-catalunya\/\" class=\"alignnone rollover layzr-bg\" title=\"RAMC\"  aria-label=\"Post image\"><img decoding=\"async\" class=\"preload-me lazy-load aspect\" src=\"data:image\/svg+xml,%3Csvg%20xmlns%3D&#39;http%3A%2F%2Fwww.w3.org%2F2000%2Fsvg&#39;%20viewBox%3D&#39;0%200%20148%20210&#39;%2F%3E\" data-src=\"https:\/\/www.clinicaclaros.com\/wp-content\/uploads\/2015\/09\/findex3-148x210.jpg\" data-srcset=\"https:\/\/www.clinicaclaros.com\/wp-content\/uploads\/2015\/09\/findex3-148x210.jpg 148w, https:\/\/www.clinicaclaros.com\/wp-content\/uploads\/2015\/09\/findex3.jpg 278w\" loading=\"eager\" style=\"--ratio: 148 \/ 210\" sizes=\"(max-width: 148px) 100vw, 148px\" alt=\"\" width=\"148\" height=\"210\"  \/><\/a>\t\t\t<\/figure>\n<\/div>\n<div class=\"project-list-content\">\n\t<h3 class=\"entry-title\"><a href=\"https:\/\/www.clinicaclaros.com\/ru\/project\/publicacion-del-articulo-la-veu-i-l-opera-visio-del-metge-en-la-revista-de-la-reial-academia-de-medicina-de-catalunya\/\" title=\"(Espa\u00f1ol) Publicaci\u00f3n del art\u00edculo &#171;La veu i l&#8217; \u00d2pera. Visi\u00f3 del Metge&#187; en la revista de la Reial Acad\u00e8mia de Medicina de Catalunya.\" rel=\"bookmark\">(Espa\u00f1ol) Publicaci\u00f3n del art\u00edculo &#171;La veu i l&#8217; \u00d2pera. Visi\u00f3 del Metge&#187; en la revista de la Reial Acad\u00e8mia de Medicina de Catalunya.<\/a><\/h3><\/div>\n<\/article>\n\n\n\n<article class=\"post post-36173 dt_portfolio type-dt_portfolio status-publish has-post-thumbnail hentry dt_portfolio_category-noticias dt_portfolio_category-73\">\n\n\t<div class=\"project-list-media\">\n\t<figure class=\"buttons-on-img forward-post\">\n\t\t<a href=\"https:\/\/www.clinicaclaros.com\/ru\/project\/1a-jornada-cientifica-en-panama\/\" class=\"alignnone rollover layzr-bg\" title=\"portadagaespanama\"  aria-label=\"Post image\"><img decoding=\"async\" class=\"preload-me lazy-load aspect\" src=\"data:image\/svg+xml,%3Csvg%20xmlns%3D&#39;http%3A%2F%2Fwww.w3.org%2F2000%2Fsvg&#39;%20viewBox%3D&#39;0%200%20148%20210&#39;%2F%3E\" data-src=\"https:\/\/www.clinicaclaros.com\/wp-content\/uploads\/2015\/09\/portadagaespanama-148x210.jpg\" data-srcset=\"https:\/\/www.clinicaclaros.com\/wp-content\/uploads\/2015\/09\/portadagaespanama-148x210.jpg 148w, https:\/\/www.clinicaclaros.com\/wp-content\/uploads\/2015\/09\/portadagaespanama-296x420.jpg 296w\" loading=\"eager\" style=\"--ratio: 148 \/ 210\" sizes=\"(max-width: 148px) 100vw, 148px\" alt=\"\" width=\"148\" height=\"210\"  \/><\/a>\t\t\t<\/figure>\n<\/div>\n<div class=\"project-list-content\">\n\t<h3 class=\"entry-title\"><a href=\"https:\/\/www.clinicaclaros.com\/ru\/project\/1a-jornada-cientifica-en-panama\/\" title=\"(Espa\u00f1ol) 1a Jornada Cient\u00edfica en Panam\u00e1\" rel=\"bookmark\">(Espa\u00f1ol) 1a Jornada Cient\u00edfica en Panam\u00e1<\/a><\/h3><\/div>\n<\/article>\n\n\n\n<article class=\"post post-36156 dt_portfolio type-dt_portfolio status-publish has-post-thumbnail hentry dt_portfolio_category-fundacion-claros dt_portfolio_category-72\">\n\n\t<div class=\"project-list-media\">\n\t<figure class=\"buttons-on-img forward-post\">\n\t\t<a href=\"https:\/\/www.clinicaclaros.com\/ru\/project\/ii-trobada-solidaria-de-classics\/\" class=\"alignnone rollover layzr-bg\" title=\"Trobada\"  aria-label=\"Post image\"><img decoding=\"async\" class=\"preload-me lazy-load aspect\" src=\"data:image\/svg+xml,%3Csvg%20xmlns%3D&#39;http%3A%2F%2Fwww.w3.org%2F2000%2Fsvg&#39;%20viewBox%3D&#39;0%200%20148%20210&#39;%2F%3E\" data-src=\"https:\/\/www.clinicaclaros.com\/wp-content\/uploads\/2015\/09\/Trobada-148x210.jpg\" data-srcset=\"https:\/\/www.clinicaclaros.com\/wp-content\/uploads\/2015\/09\/Trobada-148x210.jpg 148w, https:\/\/www.clinicaclaros.com\/wp-content\/uploads\/2015\/09\/Trobada-296x420.jpg 296w\" loading=\"eager\" style=\"--ratio: 148 \/ 210\" sizes=\"(max-width: 148px) 100vw, 148px\" alt=\"\" width=\"148\" height=\"210\"  \/><\/a>\t\t\t<\/figure>\n<\/div>\n<div class=\"project-list-content\">\n\t<h3 class=\"entry-title\"><a href=\"https:\/\/www.clinicaclaros.com\/ru\/project\/ii-trobada-solidaria-de-classics\/\" title=\"(Espa\u00f1ol) II TROBADA SOLIDARIA DE CL\u00c0SSICS\" rel=\"bookmark\">(Espa\u00f1ol) II TROBADA SOLIDARIA DE CL\u00c0SSICS<\/a><\/h3><\/div>\n<\/article>\n\n\n\n<article class=\"post post-36144 dt_portfolio type-dt_portfolio status-publish has-post-thumbnail hentry dt_portfolio_category-fundacion-claros dt_portfolio_category-72\">\n\n\t<div class=\"project-list-media\">\n\t<figure class=\"buttons-on-img forward-post\">\n\t\t<a href=\"https:\/\/www.clinicaclaros.com\/ru\/project\/viaje-humanitario-a-cabo-verde-de-la-fundacion-claros\/\" class=\"alignnone rollover layzr-bg\" title=\"fundacion claros\"  aria-label=\"Post image\"><img decoding=\"async\" class=\"preload-me lazy-load aspect\" src=\"data:image\/svg+xml,%3Csvg%20xmlns%3D&#39;http%3A%2F%2Fwww.w3.org%2F2000%2Fsvg&#39;%20viewBox%3D&#39;0%200%20281%20210&#39;%2F%3E\" data-src=\"https:\/\/www.clinicaclaros.com\/wp-content\/uploads\/2015\/08\/11807604_876593949081347_6014089983123198142_o-281x210.jpg\" data-srcset=\"https:\/\/www.clinicaclaros.com\/wp-content\/uploads\/2015\/08\/11807604_876593949081347_6014089983123198142_o-281x210.jpg 281w, https:\/\/www.clinicaclaros.com\/wp-content\/uploads\/2015\/08\/11807604_876593949081347_6014089983123198142_o-562x420.jpg 562w\" loading=\"eager\" style=\"--ratio: 281 \/ 210\" sizes=\"(max-width: 281px) 100vw, 281px\" alt=\"\" width=\"281\" height=\"210\"  \/><\/a>\t\t\t<\/figure>\n<\/div>\n<div class=\"project-list-content\">\n\t<h3 class=\"entry-title\"><a href=\"https:\/\/www.clinicaclaros.com\/ru\/project\/viaje-humanitario-a-cabo-verde-de-la-fundacion-claros\/\" title=\"(Espa\u00f1ol) Viaje Humanitario a Cabo Verde de la Fundaci\u00f3n Clar\u00f3s\" rel=\"bookmark\">(Espa\u00f1ol) Viaje Humanitario a Cabo Verde de la Fundaci\u00f3n Clar\u00f3s<\/a><\/h3><\/div>\n<\/article>\n\n<\/div>[\/vc_column][\/vc_row]<\/p>\n<\/div>","protected":false},"excerpt":{"rendered":"<p>\u0418\u0437\u0432\u0438\u043d\u0438\u0442\u0435, \u044d\u0442\u043e\u0442 \u0442\u0435\u0445\u0442 \u0434\u043e\u0441\u0442\u0443\u043f\u0435\u043d \u0442\u043e\u043b\u044c\u043a\u043e \u0432 Espa\u00f1ol.<\/p>\n","protected":false},"author":1,"featured_media":0,"parent":0,"menu_order":0,"comment_status":"closed","ping_status":"closed","template":"","meta":{"_monsterinsights_skip_tracking":false,"_monsterinsights_sitenote_active":false,"_monsterinsights_sitenote_note":"","_monsterinsights_sitenote_category":0,"footnotes":""},"class_list":["post-35422","page","type-page","status-publish","hentry","description-off"],"yoast_head":"<!-- This site is optimized with the Yoast SEO plugin v27.4 - https:\/\/yoast.com\/product\/yoast-seo-wordpress\/ -->\n<title><\/title>\n<meta name=\"description\" content=\"Otorrino Cirug\u00eda Pl\u00e1stica, Contactar, Cl\u00ednica Clar\u00f3s, Equipo profesional. Urgencias Otorrino en Barcelona. Llame ahora. Cirug\u00eda Pl\u00e1stica Facial. Siempre a su servicio. Otorrinolaringolog\u00eda. + 40 a\u00f1os de experiencia. Servicios: Otorrinolaringolog\u00eda, Cirug\u00eda facial.\" \/>\n<meta name=\"robots\" content=\"index, follow, max-snippet:-1, max-image-preview:large, max-video-preview:-1\" \/>\n<link rel=\"canonical\" href=\"https:\/\/www.clinicaclaros.com\/en\/noticias\/\" \/>\n<meta property=\"og:locale\" content=\"ru_RU\" \/>\n<meta property=\"og:type\" content=\"article\" \/>\n<meta property=\"og:title\" content=\"[:es]Noticias[:en]News[:ro]\u015etiri[:] - Cl\u00ed\u00adnica Clar\u00f3s\" \/>\n<meta property=\"og:description\" content=\"Otorrino Cirug\u00eda Pl\u00e1stica, Contactar, Cl\u00ednica Clar\u00f3s, Equipo profesional. Urgencias Otorrino en Barcelona. Llame ahora. Cirug\u00eda Pl\u00e1stica Facial. Siempre a su servicio. Otorrinolaringolog\u00eda. + 40 a\u00f1os de experiencia. Servicios: Otorrinolaringolog\u00eda, Cirug\u00eda facial.\" \/>\n<meta property=\"og:url\" content=\"https:\/\/www.clinicaclaros.com\/en\/noticias\/\" \/>\n<meta property=\"og:site_name\" content=\"Cl\u00ed\u00adnica Clar\u00f3s\" \/>\n<meta property=\"article:publisher\" content=\"https:\/\/www.facebook.com\/clinicaclaros\" \/>\n<meta property=\"article:modified_time\" content=\"2019-07-19T12:09:29+00:00\" \/>\n<meta name=\"twitter:card\" content=\"summary_large_image\" \/>\n<meta name=\"twitter:site\" content=\"@ClinicaClaros\" \/>\n<script type=\"application\/ld+json\" class=\"yoast-schema-graph\">{\"@context\":\"https:\\\/\\\/schema.org\",\"@graph\":[{\"@type\":\"WebPage\",\"@id\":\"https:\\\/\\\/www.clinicaclaros.com\\\/en\\\/noticias\\\/\",\"url\":\"https:\\\/\\\/www.clinicaclaros.com\\\/en\\\/noticias\\\/\",\"name\":\"[:es]Noticias[:en]News[:ro]\u015etiri[:] - Cl\u00ed\u00adnica Clar\u00f3s\",\"isPartOf\":{\"@id\":\"https:\\\/\\\/www.clinicaclaros.com\\\/#website\"},\"datePublished\":\"2015-05-15T07:57:24+00:00\",\"dateModified\":\"2019-07-19T12:09:29+00:00\",\"description\":\"Otorrino Cirug\u00eda Pl\u00e1stica, Contactar, Cl\u00ednica Clar\u00f3s, Equipo profesional. Urgencias Otorrino en Barcelona. Llame ahora. Cirug\u00eda Pl\u00e1stica Facial. Siempre a su servicio. Otorrinolaringolog\u00eda. + 40 a\u00f1os de experiencia. Servicios: Otorrinolaringolog\u00eda, Cirug\u00eda facial.\",\"breadcrumb\":{\"@id\":\"https:\\\/\\\/www.clinicaclaros.com\\\/en\\\/noticias\\\/#breadcrumb\"},\"inLanguage\":\"ru-RU\",\"potentialAction\":[{\"@type\":\"ReadAction\",\"target\":[\"https:\\\/\\\/www.clinicaclaros.com\\\/en\\\/noticias\\\/\"]}]},{\"@type\":\"BreadcrumbList\",\"@id\":\"https:\\\/\\\/www.clinicaclaros.com\\\/en\\\/noticias\\\/#breadcrumb\",\"itemListElement\":[{\"@type\":\"ListItem\",\"position\":1,\"name\":\"Portada\",\"item\":\"https:\\\/\\\/www.clinicaclaros.com\\\/\"},{\"@type\":\"ListItem\",\"position\":2,\"name\":\"News\"}]},{\"@type\":\"WebSite\",\"@id\":\"https:\\\/\\\/www.clinicaclaros.com\\\/#website\",\"url\":\"https:\\\/\\\/www.clinicaclaros.com\\\/\",\"name\":\"Cl\u00ed\u00adnica Clar\u00f3s\",\"description\":\"Otorrinolaringolog\u00eda y Cirug\u00eda Pl\u00e1stica Facial\",\"publisher\":{\"@id\":\"https:\\\/\\\/www.clinicaclaros.com\\\/#organization\"},\"potentialAction\":[{\"@type\":\"SearchAction\",\"target\":{\"@type\":\"EntryPoint\",\"urlTemplate\":\"https:\\\/\\\/www.clinicaclaros.com\\\/?s={search_term_string}\"},\"query-input\":{\"@type\":\"PropertyValueSpecification\",\"valueRequired\":true,\"valueName\":\"search_term_string\"}}],\"inLanguage\":\"ru-RU\"},{\"@type\":\"Organization\",\"@id\":\"https:\\\/\\\/www.clinicaclaros.com\\\/#organization\",\"name\":\"Cl\u00ednica Clar\u00f3s\",\"url\":\"https:\\\/\\\/www.clinicaclaros.com\\\/\",\"logo\":{\"@type\":\"ImageObject\",\"inLanguage\":\"ru-RU\",\"@id\":\"https:\\\/\\\/www.clinicaclaros.com\\\/#\\\/schema\\\/logo\\\/image\\\/\",\"url\":\"https:\\\/\\\/www.clinicaclaros.com\\\/wp-content\\\/uploads\\\/2015\\\/06\\\/logoalargadocabecera.jpg\",\"contentUrl\":\"https:\\\/\\\/www.clinicaclaros.com\\\/wp-content\\\/uploads\\\/2015\\\/06\\\/logoalargadocabecera.jpg\",\"width\":200,\"height\":60,\"caption\":\"Cl\u00ednica Clar\u00f3s\"},\"image\":{\"@id\":\"https:\\\/\\\/www.clinicaclaros.com\\\/#\\\/schema\\\/logo\\\/image\\\/\"},\"sameAs\":[\"https:\\\/\\\/www.facebook.com\\\/clinicaclaros\",\"https:\\\/\\\/x.com\\\/ClinicaClaros\",\"https:\\\/\\\/www.linkedin.com\\\/company\\\/cl\u00ednica-clar\u00f3s\",\"https:\\\/\\\/www.youtube.com\\\/user\\\/FundacioClaros\"]}]}<\/script>\n<!-- \/ Yoast SEO plugin. -->","yoast_head_json":{"title":"[:es]Noticias[:en]News[:ro]\u015etiri[:] - Cl\u00ed\u00adnica Clar\u00f3s","description":"Otorrino Cirug\u00eda Pl\u00e1stica, Contactar, Cl\u00ednica Clar\u00f3s, Equipo profesional. Urgencias Otorrino en Barcelona. Llame ahora. Cirug\u00eda Pl\u00e1stica Facial. Siempre a su servicio. Otorrinolaringolog\u00eda. + 40 a\u00f1os de experiencia. Servicios: Otorrinolaringolog\u00eda, Cirug\u00eda facial.","robots":{"index":"index","follow":"follow","max-snippet":"max-snippet:-1","max-image-preview":"max-image-preview:large","max-video-preview":"max-video-preview:-1"},"canonical":"https:\/\/www.clinicaclaros.com\/en\/noticias\/","og_locale":"ru_RU","og_type":"article","og_title":"[:es]Noticias[:en]News[:ro]\u015etiri[:] - Cl\u00ed\u00adnica Clar\u00f3s","og_description":"Otorrino Cirug\u00eda Pl\u00e1stica, Contactar, Cl\u00ednica Clar\u00f3s, Equipo profesional. Urgencias Otorrino en Barcelona. Llame ahora. Cirug\u00eda Pl\u00e1stica Facial. Siempre a su servicio. Otorrinolaringolog\u00eda. + 40 a\u00f1os de experiencia. Servicios: Otorrinolaringolog\u00eda, Cirug\u00eda facial.","og_url":"https:\/\/www.clinicaclaros.com\/en\/noticias\/","og_site_name":"Cl\u00ed\u00adnica Clar\u00f3s","article_publisher":"https:\/\/www.facebook.com\/clinicaclaros","article_modified_time":"2019-07-19T12:09:29+00:00","twitter_card":"summary_large_image","twitter_site":"@ClinicaClaros","schema":{"@context":"https:\/\/schema.org","@graph":[{"@type":"WebPage","@id":"https:\/\/www.clinicaclaros.com\/en\/noticias\/","url":"https:\/\/www.clinicaclaros.com\/en\/noticias\/","name":"[:es]Noticias[:en]News[:ro]\u015etiri[:] - Cl\u00ed\u00adnica Clar\u00f3s","isPartOf":{"@id":"https:\/\/www.clinicaclaros.com\/#website"},"datePublished":"2015-05-15T07:57:24+00:00","dateModified":"2019-07-19T12:09:29+00:00","description":"Otorrino Cirug\u00eda Pl\u00e1stica, Contactar, Cl\u00ednica Clar\u00f3s, Equipo profesional. Urgencias Otorrino en Barcelona. Llame ahora. Cirug\u00eda Pl\u00e1stica Facial. Siempre a su servicio. Otorrinolaringolog\u00eda. + 40 a\u00f1os de experiencia. Servicios: Otorrinolaringolog\u00eda, Cirug\u00eda facial.","breadcrumb":{"@id":"https:\/\/www.clinicaclaros.com\/en\/noticias\/#breadcrumb"},"inLanguage":"ru-RU","potentialAction":[{"@type":"ReadAction","target":["https:\/\/www.clinicaclaros.com\/en\/noticias\/"]}]},{"@type":"BreadcrumbList","@id":"https:\/\/www.clinicaclaros.com\/en\/noticias\/#breadcrumb","itemListElement":[{"@type":"ListItem","position":1,"name":"Portada","item":"https:\/\/www.clinicaclaros.com\/"},{"@type":"ListItem","position":2,"name":"News"}]},{"@type":"WebSite","@id":"https:\/\/www.clinicaclaros.com\/#website","url":"https:\/\/www.clinicaclaros.com\/","name":"Cl\u00ed\u00adnica Clar\u00f3s","description":"Otorrinolaringolog\u00eda y Cirug\u00eda Pl\u00e1stica Facial","publisher":{"@id":"https:\/\/www.clinicaclaros.com\/#organization"},"potentialAction":[{"@type":"SearchAction","target":{"@type":"EntryPoint","urlTemplate":"https:\/\/www.clinicaclaros.com\/?s={search_term_string}"},"query-input":{"@type":"PropertyValueSpecification","valueRequired":true,"valueName":"search_term_string"}}],"inLanguage":"ru-RU"},{"@type":"Organization","@id":"https:\/\/www.clinicaclaros.com\/#organization","name":"Cl\u00ednica Clar\u00f3s","url":"https:\/\/www.clinicaclaros.com\/","logo":{"@type":"ImageObject","inLanguage":"ru-RU","@id":"https:\/\/www.clinicaclaros.com\/#\/schema\/logo\/image\/","url":"https:\/\/www.clinicaclaros.com\/wp-content\/uploads\/2015\/06\/logoalargadocabecera.jpg","contentUrl":"https:\/\/www.clinicaclaros.com\/wp-content\/uploads\/2015\/06\/logoalargadocabecera.jpg","width":200,"height":60,"caption":"Cl\u00ednica Clar\u00f3s"},"image":{"@id":"https:\/\/www.clinicaclaros.com\/#\/schema\/logo\/image\/"},"sameAs":["https:\/\/www.facebook.com\/clinicaclaros","https:\/\/x.com\/ClinicaClaros","https:\/\/www.linkedin.com\/company\/cl\u00ednica-clar\u00f3s","https:\/\/www.youtube.com\/user\/FundacioClaros"]}]}},"_links":{"self":[{"href":"https:\/\/www.clinicaclaros.com\/ru\/wp-json\/wp\/v2\/pages\/35422","targetHints":{"allow":["GET"]}}],"collection":[{"href":"https:\/\/www.clinicaclaros.com\/ru\/wp-json\/wp\/v2\/pages"}],"about":[{"href":"https:\/\/www.clinicaclaros.com\/ru\/wp-json\/wp\/v2\/types\/page"}],"author":[{"embeddable":true,"href":"https:\/\/www.clinicaclaros.com\/ru\/wp-json\/wp\/v2\/users\/1"}],"replies":[{"embeddable":true,"href":"https:\/\/www.clinicaclaros.com\/ru\/wp-json\/wp\/v2\/comments?post=35422"}],"version-history":[{"count":0,"href":"https:\/\/www.clinicaclaros.com\/ru\/wp-json\/wp\/v2\/pages\/35422\/revisions"}],"wp:attachment":[{"href":"https:\/\/www.clinicaclaros.com\/ru\/wp-json\/wp\/v2\/media?parent=35422"}],"curies":[{"name":"wp","href":"https:\/\/api.w.org\/{rel}","templated":true}]}}