{"id":69552,"date":"2022-12-01T08:17:34","date_gmt":"2022-12-01T08:17:34","guid":{"rendered":"https:\/\/www.clinicaclaros.com\/?post_type=dt_portfolio&#038;p=69552"},"modified":"2022-12-01T08:43:28","modified_gmt":"2022-12-01T08:43:28","slug":"medalla-de-honor-de-barcelona-para-el-dr-pedro-claros-el-cirujano-de-las-sonrisas","status":"publish","type":"dt_portfolio","link":"https:\/\/www.clinicaclaros.com\/ru\/project\/medalla-de-honor-de-barcelona-para-el-dr-pedro-claros-el-cirujano-de-las-sonrisas\/","title":{"rendered":"(Espa\u00f1ol) Medalla de Honor de Barcelona para el Dr. Pedro Clar\u00f3s, el &#171;cirujano de las sonrisas&#187;"},"content":{"rendered":"<p><\/p>\n<p><a class=\"dt-pswp-item\" href=\"https:\/\/www.clinicaclaros.com\/wp-content\/uploads\/2022\/12\/IMG-20221201-WA000ddd7.jpg\" data-dt-img-description=\"\" data-large_image_width=\"658\" data-large_image_height=\"525\"><img loading=\"lazy\" decoding=\"async\" class=\"aligncenter size-full wp-image-69587\" src=\"https:\/\/www.clinicaclaros.com\/wp-content\/uploads\/2022\/12\/IMG-20221201-WA000ddd7.jpg\" alt=\"\" width=\"658\" height=\"525\" srcset=\"https:\/\/www.clinicaclaros.com\/wp-content\/uploads\/2022\/12\/IMG-20221201-WA000ddd7.jpg 658w, https:\/\/www.clinicaclaros.com\/wp-content\/uploads\/2022\/12\/IMG-20221201-WA000ddd7-300x239.jpg 300w\" sizes=\"auto, (max-width: 658px) 100vw, 658px\" \/><\/a><a class=\"dt-pswp-item\" href=\"https:\/\/www.clinicaclaros.com\/wp-content\/uploads\/2022\/12\/IMG-20221201-WA0005.jpg\" data-dt-img-description=\"\" data-large_image_width=\"722\" data-large_image_height=\"1024\"><img loading=\"lazy\" decoding=\"async\" class=\"aligncenter size-full wp-image-69588\" src=\"https:\/\/www.clinicaclaros.com\/wp-content\/uploads\/2022\/12\/IMG-20221201-WA0005.jpg\" alt=\"\" width=\"722\" height=\"1024\" srcset=\"https:\/\/www.clinicaclaros.com\/wp-content\/uploads\/2022\/12\/IMG-20221201-WA0005.jpg 722w, https:\/\/www.clinicaclaros.com\/wp-content\/uploads\/2022\/12\/IMG-20221201-WA0005-212x300.jpg 212w\" sizes=\"auto, (max-width: 722px) 100vw, 722px\" \/><\/a><\/p>\n<p><a class=\"dt-pswp-item\" href=\"https:\/\/www.clinicaclaros.com\/wp-content\/uploads\/2022\/12\/IMG-20221201-WA000ddd7.jpg\" data-dt-img-description=\"\" data-large_image_width=\"658\" data-large_image_height=\"525\"><img loading=\"lazy\" decoding=\"async\" class=\"aligncenter size-full wp-image-69587\" src=\"https:\/\/www.clinicaclaros.com\/wp-content\/uploads\/2022\/12\/IMG-20221201-WA000ddd7.jpg\" alt=\"\" width=\"658\" height=\"525\" srcset=\"https:\/\/www.clinicaclaros.com\/wp-content\/uploads\/2022\/12\/IMG-20221201-WA000ddd7.jpg 658w, https:\/\/www.clinicaclaros.com\/wp-content\/uploads\/2022\/12\/IMG-20221201-WA000ddd7-300x239.jpg 300w\" sizes=\"auto, (max-width: 658px) 100vw, 658px\" \/><\/a><a class=\"dt-pswp-item\" href=\"https:\/\/www.clinicaclaros.com\/wp-content\/uploads\/2022\/12\/IMG-20221201-WA0005.jpg\" data-dt-img-description=\"\" data-large_image_width=\"722\" data-large_image_height=\"1024\"><img loading=\"lazy\" decoding=\"async\" class=\"aligncenter size-full wp-image-69588\" src=\"https:\/\/www.clinicaclaros.com\/wp-content\/uploads\/2022\/12\/IMG-20221201-WA0005.jpg\" alt=\"\" width=\"722\" height=\"1024\" srcset=\"https:\/\/www.clinicaclaros.com\/wp-content\/uploads\/2022\/12\/IMG-20221201-WA0005.jpg 722w, https:\/\/www.clinicaclaros.com\/wp-content\/uploads\/2022\/12\/IMG-20221201-WA0005-212x300.jpg 212w\" sizes=\"auto, (max-width: 722px) 100vw, 722px\" \/><\/a><\/p>","protected":false},"excerpt":{"rendered":"","protected":false},"author":1,"featured_media":69561,"comment_status":"closed","ping_status":"closed","template":"","dt_portfolio_category":[73],"dt_portfolio_tags":[],"class_list":["post-69552","dt_portfolio","type-dt_portfolio","status-publish","has-post-thumbnail","hentry","dt_portfolio_category-noticias","dt_portfolio_category-73","description-off"],"yoast_head":"<!-- This site is optimized with the Yoast SEO plugin v27.4 - https:\/\/yoast.com\/product\/yoast-seo-wordpress\/ -->\n<title>Medalla de Honor de Barcelona para el Dr. Pedro Clar\u00f3s, el &quot;cirujano de las sonrisas&quot; - Cl\u00ed\u00adnica Clar\u00f3s<\/title>\n<meta name=\"description\" content=\"El 30 de noviembre, el Dr. Pedro Clar\u00f3s, recibi\u00f3 la Medalla de Honor de la ciudad de Barcelona a manos de la alcaldesa de la ciudad.\" \/>\n<meta name=\"robots\" content=\"noindex, follow\" \/>\n<meta property=\"og:locale\" content=\"ru_RU\" \/>\n<meta property=\"og:type\" content=\"article\" \/>\n<meta property=\"og:title\" content=\"Medalla de Honor de Barcelona para el Dr. Pedro Clar\u00f3s, el &quot;cirujano de las sonrisas&quot; - Cl\u00ed\u00adnica Clar\u00f3s\" \/>\n<meta property=\"og:description\" content=\"El 30 de noviembre, el Dr. Pedro Clar\u00f3s, recibi\u00f3 la Medalla de Honor de la ciudad de Barcelona a manos de la alcaldesa de la ciudad.\" \/>\n<meta property=\"og:url\" content=\"https:\/\/www.clinicaclaros.com\/project\/medalla-de-honor-de-barcelona-para-el-dr-pedro-claros-el-cirujano-de-las-sonrisas\/\" \/>\n<meta property=\"og:site_name\" content=\"Cl\u00ed\u00adnica Clar\u00f3s\" \/>\n<meta property=\"article:publisher\" content=\"https:\/\/www.facebook.com\/clinicaclaros\" \/>\n<meta property=\"article:modified_time\" content=\"2022-12-01T08:43:28+00:00\" \/>\n<meta property=\"og:image\" content=\"https:\/\/www.clinicaclaros.com\/wp-content\/uploads\/2022\/12\/6387c01164ba0.jpeg\" \/>\n\t<meta property=\"og:image:width\" content=\"948\" \/>\n\t<meta property=\"og:image:height\" content=\"465\" \/>\n\t<meta property=\"og:image:type\" content=\"image\/jpeg\" \/>\n<meta name=\"twitter:card\" content=\"summary_large_image\" \/>\n<meta name=\"twitter:site\" content=\"@ClinicaClaros\" \/>\n<meta name=\"twitter:label1\" content=\"\u041f\u0440\u0438\u043c\u0435\u0440\u043d\u043e\u0435 \u0432\u0440\u0435\u043c\u044f \u0434\u043b\u044f \u0447\u0442\u0435\u043d\u0438\u044f\" \/>\n\t<meta name=\"twitter:data1\" content=\"4 \u043c\u0438\u043d\u0443\u0442\u044b\" \/>\n<script type=\"application\/ld+json\" class=\"yoast-schema-graph\">{\"@context\":\"https:\\\/\\\/schema.org\",\"@graph\":[{\"@type\":\"WebPage\",\"@id\":\"https:\\\/\\\/www.clinicaclaros.com\\\/project\\\/medalla-de-honor-de-barcelona-para-el-dr-pedro-claros-el-cirujano-de-las-sonrisas\\\/\",\"url\":\"https:\\\/\\\/www.clinicaclaros.com\\\/project\\\/medalla-de-honor-de-barcelona-para-el-dr-pedro-claros-el-cirujano-de-las-sonrisas\\\/\",\"name\":\"Medalla de Honor de Barcelona para el Dr. Pedro Clar\u00f3s, el \\\"cirujano de las sonrisas\\\" - Cl\u00ed\u00adnica Clar\u00f3s\",\"isPartOf\":{\"@id\":\"https:\\\/\\\/www.clinicaclaros.com\\\/#website\"},\"primaryImageOfPage\":{\"@id\":\"https:\\\/\\\/www.clinicaclaros.com\\\/project\\\/medalla-de-honor-de-barcelona-para-el-dr-pedro-claros-el-cirujano-de-las-sonrisas\\\/#primaryimage\"},\"image\":{\"@id\":\"https:\\\/\\\/www.clinicaclaros.com\\\/project\\\/medalla-de-honor-de-barcelona-para-el-dr-pedro-claros-el-cirujano-de-las-sonrisas\\\/#primaryimage\"},\"thumbnailUrl\":\"https:\\\/\\\/www.clinicaclaros.com\\\/wp-content\\\/uploads\\\/2022\\\/12\\\/6387c01164ba0.jpeg\",\"datePublished\":\"2022-12-01T08:17:34+00:00\",\"dateModified\":\"2022-12-01T08:43:28+00:00\",\"description\":\"El 30 de noviembre, el Dr. Pedro Clar\u00f3s, recibi\u00f3 la Medalla de Honor de la ciudad de Barcelona a manos de la alcaldesa de la ciudad.\",\"breadcrumb\":{\"@id\":\"https:\\\/\\\/www.clinicaclaros.com\\\/project\\\/medalla-de-honor-de-barcelona-para-el-dr-pedro-claros-el-cirujano-de-las-sonrisas\\\/#breadcrumb\"},\"inLanguage\":\"ru-RU\",\"potentialAction\":[{\"@type\":\"ReadAction\",\"target\":[\"https:\\\/\\\/www.clinicaclaros.com\\\/project\\\/medalla-de-honor-de-barcelona-para-el-dr-pedro-claros-el-cirujano-de-las-sonrisas\\\/\"]}]},{\"@type\":\"ImageObject\",\"inLanguage\":\"ru-RU\",\"@id\":\"https:\\\/\\\/www.clinicaclaros.com\\\/project\\\/medalla-de-honor-de-barcelona-para-el-dr-pedro-claros-el-cirujano-de-las-sonrisas\\\/#primaryimage\",\"url\":\"https:\\\/\\\/www.clinicaclaros.com\\\/wp-content\\\/uploads\\\/2022\\\/12\\\/6387c01164ba0.jpeg\",\"contentUrl\":\"https:\\\/\\\/www.clinicaclaros.com\\\/wp-content\\\/uploads\\\/2022\\\/12\\\/6387c01164ba0.jpeg\",\"width\":948,\"height\":465},{\"@type\":\"BreadcrumbList\",\"@id\":\"https:\\\/\\\/www.clinicaclaros.com\\\/project\\\/medalla-de-honor-de-barcelona-para-el-dr-pedro-claros-el-cirujano-de-las-sonrisas\\\/#breadcrumb\",\"itemListElement\":[{\"@type\":\"ListItem\",\"position\":1,\"name\":\"Portada\",\"item\":\"https:\\\/\\\/www.clinicaclaros.com\\\/\"},{\"@type\":\"ListItem\",\"position\":2,\"name\":\"Portafolio\",\"item\":\"https:\\\/\\\/www.clinicaclaros.com\\\/project\\\/\"},{\"@type\":\"ListItem\",\"position\":3,\"name\":\"Medalla de Honor de Barcelona para el Dr. Pedro Clar\u00f3s, el \u00abcirujano de las sonrisas\u00bb\"}]},{\"@type\":\"WebSite\",\"@id\":\"https:\\\/\\\/www.clinicaclaros.com\\\/#website\",\"url\":\"https:\\\/\\\/www.clinicaclaros.com\\\/\",\"name\":\"Cl\u00ed\u00adnica Clar\u00f3s\",\"description\":\"Otorrinolaringolog\u00eda y Cirug\u00eda Pl\u00e1stica Facial\",\"publisher\":{\"@id\":\"https:\\\/\\\/www.clinicaclaros.com\\\/#organization\"},\"potentialAction\":[{\"@type\":\"SearchAction\",\"target\":{\"@type\":\"EntryPoint\",\"urlTemplate\":\"https:\\\/\\\/www.clinicaclaros.com\\\/?s={search_term_string}\"},\"query-input\":{\"@type\":\"PropertyValueSpecification\",\"valueRequired\":true,\"valueName\":\"search_term_string\"}}],\"inLanguage\":\"ru-RU\"},{\"@type\":\"Organization\",\"@id\":\"https:\\\/\\\/www.clinicaclaros.com\\\/#organization\",\"name\":\"Cl\u00ednica Clar\u00f3s\",\"url\":\"https:\\\/\\\/www.clinicaclaros.com\\\/\",\"logo\":{\"@type\":\"ImageObject\",\"inLanguage\":\"ru-RU\",\"@id\":\"https:\\\/\\\/www.clinicaclaros.com\\\/#\\\/schema\\\/logo\\\/image\\\/\",\"url\":\"https:\\\/\\\/www.clinicaclaros.com\\\/wp-content\\\/uploads\\\/2015\\\/06\\\/logoalargadocabecera.jpg\",\"contentUrl\":\"https:\\\/\\\/www.clinicaclaros.com\\\/wp-content\\\/uploads\\\/2015\\\/06\\\/logoalargadocabecera.jpg\",\"width\":200,\"height\":60,\"caption\":\"Cl\u00ednica Clar\u00f3s\"},\"image\":{\"@id\":\"https:\\\/\\\/www.clinicaclaros.com\\\/#\\\/schema\\\/logo\\\/image\\\/\"},\"sameAs\":[\"https:\\\/\\\/www.facebook.com\\\/clinicaclaros\",\"https:\\\/\\\/x.com\\\/ClinicaClaros\",\"https:\\\/\\\/www.linkedin.com\\\/company\\\/cl\u00ednica-clar\u00f3s\",\"https:\\\/\\\/www.youtube.com\\\/user\\\/FundacioClaros\"]}]}<\/script>\n<!-- \/ Yoast SEO plugin. -->","yoast_head_json":{"title":"Medalla de Honor de Barcelona para el Dr. Pedro Clar\u00f3s, el \"cirujano de las sonrisas\" - Cl\u00ed\u00adnica Clar\u00f3s","description":"El 30 de noviembre, el Dr. Pedro Clar\u00f3s, recibi\u00f3 la Medalla de Honor de la ciudad de Barcelona a manos de la alcaldesa de la ciudad.","robots":{"index":"noindex","follow":"follow"},"og_locale":"ru_RU","og_type":"article","og_title":"Medalla de Honor de Barcelona para el Dr. Pedro Clar\u00f3s, el \"cirujano de las sonrisas\" - Cl\u00ed\u00adnica Clar\u00f3s","og_description":"El 30 de noviembre, el Dr. Pedro Clar\u00f3s, recibi\u00f3 la Medalla de Honor de la ciudad de Barcelona a manos de la alcaldesa de la ciudad.","og_url":"https:\/\/www.clinicaclaros.com\/project\/medalla-de-honor-de-barcelona-para-el-dr-pedro-claros-el-cirujano-de-las-sonrisas\/","og_site_name":"Cl\u00ed\u00adnica Clar\u00f3s","article_publisher":"https:\/\/www.facebook.com\/clinicaclaros","article_modified_time":"2022-12-01T08:43:28+00:00","og_image":[{"width":948,"height":465,"url":"https:\/\/www.clinicaclaros.com\/wp-content\/uploads\/2022\/12\/6387c01164ba0.jpeg","type":"image\/jpeg"}],"twitter_card":"summary_large_image","twitter_site":"@ClinicaClaros","twitter_misc":{"\u041f\u0440\u0438\u043c\u0435\u0440\u043d\u043e\u0435 \u0432\u0440\u0435\u043c\u044f \u0434\u043b\u044f \u0447\u0442\u0435\u043d\u0438\u044f":"4 \u043c\u0438\u043d\u0443\u0442\u044b"},"schema":{"@context":"https:\/\/schema.org","@graph":[{"@type":"WebPage","@id":"https:\/\/www.clinicaclaros.com\/project\/medalla-de-honor-de-barcelona-para-el-dr-pedro-claros-el-cirujano-de-las-sonrisas\/","url":"https:\/\/www.clinicaclaros.com\/project\/medalla-de-honor-de-barcelona-para-el-dr-pedro-claros-el-cirujano-de-las-sonrisas\/","name":"Medalla de Honor de Barcelona para el Dr. Pedro Clar\u00f3s, el \"cirujano de las sonrisas\" - Cl\u00ed\u00adnica Clar\u00f3s","isPartOf":{"@id":"https:\/\/www.clinicaclaros.com\/#website"},"primaryImageOfPage":{"@id":"https:\/\/www.clinicaclaros.com\/project\/medalla-de-honor-de-barcelona-para-el-dr-pedro-claros-el-cirujano-de-las-sonrisas\/#primaryimage"},"image":{"@id":"https:\/\/www.clinicaclaros.com\/project\/medalla-de-honor-de-barcelona-para-el-dr-pedro-claros-el-cirujano-de-las-sonrisas\/#primaryimage"},"thumbnailUrl":"https:\/\/www.clinicaclaros.com\/wp-content\/uploads\/2022\/12\/6387c01164ba0.jpeg","datePublished":"2022-12-01T08:17:34+00:00","dateModified":"2022-12-01T08:43:28+00:00","description":"El 30 de noviembre, el Dr. Pedro Clar\u00f3s, recibi\u00f3 la Medalla de Honor de la ciudad de Barcelona a manos de la alcaldesa de la ciudad.","breadcrumb":{"@id":"https:\/\/www.clinicaclaros.com\/project\/medalla-de-honor-de-barcelona-para-el-dr-pedro-claros-el-cirujano-de-las-sonrisas\/#breadcrumb"},"inLanguage":"ru-RU","potentialAction":[{"@type":"ReadAction","target":["https:\/\/www.clinicaclaros.com\/project\/medalla-de-honor-de-barcelona-para-el-dr-pedro-claros-el-cirujano-de-las-sonrisas\/"]}]},{"@type":"ImageObject","inLanguage":"ru-RU","@id":"https:\/\/www.clinicaclaros.com\/project\/medalla-de-honor-de-barcelona-para-el-dr-pedro-claros-el-cirujano-de-las-sonrisas\/#primaryimage","url":"https:\/\/www.clinicaclaros.com\/wp-content\/uploads\/2022\/12\/6387c01164ba0.jpeg","contentUrl":"https:\/\/www.clinicaclaros.com\/wp-content\/uploads\/2022\/12\/6387c01164ba0.jpeg","width":948,"height":465},{"@type":"BreadcrumbList","@id":"https:\/\/www.clinicaclaros.com\/project\/medalla-de-honor-de-barcelona-para-el-dr-pedro-claros-el-cirujano-de-las-sonrisas\/#breadcrumb","itemListElement":[{"@type":"ListItem","position":1,"name":"Portada","item":"https:\/\/www.clinicaclaros.com\/"},{"@type":"ListItem","position":2,"name":"Portafolio","item":"https:\/\/www.clinicaclaros.com\/project\/"},{"@type":"ListItem","position":3,"name":"Medalla de Honor de Barcelona para el Dr. Pedro Clar\u00f3s, el \u00abcirujano de las sonrisas\u00bb"}]},{"@type":"WebSite","@id":"https:\/\/www.clinicaclaros.com\/#website","url":"https:\/\/www.clinicaclaros.com\/","name":"Cl\u00ed\u00adnica Clar\u00f3s","description":"Otorrinolaringolog\u00eda y Cirug\u00eda Pl\u00e1stica Facial","publisher":{"@id":"https:\/\/www.clinicaclaros.com\/#organization"},"potentialAction":[{"@type":"SearchAction","target":{"@type":"EntryPoint","urlTemplate":"https:\/\/www.clinicaclaros.com\/?s={search_term_string}"},"query-input":{"@type":"PropertyValueSpecification","valueRequired":true,"valueName":"search_term_string"}}],"inLanguage":"ru-RU"},{"@type":"Organization","@id":"https:\/\/www.clinicaclaros.com\/#organization","name":"Cl\u00ednica Clar\u00f3s","url":"https:\/\/www.clinicaclaros.com\/","logo":{"@type":"ImageObject","inLanguage":"ru-RU","@id":"https:\/\/www.clinicaclaros.com\/#\/schema\/logo\/image\/","url":"https:\/\/www.clinicaclaros.com\/wp-content\/uploads\/2015\/06\/logoalargadocabecera.jpg","contentUrl":"https:\/\/www.clinicaclaros.com\/wp-content\/uploads\/2015\/06\/logoalargadocabecera.jpg","width":200,"height":60,"caption":"Cl\u00ednica Clar\u00f3s"},"image":{"@id":"https:\/\/www.clinicaclaros.com\/#\/schema\/logo\/image\/"},"sameAs":["https:\/\/www.facebook.com\/clinicaclaros","https:\/\/x.com\/ClinicaClaros","https:\/\/www.linkedin.com\/company\/cl\u00ednica-clar\u00f3s","https:\/\/www.youtube.com\/user\/FundacioClaros"]}]}},"_links":{"self":[{"href":"https:\/\/www.clinicaclaros.com\/ru\/wp-json\/wp\/v2\/dt_portfolio\/69552","targetHints":{"allow":["GET"]}}],"collection":[{"href":"https:\/\/www.clinicaclaros.com\/ru\/wp-json\/wp\/v2\/dt_portfolio"}],"about":[{"href":"https:\/\/www.clinicaclaros.com\/ru\/wp-json\/wp\/v2\/types\/dt_portfolio"}],"author":[{"embeddable":true,"href":"https:\/\/www.clinicaclaros.com\/ru\/wp-json\/wp\/v2\/users\/1"}],"replies":[{"embeddable":true,"href":"https:\/\/www.clinicaclaros.com\/ru\/wp-json\/wp\/v2\/comments?post=69552"}],"version-history":[{"count":0,"href":"https:\/\/www.clinicaclaros.com\/ru\/wp-json\/wp\/v2\/dt_portfolio\/69552\/revisions"}],"wp:featuredmedia":[{"embeddable":true,"href":"https:\/\/www.clinicaclaros.com\/ru\/wp-json\/wp\/v2\/media\/69561"}],"wp:attachment":[{"href":"https:\/\/www.clinicaclaros.com\/ru\/wp-json\/wp\/v2\/media?parent=69552"}],"wp:term":[{"taxonomy":"dt_portfolio_category","embeddable":true,"href":"https:\/\/www.clinicaclaros.com\/ru\/wp-json\/wp\/v2\/dt_portfolio_category?post=69552"},{"taxonomy":"dt_portfolio_tags","embeddable":true,"href":"https:\/\/www.clinicaclaros.com\/ru\/wp-json\/wp\/v2\/dt_portfolio_tags?post=69552"}],"curies":[{"name":"wp","href":"https:\/\/api.w.org\/{rel}","templated":true}]}}