{"id":36533,"date":"2016-09-09T11:36:32","date_gmt":"2016-09-09T11:36:32","guid":{"rendered":"http:\/\/www.clinicaclaros.com\/?post_type=dt_portfolio&#038;p=36533"},"modified":"2016-09-09T11:48:09","modified_gmt":"2016-09-09T11:48:09","slug":"entrega-de-premio-nick-icorn-2016-a-la-persona-que-mas-ha-hecho-por-la-recuperacion-de-la-memoria-historica-de-la-memoria-submarina","status":"publish","type":"dt_portfolio","link":"https:\/\/www.clinicaclaros.com\/ru\/project\/entrega-de-premio-nick-icorn-2016-a-la-persona-que-mas-ha-hecho-por-la-recuperacion-de-la-memoria-historica-de-la-memoria-submarina\/","title":{"rendered":"(Espa\u00f1ol) Entrega de premio Nick Icorn 2016 a la persona que m\u00e1s ha hecho por la recuperaci\u00f3n de la memoria hist\u00f3rica de la memoria submarina."},"content":{"rendered":"<p class=\"qtranxs-available-languages-message qtranxs-available-languages-message-ru\">\u0418\u0437\u0432\u0438\u043d\u0438\u0442\u0435, \u044d\u0442\u043e\u0442 \u0442\u0435\u0445\u0442 \u0434\u043e\u0441\u0442\u0443\u043f\u0435\u043d \u0442\u043e\u043b\u044c\u043a\u043e \u0432 <a href=\"https:\/\/www.clinicaclaros.com\/es\/wp-json\/wp\/v2\/dt_portfolio\/36533\" class=\"qtranxs-available-language-link qtranxs-available-language-link-es\" title=\"Espa\u00f1ol\">Espa\u00f1ol<\/a>.<\/p>","protected":false},"excerpt":{"rendered":"<p>\u0418\u0437\u0432\u0438\u043d\u0438\u0442\u0435, \u044d\u0442\u043e\u0442 \u0442\u0435\u0445\u0442 \u0434\u043e\u0441\u0442\u0443\u043f\u0435\u043d \u0442\u043e\u043b\u044c\u043a\u043e \u0432 Espa\u00f1ol.<\/p>\n","protected":false},"author":1,"featured_media":36535,"comment_status":"closed","ping_status":"closed","template":"","dt_portfolio_category":[73],"dt_portfolio_tags":[],"class_list":["post-36533","dt_portfolio","type-dt_portfolio","status-publish","has-post-thumbnail","hentry","dt_portfolio_category-noticias","dt_portfolio_category-73","description-off"],"yoast_head":"<!-- This site is optimized with the Yoast SEO plugin v27.4 - https:\/\/yoast.com\/product\/yoast-seo-wordpress\/ -->\n<title><\/title>\n<meta name=\"robots\" content=\"noindex, follow\" \/>\n<meta property=\"og:locale\" content=\"ru_RU\" \/>\n<meta property=\"og:type\" content=\"article\" \/>\n<meta property=\"og:title\" content=\"[:es]Entrega de premio Nick Icorn 2016 a la persona que m\u00e1s ha hecho por la recuperaci\u00f3n de la memoria hist\u00f3rica de la memoria submarina.[:] - Cl\u00ed\u00adnica Clar\u00f3s\" \/>\n<meta property=\"og:description\" content=\"\u0418\u0437\u0432\u0438\u043d\u0438\u0442\u0435, \u044d\u0442\u043e\u0442 \u0442\u0435\u0445\u0442 \u0434\u043e\u0441\u0442\u0443\u043f\u0435\u043d \u0442\u043e\u043b\u044c\u043a\u043e \u0432 Espa\u00f1ol.\" \/>\n<meta property=\"og:url\" content=\"https:\/\/www.clinicaclaros.com\/en\/project\/entrega-de-premio-nick-icorn-2016-a-la-persona-que-mas-ha-hecho-por-la-recuperacion-de-la-memoria-historica-de-la-memoria-submarina\/\" \/>\n<meta property=\"og:site_name\" content=\"Cl\u00ed\u00adnica Clar\u00f3s\" \/>\n<meta property=\"article:publisher\" content=\"https:\/\/www.facebook.com\/clinicaclaros\" \/>\n<meta property=\"article:modified_time\" content=\"2016-09-09T11:48:09+00:00\" \/>\n<meta property=\"og:image\" content=\"https:\/\/www.clinicaclaros.com\/wp-content\/uploads\/2016\/09\/13925855_1749808178595405_3635232816285465152_o.jpg\" \/>\n\t<meta property=\"og:image:width\" content=\"720\" \/>\n\t<meta property=\"og:image:height\" content=\"478\" \/>\n\t<meta property=\"og:image:type\" content=\"image\/jpeg\" \/>\n<meta name=\"twitter:card\" content=\"summary_large_image\" \/>\n<meta name=\"twitter:site\" content=\"@ClinicaClaros\" \/>\n<meta name=\"twitter:label1\" content=\"\u041f\u0440\u0438\u043c\u0435\u0440\u043d\u043e\u0435 \u0432\u0440\u0435\u043c\u044f \u0434\u043b\u044f \u0447\u0442\u0435\u043d\u0438\u044f\" \/>\n\t<meta name=\"twitter:data1\" content=\"2 \u043c\u0438\u043d\u0443\u0442\u044b\" \/>\n<script type=\"application\/ld+json\" class=\"yoast-schema-graph\">{\"@context\":\"https:\\\/\\\/schema.org\",\"@graph\":[{\"@type\":\"WebPage\",\"@id\":\"https:\\\/\\\/www.clinicaclaros.com\\\/en\\\/project\\\/entrega-de-premio-nick-icorn-2016-a-la-persona-que-mas-ha-hecho-por-la-recuperacion-de-la-memoria-historica-de-la-memoria-submarina\\\/\",\"url\":\"https:\\\/\\\/www.clinicaclaros.com\\\/en\\\/project\\\/entrega-de-premio-nick-icorn-2016-a-la-persona-que-mas-ha-hecho-por-la-recuperacion-de-la-memoria-historica-de-la-memoria-submarina\\\/\",\"name\":\"[:es]Entrega de premio Nick Icorn 2016 a la persona que m\u00e1s ha hecho por la recuperaci\u00f3n de la memoria hist\u00f3rica de la memoria submarina.[:] - Cl\u00ed\u00adnica Clar\u00f3s\",\"isPartOf\":{\"@id\":\"https:\\\/\\\/www.clinicaclaros.com\\\/#website\"},\"primaryImageOfPage\":{\"@id\":\"https:\\\/\\\/www.clinicaclaros.com\\\/en\\\/project\\\/entrega-de-premio-nick-icorn-2016-a-la-persona-que-mas-ha-hecho-por-la-recuperacion-de-la-memoria-historica-de-la-memoria-submarina\\\/#primaryimage\"},\"image\":{\"@id\":\"https:\\\/\\\/www.clinicaclaros.com\\\/en\\\/project\\\/entrega-de-premio-nick-icorn-2016-a-la-persona-que-mas-ha-hecho-por-la-recuperacion-de-la-memoria-historica-de-la-memoria-submarina\\\/#primaryimage\"},\"thumbnailUrl\":\"https:\\\/\\\/www.clinicaclaros.com\\\/wp-content\\\/uploads\\\/2016\\\/09\\\/13925855_1749808178595405_3635232816285465152_o.jpg\",\"datePublished\":\"2016-09-09T11:36:32+00:00\",\"dateModified\":\"2016-09-09T11:48:09+00:00\",\"breadcrumb\":{\"@id\":\"https:\\\/\\\/www.clinicaclaros.com\\\/en\\\/project\\\/entrega-de-premio-nick-icorn-2016-a-la-persona-que-mas-ha-hecho-por-la-recuperacion-de-la-memoria-historica-de-la-memoria-submarina\\\/#breadcrumb\"},\"inLanguage\":\"ru-RU\",\"potentialAction\":[{\"@type\":\"ReadAction\",\"target\":[\"https:\\\/\\\/www.clinicaclaros.com\\\/en\\\/project\\\/entrega-de-premio-nick-icorn-2016-a-la-persona-que-mas-ha-hecho-por-la-recuperacion-de-la-memoria-historica-de-la-memoria-submarina\\\/\"]}]},{\"@type\":\"ImageObject\",\"inLanguage\":\"ru-RU\",\"@id\":\"https:\\\/\\\/www.clinicaclaros.com\\\/en\\\/project\\\/entrega-de-premio-nick-icorn-2016-a-la-persona-que-mas-ha-hecho-por-la-recuperacion-de-la-memoria-historica-de-la-memoria-submarina\\\/#primaryimage\",\"url\":\"https:\\\/\\\/www.clinicaclaros.com\\\/wp-content\\\/uploads\\\/2016\\\/09\\\/13925855_1749808178595405_3635232816285465152_o.jpg\",\"contentUrl\":\"https:\\\/\\\/www.clinicaclaros.com\\\/wp-content\\\/uploads\\\/2016\\\/09\\\/13925855_1749808178595405_3635232816285465152_o.jpg\",\"width\":720,\"height\":478},{\"@type\":\"BreadcrumbList\",\"@id\":\"https:\\\/\\\/www.clinicaclaros.com\\\/en\\\/project\\\/entrega-de-premio-nick-icorn-2016-a-la-persona-que-mas-ha-hecho-por-la-recuperacion-de-la-memoria-historica-de-la-memoria-submarina\\\/#breadcrumb\",\"itemListElement\":[{\"@type\":\"ListItem\",\"position\":1,\"name\":\"Portada\",\"item\":\"https:\\\/\\\/www.clinicaclaros.com\\\/\"},{\"@type\":\"ListItem\",\"position\":2,\"name\":\"Portafolio\",\"item\":\"https:\\\/\\\/www.clinicaclaros.com\\\/project\\\/\"},{\"@type\":\"ListItem\",\"position\":3,\"name\":\"(Espa\u00f1ol) Entrega de premio Nick Icorn 2016 a la persona que m\u00e1s ha hecho por la recuperaci\u00f3n de la memoria hist\u00f3rica de la memoria submarina.\"}]},{\"@type\":\"WebSite\",\"@id\":\"https:\\\/\\\/www.clinicaclaros.com\\\/#website\",\"url\":\"https:\\\/\\\/www.clinicaclaros.com\\\/\",\"name\":\"Cl\u00ed\u00adnica Clar\u00f3s\",\"description\":\"Otorrinolaringolog\u00eda y Cirug\u00eda Pl\u00e1stica Facial\",\"publisher\":{\"@id\":\"https:\\\/\\\/www.clinicaclaros.com\\\/#organization\"},\"potentialAction\":[{\"@type\":\"SearchAction\",\"target\":{\"@type\":\"EntryPoint\",\"urlTemplate\":\"https:\\\/\\\/www.clinicaclaros.com\\\/?s={search_term_string}\"},\"query-input\":{\"@type\":\"PropertyValueSpecification\",\"valueRequired\":true,\"valueName\":\"search_term_string\"}}],\"inLanguage\":\"ru-RU\"},{\"@type\":\"Organization\",\"@id\":\"https:\\\/\\\/www.clinicaclaros.com\\\/#organization\",\"name\":\"Cl\u00ednica Clar\u00f3s\",\"url\":\"https:\\\/\\\/www.clinicaclaros.com\\\/\",\"logo\":{\"@type\":\"ImageObject\",\"inLanguage\":\"ru-RU\",\"@id\":\"https:\\\/\\\/www.clinicaclaros.com\\\/#\\\/schema\\\/logo\\\/image\\\/\",\"url\":\"https:\\\/\\\/www.clinicaclaros.com\\\/wp-content\\\/uploads\\\/2015\\\/06\\\/logoalargadocabecera.jpg\",\"contentUrl\":\"https:\\\/\\\/www.clinicaclaros.com\\\/wp-content\\\/uploads\\\/2015\\\/06\\\/logoalargadocabecera.jpg\",\"width\":200,\"height\":60,\"caption\":\"Cl\u00ednica Clar\u00f3s\"},\"image\":{\"@id\":\"https:\\\/\\\/www.clinicaclaros.com\\\/#\\\/schema\\\/logo\\\/image\\\/\"},\"sameAs\":[\"https:\\\/\\\/www.facebook.com\\\/clinicaclaros\",\"https:\\\/\\\/x.com\\\/ClinicaClaros\",\"https:\\\/\\\/www.linkedin.com\\\/company\\\/cl\u00ednica-clar\u00f3s\",\"https:\\\/\\\/www.youtube.com\\\/user\\\/FundacioClaros\"]}]}<\/script>\n<!-- \/ Yoast SEO plugin. -->","yoast_head_json":{"title":"[:es]Entrega de premio Nick Icorn 2016 a la persona que m\u00e1s ha hecho por la recuperaci\u00f3n de la memoria hist\u00f3rica de la memoria submarina.[:] - Cl\u00ed\u00adnica Clar\u00f3s","robots":{"index":"noindex","follow":"follow"},"og_locale":"ru_RU","og_type":"article","og_title":"[:es]Entrega de premio Nick Icorn 2016 a la persona que m\u00e1s ha hecho por la recuperaci\u00f3n de la memoria hist\u00f3rica de la memoria submarina.[:] - Cl\u00ed\u00adnica Clar\u00f3s","og_description":"\u0418\u0437\u0432\u0438\u043d\u0438\u0442\u0435, \u044d\u0442\u043e\u0442 \u0442\u0435\u0445\u0442 \u0434\u043e\u0441\u0442\u0443\u043f\u0435\u043d \u0442\u043e\u043b\u044c\u043a\u043e \u0432 Espa\u00f1ol.","og_url":"https:\/\/www.clinicaclaros.com\/en\/project\/entrega-de-premio-nick-icorn-2016-a-la-persona-que-mas-ha-hecho-por-la-recuperacion-de-la-memoria-historica-de-la-memoria-submarina\/","og_site_name":"Cl\u00ed\u00adnica Clar\u00f3s","article_publisher":"https:\/\/www.facebook.com\/clinicaclaros","article_modified_time":"2016-09-09T11:48:09+00:00","og_image":[{"width":720,"height":478,"url":"https:\/\/www.clinicaclaros.com\/wp-content\/uploads\/2016\/09\/13925855_1749808178595405_3635232816285465152_o.jpg","type":"image\/jpeg"}],"twitter_card":"summary_large_image","twitter_site":"@ClinicaClaros","twitter_misc":{"\u041f\u0440\u0438\u043c\u0435\u0440\u043d\u043e\u0435 \u0432\u0440\u0435\u043c\u044f \u0434\u043b\u044f \u0447\u0442\u0435\u043d\u0438\u044f":"2 \u043c\u0438\u043d\u0443\u0442\u044b"},"schema":{"@context":"https:\/\/schema.org","@graph":[{"@type":"WebPage","@id":"https:\/\/www.clinicaclaros.com\/en\/project\/entrega-de-premio-nick-icorn-2016-a-la-persona-que-mas-ha-hecho-por-la-recuperacion-de-la-memoria-historica-de-la-memoria-submarina\/","url":"https:\/\/www.clinicaclaros.com\/en\/project\/entrega-de-premio-nick-icorn-2016-a-la-persona-que-mas-ha-hecho-por-la-recuperacion-de-la-memoria-historica-de-la-memoria-submarina\/","name":"[:es]Entrega de premio Nick Icorn 2016 a la persona que m\u00e1s ha hecho por la recuperaci\u00f3n de la memoria hist\u00f3rica de la memoria submarina.[:] - Cl\u00ed\u00adnica Clar\u00f3s","isPartOf":{"@id":"https:\/\/www.clinicaclaros.com\/#website"},"primaryImageOfPage":{"@id":"https:\/\/www.clinicaclaros.com\/en\/project\/entrega-de-premio-nick-icorn-2016-a-la-persona-que-mas-ha-hecho-por-la-recuperacion-de-la-memoria-historica-de-la-memoria-submarina\/#primaryimage"},"image":{"@id":"https:\/\/www.clinicaclaros.com\/en\/project\/entrega-de-premio-nick-icorn-2016-a-la-persona-que-mas-ha-hecho-por-la-recuperacion-de-la-memoria-historica-de-la-memoria-submarina\/#primaryimage"},"thumbnailUrl":"https:\/\/www.clinicaclaros.com\/wp-content\/uploads\/2016\/09\/13925855_1749808178595405_3635232816285465152_o.jpg","datePublished":"2016-09-09T11:36:32+00:00","dateModified":"2016-09-09T11:48:09+00:00","breadcrumb":{"@id":"https:\/\/www.clinicaclaros.com\/en\/project\/entrega-de-premio-nick-icorn-2016-a-la-persona-que-mas-ha-hecho-por-la-recuperacion-de-la-memoria-historica-de-la-memoria-submarina\/#breadcrumb"},"inLanguage":"ru-RU","potentialAction":[{"@type":"ReadAction","target":["https:\/\/www.clinicaclaros.com\/en\/project\/entrega-de-premio-nick-icorn-2016-a-la-persona-que-mas-ha-hecho-por-la-recuperacion-de-la-memoria-historica-de-la-memoria-submarina\/"]}]},{"@type":"ImageObject","inLanguage":"ru-RU","@id":"https:\/\/www.clinicaclaros.com\/en\/project\/entrega-de-premio-nick-icorn-2016-a-la-persona-que-mas-ha-hecho-por-la-recuperacion-de-la-memoria-historica-de-la-memoria-submarina\/#primaryimage","url":"https:\/\/www.clinicaclaros.com\/wp-content\/uploads\/2016\/09\/13925855_1749808178595405_3635232816285465152_o.jpg","contentUrl":"https:\/\/www.clinicaclaros.com\/wp-content\/uploads\/2016\/09\/13925855_1749808178595405_3635232816285465152_o.jpg","width":720,"height":478},{"@type":"BreadcrumbList","@id":"https:\/\/www.clinicaclaros.com\/en\/project\/entrega-de-premio-nick-icorn-2016-a-la-persona-que-mas-ha-hecho-por-la-recuperacion-de-la-memoria-historica-de-la-memoria-submarina\/#breadcrumb","itemListElement":[{"@type":"ListItem","position":1,"name":"Portada","item":"https:\/\/www.clinicaclaros.com\/"},{"@type":"ListItem","position":2,"name":"Portafolio","item":"https:\/\/www.clinicaclaros.com\/project\/"},{"@type":"ListItem","position":3,"name":"(Espa\u00f1ol) Entrega de premio Nick Icorn 2016 a la persona que m\u00e1s ha hecho por la recuperaci\u00f3n de la memoria hist\u00f3rica de la memoria submarina."}]},{"@type":"WebSite","@id":"https:\/\/www.clinicaclaros.com\/#website","url":"https:\/\/www.clinicaclaros.com\/","name":"Cl\u00ed\u00adnica Clar\u00f3s","description":"Otorrinolaringolog\u00eda y Cirug\u00eda Pl\u00e1stica Facial","publisher":{"@id":"https:\/\/www.clinicaclaros.com\/#organization"},"potentialAction":[{"@type":"SearchAction","target":{"@type":"EntryPoint","urlTemplate":"https:\/\/www.clinicaclaros.com\/?s={search_term_string}"},"query-input":{"@type":"PropertyValueSpecification","valueRequired":true,"valueName":"search_term_string"}}],"inLanguage":"ru-RU"},{"@type":"Organization","@id":"https:\/\/www.clinicaclaros.com\/#organization","name":"Cl\u00ednica Clar\u00f3s","url":"https:\/\/www.clinicaclaros.com\/","logo":{"@type":"ImageObject","inLanguage":"ru-RU","@id":"https:\/\/www.clinicaclaros.com\/#\/schema\/logo\/image\/","url":"https:\/\/www.clinicaclaros.com\/wp-content\/uploads\/2015\/06\/logoalargadocabecera.jpg","contentUrl":"https:\/\/www.clinicaclaros.com\/wp-content\/uploads\/2015\/06\/logoalargadocabecera.jpg","width":200,"height":60,"caption":"Cl\u00ednica Clar\u00f3s"},"image":{"@id":"https:\/\/www.clinicaclaros.com\/#\/schema\/logo\/image\/"},"sameAs":["https:\/\/www.facebook.com\/clinicaclaros","https:\/\/x.com\/ClinicaClaros","https:\/\/www.linkedin.com\/company\/cl\u00ednica-clar\u00f3s","https:\/\/www.youtube.com\/user\/FundacioClaros"]}]}},"_links":{"self":[{"href":"https:\/\/www.clinicaclaros.com\/ru\/wp-json\/wp\/v2\/dt_portfolio\/36533","targetHints":{"allow":["GET"]}}],"collection":[{"href":"https:\/\/www.clinicaclaros.com\/ru\/wp-json\/wp\/v2\/dt_portfolio"}],"about":[{"href":"https:\/\/www.clinicaclaros.com\/ru\/wp-json\/wp\/v2\/types\/dt_portfolio"}],"author":[{"embeddable":true,"href":"https:\/\/www.clinicaclaros.com\/ru\/wp-json\/wp\/v2\/users\/1"}],"replies":[{"embeddable":true,"href":"https:\/\/www.clinicaclaros.com\/ru\/wp-json\/wp\/v2\/comments?post=36533"}],"version-history":[{"count":0,"href":"https:\/\/www.clinicaclaros.com\/ru\/wp-json\/wp\/v2\/dt_portfolio\/36533\/revisions"}],"wp:featuredmedia":[{"embeddable":true,"href":"https:\/\/www.clinicaclaros.com\/ru\/wp-json\/wp\/v2\/media\/36535"}],"wp:attachment":[{"href":"https:\/\/www.clinicaclaros.com\/ru\/wp-json\/wp\/v2\/media?parent=36533"}],"wp:term":[{"taxonomy":"dt_portfolio_category","embeddable":true,"href":"https:\/\/www.clinicaclaros.com\/ru\/wp-json\/wp\/v2\/dt_portfolio_category?post=36533"},{"taxonomy":"dt_portfolio_tags","embeddable":true,"href":"https:\/\/www.clinicaclaros.com\/ru\/wp-json\/wp\/v2\/dt_portfolio_tags?post=36533"}],"curies":[{"name":"wp","href":"https:\/\/api.w.org\/{rel}","templated":true}]}}