{"id":38140,"date":"2020-11-24T09:45:41","date_gmt":"2020-11-24T09:45:41","guid":{"rendered":"http:\/\/www.clinicaclaros.com\/?page_id=38140"},"modified":"2020-11-24T09:54:11","modified_gmt":"2020-11-24T09:54:11","slug":"covid19","status":"publish","type":"page","link":"https:\/\/www.clinicaclaros.com\/en\/covid19\/","title":{"rendered":"Covid19"},"content":{"rendered":"<p><\/p>\n<p style=\"text-align: center;\"><span class=\"cp_responsive cp_font\" data-font-size=\"16px\"><span data-font-size=\"14px\"><strong>COVID-19 INFORMATION NOTICE<\/strong><\/span><\/span><\/p>\n<p style=\"text-align: center;\">During the course of our existence, our priority has been to attend patients.<br \/>\nIn response to the fidelity they have had with us, in these difficult moments, our commitment<br \/>\nis to provide the safest possible enviroment for our patients, and that is why, at Cl\u00ednica Clar\u00f3s,<br \/>\nwe have adapted the highest safety and hygiene measures, apart from attending\u00a0 them in<br \/>\nbetter conditions, avoiding contagion and spread of CoVid-19. Immediate assistance, isolation from<br \/>\nother patients, constant disinfection of the facilities.<\/p>\n<p style=\"text-align: center;\">Daily attention of all emergencies.<\/p>\n<p style=\"text-align: center;\">[vc_single_image image=&#8221;37879&#8243; img_size=&#8221;medium&#8221; alignment=&#8221;center&#8221;]<\/p>\n<p style=\"text-align: center;\">May request appointment via telephone or email.<br \/>\nclinica@clinicaclaros.com<br \/>\n+34 93 203 12 12<\/p>\n<p style=\"text-align: center;\">[vc_single_image image=&#8221;36015&#8243; img_size=&#8221;medium&#8221; alignment=&#8221;center&#8221;]<\/p>\n<p><\/p>","protected":false},"excerpt":{"rendered":"<p>COVID-19 INFORMATION NOTICE During the course of our existence, our priority has been to attend patients. In response to the fidelity they have had with us, in these difficult moments, our commitment is to provide the safest possible enviroment for our patients, and that is why, at Cl\u00ednica Clar\u00f3s, we have adapted the highest safety&hellip;<\/p>\n","protected":false},"author":1,"featured_media":0,"parent":0,"menu_order":0,"comment_status":"closed","ping_status":"closed","template":"","meta":{"_monsterinsights_skip_tracking":false,"_monsterinsights_sitenote_active":false,"_monsterinsights_sitenote_note":"","_monsterinsights_sitenote_category":0,"footnotes":""},"class_list":["post-38140","page","type-page","status-publish","hentry","description-off"],"yoast_head":"<!-- This site is optimized with the Yoast SEO plugin v27.4 - https:\/\/yoast.com\/product\/yoast-seo-wordpress\/ -->\n<title>Covid19 - Cl\u00ed\u00adnica Clar\u00f3s<\/title>\n<meta name=\"description\" content=\"Otorrino Cirug\u00eda Pl\u00e1stica, Contactar, Cl\u00ednica Clar\u00f3s, Equipo profesional. Urgencias Otorrino en Barcelona. Llame ahora. Cirug\u00eda Pl\u00e1stica Facial. Siempre a su servicio. Otorrinolaringolog\u00eda. + 40 a\u00f1os de experiencia. Servicios: Otorrinolaringolog\u00eda, Cirug\u00eda facial.\" \/>\n<meta name=\"robots\" content=\"index, follow, max-snippet:-1, max-image-preview:large, max-video-preview:-1\" \/>\n<link rel=\"canonical\" href=\"https:\/\/www.clinicaclaros.com\/covid19\/\" \/>\n<meta property=\"og:locale\" content=\"en_US\" \/>\n<meta property=\"og:type\" content=\"article\" \/>\n<meta property=\"og:title\" content=\"[:es]Covid19[:en]Covid19[:] - Cl\u00ed\u00adnica Clar\u00f3s\" \/>\n<meta property=\"og:description\" content=\"Otorrino Cirug\u00eda Pl\u00e1stica, Contactar, Cl\u00ednica Clar\u00f3s, Equipo profesional. Urgencias Otorrino en Barcelona. Llame ahora. Cirug\u00eda Pl\u00e1stica Facial. Siempre a su servicio. Otorrinolaringolog\u00eda. + 40 a\u00f1os de experiencia. Servicios: Otorrinolaringolog\u00eda, Cirug\u00eda facial.\" \/>\n<meta property=\"og:url\" content=\"https:\/\/www.clinicaclaros.com\/covid19\/\" \/>\n<meta property=\"og:site_name\" content=\"Cl\u00ed\u00adnica Clar\u00f3s\" \/>\n<meta property=\"article:publisher\" content=\"https:\/\/www.facebook.com\/clinicaclaros\" \/>\n<meta property=\"article:modified_time\" content=\"2020-11-24T09:54:11+00:00\" \/>\n<meta name=\"twitter:card\" content=\"summary_large_image\" \/>\n<meta name=\"twitter:site\" content=\"@ClinicaClaros\" \/>\n<meta name=\"twitter:label1\" content=\"Est. reading time\" \/>\n\t<meta name=\"twitter:data1\" content=\"1 minute\" \/>\n<script type=\"application\/ld+json\" class=\"yoast-schema-graph\">{\"@context\":\"https:\\\/\\\/schema.org\",\"@graph\":[{\"@type\":\"WebPage\",\"@id\":\"https:\\\/\\\/www.clinicaclaros.com\\\/covid19\\\/\",\"url\":\"https:\\\/\\\/www.clinicaclaros.com\\\/covid19\\\/\",\"name\":\"[:es]Covid19[:en]Covid19[:] - Cl\u00ed\u00adnica Clar\u00f3s\",\"isPartOf\":{\"@id\":\"https:\\\/\\\/www.clinicaclaros.com\\\/#website\"},\"datePublished\":\"2020-11-24T09:45:41+00:00\",\"dateModified\":\"2020-11-24T09:54:11+00:00\",\"description\":\"Otorrino Cirug\u00eda Pl\u00e1stica, Contactar, Cl\u00ednica Clar\u00f3s, Equipo profesional. Urgencias Otorrino en Barcelona. Llame ahora. Cirug\u00eda Pl\u00e1stica Facial. Siempre a su servicio. Otorrinolaringolog\u00eda. + 40 a\u00f1os de experiencia. Servicios: Otorrinolaringolog\u00eda, Cirug\u00eda facial.\",\"breadcrumb\":{\"@id\":\"https:\\\/\\\/www.clinicaclaros.com\\\/covid19\\\/#breadcrumb\"},\"inLanguage\":\"en-US\",\"potentialAction\":[{\"@type\":\"ReadAction\",\"target\":[\"https:\\\/\\\/www.clinicaclaros.com\\\/covid19\\\/\"]}]},{\"@type\":\"BreadcrumbList\",\"@id\":\"https:\\\/\\\/www.clinicaclaros.com\\\/covid19\\\/#breadcrumb\",\"itemListElement\":[{\"@type\":\"ListItem\",\"position\":1,\"name\":\"Portada\",\"item\":\"https:\\\/\\\/www.clinicaclaros.com\\\/\"},{\"@type\":\"ListItem\",\"position\":2,\"name\":\"Covid19\"}]},{\"@type\":\"WebSite\",\"@id\":\"https:\\\/\\\/www.clinicaclaros.com\\\/#website\",\"url\":\"https:\\\/\\\/www.clinicaclaros.com\\\/\",\"name\":\"Cl\u00ed\u00adnica Clar\u00f3s\",\"description\":\"Otorrinolaringolog\u00eda y Cirug\u00eda Pl\u00e1stica Facial\",\"publisher\":{\"@id\":\"https:\\\/\\\/www.clinicaclaros.com\\\/#organization\"},\"potentialAction\":[{\"@type\":\"SearchAction\",\"target\":{\"@type\":\"EntryPoint\",\"urlTemplate\":\"https:\\\/\\\/www.clinicaclaros.com\\\/?s={search_term_string}\"},\"query-input\":{\"@type\":\"PropertyValueSpecification\",\"valueRequired\":true,\"valueName\":\"search_term_string\"}}],\"inLanguage\":\"en-US\"},{\"@type\":\"Organization\",\"@id\":\"https:\\\/\\\/www.clinicaclaros.com\\\/#organization\",\"name\":\"Cl\u00ednica Clar\u00f3s\",\"url\":\"https:\\\/\\\/www.clinicaclaros.com\\\/\",\"logo\":{\"@type\":\"ImageObject\",\"inLanguage\":\"en-US\",\"@id\":\"https:\\\/\\\/www.clinicaclaros.com\\\/#\\\/schema\\\/logo\\\/image\\\/\",\"url\":\"https:\\\/\\\/www.clinicaclaros.com\\\/wp-content\\\/uploads\\\/2015\\\/06\\\/logoalargadocabecera.jpg\",\"contentUrl\":\"https:\\\/\\\/www.clinicaclaros.com\\\/wp-content\\\/uploads\\\/2015\\\/06\\\/logoalargadocabecera.jpg\",\"width\":200,\"height\":60,\"caption\":\"Cl\u00ednica Clar\u00f3s\"},\"image\":{\"@id\":\"https:\\\/\\\/www.clinicaclaros.com\\\/#\\\/schema\\\/logo\\\/image\\\/\"},\"sameAs\":[\"https:\\\/\\\/www.facebook.com\\\/clinicaclaros\",\"https:\\\/\\\/x.com\\\/ClinicaClaros\",\"https:\\\/\\\/www.linkedin.com\\\/company\\\/cl\u00ednica-clar\u00f3s\",\"https:\\\/\\\/www.youtube.com\\\/user\\\/FundacioClaros\"]}]}<\/script>\n<!-- \/ Yoast SEO plugin. -->","yoast_head_json":{"title":"[:es]Covid19[:en]Covid19[:] - Cl\u00ed\u00adnica Clar\u00f3s","description":"Otorrino Cirug\u00eda Pl\u00e1stica, Contactar, Cl\u00ednica Clar\u00f3s, Equipo profesional. Urgencias Otorrino en Barcelona. Llame ahora. Cirug\u00eda Pl\u00e1stica Facial. Siempre a su servicio. Otorrinolaringolog\u00eda. + 40 a\u00f1os de experiencia. Servicios: Otorrinolaringolog\u00eda, Cirug\u00eda facial.","robots":{"index":"index","follow":"follow","max-snippet":"max-snippet:-1","max-image-preview":"max-image-preview:large","max-video-preview":"max-video-preview:-1"},"canonical":"https:\/\/www.clinicaclaros.com\/covid19\/","og_locale":"en_US","og_type":"article","og_title":"[:es]Covid19[:en]Covid19[:] - Cl\u00ed\u00adnica Clar\u00f3s","og_description":"Otorrino Cirug\u00eda Pl\u00e1stica, Contactar, Cl\u00ednica Clar\u00f3s, Equipo profesional. Urgencias Otorrino en Barcelona. Llame ahora. Cirug\u00eda Pl\u00e1stica Facial. Siempre a su servicio. Otorrinolaringolog\u00eda. + 40 a\u00f1os de experiencia. Servicios: Otorrinolaringolog\u00eda, Cirug\u00eda facial.","og_url":"https:\/\/www.clinicaclaros.com\/covid19\/","og_site_name":"Cl\u00ed\u00adnica Clar\u00f3s","article_publisher":"https:\/\/www.facebook.com\/clinicaclaros","article_modified_time":"2020-11-24T09:54:11+00:00","twitter_card":"summary_large_image","twitter_site":"@ClinicaClaros","twitter_misc":{"Est. reading time":"1 minute"},"schema":{"@context":"https:\/\/schema.org","@graph":[{"@type":"WebPage","@id":"https:\/\/www.clinicaclaros.com\/covid19\/","url":"https:\/\/www.clinicaclaros.com\/covid19\/","name":"[:es]Covid19[:en]Covid19[:] - Cl\u00ed\u00adnica Clar\u00f3s","isPartOf":{"@id":"https:\/\/www.clinicaclaros.com\/#website"},"datePublished":"2020-11-24T09:45:41+00:00","dateModified":"2020-11-24T09:54:11+00:00","description":"Otorrino Cirug\u00eda Pl\u00e1stica, Contactar, Cl\u00ednica Clar\u00f3s, Equipo profesional. Urgencias Otorrino en Barcelona. Llame ahora. Cirug\u00eda Pl\u00e1stica Facial. Siempre a su servicio. Otorrinolaringolog\u00eda. + 40 a\u00f1os de experiencia. Servicios: Otorrinolaringolog\u00eda, Cirug\u00eda facial.","breadcrumb":{"@id":"https:\/\/www.clinicaclaros.com\/covid19\/#breadcrumb"},"inLanguage":"en-US","potentialAction":[{"@type":"ReadAction","target":["https:\/\/www.clinicaclaros.com\/covid19\/"]}]},{"@type":"BreadcrumbList","@id":"https:\/\/www.clinicaclaros.com\/covid19\/#breadcrumb","itemListElement":[{"@type":"ListItem","position":1,"name":"Portada","item":"https:\/\/www.clinicaclaros.com\/"},{"@type":"ListItem","position":2,"name":"Covid19"}]},{"@type":"WebSite","@id":"https:\/\/www.clinicaclaros.com\/#website","url":"https:\/\/www.clinicaclaros.com\/","name":"Cl\u00ed\u00adnica Clar\u00f3s","description":"Otorrinolaringolog\u00eda y Cirug\u00eda Pl\u00e1stica Facial","publisher":{"@id":"https:\/\/www.clinicaclaros.com\/#organization"},"potentialAction":[{"@type":"SearchAction","target":{"@type":"EntryPoint","urlTemplate":"https:\/\/www.clinicaclaros.com\/?s={search_term_string}"},"query-input":{"@type":"PropertyValueSpecification","valueRequired":true,"valueName":"search_term_string"}}],"inLanguage":"en-US"},{"@type":"Organization","@id":"https:\/\/www.clinicaclaros.com\/#organization","name":"Cl\u00ednica Clar\u00f3s","url":"https:\/\/www.clinicaclaros.com\/","logo":{"@type":"ImageObject","inLanguage":"en-US","@id":"https:\/\/www.clinicaclaros.com\/#\/schema\/logo\/image\/","url":"https:\/\/www.clinicaclaros.com\/wp-content\/uploads\/2015\/06\/logoalargadocabecera.jpg","contentUrl":"https:\/\/www.clinicaclaros.com\/wp-content\/uploads\/2015\/06\/logoalargadocabecera.jpg","width":200,"height":60,"caption":"Cl\u00ednica Clar\u00f3s"},"image":{"@id":"https:\/\/www.clinicaclaros.com\/#\/schema\/logo\/image\/"},"sameAs":["https:\/\/www.facebook.com\/clinicaclaros","https:\/\/x.com\/ClinicaClaros","https:\/\/www.linkedin.com\/company\/cl\u00ednica-clar\u00f3s","https:\/\/www.youtube.com\/user\/FundacioClaros"]}]}},"_links":{"self":[{"href":"https:\/\/www.clinicaclaros.com\/en\/wp-json\/wp\/v2\/pages\/38140","targetHints":{"allow":["GET"]}}],"collection":[{"href":"https:\/\/www.clinicaclaros.com\/en\/wp-json\/wp\/v2\/pages"}],"about":[{"href":"https:\/\/www.clinicaclaros.com\/en\/wp-json\/wp\/v2\/types\/page"}],"author":[{"embeddable":true,"href":"https:\/\/www.clinicaclaros.com\/en\/wp-json\/wp\/v2\/users\/1"}],"replies":[{"embeddable":true,"href":"https:\/\/www.clinicaclaros.com\/en\/wp-json\/wp\/v2\/comments?post=38140"}],"version-history":[{"count":0,"href":"https:\/\/www.clinicaclaros.com\/en\/wp-json\/wp\/v2\/pages\/38140\/revisions"}],"wp:attachment":[{"href":"https:\/\/www.clinicaclaros.com\/en\/wp-json\/wp\/v2\/media?parent=38140"}],"curies":[{"name":"wp","href":"https:\/\/api.w.org\/{rel}","templated":true}]}}