{"id":14065,"date":"2014-04-14T12:24:02","date_gmt":"2014-04-14T12:24:02","guid":{"rendered":"http:\/\/the7.dream-demo.com\/?page_id=14065"},"modified":"2020-05-28T07:53:15","modified_gmt":"2020-05-28T07:53:15","slug":"team-shortcode","status":"publish","type":"page","link":"https:\/\/www.clinicaclaros.com\/en\/shortcodes\/5-shortcodes\/team-shortcode\/","title":{"rendered":"Team"},"content":{"rendered":"<div class=\"wpb-content-wrapper\"><p>[vc_row margin_top=&#8221;-5&#8243; margin_bottom=&#8221;0&#8243; padding_left=&#8221;40&#8243; padding_right=&#8221;40&#8243; bg_position=&#8221;top&#8221; bg_repeat=&#8221;no-repeat&#8221; bg_cover=&#8221;false&#8221; bg_attachment=&#8221;false&#8221; padding_top=&#8221;40&#8243; padding_bottom=&#8221;40&#8243; parallax_speed=&#8221;0.1&#8243;][vc_column width=&#8221;1\/1&#8243;]<div class=\"dt-fancy-separator title-left h6-size style-disabled accent-border-color\" style=\"width: 100%;\"><div class=\"dt-fancy-title bg-on\" style=\"color: #ffffff;\"><span class=\"separator-holder separator-left\"><\/span>Round images, background enabled<span class=\"separator-holder separator-right\"><\/span><\/div><\/div>[vc_empty_space height=&#8221;45px&#8221;]<div class=\"wf-container round-images loading-effect-fade-in iso-grid bg-under-post description-under-image content-align-centre\" data-padding=\"5px\" data-cur-page=\"1\" data-width=\"200px\" data-columns=\"3\"><div class=\"wf-cell\" data-post-id=\"45047\" data-date=\"2021-03-04T09:03:22+00:00\" data-name=\"(Espa\u00f1ol) Marta L\u00f3pez Fortuny\">\n\t<div class=\"team-container post-45047 dt_team type-dt_team status-publish hentry bg-on no-img description-off\">\n\n\t\t\n\t\t<div class=\"team-desc\">\n\n\t\t\t<div class=\"team-author\"><div class=\"team-author-name\"><a href=\"https:\/\/www.clinicaclaros.com\/en\/dt_team\/marta-lopez-fortuny\/\">(Espa\u00f1ol) Marta L\u00f3pez Fortuny<\/a><\/div><\/div>\n\t\t<\/div>\n\t<\/div><\/div><div class=\"wf-cell\" data-post-id=\"37912\" data-date=\"2020-05-21T08:52:18+00:00\" data-name=\"(Espa\u00f1ol) Carmen Pujol Vil\u00e0\">\n\t<div class=\"team-container post-37912 dt_team type-dt_team status-publish hentry dt_team_category-otros dt_team_category-79 bg-on no-img description-off\">\n\n\t\t\n\t\t<div class=\"team-desc\">\n\n\t\t\t<div class=\"team-author\"><div class=\"team-author-name\"><a href=\"https:\/\/www.clinicaclaros.com\/en\/dt_team\/37912\/\">(Espa\u00f1ol) Carmen Pujol Vil\u00e0<\/a><\/div><\/div>\n\t\t<\/div>\n\t<\/div><\/div><div class=\"wf-cell\" data-post-id=\"1847\" data-date=\"2020-01-16T11:05:22+00:00\" data-name=\"Miriam Lee\">\n\t<div class=\"team-container post-1847 dt_team type-dt_team status-publish has-post-thumbnail hentry bg-on description-off\">\n\n\t\t<div class=\"team-media\"><a href=\"https:\/\/www.clinicaclaros.com\/en\/dt_team\/miriam-lee\/\" class=\"rollover layzr-bg\"><img fetchpriority=\"high\" decoding=\"async\" class=\"preload-me iso-lazy-load aspect\" src=\"data:image\/svg+xml,%3Csvg%20xmlns%3D&#39;http%3A%2F%2Fwww.w3.org%2F2000%2Fsvg&#39;%20viewBox%3D&#39;0%200%20300%20300&#39;%2F%3E\" data-src=\"https:\/\/www.clinicaclaros.com\/wp-content\/uploads\/2020\/01\/pd016-300x300.jpg\" data-srcset=\"https:\/\/www.clinicaclaros.com\/wp-content\/uploads\/2020\/01\/pd016-300x300.jpg 300w, https:\/\/www.clinicaclaros.com\/wp-content\/uploads\/2020\/01\/pd016-600x600.jpg 600w\" loading=\"eager\" style=\"--ratio: 300 \/ 300\" sizes=\"(max-width: 300px) 100vw, 300px\" width=\"300\" height=\"300\"  title=\"pd016\" alt=\"\" \/><\/a><\/div>\n\t\t<div class=\"team-desc\">\n\n\t\t\t<div class=\"team-author\"><div class=\"team-author-name\"><a href=\"https:\/\/www.clinicaclaros.com\/en\/dt_team\/miriam-lee\/\">Miriam Lee<\/a><\/div><p>junior dentist<\/p><\/div>\n\t\t<\/div>\n\t<\/div><\/div><div class=\"wf-cell\" data-post-id=\"406\" data-date=\"2018-10-22T15:16:08+00:00\" data-name=\"Olivia Walsh\">\n\t<div class=\"team-container post-406 dt_team type-dt_team status-publish has-post-thumbnail hentry bg-on description-off\">\n\n\t\t<div class=\"team-media\"><a href=\"https:\/\/www.clinicaclaros.com\/en\/dt_team\/olivia-walsh\/\" class=\"rollover layzr-bg\"><img decoding=\"async\" class=\"preload-me iso-lazy-load aspect\" src=\"data:image\/svg+xml,%3Csvg%20xmlns%3D&#39;http%3A%2F%2Fwww.w3.org%2F2000%2Fsvg&#39;%20viewBox%3D&#39;0%200%20300%20300&#39;%2F%3E\" data-src=\"https:\/\/www.clinicaclaros.com\/wp-content\/uploads\/2020\/01\/pd001-300x300.jpg\" data-srcset=\"https:\/\/www.clinicaclaros.com\/wp-content\/uploads\/2020\/01\/pd001-300x300.jpg 300w, https:\/\/www.clinicaclaros.com\/wp-content\/uploads\/2020\/01\/pd001-600x600.jpg 600w\" loading=\"eager\" style=\"--ratio: 300 \/ 300\" sizes=\"(max-width: 300px) 100vw, 300px\" width=\"300\" height=\"300\"  title=\"pd001\" alt=\"\" \/><\/a><\/div>\n\t\t<div class=\"team-desc\">\n\n\t\t\t<div class=\"team-author\"><div class=\"team-author-name\"><a href=\"https:\/\/www.clinicaclaros.com\/en\/dt_team\/olivia-walsh\/\">Olivia Walsh<\/a><\/div><p>dental surgeon<\/p><\/div>\n\t\t<\/div>\n\t<\/div><\/div><div class=\"wf-cell\" data-post-id=\"409\" data-date=\"2017-10-30T15:22:23+00:00\" data-name=\"Logan White\">\n\t<div class=\"team-container post-409 dt_team type-dt_team status-publish has-post-thumbnail hentry bg-on description-off\">\n\n\t\t<div class=\"team-media\"><a href=\"https:\/\/www.clinicaclaros.com\/en\/dt_team\/logan-white\/\" class=\"rollover layzr-bg\"><img decoding=\"async\" class=\"preload-me iso-lazy-load aspect\" src=\"data:image\/svg+xml,%3Csvg%20xmlns%3D&#39;http%3A%2F%2Fwww.w3.org%2F2000%2Fsvg&#39;%20viewBox%3D&#39;0%200%20300%20300&#39;%2F%3E\" data-src=\"https:\/\/www.clinicaclaros.com\/wp-content\/uploads\/2020\/01\/pd010-300x300.jpg\" data-srcset=\"https:\/\/www.clinicaclaros.com\/wp-content\/uploads\/2020\/01\/pd010-300x300.jpg 300w, https:\/\/www.clinicaclaros.com\/wp-content\/uploads\/2020\/01\/pd010-600x600.jpg 600w\" loading=\"eager\" style=\"--ratio: 300 \/ 300\" sizes=\"(max-width: 300px) 100vw, 300px\" width=\"300\" height=\"300\"  title=\"pd010\" alt=\"\" \/><\/a><\/div>\n\t\t<div class=\"team-desc\">\n\n\t\t\t<div class=\"team-author\"><div class=\"team-author-name\"><a href=\"https:\/\/www.clinicaclaros.com\/en\/dt_team\/logan-white\/\">Logan White<\/a><\/div><p>orthodontist<\/p><\/div>\n\t\t<\/div>\n\t<\/div><\/div><div class=\"wf-cell\" data-post-id=\"407\" data-date=\"2017-10-30T15:19:55+00:00\" data-name=\"Lucas Brown\">\n\t<div class=\"team-container post-407 dt_team type-dt_team status-publish has-post-thumbnail hentry bg-on description-off\">\n\n\t\t<div class=\"team-media\"><a href=\"https:\/\/www.clinicaclaros.com\/en\/dt_team\/lucas-brown\/\" class=\"rollover layzr-bg\"><img decoding=\"async\" class=\"preload-me iso-lazy-load aspect\" src=\"data:image\/svg+xml,%3Csvg%20xmlns%3D&#39;http%3A%2F%2Fwww.w3.org%2F2000%2Fsvg&#39;%20viewBox%3D&#39;0%200%20300%20300&#39;%2F%3E\" data-src=\"https:\/\/www.clinicaclaros.com\/wp-content\/uploads\/2020\/01\/pd017-300x300.jpg\" data-srcset=\"https:\/\/www.clinicaclaros.com\/wp-content\/uploads\/2020\/01\/pd017-300x300.jpg 300w, https:\/\/www.clinicaclaros.com\/wp-content\/uploads\/2020\/01\/pd017-600x600.jpg 600w\" loading=\"eager\" style=\"--ratio: 300 \/ 300\" sizes=\"(max-width: 300px) 100vw, 300px\" width=\"300\" height=\"300\"  title=\"pd017\" alt=\"\" \/><\/a><\/div>\n\t\t<div class=\"team-desc\">\n\n\t\t\t<div class=\"team-author\"><div class=\"team-author-name\"><a href=\"https:\/\/www.clinicaclaros.com\/en\/dt_team\/lucas-brown\/\">Lucas Brown<\/a><\/div><p>dental hygienist<\/p><\/div>\n\t\t<\/div>\n\t<\/div><\/div><\/div>[vc_empty_space height=&#8221;80px&#8221;]<div class=\"dt-fancy-separator title-left h6-size style-disabled accent-border-color\" style=\"width: 100%;\"><div class=\"dt-fancy-title bg-on\" style=\"color: #ffffff;\"><span class=\"separator-holder separator-left\"><\/span>Fixed image proportions, no background<span class=\"separator-holder separator-right\"><\/span><\/div><\/div>[vc_empty_space height=&#8221;45px&#8221;][\/vc_column][\/vc_row]<\/p>\n<\/div>","protected":false},"excerpt":{"rendered":"<p>[vc_row margin_top=&#8221;-5&#8243; margin_bottom=&#8221;0&#8243; padding_left=&#8221;40&#8243; padding_right=&#8221;40&#8243; bg_position=&#8221;top&#8221; bg_repeat=&#8221;no-repeat&#8221; bg_cover=&#8221;false&#8221; bg_attachment=&#8221;false&#8221; padding_top=&#8221;40&#8243; padding_bottom=&#8221;40&#8243; parallax_speed=&#8221;0.1&#8243;][vc_column width=&#8221;1\/1&#8243;][vc_empty_space height=&#8221;45px&#8221;][vc_empty_space height=&#8221;80px&#8221;][vc_empty_space height=&#8221;45px&#8221;][\/vc_column][\/vc_row]<\/p>\n","protected":false},"author":1,"featured_media":0,"parent":19105,"menu_order":530,"comment_status":"closed","ping_status":"closed","template":"","meta":{"_monsterinsights_skip_tracking":false,"_monsterinsights_sitenote_active":false,"_monsterinsights_sitenote_note":"","_monsterinsights_sitenote_category":0,"footnotes":""},"class_list":["post-14065","page","type-page","status-publish","hentry","description-off"],"yoast_head":"<!-- This site is optimized with the Yoast SEO plugin v27.4 - https:\/\/yoast.com\/product\/yoast-seo-wordpress\/ -->\n<title>Team - Cl\u00ed\u00adnica Clar\u00f3s<\/title>\n<meta name=\"description\" content=\"Otorrino Cirug\u00eda Pl\u00e1stica, Contactar, Cl\u00ednica Clar\u00f3s, Equipo profesional. Urgencias Otorrino en Barcelona. Llame ahora. Cirug\u00eda Pl\u00e1stica Facial. Siempre a su servicio. Otorrinolaringolog\u00eda. + 40 a\u00f1os de experiencia. Servicios: Otorrinolaringolog\u00eda, Cirug\u00eda facial.\" \/>\n<meta name=\"robots\" content=\"index, nofollow, max-snippet:-1, max-image-preview:large, max-video-preview:-1\" \/>\n<link rel=\"canonical\" href=\"https:\/\/www.clinicaclaros.com\/ru\/shortcodes\/5-shortcodes\/team-shortcode\/\" \/>\n<meta property=\"og:locale\" content=\"en_US\" \/>\n<meta property=\"og:type\" content=\"article\" \/>\n<meta property=\"og:title\" content=\"Team - Cl\u00ed\u00adnica Clar\u00f3s\" \/>\n<meta property=\"og:description\" content=\"Otorrino Cirug\u00eda Pl\u00e1stica, Contactar, Cl\u00ednica Clar\u00f3s, Equipo profesional. Urgencias Otorrino en Barcelona. Llame ahora. Cirug\u00eda Pl\u00e1stica Facial. Siempre a su servicio. Otorrinolaringolog\u00eda. + 40 a\u00f1os de experiencia. Servicios: Otorrinolaringolog\u00eda, Cirug\u00eda facial.\" \/>\n<meta property=\"og:url\" content=\"https:\/\/www.clinicaclaros.com\/ru\/shortcodes\/5-shortcodes\/team-shortcode\/\" \/>\n<meta property=\"og:site_name\" content=\"Cl\u00ed\u00adnica Clar\u00f3s\" \/>\n<meta property=\"article:publisher\" content=\"https:\/\/www.facebook.com\/clinicaclaros\" \/>\n<meta property=\"article:modified_time\" content=\"2020-05-28T07:53:15+00:00\" \/>\n<meta name=\"twitter:card\" content=\"summary_large_image\" \/>\n<meta name=\"twitter:site\" content=\"@ClinicaClaros\" \/>\n<meta name=\"twitter:label1\" content=\"Est. reading time\" \/>\n\t<meta name=\"twitter:data1\" content=\"1 minute\" \/>\n<script type=\"application\/ld+json\" class=\"yoast-schema-graph\">{\"@context\":\"https:\\\/\\\/schema.org\",\"@graph\":[{\"@type\":\"WebPage\",\"@id\":\"https:\\\/\\\/www.clinicaclaros.com\\\/ru\\\/shortcodes\\\/5-shortcodes\\\/team-shortcode\\\/\",\"url\":\"https:\\\/\\\/www.clinicaclaros.com\\\/ru\\\/shortcodes\\\/5-shortcodes\\\/team-shortcode\\\/\",\"name\":\"Team - Cl\u00ed\u00adnica Clar\u00f3s\",\"isPartOf\":{\"@id\":\"https:\\\/\\\/www.clinicaclaros.com\\\/#website\"},\"datePublished\":\"2014-04-14T12:24:02+00:00\",\"dateModified\":\"2020-05-28T07:53:15+00:00\",\"description\":\"Otorrino Cirug\u00eda Pl\u00e1stica, Contactar, Cl\u00ednica Clar\u00f3s, Equipo profesional. Urgencias Otorrino en Barcelona. Llame ahora. Cirug\u00eda Pl\u00e1stica Facial. Siempre a su servicio. Otorrinolaringolog\u00eda. + 40 a\u00f1os de experiencia. Servicios: Otorrinolaringolog\u00eda, Cirug\u00eda facial.\",\"breadcrumb\":{\"@id\":\"https:\\\/\\\/www.clinicaclaros.com\\\/ru\\\/shortcodes\\\/5-shortcodes\\\/team-shortcode\\\/#breadcrumb\"},\"inLanguage\":\"en-US\",\"potentialAction\":[{\"@type\":\"ReadAction\",\"target\":[\"https:\\\/\\\/www.clinicaclaros.com\\\/ru\\\/shortcodes\\\/5-shortcodes\\\/team-shortcode\\\/\"]}]},{\"@type\":\"BreadcrumbList\",\"@id\":\"https:\\\/\\\/www.clinicaclaros.com\\\/ru\\\/shortcodes\\\/5-shortcodes\\\/team-shortcode\\\/#breadcrumb\",\"itemListElement\":[{\"@type\":\"ListItem\",\"position\":1,\"name\":\"Portada\",\"item\":\"https:\\\/\\\/www.clinicaclaros.com\\\/\"},{\"@type\":\"ListItem\",\"position\":2,\"name\":\"Shortcodes\",\"item\":\"https:\\\/\\\/www.clinicaclaros.com\\\/ru\\\/shortcodes\\\/\"},{\"@type\":\"ListItem\",\"position\":3,\"name\":\"5. Shortcodes\",\"item\":\"https:\\\/\\\/www.clinicaclaros.com\\\/ru\\\/shortcodes\\\/5-shortcodes\\\/\"},{\"@type\":\"ListItem\",\"position\":4,\"name\":\"Team\"}]},{\"@type\":\"WebSite\",\"@id\":\"https:\\\/\\\/www.clinicaclaros.com\\\/#website\",\"url\":\"https:\\\/\\\/www.clinicaclaros.com\\\/\",\"name\":\"Cl\u00ed\u00adnica Clar\u00f3s\",\"description\":\"Otorrinolaringolog\u00eda y Cirug\u00eda Pl\u00e1stica Facial\",\"publisher\":{\"@id\":\"https:\\\/\\\/www.clinicaclaros.com\\\/#organization\"},\"potentialAction\":[{\"@type\":\"SearchAction\",\"target\":{\"@type\":\"EntryPoint\",\"urlTemplate\":\"https:\\\/\\\/www.clinicaclaros.com\\\/?s={search_term_string}\"},\"query-input\":{\"@type\":\"PropertyValueSpecification\",\"valueRequired\":true,\"valueName\":\"search_term_string\"}}],\"inLanguage\":\"en-US\"},{\"@type\":\"Organization\",\"@id\":\"https:\\\/\\\/www.clinicaclaros.com\\\/#organization\",\"name\":\"Cl\u00ednica Clar\u00f3s\",\"url\":\"https:\\\/\\\/www.clinicaclaros.com\\\/\",\"logo\":{\"@type\":\"ImageObject\",\"inLanguage\":\"en-US\",\"@id\":\"https:\\\/\\\/www.clinicaclaros.com\\\/#\\\/schema\\\/logo\\\/image\\\/\",\"url\":\"https:\\\/\\\/www.clinicaclaros.com\\\/wp-content\\\/uploads\\\/2015\\\/06\\\/logoalargadocabecera.jpg\",\"contentUrl\":\"https:\\\/\\\/www.clinicaclaros.com\\\/wp-content\\\/uploads\\\/2015\\\/06\\\/logoalargadocabecera.jpg\",\"width\":200,\"height\":60,\"caption\":\"Cl\u00ednica Clar\u00f3s\"},\"image\":{\"@id\":\"https:\\\/\\\/www.clinicaclaros.com\\\/#\\\/schema\\\/logo\\\/image\\\/\"},\"sameAs\":[\"https:\\\/\\\/www.facebook.com\\\/clinicaclaros\",\"https:\\\/\\\/x.com\\\/ClinicaClaros\",\"https:\\\/\\\/www.linkedin.com\\\/company\\\/cl\u00ednica-clar\u00f3s\",\"https:\\\/\\\/www.youtube.com\\\/user\\\/FundacioClaros\"]}]}<\/script>\n<!-- \/ Yoast SEO plugin. -->","yoast_head_json":{"title":"Team - Cl\u00ed\u00adnica Clar\u00f3s","description":"Otorrino Cirug\u00eda Pl\u00e1stica, Contactar, Cl\u00ednica Clar\u00f3s, Equipo profesional. Urgencias Otorrino en Barcelona. Llame ahora. Cirug\u00eda Pl\u00e1stica Facial. Siempre a su servicio. Otorrinolaringolog\u00eda. + 40 a\u00f1os de experiencia. Servicios: Otorrinolaringolog\u00eda, Cirug\u00eda facial.","robots":{"index":"index","follow":"nofollow","max-snippet":"max-snippet:-1","max-image-preview":"max-image-preview:large","max-video-preview":"max-video-preview:-1"},"canonical":"https:\/\/www.clinicaclaros.com\/ru\/shortcodes\/5-shortcodes\/team-shortcode\/","og_locale":"en_US","og_type":"article","og_title":"Team - Cl\u00ed\u00adnica Clar\u00f3s","og_description":"Otorrino Cirug\u00eda Pl\u00e1stica, Contactar, Cl\u00ednica Clar\u00f3s, Equipo profesional. Urgencias Otorrino en Barcelona. Llame ahora. Cirug\u00eda Pl\u00e1stica Facial. Siempre a su servicio. Otorrinolaringolog\u00eda. + 40 a\u00f1os de experiencia. Servicios: Otorrinolaringolog\u00eda, Cirug\u00eda facial.","og_url":"https:\/\/www.clinicaclaros.com\/ru\/shortcodes\/5-shortcodes\/team-shortcode\/","og_site_name":"Cl\u00ed\u00adnica Clar\u00f3s","article_publisher":"https:\/\/www.facebook.com\/clinicaclaros","article_modified_time":"2020-05-28T07:53:15+00:00","twitter_card":"summary_large_image","twitter_site":"@ClinicaClaros","twitter_misc":{"Est. reading time":"1 minute"},"schema":{"@context":"https:\/\/schema.org","@graph":[{"@type":"WebPage","@id":"https:\/\/www.clinicaclaros.com\/ru\/shortcodes\/5-shortcodes\/team-shortcode\/","url":"https:\/\/www.clinicaclaros.com\/ru\/shortcodes\/5-shortcodes\/team-shortcode\/","name":"Team - Cl\u00ed\u00adnica Clar\u00f3s","isPartOf":{"@id":"https:\/\/www.clinicaclaros.com\/#website"},"datePublished":"2014-04-14T12:24:02+00:00","dateModified":"2020-05-28T07:53:15+00:00","description":"Otorrino Cirug\u00eda Pl\u00e1stica, Contactar, Cl\u00ednica Clar\u00f3s, Equipo profesional. Urgencias Otorrino en Barcelona. Llame ahora. Cirug\u00eda Pl\u00e1stica Facial. Siempre a su servicio. Otorrinolaringolog\u00eda. + 40 a\u00f1os de experiencia. Servicios: Otorrinolaringolog\u00eda, Cirug\u00eda facial.","breadcrumb":{"@id":"https:\/\/www.clinicaclaros.com\/ru\/shortcodes\/5-shortcodes\/team-shortcode\/#breadcrumb"},"inLanguage":"en-US","potentialAction":[{"@type":"ReadAction","target":["https:\/\/www.clinicaclaros.com\/ru\/shortcodes\/5-shortcodes\/team-shortcode\/"]}]},{"@type":"BreadcrumbList","@id":"https:\/\/www.clinicaclaros.com\/ru\/shortcodes\/5-shortcodes\/team-shortcode\/#breadcrumb","itemListElement":[{"@type":"ListItem","position":1,"name":"Portada","item":"https:\/\/www.clinicaclaros.com\/"},{"@type":"ListItem","position":2,"name":"Shortcodes","item":"https:\/\/www.clinicaclaros.com\/ru\/shortcodes\/"},{"@type":"ListItem","position":3,"name":"5. Shortcodes","item":"https:\/\/www.clinicaclaros.com\/ru\/shortcodes\/5-shortcodes\/"},{"@type":"ListItem","position":4,"name":"Team"}]},{"@type":"WebSite","@id":"https:\/\/www.clinicaclaros.com\/#website","url":"https:\/\/www.clinicaclaros.com\/","name":"Cl\u00ed\u00adnica Clar\u00f3s","description":"Otorrinolaringolog\u00eda y Cirug\u00eda Pl\u00e1stica Facial","publisher":{"@id":"https:\/\/www.clinicaclaros.com\/#organization"},"potentialAction":[{"@type":"SearchAction","target":{"@type":"EntryPoint","urlTemplate":"https:\/\/www.clinicaclaros.com\/?s={search_term_string}"},"query-input":{"@type":"PropertyValueSpecification","valueRequired":true,"valueName":"search_term_string"}}],"inLanguage":"en-US"},{"@type":"Organization","@id":"https:\/\/www.clinicaclaros.com\/#organization","name":"Cl\u00ednica Clar\u00f3s","url":"https:\/\/www.clinicaclaros.com\/","logo":{"@type":"ImageObject","inLanguage":"en-US","@id":"https:\/\/www.clinicaclaros.com\/#\/schema\/logo\/image\/","url":"https:\/\/www.clinicaclaros.com\/wp-content\/uploads\/2015\/06\/logoalargadocabecera.jpg","contentUrl":"https:\/\/www.clinicaclaros.com\/wp-content\/uploads\/2015\/06\/logoalargadocabecera.jpg","width":200,"height":60,"caption":"Cl\u00ednica Clar\u00f3s"},"image":{"@id":"https:\/\/www.clinicaclaros.com\/#\/schema\/logo\/image\/"},"sameAs":["https:\/\/www.facebook.com\/clinicaclaros","https:\/\/x.com\/ClinicaClaros","https:\/\/www.linkedin.com\/company\/cl\u00ednica-clar\u00f3s","https:\/\/www.youtube.com\/user\/FundacioClaros"]}]}},"_links":{"self":[{"href":"https:\/\/www.clinicaclaros.com\/en\/wp-json\/wp\/v2\/pages\/14065","targetHints":{"allow":["GET"]}}],"collection":[{"href":"https:\/\/www.clinicaclaros.com\/en\/wp-json\/wp\/v2\/pages"}],"about":[{"href":"https:\/\/www.clinicaclaros.com\/en\/wp-json\/wp\/v2\/types\/page"}],"author":[{"embeddable":true,"href":"https:\/\/www.clinicaclaros.com\/en\/wp-json\/wp\/v2\/users\/1"}],"replies":[{"embeddable":true,"href":"https:\/\/www.clinicaclaros.com\/en\/wp-json\/wp\/v2\/comments?post=14065"}],"version-history":[{"count":0,"href":"https:\/\/www.clinicaclaros.com\/en\/wp-json\/wp\/v2\/pages\/14065\/revisions"}],"up":[{"embeddable":true,"href":"https:\/\/www.clinicaclaros.com\/en\/wp-json\/wp\/v2\/pages\/19105"}],"wp:attachment":[{"href":"https:\/\/www.clinicaclaros.com\/en\/wp-json\/wp\/v2\/media?parent=14065"}],"curies":[{"name":"wp","href":"https:\/\/api.w.org\/{rel}","templated":true}]}}