{"id":36646,"date":"2017-02-02T11:18:40","date_gmt":"2017-02-02T11:18:40","guid":{"rendered":"http:\/\/www.clinicaclaros.com\/?post_type=dt_portfolio&#038;p=36646"},"modified":"2017-02-02T11:18:40","modified_gmt":"2017-02-02T11:18:40","slug":"debate-historico-en-la-raed-sobre-la-guerra-de-la-independencia-en-catalunya-debat-historic-en-la-raed-sobre-la-guerra-de-la-independencia-a-catalunya","status":"publish","type":"dt_portfolio","link":"https:\/\/www.clinicaclaros.com\/en\/project\/debate-historico-en-la-raed-sobre-la-guerra-de-la-independencia-en-catalunya-debat-historic-en-la-raed-sobre-la-guerra-de-la-independencia-a-catalunya\/","title":{"rendered":"(Espa\u00f1ol) Debate hist\u00f3rico en la RAED sobre la Guerra de la Independencia en Catalunya\/ Debat hist\u00f2ric en la RAED sobre la Guerra de la Independencia a Catalunya."},"content":{"rendered":"<p class=\"qtranxs-available-languages-message qtranxs-available-languages-message-en\">Sorry, this entry is only available in <a href=\"https:\/\/www.clinicaclaros.com\/es\/wp-json\/wp\/v2\/dt_portfolio\/36646\" class=\"qtranxs-available-language-link qtranxs-available-language-link-es\" title=\"Espa\u00f1ol\">Espa\u00f1ol<\/a>.<\/p>","protected":false},"excerpt":{"rendered":"<p>Sorry, this entry is only available in Espa\u00f1ol.<\/p>\n","protected":false},"author":1,"featured_media":36650,"comment_status":"closed","ping_status":"closed","template":"","dt_portfolio_category":[73],"dt_portfolio_tags":[],"class_list":["post-36646","dt_portfolio","type-dt_portfolio","status-publish","has-post-thumbnail","hentry","dt_portfolio_category-noticias","dt_portfolio_category-73","description-off"],"yoast_head":"<!-- This site is optimized with the Yoast SEO plugin v27.4 - https:\/\/yoast.com\/product\/yoast-seo-wordpress\/ -->\n<title><\/title>\n<meta name=\"robots\" content=\"noindex, follow\" \/>\n<meta property=\"og:locale\" content=\"en_US\" \/>\n<meta property=\"og:type\" content=\"article\" \/>\n<meta property=\"og:title\" content=\"[:es]Debate hist\u00f3rico en la RAED sobre la Guerra de la Independencia en Catalunya\/ Debat hist\u00f2ric en la RAED sobre la Guerra de la Independencia a Catalunya.[:] - Cl\u00ed\u00adnica Clar\u00f3s\" \/>\n<meta property=\"og:description\" content=\"Sorry, this entry is only available in Espa\u00f1ol.\" \/>\n<meta property=\"og:url\" content=\"https:\/\/www.clinicaclaros.com\/project\/debate-historico-en-la-raed-sobre-la-guerra-de-la-independencia-en-catalunya-debat-historic-en-la-raed-sobre-la-guerra-de-la-independencia-a-catalunya\/\" \/>\n<meta property=\"og:site_name\" content=\"Cl\u00ed\u00adnica Clar\u00f3s\" \/>\n<meta property=\"article:publisher\" content=\"https:\/\/www.facebook.com\/clinicaclaros\" \/>\n<meta property=\"og:image\" content=\"https:\/\/www.clinicaclaros.com\/wp-content\/uploads\/2017\/02\/Sin-t\u00edtulo-2.jpg\" \/>\n\t<meta property=\"og:image:width\" content=\"396\" \/>\n\t<meta property=\"og:image:height\" content=\"529\" \/>\n\t<meta property=\"og:image:type\" content=\"image\/jpeg\" \/>\n<meta name=\"twitter:card\" content=\"summary_large_image\" \/>\n<meta name=\"twitter:site\" content=\"@ClinicaClaros\" \/>\n<script type=\"application\/ld+json\" class=\"yoast-schema-graph\">{\"@context\":\"https:\\\/\\\/schema.org\",\"@graph\":[{\"@type\":\"WebPage\",\"@id\":\"https:\\\/\\\/www.clinicaclaros.com\\\/project\\\/debate-historico-en-la-raed-sobre-la-guerra-de-la-independencia-en-catalunya-debat-historic-en-la-raed-sobre-la-guerra-de-la-independencia-a-catalunya\\\/\",\"url\":\"https:\\\/\\\/www.clinicaclaros.com\\\/project\\\/debate-historico-en-la-raed-sobre-la-guerra-de-la-independencia-en-catalunya-debat-historic-en-la-raed-sobre-la-guerra-de-la-independencia-a-catalunya\\\/\",\"name\":\"[:es]Debate hist\u00f3rico en la RAED sobre la Guerra de la Independencia en Catalunya\\\/ Debat hist\u00f2ric en la RAED sobre la Guerra de la Independencia a Catalunya.[:] - Cl\u00ed\u00adnica Clar\u00f3s\",\"isPartOf\":{\"@id\":\"https:\\\/\\\/www.clinicaclaros.com\\\/#website\"},\"primaryImageOfPage\":{\"@id\":\"https:\\\/\\\/www.clinicaclaros.com\\\/project\\\/debate-historico-en-la-raed-sobre-la-guerra-de-la-independencia-en-catalunya-debat-historic-en-la-raed-sobre-la-guerra-de-la-independencia-a-catalunya\\\/#primaryimage\"},\"image\":{\"@id\":\"https:\\\/\\\/www.clinicaclaros.com\\\/project\\\/debate-historico-en-la-raed-sobre-la-guerra-de-la-independencia-en-catalunya-debat-historic-en-la-raed-sobre-la-guerra-de-la-independencia-a-catalunya\\\/#primaryimage\"},\"thumbnailUrl\":\"https:\\\/\\\/www.clinicaclaros.com\\\/wp-content\\\/uploads\\\/2017\\\/02\\\/Sin-t\u00edtulo-2.jpg\",\"datePublished\":\"2017-02-02T11:18:40+00:00\",\"breadcrumb\":{\"@id\":\"https:\\\/\\\/www.clinicaclaros.com\\\/project\\\/debate-historico-en-la-raed-sobre-la-guerra-de-la-independencia-en-catalunya-debat-historic-en-la-raed-sobre-la-guerra-de-la-independencia-a-catalunya\\\/#breadcrumb\"},\"inLanguage\":\"en-US\",\"potentialAction\":[{\"@type\":\"ReadAction\",\"target\":[\"https:\\\/\\\/www.clinicaclaros.com\\\/project\\\/debate-historico-en-la-raed-sobre-la-guerra-de-la-independencia-en-catalunya-debat-historic-en-la-raed-sobre-la-guerra-de-la-independencia-a-catalunya\\\/\"]}]},{\"@type\":\"ImageObject\",\"inLanguage\":\"en-US\",\"@id\":\"https:\\\/\\\/www.clinicaclaros.com\\\/project\\\/debate-historico-en-la-raed-sobre-la-guerra-de-la-independencia-en-catalunya-debat-historic-en-la-raed-sobre-la-guerra-de-la-independencia-a-catalunya\\\/#primaryimage\",\"url\":\"https:\\\/\\\/www.clinicaclaros.com\\\/wp-content\\\/uploads\\\/2017\\\/02\\\/Sin-t\u00edtulo-2.jpg\",\"contentUrl\":\"https:\\\/\\\/www.clinicaclaros.com\\\/wp-content\\\/uploads\\\/2017\\\/02\\\/Sin-t\u00edtulo-2.jpg\",\"width\":396,\"height\":529},{\"@type\":\"BreadcrumbList\",\"@id\":\"https:\\\/\\\/www.clinicaclaros.com\\\/project\\\/debate-historico-en-la-raed-sobre-la-guerra-de-la-independencia-en-catalunya-debat-historic-en-la-raed-sobre-la-guerra-de-la-independencia-a-catalunya\\\/#breadcrumb\",\"itemListElement\":[{\"@type\":\"ListItem\",\"position\":1,\"name\":\"Portada\",\"item\":\"https:\\\/\\\/www.clinicaclaros.com\\\/\"},{\"@type\":\"ListItem\",\"position\":2,\"name\":\"Portafolio\",\"item\":\"https:\\\/\\\/www.clinicaclaros.com\\\/project\\\/\"},{\"@type\":\"ListItem\",\"position\":3,\"name\":\"Debate hist\u00f3rico en la RAED sobre la Guerra de la Independencia en Catalunya\\\/ Debat hist\u00f2ric en la RAED sobre la Guerra de la Independencia a Catalunya.\"}]},{\"@type\":\"WebSite\",\"@id\":\"https:\\\/\\\/www.clinicaclaros.com\\\/#website\",\"url\":\"https:\\\/\\\/www.clinicaclaros.com\\\/\",\"name\":\"Cl\u00ed\u00adnica Clar\u00f3s\",\"description\":\"Otorrinolaringolog\u00eda y Cirug\u00eda Pl\u00e1stica Facial\",\"publisher\":{\"@id\":\"https:\\\/\\\/www.clinicaclaros.com\\\/#organization\"},\"potentialAction\":[{\"@type\":\"SearchAction\",\"target\":{\"@type\":\"EntryPoint\",\"urlTemplate\":\"https:\\\/\\\/www.clinicaclaros.com\\\/?s={search_term_string}\"},\"query-input\":{\"@type\":\"PropertyValueSpecification\",\"valueRequired\":true,\"valueName\":\"search_term_string\"}}],\"inLanguage\":\"en-US\"},{\"@type\":\"Organization\",\"@id\":\"https:\\\/\\\/www.clinicaclaros.com\\\/#organization\",\"name\":\"Cl\u00ednica Clar\u00f3s\",\"url\":\"https:\\\/\\\/www.clinicaclaros.com\\\/\",\"logo\":{\"@type\":\"ImageObject\",\"inLanguage\":\"en-US\",\"@id\":\"https:\\\/\\\/www.clinicaclaros.com\\\/#\\\/schema\\\/logo\\\/image\\\/\",\"url\":\"https:\\\/\\\/www.clinicaclaros.com\\\/wp-content\\\/uploads\\\/2015\\\/06\\\/logoalargadocabecera.jpg\",\"contentUrl\":\"https:\\\/\\\/www.clinicaclaros.com\\\/wp-content\\\/uploads\\\/2015\\\/06\\\/logoalargadocabecera.jpg\",\"width\":200,\"height\":60,\"caption\":\"Cl\u00ednica Clar\u00f3s\"},\"image\":{\"@id\":\"https:\\\/\\\/www.clinicaclaros.com\\\/#\\\/schema\\\/logo\\\/image\\\/\"},\"sameAs\":[\"https:\\\/\\\/www.facebook.com\\\/clinicaclaros\",\"https:\\\/\\\/x.com\\\/ClinicaClaros\",\"https:\\\/\\\/www.linkedin.com\\\/company\\\/cl\u00ednica-clar\u00f3s\",\"https:\\\/\\\/www.youtube.com\\\/user\\\/FundacioClaros\"]}]}<\/script>\n<!-- \/ Yoast SEO plugin. -->","yoast_head_json":{"title":"[:es]Debate hist\u00f3rico en la RAED sobre la Guerra de la Independencia en Catalunya\/ Debat hist\u00f2ric en la RAED sobre la Guerra de la Independencia a Catalunya.[:] - Cl\u00ed\u00adnica Clar\u00f3s","robots":{"index":"noindex","follow":"follow"},"og_locale":"en_US","og_type":"article","og_title":"[:es]Debate hist\u00f3rico en la RAED sobre la Guerra de la Independencia en Catalunya\/ Debat hist\u00f2ric en la RAED sobre la Guerra de la Independencia a Catalunya.[:] - Cl\u00ed\u00adnica Clar\u00f3s","og_description":"Sorry, this entry is only available in Espa\u00f1ol.","og_url":"https:\/\/www.clinicaclaros.com\/project\/debate-historico-en-la-raed-sobre-la-guerra-de-la-independencia-en-catalunya-debat-historic-en-la-raed-sobre-la-guerra-de-la-independencia-a-catalunya\/","og_site_name":"Cl\u00ed\u00adnica Clar\u00f3s","article_publisher":"https:\/\/www.facebook.com\/clinicaclaros","og_image":[{"width":396,"height":529,"url":"https:\/\/www.clinicaclaros.com\/wp-content\/uploads\/2017\/02\/Sin-t\u00edtulo-2.jpg","type":"image\/jpeg"}],"twitter_card":"summary_large_image","twitter_site":"@ClinicaClaros","schema":{"@context":"https:\/\/schema.org","@graph":[{"@type":"WebPage","@id":"https:\/\/www.clinicaclaros.com\/project\/debate-historico-en-la-raed-sobre-la-guerra-de-la-independencia-en-catalunya-debat-historic-en-la-raed-sobre-la-guerra-de-la-independencia-a-catalunya\/","url":"https:\/\/www.clinicaclaros.com\/project\/debate-historico-en-la-raed-sobre-la-guerra-de-la-independencia-en-catalunya-debat-historic-en-la-raed-sobre-la-guerra-de-la-independencia-a-catalunya\/","name":"[:es]Debate hist\u00f3rico en la RAED sobre la Guerra de la Independencia en Catalunya\/ Debat hist\u00f2ric en la RAED sobre la Guerra de la Independencia a Catalunya.[:] - Cl\u00ed\u00adnica Clar\u00f3s","isPartOf":{"@id":"https:\/\/www.clinicaclaros.com\/#website"},"primaryImageOfPage":{"@id":"https:\/\/www.clinicaclaros.com\/project\/debate-historico-en-la-raed-sobre-la-guerra-de-la-independencia-en-catalunya-debat-historic-en-la-raed-sobre-la-guerra-de-la-independencia-a-catalunya\/#primaryimage"},"image":{"@id":"https:\/\/www.clinicaclaros.com\/project\/debate-historico-en-la-raed-sobre-la-guerra-de-la-independencia-en-catalunya-debat-historic-en-la-raed-sobre-la-guerra-de-la-independencia-a-catalunya\/#primaryimage"},"thumbnailUrl":"https:\/\/www.clinicaclaros.com\/wp-content\/uploads\/2017\/02\/Sin-t\u00edtulo-2.jpg","datePublished":"2017-02-02T11:18:40+00:00","breadcrumb":{"@id":"https:\/\/www.clinicaclaros.com\/project\/debate-historico-en-la-raed-sobre-la-guerra-de-la-independencia-en-catalunya-debat-historic-en-la-raed-sobre-la-guerra-de-la-independencia-a-catalunya\/#breadcrumb"},"inLanguage":"en-US","potentialAction":[{"@type":"ReadAction","target":["https:\/\/www.clinicaclaros.com\/project\/debate-historico-en-la-raed-sobre-la-guerra-de-la-independencia-en-catalunya-debat-historic-en-la-raed-sobre-la-guerra-de-la-independencia-a-catalunya\/"]}]},{"@type":"ImageObject","inLanguage":"en-US","@id":"https:\/\/www.clinicaclaros.com\/project\/debate-historico-en-la-raed-sobre-la-guerra-de-la-independencia-en-catalunya-debat-historic-en-la-raed-sobre-la-guerra-de-la-independencia-a-catalunya\/#primaryimage","url":"https:\/\/www.clinicaclaros.com\/wp-content\/uploads\/2017\/02\/Sin-t\u00edtulo-2.jpg","contentUrl":"https:\/\/www.clinicaclaros.com\/wp-content\/uploads\/2017\/02\/Sin-t\u00edtulo-2.jpg","width":396,"height":529},{"@type":"BreadcrumbList","@id":"https:\/\/www.clinicaclaros.com\/project\/debate-historico-en-la-raed-sobre-la-guerra-de-la-independencia-en-catalunya-debat-historic-en-la-raed-sobre-la-guerra-de-la-independencia-a-catalunya\/#breadcrumb","itemListElement":[{"@type":"ListItem","position":1,"name":"Portada","item":"https:\/\/www.clinicaclaros.com\/"},{"@type":"ListItem","position":2,"name":"Portafolio","item":"https:\/\/www.clinicaclaros.com\/project\/"},{"@type":"ListItem","position":3,"name":"Debate hist\u00f3rico en la RAED sobre la Guerra de la Independencia en Catalunya\/ Debat hist\u00f2ric en la RAED sobre la Guerra de la Independencia a Catalunya."}]},{"@type":"WebSite","@id":"https:\/\/www.clinicaclaros.com\/#website","url":"https:\/\/www.clinicaclaros.com\/","name":"Cl\u00ed\u00adnica Clar\u00f3s","description":"Otorrinolaringolog\u00eda y Cirug\u00eda Pl\u00e1stica Facial","publisher":{"@id":"https:\/\/www.clinicaclaros.com\/#organization"},"potentialAction":[{"@type":"SearchAction","target":{"@type":"EntryPoint","urlTemplate":"https:\/\/www.clinicaclaros.com\/?s={search_term_string}"},"query-input":{"@type":"PropertyValueSpecification","valueRequired":true,"valueName":"search_term_string"}}],"inLanguage":"en-US"},{"@type":"Organization","@id":"https:\/\/www.clinicaclaros.com\/#organization","name":"Cl\u00ednica Clar\u00f3s","url":"https:\/\/www.clinicaclaros.com\/","logo":{"@type":"ImageObject","inLanguage":"en-US","@id":"https:\/\/www.clinicaclaros.com\/#\/schema\/logo\/image\/","url":"https:\/\/www.clinicaclaros.com\/wp-content\/uploads\/2015\/06\/logoalargadocabecera.jpg","contentUrl":"https:\/\/www.clinicaclaros.com\/wp-content\/uploads\/2015\/06\/logoalargadocabecera.jpg","width":200,"height":60,"caption":"Cl\u00ednica Clar\u00f3s"},"image":{"@id":"https:\/\/www.clinicaclaros.com\/#\/schema\/logo\/image\/"},"sameAs":["https:\/\/www.facebook.com\/clinicaclaros","https:\/\/x.com\/ClinicaClaros","https:\/\/www.linkedin.com\/company\/cl\u00ednica-clar\u00f3s","https:\/\/www.youtube.com\/user\/FundacioClaros"]}]}},"_links":{"self":[{"href":"https:\/\/www.clinicaclaros.com\/en\/wp-json\/wp\/v2\/dt_portfolio\/36646","targetHints":{"allow":["GET"]}}],"collection":[{"href":"https:\/\/www.clinicaclaros.com\/en\/wp-json\/wp\/v2\/dt_portfolio"}],"about":[{"href":"https:\/\/www.clinicaclaros.com\/en\/wp-json\/wp\/v2\/types\/dt_portfolio"}],"author":[{"embeddable":true,"href":"https:\/\/www.clinicaclaros.com\/en\/wp-json\/wp\/v2\/users\/1"}],"replies":[{"embeddable":true,"href":"https:\/\/www.clinicaclaros.com\/en\/wp-json\/wp\/v2\/comments?post=36646"}],"version-history":[{"count":0,"href":"https:\/\/www.clinicaclaros.com\/en\/wp-json\/wp\/v2\/dt_portfolio\/36646\/revisions"}],"wp:featuredmedia":[{"embeddable":true,"href":"https:\/\/www.clinicaclaros.com\/en\/wp-json\/wp\/v2\/media\/36650"}],"wp:attachment":[{"href":"https:\/\/www.clinicaclaros.com\/en\/wp-json\/wp\/v2\/media?parent=36646"}],"wp:term":[{"taxonomy":"dt_portfolio_category","embeddable":true,"href":"https:\/\/www.clinicaclaros.com\/en\/wp-json\/wp\/v2\/dt_portfolio_category?post=36646"},{"taxonomy":"dt_portfolio_tags","embeddable":true,"href":"https:\/\/www.clinicaclaros.com\/en\/wp-json\/wp\/v2\/dt_portfolio_tags?post=36646"}],"curies":[{"name":"wp","href":"https:\/\/api.w.org\/{rel}","templated":true}]}}