{"id":37982,"date":"2020-06-30T08:03:44","date_gmt":"2020-06-30T08:03:44","guid":{"rendered":"http:\/\/www.clinicaclaros.com\/?page_id=37982"},"modified":"2026-04-24T09:17:14","modified_gmt":"2026-04-24T09:17:14","slug":"quienes-somos","status":"publish","type":"page","link":"https:\/\/www.clinicaclaros.com\/ar\/quienes-somos\/","title":{"rendered":"(Espa\u00f1ol) Quienes somos"},"content":{"rendered":"<div class=\"wpb-content-wrapper\"><p>[vc_row][vc_column][vc_column_text][\/vc_column_text][\/vc_column][\/vc_row][vc_row margin_top=&#8221;0&#8243; margin_bottom=&#8221;0&#8243;][vc_column][vc_column_text]<\/p>\n<h3 style=\"text-align: center;\">\u00bfQuienes somos? Un peque\u00f1o resumen de nuestra larga historia<br \/>\ny amplia experiencia en Otorrinolaringolog\u00eda en Barcelona.<\/h3>\n<p style=\"text-align: justify;\">\u00bfQuienes somos? El Grupo CLAR\u00d3S inici\u00f3 su actividad en la medicina en 1942, con el Doctor Andr\u00e9s Clar\u00f3s Dom\u00e9nech (Otorrinolaringolog\u00eda) en Barcelona, continuada y ampliada por el Doctor Pedro Clar\u00f3s en 1972 (Otorrinolaringologia y Cirug\u00eda Pl\u00e1stica Facial) y en 1980 por el Doctor Andr\u00e9s Clar\u00f3s Blanch (Otorrinolarinolog\u00eda).<\/p>\n<p style=\"text-align: justify;\">La sede actual de Cl\u00ednica Clar\u00f3s en Barcelona fue construida en 1986, como cl\u00ednica de cirug\u00eda ambulatoria para el diagn\u00f3stico y tratamiento de las enfermedades del \u00e1rea de la Otorrinolaringolog\u00eda, Cirug\u00eda Maxilofacial y Cirug\u00eda Pl\u00e1stica y Est\u00e9tica Facial.<\/p>\n<p style=\"text-align: justify;\">En el a\u00f1o 2004 se anexiona, en el edificio contiguo la Cl\u00ednica Dental Clar\u00f3s, dirigida por los Doctores Daniel Clar\u00f3s y Pedro Clar\u00f3s Jr. (Odontolog\u00eda), donde se tratan todas las especialidades dentales y muy especialente la Est\u00e9tica Dental, Cirug\u00eda Oral e Implantes.<\/p>\n<p style=\"text-align: justify;\">Ya en 2010 los esfuerzos del Grupo Clar\u00f3s, se ampliaron con la apertura de una nueva Cl\u00ednica Dental en la poblaci\u00f3n de Viladecans, conjuntamente con un Laboratorio Permanente de Formaci\u00f3n (Instruccional Permanent Workshop) para profesionales M\u00e9dicos otorrinolaring\u00f3logos y Odontologos.<\/p>\n<p>[\/vc_column_text][\/vc_column][\/vc_row][vc_row][vc_column el_id=&#8221;equipo&#8221;][vc_column_text]<a id=\"equipo\" data-ps2id-target=\"equipo\"><\/a><\/p>\n<h3 style=\"text-align: center;\">NUESTRO EQUIPO<\/h3>\n<p>[\/vc_column_text][\/vc_column][\/vc_row][vc_row][vc_column width=&#8221;1\/3&#8243;]<section class=\"shortcode-teaser frame-fancy frame-on\"><div class=\"shortcode-teaser-img\"><a class=\"layzr-bg rollover\" href=\"http:\/\/www.clinicaclaros.com\/andres-claros-domenech\" target=\"_blank\"><img loading=\"lazy\" decoding=\"async\" class=\"lazy-load\" src=\"data:image\/svg+xml;charset=utf-8,%3Csvg xmlns%3D&#039;http%3A%2F%2Fwww.w3.org%2F2000%2Fsvg&#039; viewBox%3D&#039;0 0 310 310&#039;%2F%3E\" width=\"310\" height=\"310\" data-srcset=\"https:\/\/www.clinicaclaros.com\/wp-content\/uploads\/2015\/05\/andrescd1.jpg 310w\" data-src=\"https:\/\/www.clinicaclaros.com\/wp-content\/uploads\/2015\/05\/andrescd1.jpg\" \/><\/a><\/div><div class=\"shortcode-teaser-content text-normal\"><h4 style=\"text-align: center;\">Dr. Andr\u00e9s Clar\u00f3s Domenech(\u2020)<br \/>\nFundador de Cl\u00ednica Clar\u00f3s<br \/>\n1916-2015<\/h4>\n<\/div><\/section>[\/vc_column][vc_column width=&#8221;1\/3&#8243;]<section class=\"shortcode-teaser frame-fancy frame-on\"><div class=\"shortcode-teaser-img\"><a class=\"layzr-bg rollover\" href=\"http:\/\/www.clinicaclaros.com\/es\/dt_team\/pedro-claros-blanch\"><img loading=\"lazy\" decoding=\"async\" class=\"lazy-load\" src=\"data:image\/svg+xml;charset=utf-8,%3Csvg xmlns%3D&#039;http%3A%2F%2Fwww.w3.org%2F2000%2Fsvg&#039; viewBox%3D&#039;0 0 310 310&#039;%2F%3E\" width=\"310\" height=\"310\" data-srcset=\"https:\/\/www.clinicaclaros.com\/wp-content\/uploads\/2015\/05\/pedrocb1.jpg 310w\" data-src=\"https:\/\/www.clinicaclaros.com\/wp-content\/uploads\/2015\/05\/pedrocb1.jpg\" \/><\/a><\/div><div class=\"shortcode-teaser-content text-normal\"><h4 style=\"text-align: center;\">Dr. Pedro Clar\u00f3s<br \/>\nOtorrinolaring\u00f3logo<br \/>\nCirug\u00eda Pl\u00e1stica Facial<\/h4>\n<\/div><\/section>[\/vc_column][vc_column width=&#8221;1\/3&#8243;]<section class=\"shortcode-teaser frame-fancy frame-on\"><div class=\"shortcode-teaser-img\"><a class=\"layzr-bg rollover\" href=\"https:\/\/www.clinicaclaros.com\/dt_team\/andres-claros-blanch\/\" target=\"_blank\"><img loading=\"lazy\" decoding=\"async\" class=\"lazy-load\" src=\"data:image\/svg+xml;charset=utf-8,%3Csvg xmlns%3D&#039;http%3A%2F%2Fwww.w3.org%2F2000%2Fsvg&#039; viewBox%3D&#039;0 0 310 310&#039;%2F%3E\" width=\"310\" height=\"310\" data-srcset=\"https:\/\/www.clinicaclaros.com\/wp-content\/uploads\/2015\/05\/andrescb1.jpg 310w\" data-src=\"https:\/\/www.clinicaclaros.com\/wp-content\/uploads\/2015\/05\/andrescb1.jpg\" \/><\/a><\/div><div class=\"shortcode-teaser-content text-normal\"><h4 style=\"text-align: center;\">Dr. Andr\u00e9s Clar\u00f3s<br \/>\nOtorrinolaring\u00f3logo<br \/>\nCirujano L\u00e1ser<\/h4>\n<\/div><\/section>[\/vc_column][vc_column][vc_empty_space][\/vc_column][\/vc_row][vc_row][vc_column width=&#8221;1\/3&#8243;]<section class=\"shortcode-teaser frame-fancy frame-on\"><div class=\"shortcode-teaser-img\"><a class=\"layzr-bg rollover\" href=\"https:\/\/www.clinicaclaros.com\/dt_team\/daniel-claros-pujol\/\" target=\"_blank\"><img loading=\"lazy\" decoding=\"async\" class=\"lazy-load\" src=\"data:image\/svg+xml;charset=utf-8,%3Csvg xmlns%3D&#039;http%3A%2F%2Fwww.w3.org%2F2000%2Fsvg&#039; viewBox%3D&#039;0 0 310 310&#039;%2F%3E\" width=\"310\" height=\"310\" data-srcset=\"https:\/\/www.clinicaclaros.com\/wp-content\/uploads\/2015\/05\/danieljr.jpg 310w\" data-src=\"https:\/\/www.clinicaclaros.com\/wp-content\/uploads\/2015\/05\/danieljr.jpg\" \/><\/a><\/div><div class=\"shortcode-teaser-content text-normal\"><h4 style=\"text-align: center;\"><span class=\"xr_s25\"><span class=\"xr_tc\">Daniel Clar\u00f3s<br \/>\n<\/span> <span id=\"result_box\" class=\"short_text\" lang=\"en\"><span class=\"hps\">Dentist<\/span><\/span>a<br \/>\n<span id=\"result_box\" class=\"short_text\" lang=\"en\"><span class=\"hps\">Master en<\/span> <\/span><span class=\"tlid-translation translation\" lang=\"es\"><span class=\"\" title=\"\">Prostodoncia<\/span><\/span><br \/>\n<span id=\"result_box\" class=\"short_text\" lang=\"en\"><span class=\"hps\">Cirug\u00eda Oral e implantolog\u00eda<\/span><\/span><\/span><\/h4>\n<\/div><\/section>[\/vc_column][vc_column width=&#8221;1\/3&#8243;]<section class=\"shortcode-teaser frame-fancy frame-on\"><div class=\"shortcode-teaser-img\"><a class=\"layzr-bg rollover\" href=\"https:\/\/www.clinicaclaros.com\/dt_team\/pedro-claros-pujol\/\" target=\"_blank\"><img loading=\"lazy\" decoding=\"async\" class=\"lazy-load\" src=\"data:image\/svg+xml;charset=utf-8,%3Csvg xmlns%3D&#039;http%3A%2F%2Fwww.w3.org%2F2000%2Fsvg&#039; viewBox%3D&#039;0 0 310 310&#039;%2F%3E\" width=\"310\" height=\"310\" data-srcset=\"https:\/\/www.clinicaclaros.com\/wp-content\/uploads\/2015\/06\/Sin-t\u00edtulo-1.jpg 310w\" data-src=\"https:\/\/www.clinicaclaros.com\/wp-content\/uploads\/2015\/06\/Sin-t\u00edtulo-1.jpg\" \/><\/a><\/div><div class=\"shortcode-teaser-content text-normal\"><h4 style=\"text-align: center;\"><span class=\"xr_s25\"><span class=\"xr_tc\">Pedro Clar\u00f3s Jr.<br \/>\n<\/span> <span class=\"xr_tc xr_s7\">Dentist<\/span>a<br \/>\n<span id=\"result_box\" class=\"short_text\" lang=\"en\"><span class=\"hps\">Master en<\/span> <span class=\"hps\">Periodoncia<\/span><\/span><br \/>\n<span id=\"result_box\" class=\"short_text\" lang=\"en\"><span class=\"hps\">Cirug\u00eda Oral e implantolog\u00eda<\/span><\/span><\/span><\/h4>\n<\/div><\/section>[\/vc_column][vc_column width=&#8221;1\/3&#8243;]<section class=\"shortcode-teaser frame-fancy frame-on\"><div class=\"shortcode-teaser-img\"><a class=\"layzr-bg rollover\" href=\"https:\/\/www.clinicaclaros.com\/dt_team\/marta-lopez-fortuny\/\" target=\"_blank\"><img loading=\"lazy\" decoding=\"async\" class=\"lazy-load\" src=\"data:image\/svg+xml;charset=utf-8,%3Csvg xmlns%3D&#039;http%3A%2F%2Fwww.w3.org%2F2000%2Fsvg&#039; viewBox%3D&#039;0 0 310 310&#039;%2F%3E\" width=\"310\" height=\"310\" data-srcset=\"https:\/\/www.clinicaclaros.com\/wp-content\/uploads\/2021\/03\/martalopezweb.jpg 310w\" data-src=\"https:\/\/www.clinicaclaros.com\/wp-content\/uploads\/2021\/03\/martalopezweb.jpg\" \/><\/a><\/div><div class=\"shortcode-teaser-content text-normal\"><h4 style=\"text-align: center;\"><span class=\"xr_s25\"><span class=\"xr_tc\">Dra. Marta L\u00f3pez Fortuny<br \/>\n<\/span> <span class=\"xr_tc xr_s7\">Oftalmolog\u00eda<br \/>\nOculoplastia<br \/>\n<\/span><span id=\"result_box\" class=\"short_text\" lang=\"en\"><\/span><\/span><\/h4>\n<\/div><\/section>[\/vc_column][vc_column][vc_empty_space][\/vc_column][\/vc_row][vc_row][vc_column width=&#8221;1\/3&#8243;]<section class=\"shortcode-teaser frame-fancy frame-on\"><div class=\"layzr-bg shortcode-teaser-img\"><img loading=\"lazy\" decoding=\"async\" class=\"lazy-load\" src=\"data:image\/svg+xml;charset=utf-8,%3Csvg xmlns%3D&#039;http%3A%2F%2Fwww.w3.org%2F2000%2Fsvg&#039; viewBox%3D&#039;0 0 310 310&#039;%2F%3E\" width=\"310\" height=\"310\" data-srcset=\"https:\/\/www.clinicaclaros.com\/wp-content\/uploads\/2015\/05\/carmen1.jpg 310w\" data-src=\"https:\/\/www.clinicaclaros.com\/wp-content\/uploads\/2015\/05\/carmen1.jpg\" \/><\/div><div class=\"shortcode-teaser-content text-normal\"><h4 style=\"text-align: center;\"><span class=\"xr_s25\"><span class=\"xr_tc xr_s28\">Lda. M\u00aa Carmen Pujol<\/span><br \/>\n<span id=\"result_box\" class=\"short_text\" lang=\"en\"><span class=\"hps\">Logopeda<\/span><\/span><br \/>\n<span class=\"xr_tc xr_s7\"> <span id=\"result_box\" class=\"short_text\" lang=\"en\"><span class=\"hps\">Programadora de Implantes Cocleares<\/span><\/span><br \/>\n<span style=\"color: #f6f6f6;\">&#8211;<\/span><br \/>\n<\/span><\/span><\/h4>\n<\/div><\/section>[\/vc_column][vc_column width=&#8221;1\/3&#8243;]<section class=\"shortcode-teaser frame-fancy frame-on\"><div class=\"layzr-bg shortcode-teaser-img\"><img loading=\"lazy\" decoding=\"async\" class=\"lazy-load\" src=\"data:image\/svg+xml;charset=utf-8,%3Csvg xmlns%3D&#039;http%3A%2F%2Fwww.w3.org%2F2000%2Fsvg&#039; viewBox%3D&#039;0 0 530 530&#039;%2F%3E\" width=\"530\" height=\"530\" data-srcset=\"https:\/\/www.clinicaclaros.com\/wp-content\/uploads\/2020\/11\/astridcc-white.jpg 530w\" data-src=\"https:\/\/www.clinicaclaros.com\/wp-content\/uploads\/2020\/11\/astridcc-white.jpg\" \/><\/div><div class=\"shortcode-teaser-content text-normal\"><h4 style=\"text-align: center;\"><span class=\"xr_s25\"><span class=\"xr_tc xr_s24\"><span class=\"xr_s7\"><span class=\"xr_tc\">Lda. Astrid Clar\u00f3s<br \/>\n<\/span> <span class=\"xr_tc xr_s7\">Logopeda<br \/>\nPsic\u00f3loga<\/span><\/span><\/span><\/span><span id=\"result_box\" class=\"short_text\" lang=\"en\"><\/span><\/h4>\n<\/div><\/section>[\/vc_column][vc_column width=&#8221;1\/3&#8243;]<section class=\"shortcode-teaser frame-fancy frame-on\"><div class=\"layzr-bg shortcode-teaser-img\"><img loading=\"lazy\" decoding=\"async\" class=\"lazy-load\" src=\"data:image\/svg+xml;charset=utf-8,%3Csvg xmlns%3D&#039;http%3A%2F%2Fwww.w3.org%2F2000%2Fsvg&#039; viewBox%3D&#039;0 0 310 310&#039;%2F%3E\" width=\"310\" height=\"310\" data-srcset=\"https:\/\/www.clinicaclaros.com\/wp-content\/uploads\/2022\/03\/ruben-elvira.jpg 310w\" data-src=\"https:\/\/www.clinicaclaros.com\/wp-content\/uploads\/2022\/03\/ruben-elvira.jpg\" \/><\/div><div class=\"shortcode-teaser-content text-normal\"><h4 style=\"text-align: center;\"><span class=\"xr_s25\"><span class=\"xr_tc xr_s7\"><span class=\"xr_s24\"><span class=\"xr_tc xr_s28\">Dr. Rub\u00e9n Garc\u00eda-Elvira<br \/>\nTraumatolog\u00eda<\/span><br \/>\n<span style=\"color: #f6f6f6;\">&#8211;<\/span><br \/>\n<\/span><\/span><\/span><\/h4>\n<\/div><\/section>[\/vc_column][vc_column][vc_empty_space][\/vc_column][\/vc_row][vc_row][vc_column width=&#8221;1\/3&#8243;]<section class=\"shortcode-teaser frame-fancy frame-on\"><div class=\"layzr-bg shortcode-teaser-img\"><img loading=\"lazy\" decoding=\"async\" class=\"lazy-load\" src=\"data:image\/svg+xml;charset=utf-8,%3Csvg xmlns%3D&#039;http%3A%2F%2Fwww.w3.org%2F2000%2Fsvg&#039; viewBox%3D&#039;0 0 310 310&#039;%2F%3E\" width=\"310\" height=\"310\" data-srcset=\"https:\/\/www.clinicaclaros.com\/wp-content\/uploads\/2015\/05\/suneb.jpg 310w\" data-src=\"https:\/\/www.clinicaclaros.com\/wp-content\/uploads\/2015\/05\/suneb.jpg\" \/><\/div><div class=\"shortcode-teaser-content text-normal\"><h4 style=\"text-align: center;\"><span class=\"xr_s25\"><span class=\"xr_tc xr_s7\"><span class=\"xr_s24\"><span class=\"xr_tc xr_s28\">Dr. Luis Su\u00f1e<span class=\"xr_s27\"><br \/>\n<\/span><\/span>Otorrinolaringolog\u00eda<br \/>\n<span style=\"color: #f6f6f6;\">&#8211;<\/span><br \/>\n<\/span><\/span><\/span><\/h4>\n<\/div><\/section>[\/vc_column][vc_column width=&#8221;1\/3&#8243;]<section class=\"shortcode-teaser frame-fancy frame-on\"><div class=\"layzr-bg shortcode-teaser-img\"><img loading=\"lazy\" decoding=\"async\" class=\"lazy-load\" src=\"data:image\/svg+xml;charset=utf-8,%3Csvg xmlns%3D&#039;http%3A%2F%2Fwww.w3.org%2F2000%2Fsvg&#039; viewBox%3D&#039;0 0 312 312&#039;%2F%3E\" width=\"312\" height=\"312\" data-srcset=\"https:\/\/www.clinicaclaros.com\/wp-content\/uploads\/2015\/05\/blanco.jpg 312w\" data-src=\"https:\/\/www.clinicaclaros.com\/wp-content\/uploads\/2015\/05\/blanco.jpg\" \/><\/div><div class=\"shortcode-teaser-content text-normal\"><h4 class=\"title title-sm title-margin mtnone roboto mbnone \" style=\"text-align: center;\">Dra. Gabriela Alcaraz<br \/>\nAnestesiolog\u00eda y reanimaci\u00f3n<\/h4>\n<\/div><\/section>[\/vc_column][vc_column width=&#8221;1\/3&#8243;]<section class=\"shortcode-teaser frame-fancy frame-on\"><div class=\"layzr-bg shortcode-teaser-img\"><img loading=\"lazy\" decoding=\"async\" class=\"lazy-load\" src=\"data:image\/svg+xml;charset=utf-8,%3Csvg xmlns%3D&#039;http%3A%2F%2Fwww.w3.org%2F2000%2Fsvg&#039; viewBox%3D&#039;0 0 530 530&#039;%2F%3E\" width=\"530\" height=\"530\" data-srcset=\"https:\/\/www.clinicaclaros.com\/wp-content\/uploads\/2024\/01\/Foto-AVT-web.png 530w\" data-src=\"https:\/\/www.clinicaclaros.com\/wp-content\/uploads\/2024\/01\/Foto-AVT-web.png\" \/><\/div><div class=\"shortcode-teaser-content text-normal\"><h4 style=\"text-align: center;\"><span class=\"xr_s25\"><span class=\"xr_tc xr_s24\"><span class=\"xr_s7\"><span class=\"xr_tc xr_s7\"><span class=\"xr_s24\">Dra. Andrea Vallejo<br \/>\nAnestesi\u00f3log\u00eda y reanimaci\u00f3n<br \/>\n<span id=\"result_box\" class=\"short_text\" lang=\"en\"><\/span><\/span><\/span><\/span><\/span><\/span><\/h4>\n<\/div><\/section>[\/vc_column][vc_column][vc_empty_space][\/vc_column][\/vc_row][vc_row][vc_column width=&#8221;1\/3&#8243;][\/vc_column][vc_column width=&#8221;1\/3&#8243;][\/vc_column][vc_column width=&#8221;1\/3&#8243;][\/vc_column][vc_column][vc_empty_space][\/vc_column][\/vc_row][vc_column width=&#8221;1\/3&#8243;][\/vc_column][vc_row][vc_column][vc_column_text]<a id=\"instalaciones\" data-ps2id-target=\"instalaciones\"><\/a>[\/vc_column_text][\/vc_column][\/vc_row][vc_row margin_top=&#8221;0&#8243; margin_bottom=&#8221;0&#8243;][vc_column][vc_empty_space][\/vc_column][\/vc_row][vc_row margin_top=&#8221;0&#8243; margin_bottom=&#8221;0&#8243;][vc_column][\/vc_column][\/vc_row][vc_row margin_top=&#8221;0&#8243; margin_bottom=&#8221;0&#8243;][vc_column][vc_empty_space][\/vc_column][\/vc_row][vc_row margin_top=&#8221;0&#8243; margin_bottom=&#8221;0&#8243;][vc_column el_id=&#8221;instalaciones&#8221;][vc_column_text]<\/p>\n<h3 style=\"text-align: center;\">Nuestras instalaciones<\/h3>\n<p>[\/vc_column_text][\/vc_column][\/vc_row][vc_row margin_top=&#8221;0&#8243; margin_bottom=&#8221;0&#8243;][vc_column]<div class=\"dt-photos-shortcode slider-wrapper owl-carousel dt-owl-carousel-init  shortcode-instagram dt-gallery-container arrows-light enable-mobile-arrows\" data-padding-side=\"20\" data-autoslide=\"true\" data-delay=\"3000\" data-loop=\"false\" data-arrows=\"true\">\n<article class=\"post post-35641 attachment type-attachment status-inherit hentry no-img description-off\">\n\n\t<figure class=\"rollover-project links-hovers-disabled\">\n\t<a href=\"https:\/\/www.clinicaclaros.com\/wp-content\/uploads\/2015\/05\/imagen4-4.jpg\" class=\"rollover rollover-zoom dt-pswp-item layzr-bg\" title=\"imagen4 (4)\" data-dt-img-description=\"\"  data-large_image_width=\"2592\" data-large_image_height = \"1944\" ><img fetchpriority=\"high\" decoding=\"async\" class=\"preload-me lazy-load aspect\" src=\"data:image\/svg+xml,%3Csvg%20xmlns%3D&#39;http%3A%2F%2Fwww.w3.org%2F2000%2Fsvg&#39;%20viewBox%3D&#39;0%200%20466%20350&#39;%2F%3E\" data-src=\"https:\/\/www.clinicaclaros.com\/wp-content\/uploads\/2015\/05\/imagen4-4-466x350.jpg\" data-srcset=\"https:\/\/www.clinicaclaros.com\/wp-content\/uploads\/2015\/05\/imagen4-4-466x350.jpg 466w, https:\/\/www.clinicaclaros.com\/wp-content\/uploads\/2015\/05\/imagen4-4-932x700.jpg 932w\" loading=\"eager\" style=\"--ratio: 466 \/ 350\" sizes=\"(max-width: 466px) 100vw, 466px\" alt=\"\" width=\"466\" height=\"350\"  \/><\/a>\t<\/figure>\n<\/article>\n\n\n<article class=\"post post-35642 attachment type-attachment status-inherit hentry no-img description-off\">\n\n\t<figure class=\"rollover-project links-hovers-disabled\">\n\t<a href=\"https:\/\/www.clinicaclaros.com\/wp-content\/uploads\/2015\/05\/imagen3-3.jpg\" class=\"rollover rollover-zoom dt-pswp-item layzr-bg\" title=\"imagen3 (3)\" data-dt-img-description=\"\"  data-large_image_width=\"2592\" data-large_image_height = \"1944\" ><img decoding=\"async\" class=\"preload-me lazy-load aspect\" src=\"data:image\/svg+xml,%3Csvg%20xmlns%3D&#39;http%3A%2F%2Fwww.w3.org%2F2000%2Fsvg&#39;%20viewBox%3D&#39;0%200%20466%20350&#39;%2F%3E\" data-src=\"https:\/\/www.clinicaclaros.com\/wp-content\/uploads\/2015\/05\/imagen3-3-466x350.jpg\" data-srcset=\"https:\/\/www.clinicaclaros.com\/wp-content\/uploads\/2015\/05\/imagen3-3-466x350.jpg 466w, https:\/\/www.clinicaclaros.com\/wp-content\/uploads\/2015\/05\/imagen3-3-932x700.jpg 932w\" loading=\"eager\" style=\"--ratio: 466 \/ 350\" sizes=\"(max-width: 466px) 100vw, 466px\" alt=\"\" width=\"466\" height=\"350\"  \/><\/a>\t<\/figure>\n<\/article>\n\n\n<article class=\"post post-35640 attachment type-attachment status-inherit hentry no-img description-off\">\n\n\t<figure class=\"rollover-project links-hovers-disabled\">\n\t<a href=\"https:\/\/www.clinicaclaros.com\/wp-content\/uploads\/2015\/05\/imagen6-3.jpg\" class=\"rollover rollover-zoom dt-pswp-item layzr-bg\" title=\"imagen6 (3)\" data-dt-img-description=\"\"  data-large_image_width=\"2592\" data-large_image_height = \"1944\" ><img decoding=\"async\" class=\"preload-me lazy-load aspect\" src=\"data:image\/svg+xml,%3Csvg%20xmlns%3D&#39;http%3A%2F%2Fwww.w3.org%2F2000%2Fsvg&#39;%20viewBox%3D&#39;0%200%20466%20350&#39;%2F%3E\" data-src=\"https:\/\/www.clinicaclaros.com\/wp-content\/uploads\/2015\/05\/imagen6-3-466x350.jpg\" data-srcset=\"https:\/\/www.clinicaclaros.com\/wp-content\/uploads\/2015\/05\/imagen6-3-466x350.jpg 466w, https:\/\/www.clinicaclaros.com\/wp-content\/uploads\/2015\/05\/imagen6-3-932x700.jpg 932w\" loading=\"eager\" style=\"--ratio: 466 \/ 350\" sizes=\"(max-width: 466px) 100vw, 466px\" alt=\"\" width=\"466\" height=\"350\"  \/><\/a>\t<\/figure>\n<\/article>\n\n\n<article class=\"post post-35644 attachment type-attachment status-inherit hentry no-img description-off\">\n\n\t<figure class=\"rollover-project links-hovers-disabled\">\n\t<a href=\"https:\/\/www.clinicaclaros.com\/wp-content\/uploads\/2015\/05\/P1050096-2.jpg\" class=\"rollover rollover-zoom dt-pswp-item layzr-bg\" title=\"P1050096 (2)\" data-dt-img-description=\"\"  data-large_image_width=\"2560\" data-large_image_height = \"1920\" ><img decoding=\"async\" class=\"preload-me lazy-load aspect\" src=\"data:image\/svg+xml,%3Csvg%20xmlns%3D&#39;http%3A%2F%2Fwww.w3.org%2F2000%2Fsvg&#39;%20viewBox%3D&#39;0%200%20466%20350&#39;%2F%3E\" data-src=\"https:\/\/www.clinicaclaros.com\/wp-content\/uploads\/2015\/05\/P1050096-2-466x350.jpg\" data-srcset=\"https:\/\/www.clinicaclaros.com\/wp-content\/uploads\/2015\/05\/P1050096-2-466x350.jpg 466w, https:\/\/www.clinicaclaros.com\/wp-content\/uploads\/2015\/05\/P1050096-2-932x700.jpg 932w\" loading=\"eager\" style=\"--ratio: 466 \/ 350\" sizes=\"(max-width: 466px) 100vw, 466px\" alt=\"\" width=\"466\" height=\"350\"  \/><\/a>\t<\/figure>\n<\/article>\n\n\n<article class=\"post post-35643 attachment type-attachment status-inherit hentry no-img description-off\">\n\n\t<figure class=\"rollover-project links-hovers-disabled\">\n\t<a href=\"https:\/\/www.clinicaclaros.com\/wp-content\/uploads\/2015\/05\/P1050092-2.jpg\" class=\"rollover rollover-zoom dt-pswp-item layzr-bg\" title=\"P1050092 (2)\" data-dt-img-description=\"\"  data-large_image_width=\"2560\" data-large_image_height = \"1920\" ><img decoding=\"async\" class=\"preload-me lazy-load aspect\" src=\"data:image\/svg+xml,%3Csvg%20xmlns%3D&#39;http%3A%2F%2Fwww.w3.org%2F2000%2Fsvg&#39;%20viewBox%3D&#39;0%200%20466%20350&#39;%2F%3E\" data-src=\"https:\/\/www.clinicaclaros.com\/wp-content\/uploads\/2015\/05\/P1050092-2-466x350.jpg\" data-srcset=\"https:\/\/www.clinicaclaros.com\/wp-content\/uploads\/2015\/05\/P1050092-2-466x350.jpg 466w, https:\/\/www.clinicaclaros.com\/wp-content\/uploads\/2015\/05\/P1050092-2-932x700.jpg 932w\" loading=\"eager\" style=\"--ratio: 466 \/ 350\" sizes=\"(max-width: 466px) 100vw, 466px\" alt=\"\" width=\"466\" height=\"350\"  \/><\/a>\t<\/figure>\n<\/article>\n\n\n<article class=\"post post-35639 attachment type-attachment status-inherit hentry no-img description-off\">\n\n\t<figure class=\"rollover-project links-hovers-disabled\">\n\t<a href=\"https:\/\/www.clinicaclaros.com\/wp-content\/uploads\/2015\/05\/DSC_0271-2.jpg\" class=\"rollover rollover-zoom dt-pswp-item layzr-bg\" title=\"DSC_0271 (2)\" data-dt-img-description=\"\"  data-large_image_width=\"2761\" data-large_image_height = \"4156\" ><img decoding=\"async\" class=\"preload-me lazy-load aspect\" src=\"data:image\/svg+xml,%3Csvg%20xmlns%3D&#39;http%3A%2F%2Fwww.w3.org%2F2000%2Fsvg&#39;%20viewBox%3D&#39;0%200%20232%20350&#39;%2F%3E\" data-src=\"https:\/\/www.clinicaclaros.com\/wp-content\/uploads\/2015\/05\/DSC_0271-2-232x350.jpg\" data-srcset=\"https:\/\/www.clinicaclaros.com\/wp-content\/uploads\/2015\/05\/DSC_0271-2-232x350.jpg 232w, https:\/\/www.clinicaclaros.com\/wp-content\/uploads\/2015\/05\/DSC_0271-2-464x700.jpg 464w\" loading=\"eager\" style=\"--ratio: 232 \/ 350\" sizes=\"(max-width: 232px) 100vw, 232px\" alt=\"\" width=\"232\" height=\"350\"  \/><\/a>\t<\/figure>\n<\/article>\n\n\n<article class=\"post post-35638 attachment type-attachment status-inherit hentry no-img description-off\">\n\n\t<figure class=\"rollover-project links-hovers-disabled\">\n\t<a href=\"https:\/\/www.clinicaclaros.com\/wp-content\/uploads\/2015\/05\/DSC_0257-2.jpg\" class=\"rollover rollover-zoom dt-pswp-item layzr-bg\" title=\"DSC_0257 (2)\" data-dt-img-description=\"\"  data-large_image_width=\"2447\" data-large_image_height = \"3935\" ><img decoding=\"async\" class=\"preload-me lazy-load aspect\" src=\"data:image\/svg+xml,%3Csvg%20xmlns%3D&#39;http%3A%2F%2Fwww.w3.org%2F2000%2Fsvg&#39;%20viewBox%3D&#39;0%200%20217%20350&#39;%2F%3E\" data-src=\"https:\/\/www.clinicaclaros.com\/wp-content\/uploads\/2015\/05\/DSC_0257-2-217x350.jpg\" data-srcset=\"https:\/\/www.clinicaclaros.com\/wp-content\/uploads\/2015\/05\/DSC_0257-2-217x350.jpg 217w, https:\/\/www.clinicaclaros.com\/wp-content\/uploads\/2015\/05\/DSC_0257-2-434x700.jpg 434w\" loading=\"eager\" style=\"--ratio: 217 \/ 350\" sizes=\"(max-width: 217px) 100vw, 217px\" alt=\"\" width=\"217\" height=\"350\"  \/><\/a>\t<\/figure>\n<\/article>\n\n\n<article class=\"post post-35626 attachment type-attachment status-inherit hentry no-img description-off\">\n\n\t<figure class=\"rollover-project links-hovers-disabled\">\n\t<a href=\"https:\/\/www.clinicaclaros.com\/wp-content\/uploads\/2015\/05\/DSC_0254-2.jpg\" class=\"rollover rollover-zoom dt-pswp-item layzr-bg\" title=\"DSC_0254 (2)\" data-dt-img-description=\"\"  data-large_image_width=\"4288\" data-large_image_height = \"2848\" ><img decoding=\"async\" class=\"preload-me lazy-load aspect\" src=\"data:image\/svg+xml,%3Csvg%20xmlns%3D&#39;http%3A%2F%2Fwww.w3.org%2F2000%2Fsvg&#39;%20viewBox%3D&#39;0%200%20526%20350&#39;%2F%3E\" data-src=\"https:\/\/www.clinicaclaros.com\/wp-content\/uploads\/2015\/05\/DSC_0254-2-526x350.jpg\" data-srcset=\"https:\/\/www.clinicaclaros.com\/wp-content\/uploads\/2015\/05\/DSC_0254-2-526x350.jpg 526w, https:\/\/www.clinicaclaros.com\/wp-content\/uploads\/2015\/05\/DSC_0254-2-1052x700.jpg 1052w\" loading=\"eager\" style=\"--ratio: 526 \/ 350\" sizes=\"(max-width: 526px) 100vw, 526px\" alt=\"\" width=\"526\" height=\"350\"  \/><\/a>\t<\/figure>\n<\/article>\n\n\n<article class=\"post post-35602 attachment type-attachment status-inherit hentry no-img description-off\">\n\n\t<figure class=\"rollover-project links-hovers-disabled\">\n\t<a href=\"https:\/\/www.clinicaclaros.com\/wp-content\/uploads\/2015\/05\/servicios1.jpg\" class=\"rollover rollover-zoom dt-pswp-item layzr-bg\" title=\"servicios1\" data-dt-img-description=\"\"  data-large_image_width=\"2513\" data-large_image_height = \"3716\" ><img decoding=\"async\" class=\"preload-me lazy-load aspect\" src=\"data:image\/svg+xml,%3Csvg%20xmlns%3D&#39;http%3A%2F%2Fwww.w3.org%2F2000%2Fsvg&#39;%20viewBox%3D&#39;0%200%20236%20350&#39;%2F%3E\" data-src=\"https:\/\/www.clinicaclaros.com\/wp-content\/uploads\/2015\/05\/servicios1-236x350.jpg\" data-srcset=\"https:\/\/www.clinicaclaros.com\/wp-content\/uploads\/2015\/05\/servicios1-236x350.jpg 236w, https:\/\/www.clinicaclaros.com\/wp-content\/uploads\/2015\/05\/servicios1-472x700.jpg 472w\" loading=\"eager\" style=\"--ratio: 236 \/ 350\" sizes=\"(max-width: 236px) 100vw, 236px\" alt=\"\" width=\"236\" height=\"350\"  \/><\/a>\t<\/figure>\n<\/article>\n\n\n<article class=\"post post-35637 attachment type-attachment status-inherit hentry no-img description-off\">\n\n\t<figure class=\"rollover-project links-hovers-disabled\">\n\t<a href=\"https:\/\/www.clinicaclaros.com\/wp-content\/uploads\/2015\/05\/DSC_0266-2.jpg\" class=\"rollover rollover-zoom dt-pswp-item layzr-bg\" title=\"DSC_0266 (2)\" data-dt-img-description=\"\"  data-large_image_width=\"2722\" data-large_image_height = \"4099\" ><img decoding=\"async\" class=\"preload-me lazy-load aspect\" src=\"data:image\/svg+xml,%3Csvg%20xmlns%3D&#39;http%3A%2F%2Fwww.w3.org%2F2000%2Fsvg&#39;%20viewBox%3D&#39;0%200%20232%20350&#39;%2F%3E\" data-src=\"https:\/\/www.clinicaclaros.com\/wp-content\/uploads\/2015\/05\/DSC_0266-2-232x350.jpg\" data-srcset=\"https:\/\/www.clinicaclaros.com\/wp-content\/uploads\/2015\/05\/DSC_0266-2-232x350.jpg 232w, https:\/\/www.clinicaclaros.com\/wp-content\/uploads\/2015\/05\/DSC_0266-2-464x700.jpg 464w\" loading=\"eager\" style=\"--ratio: 232 \/ 350\" sizes=\"(max-width: 232px) 100vw, 232px\" alt=\"\" width=\"232\" height=\"350\"  \/><\/a>\t<\/figure>\n<\/article>\n\n\n<article class=\"post post-35636 attachment type-attachment status-inherit hentry no-img description-off\">\n\n\t<figure class=\"rollover-project links-hovers-disabled\">\n\t<a href=\"https:\/\/www.clinicaclaros.com\/wp-content\/uploads\/2015\/05\/DSC_1103-2.jpg\" class=\"rollover rollover-zoom dt-pswp-item layzr-bg\" title=\"DSC_1103 (2)\" data-dt-img-description=\"\"  data-large_image_width=\"2848\" data-large_image_height = \"4288\" ><img decoding=\"async\" class=\"preload-me lazy-load aspect\" src=\"data:image\/svg+xml,%3Csvg%20xmlns%3D&#39;http%3A%2F%2Fwww.w3.org%2F2000%2Fsvg&#39;%20viewBox%3D&#39;0%200%20232%20350&#39;%2F%3E\" data-src=\"https:\/\/www.clinicaclaros.com\/wp-content\/uploads\/2015\/05\/DSC_1103-2-232x350.jpg\" data-srcset=\"https:\/\/www.clinicaclaros.com\/wp-content\/uploads\/2015\/05\/DSC_1103-2-232x350.jpg 232w, https:\/\/www.clinicaclaros.com\/wp-content\/uploads\/2015\/05\/DSC_1103-2-464x700.jpg 464w\" loading=\"eager\" style=\"--ratio: 232 \/ 350\" sizes=\"(max-width: 232px) 100vw, 232px\" alt=\"\" width=\"232\" height=\"350\"  \/><\/a>\t<\/figure>\n<\/article>\n\n\n<article class=\"post post-35632 attachment type-attachment status-inherit hentry no-img description-off\">\n\n\t<figure class=\"rollover-project links-hovers-disabled\">\n\t<a href=\"https:\/\/www.clinicaclaros.com\/wp-content\/uploads\/2015\/05\/DSC_1059-2.jpg\" class=\"rollover rollover-zoom dt-pswp-item layzr-bg\" title=\"DSC_1059 (2)\" data-dt-img-description=\"\"  data-large_image_width=\"2848\" data-large_image_height = \"4288\" ><img decoding=\"async\" class=\"preload-me lazy-load aspect\" src=\"data:image\/svg+xml,%3Csvg%20xmlns%3D&#39;http%3A%2F%2Fwww.w3.org%2F2000%2Fsvg&#39;%20viewBox%3D&#39;0%200%20232%20350&#39;%2F%3E\" data-src=\"https:\/\/www.clinicaclaros.com\/wp-content\/uploads\/2015\/05\/DSC_1059-2-232x350.jpg\" data-srcset=\"https:\/\/www.clinicaclaros.com\/wp-content\/uploads\/2015\/05\/DSC_1059-2-232x350.jpg 232w, https:\/\/www.clinicaclaros.com\/wp-content\/uploads\/2015\/05\/DSC_1059-2-464x700.jpg 464w\" loading=\"eager\" style=\"--ratio: 232 \/ 350\" sizes=\"(max-width: 232px) 100vw, 232px\" alt=\"\" width=\"232\" height=\"350\"  \/><\/a>\t<\/figure>\n<\/article>\n\n\n<article class=\"post post-35631 attachment type-attachment status-inherit hentry no-img description-off\">\n\n\t<figure class=\"rollover-project links-hovers-disabled\">\n\t<a href=\"https:\/\/www.clinicaclaros.com\/wp-content\/uploads\/2015\/05\/DSC_1071-2.jpg\" class=\"rollover rollover-zoom dt-pswp-item layzr-bg\" title=\"DSC_1071 (2)\" data-dt-img-description=\"\"  data-large_image_width=\"4288\" data-large_image_height = \"2848\" ><img decoding=\"async\" class=\"preload-me lazy-load aspect\" src=\"data:image\/svg+xml,%3Csvg%20xmlns%3D&#39;http%3A%2F%2Fwww.w3.org%2F2000%2Fsvg&#39;%20viewBox%3D&#39;0%200%20526%20350&#39;%2F%3E\" data-src=\"https:\/\/www.clinicaclaros.com\/wp-content\/uploads\/2015\/05\/DSC_1071-2-526x350.jpg\" data-srcset=\"https:\/\/www.clinicaclaros.com\/wp-content\/uploads\/2015\/05\/DSC_1071-2-526x350.jpg 526w, https:\/\/www.clinicaclaros.com\/wp-content\/uploads\/2015\/05\/DSC_1071-2-1052x700.jpg 1052w\" loading=\"eager\" style=\"--ratio: 526 \/ 350\" sizes=\"(max-width: 526px) 100vw, 526px\" alt=\"\" width=\"526\" height=\"350\"  \/><\/a>\t<\/figure>\n<\/article>\n\n\n<article class=\"post post-35635 attachment type-attachment status-inherit hentry no-img description-off\">\n\n\t<figure class=\"rollover-project links-hovers-disabled\">\n\t<a href=\"https:\/\/www.clinicaclaros.com\/wp-content\/uploads\/2015\/05\/DSC_0263-2.jpg\" class=\"rollover rollover-zoom dt-pswp-item layzr-bg\" title=\"DSC_0263 (2)\" data-dt-img-description=\"\"  data-large_image_width=\"4260\" data-large_image_height = \"2829\" ><img decoding=\"async\" class=\"preload-me lazy-load aspect\" src=\"data:image\/svg+xml,%3Csvg%20xmlns%3D&#39;http%3A%2F%2Fwww.w3.org%2F2000%2Fsvg&#39;%20viewBox%3D&#39;0%200%20527%20350&#39;%2F%3E\" data-src=\"https:\/\/www.clinicaclaros.com\/wp-content\/uploads\/2015\/05\/DSC_0263-2-527x350.jpg\" data-srcset=\"https:\/\/www.clinicaclaros.com\/wp-content\/uploads\/2015\/05\/DSC_0263-2-527x350.jpg 527w, https:\/\/www.clinicaclaros.com\/wp-content\/uploads\/2015\/05\/DSC_0263-2-1054x700.jpg 1054w\" loading=\"eager\" style=\"--ratio: 527 \/ 350\" sizes=\"(max-width: 527px) 100vw, 527px\" alt=\"\" width=\"527\" height=\"350\"  \/><\/a>\t<\/figure>\n<\/article>\n\n\n<article class=\"post post-35633 attachment type-attachment status-inherit hentry no-img description-off\">\n\n\t<figure class=\"rollover-project links-hovers-disabled\">\n\t<a href=\"https:\/\/www.clinicaclaros.com\/wp-content\/uploads\/2015\/05\/DSC_0293-2.jpg\" class=\"rollover rollover-zoom dt-pswp-item layzr-bg\" title=\"DSC_0293 (2)\" data-dt-img-description=\"\"  data-large_image_width=\"4288\" data-large_image_height = \"2848\" ><img decoding=\"async\" class=\"preload-me lazy-load aspect\" src=\"data:image\/svg+xml,%3Csvg%20xmlns%3D&#39;http%3A%2F%2Fwww.w3.org%2F2000%2Fsvg&#39;%20viewBox%3D&#39;0%200%20526%20350&#39;%2F%3E\" data-src=\"https:\/\/www.clinicaclaros.com\/wp-content\/uploads\/2015\/05\/DSC_0293-2-526x350.jpg\" data-srcset=\"https:\/\/www.clinicaclaros.com\/wp-content\/uploads\/2015\/05\/DSC_0293-2-526x350.jpg 526w, https:\/\/www.clinicaclaros.com\/wp-content\/uploads\/2015\/05\/DSC_0293-2-1052x700.jpg 1052w\" loading=\"eager\" style=\"--ratio: 526 \/ 350\" sizes=\"(max-width: 526px) 100vw, 526px\" alt=\"\" width=\"526\" height=\"350\"  \/><\/a>\t<\/figure>\n<\/article>\n\n\n<article class=\"post post-35630 attachment type-attachment status-inherit hentry no-img description-off\">\n\n\t<figure class=\"rollover-project links-hovers-disabled\">\n\t<a href=\"https:\/\/www.clinicaclaros.com\/wp-content\/uploads\/2015\/05\/DSC_0253-2.jpg\" class=\"rollover rollover-zoom dt-pswp-item layzr-bg\" title=\"DSC_0253 (2)\" data-dt-img-description=\"\"  data-large_image_width=\"4288\" data-large_image_height = \"2848\" ><img decoding=\"async\" class=\"preload-me lazy-load aspect\" src=\"data:image\/svg+xml,%3Csvg%20xmlns%3D&#39;http%3A%2F%2Fwww.w3.org%2F2000%2Fsvg&#39;%20viewBox%3D&#39;0%200%20526%20350&#39;%2F%3E\" data-src=\"https:\/\/www.clinicaclaros.com\/wp-content\/uploads\/2015\/05\/DSC_0253-2-526x350.jpg\" data-srcset=\"https:\/\/www.clinicaclaros.com\/wp-content\/uploads\/2015\/05\/DSC_0253-2-526x350.jpg 526w, https:\/\/www.clinicaclaros.com\/wp-content\/uploads\/2015\/05\/DSC_0253-2-1052x700.jpg 1052w\" loading=\"eager\" style=\"--ratio: 526 \/ 350\" sizes=\"(max-width: 526px) 100vw, 526px\" alt=\"\" width=\"526\" height=\"350\"  \/><\/a>\t<\/figure>\n<\/article>\n\n\n<article class=\"post post-76946 attachment type-attachment status-inherit hentry no-img description-off\">\n\n\t<figure class=\"rollover-project links-hovers-disabled\">\n\t<a href=\"https:\/\/www.clinicaclaros.com\/wp-content\/uploads\/2015\/05\/IMG_20240619_151322-scaled.jpg\" class=\"rollover rollover-zoom dt-pswp-item layzr-bg\" title=\"IMG_20240619_151322\" data-dt-img-description=\"\"  data-large_image_width=\"2560\" data-large_image_height = \"1920\" ><img decoding=\"async\" class=\"preload-me lazy-load aspect\" src=\"data:image\/svg+xml,%3Csvg%20xmlns%3D&#39;http%3A%2F%2Fwww.w3.org%2F2000%2Fsvg&#39;%20viewBox%3D&#39;0%200%20466%20350&#39;%2F%3E\" data-src=\"https:\/\/www.clinicaclaros.com\/wp-content\/uploads\/2015\/05\/IMG_20240619_151322-scaled-466x350.jpg\" data-srcset=\"https:\/\/www.clinicaclaros.com\/wp-content\/uploads\/2015\/05\/IMG_20240619_151322-scaled-466x350.jpg 466w, https:\/\/www.clinicaclaros.com\/wp-content\/uploads\/2015\/05\/IMG_20240619_151322-scaled-932x700.jpg 932w\" loading=\"eager\" style=\"--ratio: 466 \/ 350\" sizes=\"(max-width: 466px) 100vw, 466px\" alt=\"\" width=\"466\" height=\"350\"  \/><\/a>\t<\/figure>\n<\/article>\n\n\n<article class=\"post post-35629 attachment type-attachment status-inherit hentry no-img description-off\">\n\n\t<figure class=\"rollover-project links-hovers-disabled\">\n\t<a href=\"https:\/\/www.clinicaclaros.com\/wp-content\/uploads\/2015\/05\/DSC_0229-2.jpg\" class=\"rollover rollover-zoom dt-pswp-item layzr-bg\" title=\"DSC_0229 (2)\" data-dt-img-description=\"\"  data-large_image_width=\"2774\" data-large_image_height = \"4227\" ><img decoding=\"async\" class=\"preload-me lazy-load aspect\" src=\"data:image\/svg+xml,%3Csvg%20xmlns%3D&#39;http%3A%2F%2Fwww.w3.org%2F2000%2Fsvg&#39;%20viewBox%3D&#39;0%200%20229%20350&#39;%2F%3E\" data-src=\"https:\/\/www.clinicaclaros.com\/wp-content\/uploads\/2015\/05\/DSC_0229-2-229x350.jpg\" data-srcset=\"https:\/\/www.clinicaclaros.com\/wp-content\/uploads\/2015\/05\/DSC_0229-2-229x350.jpg 229w, https:\/\/www.clinicaclaros.com\/wp-content\/uploads\/2015\/05\/DSC_0229-2-458x700.jpg 458w\" loading=\"eager\" style=\"--ratio: 229 \/ 350\" sizes=\"(max-width: 229px) 100vw, 229px\" alt=\"\" width=\"229\" height=\"350\"  \/><\/a>\t<\/figure>\n<\/article>\n\n\n<article class=\"post post-35628 attachment type-attachment status-inherit hentry no-img description-off\">\n\n\t<figure class=\"rollover-project links-hovers-disabled\">\n\t<a href=\"https:\/\/www.clinicaclaros.com\/wp-content\/uploads\/2015\/05\/DSC_0224-2.jpg\" class=\"rollover rollover-zoom dt-pswp-item layzr-bg\" title=\"DSC_0224 (2)\" data-dt-img-description=\"\"  data-large_image_width=\"4175\" data-large_image_height = \"2609\" ><img decoding=\"async\" class=\"preload-me lazy-load aspect\" src=\"data:image\/svg+xml,%3Csvg%20xmlns%3D&#39;http%3A%2F%2Fwww.w3.org%2F2000%2Fsvg&#39;%20viewBox%3D&#39;0%200%20560%20350&#39;%2F%3E\" data-src=\"https:\/\/www.clinicaclaros.com\/wp-content\/uploads\/2015\/05\/DSC_0224-2-560x350.jpg\" data-srcset=\"https:\/\/www.clinicaclaros.com\/wp-content\/uploads\/2015\/05\/DSC_0224-2-560x350.jpg 560w, https:\/\/www.clinicaclaros.com\/wp-content\/uploads\/2015\/05\/DSC_0224-2-1120x700.jpg 1120w\" loading=\"eager\" style=\"--ratio: 560 \/ 350\" sizes=\"(max-width: 560px) 100vw, 560px\" alt=\"\" width=\"560\" height=\"350\"  \/><\/a>\t<\/figure>\n<\/article>\n\n\n<article class=\"post post-35604 attachment type-attachment status-inherit hentry no-img description-off\">\n\n\t<figure class=\"rollover-project links-hovers-disabled\">\n\t<a href=\"https:\/\/www.clinicaclaros.com\/wp-content\/uploads\/2015\/05\/servicios2.jpg\" class=\"rollover rollover-zoom dt-pswp-item layzr-bg\" title=\"servicios2\" data-dt-img-description=\"\"  data-large_image_width=\"2923\" data-large_image_height = \"4218\" ><img decoding=\"async\" class=\"preload-me lazy-load aspect\" src=\"data:image\/svg+xml,%3Csvg%20xmlns%3D&#39;http%3A%2F%2Fwww.w3.org%2F2000%2Fsvg&#39;%20viewBox%3D&#39;0%200%20242%20350&#39;%2F%3E\" data-src=\"https:\/\/www.clinicaclaros.com\/wp-content\/uploads\/2015\/05\/servicios2-242x350.jpg\" data-srcset=\"https:\/\/www.clinicaclaros.com\/wp-content\/uploads\/2015\/05\/servicios2-242x350.jpg 242w, https:\/\/www.clinicaclaros.com\/wp-content\/uploads\/2015\/05\/servicios2-484x700.jpg 484w\" loading=\"eager\" style=\"--ratio: 242 \/ 350\" sizes=\"(max-width: 242px) 100vw, 242px\" alt=\"\" width=\"242\" height=\"350\"  \/><\/a>\t<\/figure>\n<\/article>\n\n<\/div>[\/vc_column][\/vc_row][vc_row margin_top=&#8221;0&#8243; margin_bottom=&#8221;0&#8243;][vc_column][vc_empty_space height=&#8221;50px&#8221;][\/vc_column][\/vc_row][vc_row margin_top=&#8221;0&#8243; margin_bottom=&#8221;0&#8243;][vc_column][vc_btn title=&#8221;Contacta con nosotros&#8221; align=&#8221;center&#8221; link=&#8221;url:https%3A%2F%2Fwww.clinicaclaros.com%2Fcontactar%2F|||&#8221;][\/vc_column][\/vc_row][vc_row][vc_column][vc_column_text][\/vc_column_text][\/vc_column][\/vc_row][vc_row][vc_column][vc_column_text][\/vc_column_text][\/vc_column][\/vc_row][vc_row][\/vc_row][vc_column][\/vc_column][vc_column_text]\u00a0[\/vc_column_text]<\/p>\n<\/div>","protected":false},"excerpt":{"rendered":"<p>[vc_row][vc_column][vc_column_text][\/vc_column_text][\/vc_column][\/vc_row][vc_row margin_top=&#8221;0&#8243; margin_bottom=&#8221;0&#8243;][vc_column][vc_column_text] \u00bfQuienes somos? Un peque\u00f1o resumen de nuestra larga historia y amplia experiencia en Otorrinolaringolog\u00eda en Barcelona. \u00bfQuienes somos? El Grupo CLAR\u00d3S inici\u00f3 su actividad en la medicina en 1942, con el Doctor Andr\u00e9s Clar\u00f3s Dom\u00e9nech (Otorrinolaringolog\u00eda) en Barcelona, continuada y ampliada por el Doctor Pedro Clar\u00f3s en 1972 (Otorrinolaringologia y Cirug\u00eda Pl\u00e1stica&hellip;<\/p>\n","protected":false},"author":1,"featured_media":0,"parent":0,"menu_order":0,"comment_status":"closed","ping_status":"closed","template":"","meta":{"_monsterinsights_skip_tracking":false,"_monsterinsights_sitenote_active":false,"_monsterinsights_sitenote_note":"","_monsterinsights_sitenote_category":0,"footnotes":""},"class_list":["post-37982","page","type-page","status-publish","hentry","description-off"],"yoast_head":"<!-- This site is optimized with the Yoast SEO plugin v27.4 - https:\/\/yoast.com\/product\/yoast-seo-wordpress\/ -->\n<title><\/title>\n<meta name=\"description\" content=\"\u00bfQuienes somos? El Grupo CLAR\u00d3S inici\u00f3 su actividad en la medicina en 1942 con el Doctor Andr\u00e9s Clar\u00f3s Dom\u00e9nech (Otorrinolaringolog\u00eda, Barcelona), continuada y ampliada por el Doctor Pedro Clar\u00f3s en 1972 (Otorrinolaringologia y Cirug\u00eda Pl\u00e1stica Facial) % y en 1980 por el Doctor Andr\u00e9s Clar\u00f3s Blanch (Otorrinolarinolog\u00eda).\" \/>\n<meta name=\"robots\" content=\"index, follow, max-snippet:-1, max-image-preview:large, max-video-preview:-1\" \/>\n<link rel=\"canonical\" href=\"https:\/\/www.clinicaclaros.com\/quienes-somos\/\" \/>\n<meta property=\"og:locale\" content=\"ar_AR\" \/>\n<meta property=\"og:type\" content=\"article\" \/>\n<meta property=\"og:title\" content=\"[:es]Quienes somos[:en]Who we are[:] - Cl\u00ed\u00adnica Clar\u00f3s - Otorrino en Barcelona\" \/>\n<meta property=\"og:description\" content=\"\u00bfQuienes somos? El Grupo CLAR\u00d3S inici\u00f3 su actividad en la medicina en 1942 con el Doctor Andr\u00e9s Clar\u00f3s Dom\u00e9nech (Otorrinolaringolog\u00eda, Barcelona), continuada y ampliada por el Doctor Pedro Clar\u00f3s en 1972 (Otorrinolaringologia y Cirug\u00eda Pl\u00e1stica Facial) % y en 1980 por el Doctor Andr\u00e9s Clar\u00f3s Blanch (Otorrinolarinolog\u00eda).\" \/>\n<meta property=\"og:url\" content=\"https:\/\/www.clinicaclaros.com\/quienes-somos\/\" \/>\n<meta property=\"og:site_name\" content=\"Cl\u00ed\u00adnica Clar\u00f3s\" \/>\n<meta property=\"article:publisher\" content=\"https:\/\/www.facebook.com\/clinicaclaros\" \/>\n<meta property=\"article:modified_time\" content=\"2026-04-24T09:17:14+00:00\" \/>\n<meta name=\"twitter:card\" content=\"summary_large_image\" \/>\n<meta name=\"twitter:site\" content=\"@ClinicaClaros\" \/>\n<meta name=\"twitter:label1\" content=\"\u0648\u0642\u062a \u0627\u0644\u0642\u0631\u0627\u0621\u0629 \u0627\u0644\u0645\u064f\u0642\u062f\u0651\u0631\" \/>\n\t<meta name=\"twitter:data1\" content=\"7 \u062f\u0642\u0627\u0626\u0642\" \/>\n<script type=\"application\/ld+json\" class=\"yoast-schema-graph\">{\"@context\":\"https:\\\/\\\/schema.org\",\"@graph\":[{\"@type\":\"WebPage\",\"@id\":\"https:\\\/\\\/www.clinicaclaros.com\\\/quienes-somos\\\/\",\"url\":\"https:\\\/\\\/www.clinicaclaros.com\\\/quienes-somos\\\/\",\"name\":\"[:es]Quienes somos[:en]Who we are[:] - Cl\u00ed\u00adnica Clar\u00f3s - Otorrino en Barcelona\",\"isPartOf\":{\"@id\":\"https:\\\/\\\/www.clinicaclaros.com\\\/#website\"},\"datePublished\":\"2020-06-30T08:03:44+00:00\",\"dateModified\":\"2026-04-24T09:17:14+00:00\",\"description\":\"\u00bfQuienes somos? El Grupo CLAR\u00d3S inici\u00f3 su actividad en la medicina en 1942 con el Doctor Andr\u00e9s Clar\u00f3s Dom\u00e9nech (Otorrinolaringolog\u00eda, Barcelona), continuada y ampliada por el Doctor Pedro Clar\u00f3s en 1972 (Otorrinolaringologia y Cirug\u00eda Pl\u00e1stica Facial) % y en 1980 por el Doctor Andr\u00e9s Clar\u00f3s Blanch (Otorrinolarinolog\u00eda).\",\"breadcrumb\":{\"@id\":\"https:\\\/\\\/www.clinicaclaros.com\\\/quienes-somos\\\/#breadcrumb\"},\"inLanguage\":\"ar\",\"potentialAction\":[{\"@type\":\"ReadAction\",\"target\":[\"https:\\\/\\\/www.clinicaclaros.com\\\/quienes-somos\\\/\"]}]},{\"@type\":\"BreadcrumbList\",\"@id\":\"https:\\\/\\\/www.clinicaclaros.com\\\/quienes-somos\\\/#breadcrumb\",\"itemListElement\":[{\"@type\":\"ListItem\",\"position\":1,\"name\":\"Portada\",\"item\":\"https:\\\/\\\/www.clinicaclaros.com\\\/\"},{\"@type\":\"ListItem\",\"position\":2,\"name\":\"Quienes somos\"}]},{\"@type\":\"WebSite\",\"@id\":\"https:\\\/\\\/www.clinicaclaros.com\\\/#website\",\"url\":\"https:\\\/\\\/www.clinicaclaros.com\\\/\",\"name\":\"Cl\u00ed\u00adnica Clar\u00f3s\",\"description\":\"Otorrinolaringolog\u00eda y Cirug\u00eda Pl\u00e1stica Facial\",\"publisher\":{\"@id\":\"https:\\\/\\\/www.clinicaclaros.com\\\/#organization\"},\"potentialAction\":[{\"@type\":\"SearchAction\",\"target\":{\"@type\":\"EntryPoint\",\"urlTemplate\":\"https:\\\/\\\/www.clinicaclaros.com\\\/?s={search_term_string}\"},\"query-input\":{\"@type\":\"PropertyValueSpecification\",\"valueRequired\":true,\"valueName\":\"search_term_string\"}}],\"inLanguage\":\"ar\"},{\"@type\":\"Organization\",\"@id\":\"https:\\\/\\\/www.clinicaclaros.com\\\/#organization\",\"name\":\"Cl\u00ednica Clar\u00f3s\",\"url\":\"https:\\\/\\\/www.clinicaclaros.com\\\/\",\"logo\":{\"@type\":\"ImageObject\",\"inLanguage\":\"ar\",\"@id\":\"https:\\\/\\\/www.clinicaclaros.com\\\/#\\\/schema\\\/logo\\\/image\\\/\",\"url\":\"https:\\\/\\\/www.clinicaclaros.com\\\/wp-content\\\/uploads\\\/2015\\\/06\\\/logoalargadocabecera.jpg\",\"contentUrl\":\"https:\\\/\\\/www.clinicaclaros.com\\\/wp-content\\\/uploads\\\/2015\\\/06\\\/logoalargadocabecera.jpg\",\"width\":200,\"height\":60,\"caption\":\"Cl\u00ednica Clar\u00f3s\"},\"image\":{\"@id\":\"https:\\\/\\\/www.clinicaclaros.com\\\/#\\\/schema\\\/logo\\\/image\\\/\"},\"sameAs\":[\"https:\\\/\\\/www.facebook.com\\\/clinicaclaros\",\"https:\\\/\\\/x.com\\\/ClinicaClaros\",\"https:\\\/\\\/www.linkedin.com\\\/company\\\/cl\u00ednica-clar\u00f3s\",\"https:\\\/\\\/www.youtube.com\\\/user\\\/FundacioClaros\"]}]}<\/script>\n<!-- \/ Yoast SEO plugin. -->","yoast_head_json":{"title":"[:es]Quienes somos[:en]Who we are[:] - Cl\u00ed\u00adnica Clar\u00f3s - Otorrino en Barcelona","description":"\u00bfQuienes somos? El Grupo CLAR\u00d3S inici\u00f3 su actividad en la medicina en 1942 con el Doctor Andr\u00e9s Clar\u00f3s Dom\u00e9nech (Otorrinolaringolog\u00eda, Barcelona), continuada y ampliada por el Doctor Pedro Clar\u00f3s en 1972 (Otorrinolaringologia y Cirug\u00eda Pl\u00e1stica Facial) % y en 1980 por el Doctor Andr\u00e9s Clar\u00f3s Blanch (Otorrinolarinolog\u00eda).","robots":{"index":"index","follow":"follow","max-snippet":"max-snippet:-1","max-image-preview":"max-image-preview:large","max-video-preview":"max-video-preview:-1"},"canonical":"https:\/\/www.clinicaclaros.com\/quienes-somos\/","og_locale":"ar_AR","og_type":"article","og_title":"[:es]Quienes somos[:en]Who we are[:] - Cl\u00ed\u00adnica Clar\u00f3s - Otorrino en Barcelona","og_description":"\u00bfQuienes somos? El Grupo CLAR\u00d3S inici\u00f3 su actividad en la medicina en 1942 con el Doctor Andr\u00e9s Clar\u00f3s Dom\u00e9nech (Otorrinolaringolog\u00eda, Barcelona), continuada y ampliada por el Doctor Pedro Clar\u00f3s en 1972 (Otorrinolaringologia y Cirug\u00eda Pl\u00e1stica Facial) % y en 1980 por el Doctor Andr\u00e9s Clar\u00f3s Blanch (Otorrinolarinolog\u00eda).","og_url":"https:\/\/www.clinicaclaros.com\/quienes-somos\/","og_site_name":"Cl\u00ed\u00adnica Clar\u00f3s","article_publisher":"https:\/\/www.facebook.com\/clinicaclaros","article_modified_time":"2026-04-24T09:17:14+00:00","twitter_card":"summary_large_image","twitter_site":"@ClinicaClaros","twitter_misc":{"\u0648\u0642\u062a \u0627\u0644\u0642\u0631\u0627\u0621\u0629 \u0627\u0644\u0645\u064f\u0642\u062f\u0651\u0631":"7 \u062f\u0642\u0627\u0626\u0642"},"schema":{"@context":"https:\/\/schema.org","@graph":[{"@type":"WebPage","@id":"https:\/\/www.clinicaclaros.com\/quienes-somos\/","url":"https:\/\/www.clinicaclaros.com\/quienes-somos\/","name":"[:es]Quienes somos[:en]Who we are[:] - Cl\u00ed\u00adnica Clar\u00f3s - Otorrino en Barcelona","isPartOf":{"@id":"https:\/\/www.clinicaclaros.com\/#website"},"datePublished":"2020-06-30T08:03:44+00:00","dateModified":"2026-04-24T09:17:14+00:00","description":"\u00bfQuienes somos? El Grupo CLAR\u00d3S inici\u00f3 su actividad en la medicina en 1942 con el Doctor Andr\u00e9s Clar\u00f3s Dom\u00e9nech (Otorrinolaringolog\u00eda, Barcelona), continuada y ampliada por el Doctor Pedro Clar\u00f3s en 1972 (Otorrinolaringologia y Cirug\u00eda Pl\u00e1stica Facial) % y en 1980 por el Doctor Andr\u00e9s Clar\u00f3s Blanch (Otorrinolarinolog\u00eda).","breadcrumb":{"@id":"https:\/\/www.clinicaclaros.com\/quienes-somos\/#breadcrumb"},"inLanguage":"ar","potentialAction":[{"@type":"ReadAction","target":["https:\/\/www.clinicaclaros.com\/quienes-somos\/"]}]},{"@type":"BreadcrumbList","@id":"https:\/\/www.clinicaclaros.com\/quienes-somos\/#breadcrumb","itemListElement":[{"@type":"ListItem","position":1,"name":"Portada","item":"https:\/\/www.clinicaclaros.com\/"},{"@type":"ListItem","position":2,"name":"Quienes somos"}]},{"@type":"WebSite","@id":"https:\/\/www.clinicaclaros.com\/#website","url":"https:\/\/www.clinicaclaros.com\/","name":"Cl\u00ed\u00adnica Clar\u00f3s","description":"Otorrinolaringolog\u00eda y Cirug\u00eda Pl\u00e1stica Facial","publisher":{"@id":"https:\/\/www.clinicaclaros.com\/#organization"},"potentialAction":[{"@type":"SearchAction","target":{"@type":"EntryPoint","urlTemplate":"https:\/\/www.clinicaclaros.com\/?s={search_term_string}"},"query-input":{"@type":"PropertyValueSpecification","valueRequired":true,"valueName":"search_term_string"}}],"inLanguage":"ar"},{"@type":"Organization","@id":"https:\/\/www.clinicaclaros.com\/#organization","name":"Cl\u00ednica Clar\u00f3s","url":"https:\/\/www.clinicaclaros.com\/","logo":{"@type":"ImageObject","inLanguage":"ar","@id":"https:\/\/www.clinicaclaros.com\/#\/schema\/logo\/image\/","url":"https:\/\/www.clinicaclaros.com\/wp-content\/uploads\/2015\/06\/logoalargadocabecera.jpg","contentUrl":"https:\/\/www.clinicaclaros.com\/wp-content\/uploads\/2015\/06\/logoalargadocabecera.jpg","width":200,"height":60,"caption":"Cl\u00ednica Clar\u00f3s"},"image":{"@id":"https:\/\/www.clinicaclaros.com\/#\/schema\/logo\/image\/"},"sameAs":["https:\/\/www.facebook.com\/clinicaclaros","https:\/\/x.com\/ClinicaClaros","https:\/\/www.linkedin.com\/company\/cl\u00ednica-clar\u00f3s","https:\/\/www.youtube.com\/user\/FundacioClaros"]}]}},"_links":{"self":[{"href":"https:\/\/www.clinicaclaros.com\/ar\/wp-json\/wp\/v2\/pages\/37982","targetHints":{"allow":["GET"]}}],"collection":[{"href":"https:\/\/www.clinicaclaros.com\/ar\/wp-json\/wp\/v2\/pages"}],"about":[{"href":"https:\/\/www.clinicaclaros.com\/ar\/wp-json\/wp\/v2\/types\/page"}],"author":[{"embeddable":true,"href":"https:\/\/www.clinicaclaros.com\/ar\/wp-json\/wp\/v2\/users\/1"}],"replies":[{"embeddable":true,"href":"https:\/\/www.clinicaclaros.com\/ar\/wp-json\/wp\/v2\/comments?post=37982"}],"version-history":[{"count":0,"href":"https:\/\/www.clinicaclaros.com\/ar\/wp-json\/wp\/v2\/pages\/37982\/revisions"}],"wp:attachment":[{"href":"https:\/\/www.clinicaclaros.com\/ar\/wp-json\/wp\/v2\/media?parent=37982"}],"curies":[{"name":"wp","href":"https:\/\/api.w.org\/{rel}","templated":true}]}}