{"id":37585,"date":"2021-12-20T12:10:10","date_gmt":"2021-12-20T12:10:10","guid":{"rendered":"http:\/\/www.clinicaclaros.com\/?page_id=37585"},"modified":"2026-04-20T06:41:12","modified_gmt":"2026-04-20T06:41:12","slug":"formacion","status":"publish","type":"page","link":"https:\/\/www.clinicaclaros.com\/ar\/formacion\/","title":{"rendered":"\u062d\u0644\u0642\u0629 \u062f\u0631\u0627\u0633\u064a\u0629"},"content":{"rendered":"<div class=\"wpb-content-wrapper\"><p><\/p>\n<p style=\"text-align: center;\">[vc_row][vc_column][vc_empty_space height=&#8221;60&#8243;][\/vc_column][\/vc_row][vc_row][vc_column][vc_column_text css_animation=&#8221;fadeInDown&#8221;]<\/p>\n<h2 style=\"text-align: center;\"><strong>NEXT COURSES<\/strong><\/h2>\n<p style=\"text-align: center;\"><a href=\"https:\/\/www.clinicaclaros.com\/cursos\/118.pdf\">118th TEMPORAL BONE DISSECTION COURSE<\/a>()<br \/>\nOctober 5-6, 2026.<br \/>\n<a href=\"https:\/\/www.clinicaclaros.com\/cursos\/119.pdf\">119th TEMPORAL BONE DISSECTION COURSE<\/a>(PLACES AVAILABLE)<br \/>\nNovember 16-17, 2026.<br \/>\n<a href=\"https:\/\/www.clinicaclaros.com\/cursos\/120.pdf\">120th TEMPORAL BONE DISSECTION COURSE<\/a>(PLACES AVAILABLE)<br \/>\nMarch 15-16, 2027.<br \/>\n<a href=\"https:\/\/www.clinicaclaros.com\/cursos\/121.pdf\">121st TEMPORAL BONE DISSECTION COURSE<\/a>((PLACES AVAILABLE)<br \/>\nApril 19-20, 2027.<br \/>\n<a href=\"https:\/\/www.clinicaclaros.com\/cursos\/122.pdf\">122nd TEMPORAL BONE DISSECTION COURSE<\/a>(PLACES AVAILABLE)<br \/>\nOctober 4-5, 2027.<br \/>\n<a href=\"https:\/\/www.clinicaclaros.com\/cursos\/123.pdf\">123 TEMPORAL BONE DISSECTION COURSE<\/a><br \/>\nNovember 15-16, 2027.<\/p>\n<p style=\"text-align: center;\"><a href=\"https:\/\/www.clinicaclaros.com\/cursos\/4orbita.pdf\">4th Orbital &amp; External Paranasal Sinus Dissection Course. Pending date.<\/a>, (<strong>PLACES AVAILABLE)<\/strong><\/p>\n<p style=\"text-align: center;\"><a href=\"https:\/\/www.clinicaclaros.com\/cursos\/4orbita.pdf\">5th Orbital &amp; External Paranasal Sinus Dissection Course. Pending date.<\/a>, (<strong>PLACES AVAILABLE)<\/strong><\/p>\n<p style=\"text-align: center;\">For further information please contact Secretariat:<br \/>\nCourse Department C\/ Los Verg\u00f3s, 29-31 08017 Barcelona (Spain)<br \/>\nTel. +34 93 203 12 12 Fax. + 34 93 280 33 32<br \/>\nEmail: clinica@clinicaclaros.com<br \/>\n<strong><span style=\"color: #0000ff; font-family: Helvetica;\">Acceptance is confirmed upon registration fee payment.<\/span><\/strong><\/p>\n<p style=\"text-align: center;\"><!--more-->[\/vc_column_text][vc_column_text]<\/p>\n<p style=\"text-align: center;\">The Department of Course is responsible for the organization of academic and training activities:<\/p>\n<p style=\"text-align: center;\">&#8211; Cochlear Implant training courses<br \/>\n&#8211; Temporal Bone Dissection Workshops<br \/>\n&#8211; Rhinoplasty and Facial Plastic Surgery Course for otorhinolaryngologyists, plastic and maxillofacial surgeons, where different plastic and facial surgery techniques are demonstrated together with videos and comments by the Professor.<\/p>\n<p style=\"text-align: center;\">For further information please contact the Secretariat of the Course Department, clinica@clinicaclaros.com<\/p>\n<p style=\"text-align: center;\">Aim: To teach and train young Doctors in our Laboratory with fresh Temporal Bones and to instruct several techniques. It is a compact two day length course.<\/p>\n<p style=\"text-align: center;\">Venue: Permanent Instructional Temporal Bone Laboratory of Cl\u00ednica Clar\u00f3s located in <a href=\"https:\/\/goo.gl\/maps\/rN5K1JUzxKsZmSwb8\">Viladecans (Barcelona \u2013 Spain)<\/a>, 4 kms distance from the Aeropuerto del Prat.<\/p>\n<p style=\"text-align: center;\">[\/vc_column_text][\/vc_column][\/vc_row][vc_row][vc_column][vc_empty_space height=&#8221;60&#8243;][\/vc_column][\/vc_row][vc_row][vc_column][vc_row][vc_column][vc_empty_space height=&#8221;60&#8243;][\/vc_column][\/vc_row][vc_row][vc_column][vc_column_text css_animation=&#8221;fadeInDown&#8221;]<\/p>\n<h2 style=\"text-align: center;\"><strong>NEXT COURSES<\/strong><\/h2>\n<p style=\"text-align: center;\"><a href=\"https:\/\/www.clinicaclaros.com\/cursos\/116.pdf\">116th TEMPORAL BONE DISSECTION COURSE<\/a>(PLACES AVAILABLE)<br \/>\nMarch 9-10, 2026.<br \/>\n<a href=\"https:\/\/www.clinicaclaros.com\/cursos\/117.pdf\">117th TEMPORAL BONE DISSECTION COURSE<\/a>(PLACES AVAILABLE)<br \/>\nApril 20-21, 2026.<br \/>\n<a href=\"https:\/\/www.clinicaclaros.com\/cursos\/118.pdf\">118th TEMPORAL BONE DISSECTION COURSE<\/a>(PLACES AVAILABLE)<br \/>\nOctober 5-6, 2026.<br \/>\n<a href=\"https:\/\/www.clinicaclaros.com\/cursos\/119.pdf\">119th TEMPORAL BONE DISSECTION COURSE<\/a>(PLACES AVAILABLE)<br \/>\nNovember 16-17, 2026.<\/p>\n<p style=\"text-align: center;\">120 TEMPORAL BONE DISSECTION COURSE(PLACES AVAILABLE)<br \/>\nMarch 15-16, 2027.<br \/>\n121TEMPORAL BONE DISSECTION COURSE(PLACES AVAILABLE)<br \/>\nApril 19-20, 2027.<br \/>\n122 TEMPORAL BONE DISSECTION COURSE(PLACES AVAILABLE)<br \/>\nOctober 4-5, 2027.<br \/>\n123 TEMPORAL BONE DISSECTION COURSE(PLACES AVAILABLE)<br \/>\nNovember 15-16, 2027.<\/p>\n<p style=\"text-align: center;\"><a href=\"https:\/\/www.clinicaclaros.com\/cursos\/4orbita.pdf\">4th Orbital &amp; External Paranasal Sinus Dissection Course. Pending date.<\/a>, (<strong>PLACES AVAILABLE)<\/strong><\/p>\n<p style=\"text-align: center;\"><a href=\"https:\/\/www.clinicaclaros.com\/cursos\/4orbita.pdf\">5th Orbital &amp; External Paranasal Sinus Dissection Course. Pending date.<\/a>, (<strong>PLACES AVAILABLE)<\/strong><\/p>\n<p style=\"text-align: center;\">For further information please contact Secretariat:<br \/>\nCourse Department C\/ Los Verg\u00f3s, 29-31 08017 Barcelona (Spain)<br \/>\nTel. +34 93 203 12 12 Fax. + 34 93 280 33 32<br \/>\nEmail: clinica@clinicaclaros.com<br \/>\n<strong><span style=\"color: #0000ff; font-family: Helvetica;\">Acceptance is confirmed upon registration fee payment.<\/span><\/strong><\/p>\n<p style=\"text-align: center;\"><!--more-->[\/vc_column_text][vc_column_text]<\/p>\n<p style=\"text-align: center;\">The Department of Course is responsible for the organization of academic and training activities:<\/p>\n<p style=\"text-align: center;\">&#8211; Cochlear Implant training courses<br \/>\n&#8211; Temporal Bone Dissection Workshops<br \/>\n&#8211; Rhinoplasty and Facial Plastic Surgery Course for otorhinolaryngologyists, plastic and maxillofacial surgeons, where different plastic and facial surgery techniques are demonstrated together with videos and comments by the Professor.<\/p>\n<p style=\"text-align: center;\">For further information please contact the Secretariat of the Course Department, clinica@clinicaclaros.com<\/p>\n<p style=\"text-align: center;\">Aim: To teach and train young Doctors in our Laboratory with fresh Temporal Bones and to instruct several techniques. It is a compact two day length course.<\/p>\n<p style=\"text-align: center;\">Venue: Permanent Instructional Temporal Bone Laboratory of Cl\u00ednica Clar\u00f3s located in <a href=\"https:\/\/goo.gl\/maps\/rN5K1JUzxKsZmSwb8\">Viladecans (Barcelona \u2013 Spain)<\/a>, 4 kms distance from the Aeropuerto del Prat.<\/p>\n<p style=\"text-align: center;\">[\/vc_column_text][\/vc_column][\/vc_row][vc_row][vc_column][vc_empty_space height=&#8221;60&#8243;][\/vc_column][\/vc_row][vc_row][vc_column]<\/p>\n<p><\/p>\n<\/div>","protected":false},"excerpt":{"rendered":"<p>\u0639\u0641\u0648\u0627\u060c \u0647\u0630\u0647 \u0627\u0644\u0645\u062f\u062e\u0644\u0629 \u0645\u0648\u062c\u0648\u062f\u0629 \u0641\u0642\u0637 \u0641\u064a Espa\u00f1ol.<\/p>\n","protected":false},"author":1,"featured_media":0,"parent":0,"menu_order":0,"comment_status":"closed","ping_status":"closed","template":"","meta":{"_monsterinsights_skip_tracking":false,"_monsterinsights_sitenote_active":false,"_monsterinsights_sitenote_note":"","_monsterinsights_sitenote_category":0,"footnotes":""},"class_list":["post-37585","page","type-page","status-publish","hentry","description-off"],"yoast_head":"<!-- This site is optimized with the Yoast SEO plugin v27.4 - https:\/\/yoast.com\/product\/yoast-seo-wordpress\/ -->\n<title>\u062d\u0644\u0642\u0629 \u062f\u0631\u0627\u0633\u064a\u0629 - Cl\u00ed\u00adnica Clar\u00f3s<\/title>\n<meta name=\"description\" content=\"Cursos de disecci\u00f3n del Hueso Temporal en Barcelona | Temporal Bone dissection courses in Barcelona. Formaci\u00f3n para profesionales otorrinos.\" \/>\n<meta name=\"robots\" content=\"index, follow, max-snippet:-1, max-image-preview:large, max-video-preview:-1\" \/>\n<link rel=\"canonical\" href=\"https:\/\/www.clinicaclaros.com\/formacion\/\" \/>\n<meta property=\"og:locale\" content=\"ar_AR\" \/>\n<meta property=\"og:type\" content=\"article\" \/>\n<meta property=\"og:title\" content=\"[:es]Formaci\u00f3n[:en]Courses[:ru]\u041e\u0431\u0443\u0447\u0430\u044e\u0449\u0438\u0435 \u043a\u0443\u0440\u0441\u044b[:ar]\u062d\u0644\u0642\u0629 \u062f\u0631\u0627\u0633\u064a\u0629[:ro]Preg\u0103tire[:] - Cl\u00ed\u00adnica Clar\u00f3s\" \/>\n<meta property=\"og:description\" content=\"Cursos de disecci\u00f3n del Hueso Temporal en Barcelona | Temporal Bone dissection courses in Barcelona. Formaci\u00f3n para profesionales otorrinos.\" \/>\n<meta property=\"og:url\" content=\"https:\/\/www.clinicaclaros.com\/formacion\/\" \/>\n<meta property=\"og:site_name\" content=\"Cl\u00ed\u00adnica Clar\u00f3s\" \/>\n<meta property=\"article:publisher\" content=\"https:\/\/www.facebook.com\/clinicaclaros\" \/>\n<meta property=\"article:modified_time\" content=\"2026-04-20T06:41:12+00:00\" \/>\n<meta name=\"twitter:card\" content=\"summary_large_image\" \/>\n<meta name=\"twitter:site\" content=\"@ClinicaClaros\" \/>\n<meta name=\"twitter:label1\" content=\"\u0648\u0642\u062a \u0627\u0644\u0642\u0631\u0627\u0621\u0629 \u0627\u0644\u0645\u064f\u0642\u062f\u0651\u0631\" \/>\n\t<meta name=\"twitter:data1\" content=\"11 \u062f\u0642\u064a\u0642\u0629\" \/>\n<script type=\"application\/ld+json\" class=\"yoast-schema-graph\">{\"@context\":\"https:\\\/\\\/schema.org\",\"@graph\":[{\"@type\":\"WebPage\",\"@id\":\"https:\\\/\\\/www.clinicaclaros.com\\\/formacion\\\/\",\"url\":\"https:\\\/\\\/www.clinicaclaros.com\\\/formacion\\\/\",\"name\":\"[:es]Formaci\u00f3n[:en]Courses[:ru]\u041e\u0431\u0443\u0447\u0430\u044e\u0449\u0438\u0435 \u043a\u0443\u0440\u0441\u044b[:ar]\u062d\u0644\u0642\u0629 \u062f\u0631\u0627\u0633\u064a\u0629[:ro]Preg\u0103tire[:] - Cl\u00ed\u00adnica Clar\u00f3s\",\"isPartOf\":{\"@id\":\"https:\\\/\\\/www.clinicaclaros.com\\\/#website\"},\"datePublished\":\"2021-12-20T12:10:10+00:00\",\"dateModified\":\"2026-04-20T06:41:12+00:00\",\"description\":\"Cursos de disecci\u00f3n del Hueso Temporal en Barcelona | Temporal Bone dissection courses in Barcelona. Formaci\u00f3n para profesionales otorrinos.\",\"breadcrumb\":{\"@id\":\"https:\\\/\\\/www.clinicaclaros.com\\\/formacion\\\/#breadcrumb\"},\"inLanguage\":\"ar\",\"potentialAction\":[{\"@type\":\"ReadAction\",\"target\":[\"https:\\\/\\\/www.clinicaclaros.com\\\/formacion\\\/\"]}]},{\"@type\":\"BreadcrumbList\",\"@id\":\"https:\\\/\\\/www.clinicaclaros.com\\\/formacion\\\/#breadcrumb\",\"itemListElement\":[{\"@type\":\"ListItem\",\"position\":1,\"name\":\"Portada\",\"item\":\"https:\\\/\\\/www.clinicaclaros.com\\\/\"},{\"@type\":\"ListItem\",\"position\":2,\"name\":\"Formaci\u00f3n\"}]},{\"@type\":\"WebSite\",\"@id\":\"https:\\\/\\\/www.clinicaclaros.com\\\/#website\",\"url\":\"https:\\\/\\\/www.clinicaclaros.com\\\/\",\"name\":\"Cl\u00ed\u00adnica Clar\u00f3s\",\"description\":\"Otorrinolaringolog\u00eda y Cirug\u00eda Pl\u00e1stica Facial\",\"publisher\":{\"@id\":\"https:\\\/\\\/www.clinicaclaros.com\\\/#organization\"},\"potentialAction\":[{\"@type\":\"SearchAction\",\"target\":{\"@type\":\"EntryPoint\",\"urlTemplate\":\"https:\\\/\\\/www.clinicaclaros.com\\\/?s={search_term_string}\"},\"query-input\":{\"@type\":\"PropertyValueSpecification\",\"valueRequired\":true,\"valueName\":\"search_term_string\"}}],\"inLanguage\":\"ar\"},{\"@type\":\"Organization\",\"@id\":\"https:\\\/\\\/www.clinicaclaros.com\\\/#organization\",\"name\":\"Cl\u00ednica Clar\u00f3s\",\"url\":\"https:\\\/\\\/www.clinicaclaros.com\\\/\",\"logo\":{\"@type\":\"ImageObject\",\"inLanguage\":\"ar\",\"@id\":\"https:\\\/\\\/www.clinicaclaros.com\\\/#\\\/schema\\\/logo\\\/image\\\/\",\"url\":\"https:\\\/\\\/www.clinicaclaros.com\\\/wp-content\\\/uploads\\\/2015\\\/06\\\/logoalargadocabecera.jpg\",\"contentUrl\":\"https:\\\/\\\/www.clinicaclaros.com\\\/wp-content\\\/uploads\\\/2015\\\/06\\\/logoalargadocabecera.jpg\",\"width\":200,\"height\":60,\"caption\":\"Cl\u00ednica Clar\u00f3s\"},\"image\":{\"@id\":\"https:\\\/\\\/www.clinicaclaros.com\\\/#\\\/schema\\\/logo\\\/image\\\/\"},\"sameAs\":[\"https:\\\/\\\/www.facebook.com\\\/clinicaclaros\",\"https:\\\/\\\/x.com\\\/ClinicaClaros\",\"https:\\\/\\\/www.linkedin.com\\\/company\\\/cl\u00ednica-clar\u00f3s\",\"https:\\\/\\\/www.youtube.com\\\/user\\\/FundacioClaros\"]}]}<\/script>\n<!-- \/ Yoast SEO plugin. -->","yoast_head_json":{"title":"[:es]Formaci\u00f3n[:en]Courses[:ru]\u041e\u0431\u0443\u0447\u0430\u044e\u0449\u0438\u0435 \u043a\u0443\u0440\u0441\u044b[:ar]\u062d\u0644\u0642\u0629 \u062f\u0631\u0627\u0633\u064a\u0629[:ro]Preg\u0103tire[:] - Cl\u00ed\u00adnica Clar\u00f3s","description":"Cursos de disecci\u00f3n del Hueso Temporal en Barcelona | Temporal Bone dissection courses in Barcelona. Formaci\u00f3n para profesionales otorrinos.","robots":{"index":"index","follow":"follow","max-snippet":"max-snippet:-1","max-image-preview":"max-image-preview:large","max-video-preview":"max-video-preview:-1"},"canonical":"https:\/\/www.clinicaclaros.com\/formacion\/","og_locale":"ar_AR","og_type":"article","og_title":"[:es]Formaci\u00f3n[:en]Courses[:ru]\u041e\u0431\u0443\u0447\u0430\u044e\u0449\u0438\u0435 \u043a\u0443\u0440\u0441\u044b[:ar]\u062d\u0644\u0642\u0629 \u062f\u0631\u0627\u0633\u064a\u0629[:ro]Preg\u0103tire[:] - Cl\u00ed\u00adnica Clar\u00f3s","og_description":"Cursos de disecci\u00f3n del Hueso Temporal en Barcelona | Temporal Bone dissection courses in Barcelona. Formaci\u00f3n para profesionales otorrinos.","og_url":"https:\/\/www.clinicaclaros.com\/formacion\/","og_site_name":"Cl\u00ed\u00adnica Clar\u00f3s","article_publisher":"https:\/\/www.facebook.com\/clinicaclaros","article_modified_time":"2026-04-20T06:41:12+00:00","twitter_card":"summary_large_image","twitter_site":"@ClinicaClaros","twitter_misc":{"\u0648\u0642\u062a \u0627\u0644\u0642\u0631\u0627\u0621\u0629 \u0627\u0644\u0645\u064f\u0642\u062f\u0651\u0631":"11 \u062f\u0642\u064a\u0642\u0629"},"schema":{"@context":"https:\/\/schema.org","@graph":[{"@type":"WebPage","@id":"https:\/\/www.clinicaclaros.com\/formacion\/","url":"https:\/\/www.clinicaclaros.com\/formacion\/","name":"[:es]Formaci\u00f3n[:en]Courses[:ru]\u041e\u0431\u0443\u0447\u0430\u044e\u0449\u0438\u0435 \u043a\u0443\u0440\u0441\u044b[:ar]\u062d\u0644\u0642\u0629 \u062f\u0631\u0627\u0633\u064a\u0629[:ro]Preg\u0103tire[:] - Cl\u00ed\u00adnica Clar\u00f3s","isPartOf":{"@id":"https:\/\/www.clinicaclaros.com\/#website"},"datePublished":"2021-12-20T12:10:10+00:00","dateModified":"2026-04-20T06:41:12+00:00","description":"Cursos de disecci\u00f3n del Hueso Temporal en Barcelona | Temporal Bone dissection courses in Barcelona. Formaci\u00f3n para profesionales otorrinos.","breadcrumb":{"@id":"https:\/\/www.clinicaclaros.com\/formacion\/#breadcrumb"},"inLanguage":"ar","potentialAction":[{"@type":"ReadAction","target":["https:\/\/www.clinicaclaros.com\/formacion\/"]}]},{"@type":"BreadcrumbList","@id":"https:\/\/www.clinicaclaros.com\/formacion\/#breadcrumb","itemListElement":[{"@type":"ListItem","position":1,"name":"Portada","item":"https:\/\/www.clinicaclaros.com\/"},{"@type":"ListItem","position":2,"name":"Formaci\u00f3n"}]},{"@type":"WebSite","@id":"https:\/\/www.clinicaclaros.com\/#website","url":"https:\/\/www.clinicaclaros.com\/","name":"Cl\u00ed\u00adnica Clar\u00f3s","description":"Otorrinolaringolog\u00eda y Cirug\u00eda Pl\u00e1stica Facial","publisher":{"@id":"https:\/\/www.clinicaclaros.com\/#organization"},"potentialAction":[{"@type":"SearchAction","target":{"@type":"EntryPoint","urlTemplate":"https:\/\/www.clinicaclaros.com\/?s={search_term_string}"},"query-input":{"@type":"PropertyValueSpecification","valueRequired":true,"valueName":"search_term_string"}}],"inLanguage":"ar"},{"@type":"Organization","@id":"https:\/\/www.clinicaclaros.com\/#organization","name":"Cl\u00ednica Clar\u00f3s","url":"https:\/\/www.clinicaclaros.com\/","logo":{"@type":"ImageObject","inLanguage":"ar","@id":"https:\/\/www.clinicaclaros.com\/#\/schema\/logo\/image\/","url":"https:\/\/www.clinicaclaros.com\/wp-content\/uploads\/2015\/06\/logoalargadocabecera.jpg","contentUrl":"https:\/\/www.clinicaclaros.com\/wp-content\/uploads\/2015\/06\/logoalargadocabecera.jpg","width":200,"height":60,"caption":"Cl\u00ednica Clar\u00f3s"},"image":{"@id":"https:\/\/www.clinicaclaros.com\/#\/schema\/logo\/image\/"},"sameAs":["https:\/\/www.facebook.com\/clinicaclaros","https:\/\/x.com\/ClinicaClaros","https:\/\/www.linkedin.com\/company\/cl\u00ednica-clar\u00f3s","https:\/\/www.youtube.com\/user\/FundacioClaros"]}]}},"_links":{"self":[{"href":"https:\/\/www.clinicaclaros.com\/ar\/wp-json\/wp\/v2\/pages\/37585","targetHints":{"allow":["GET"]}}],"collection":[{"href":"https:\/\/www.clinicaclaros.com\/ar\/wp-json\/wp\/v2\/pages"}],"about":[{"href":"https:\/\/www.clinicaclaros.com\/ar\/wp-json\/wp\/v2\/types\/page"}],"author":[{"embeddable":true,"href":"https:\/\/www.clinicaclaros.com\/ar\/wp-json\/wp\/v2\/users\/1"}],"replies":[{"embeddable":true,"href":"https:\/\/www.clinicaclaros.com\/ar\/wp-json\/wp\/v2\/comments?post=37585"}],"version-history":[{"count":0,"href":"https:\/\/www.clinicaclaros.com\/ar\/wp-json\/wp\/v2\/pages\/37585\/revisions"}],"wp:attachment":[{"href":"https:\/\/www.clinicaclaros.com\/ar\/wp-json\/wp\/v2\/media?parent=37585"}],"curies":[{"name":"wp","href":"https:\/\/api.w.org\/{rel}","templated":true}]}}