{"id":35895,"date":"2015-06-11T09:00:58","date_gmt":"2015-06-11T09:00:58","guid":{"rendered":"http:\/\/www.clinicaclaros.com\/?page_id=35895"},"modified":"2025-12-24T09:01:42","modified_gmt":"2025-12-24T09:01:42","slug":"inicio3a","status":"publish","type":"page","link":"https:\/\/www.clinicaclaros.com\/ar\/","title":{"rendered":"\u0627\u0644\u0647\u062f\u0641"},"content":{"rendered":"<div class=\"wpb-content-wrapper\"><p>[vc_row][vc_column][vc_column_text]<\/p>\n<h3 style=\"text-align: center;\">OUR SERVICES<\/h3>\n<p>[\/vc_column_text][vc_tta_tabs style=&#8221;outline&#8221; shape=&#8221;round&#8221; color=&#8221;orange&#8221; alignment=&#8221;center&#8221; active_section=&#8221;1&#8243; no_fill_content_area=&#8221;true&#8221;][vc_tta_section title=&#8221;Otorhinolaringology&#8221; tab_id=&#8221;1553596816731-91dfa2f1-3201&#8243;]<div class=\"standard-arrow list-divider bullet-top\"><div class=\"vc_tta-panel-body\">\n<div class=\"shortcode-banner\">\n<div class=\"shortcode-banner-bg wf-table\">\n<div class=\"shortcode-banner-inside wf-table text-big\">\n<div>\n<ul>\n<table style=\"text-align:center;\">\n<td>\n<li><a href=\"http:\/\/www.clinicaclaros.com\/otologia-y-neuro-otologia\/\">Otology and Neuro-otology<\/a><\/li>\n<li><a href=\"http:\/\/www.clinicaclaros.com\/tratamiento-completo-de-la-sordera\/\">Complete hearing loss treatment<\/a><\/li>\n<li><a href=\"http:\/\/www.clinicaclaros.com\/diagnostico-precoz-de-la-sordera-neonatal\/\">Neonatal early detection hearing loss<\/a><\/li>\n<li><a href=\"http:\/\/www.clinicaclaros.com\/tratamiento-de-acufenos\/\">Tinnitus treatment<\/a><\/li>\n<li><a href=\"http:\/\/www.clinicaclaros.com\/rehabilitacion-vestibular\/\">Vestibular rehabilitation<\/a><\/li>\n<li><a href=\"http:\/\/www.clinicaclaros.com\/valoracion-de-audifonos\/\">Hearing aids evaluation<\/a><\/li>\n<li><a href=\"http:\/\/www.clinicaclaros.com\/rinologia\/\">Rhinology<\/a><\/li>\n<li><a href=\"http:\/\/www.clinicaclaros.com\/problemas-de-oido-en-el-buceo\/\">Diving hear problems<\/a><\/li>\n<\/td>\n<td>\n<li><a href=\"http:\/\/www.clinicaclaros.com\/glandulas-salivares\/\">Salivary glands<\/a><\/li>\n<li><a href=\"http:\/\/www.clinicaclaros.com\/laringologia-y-cirugia-laringea-por-laser\/\">Laryngology and laryngeal surgery via laser<\/a><\/li>\n<li><a href=\"https:\/\/www.clinicaclaros.com\/cirugia-de-las-malformaciones-del-pabellon-auricular\">Surgery of the malformations of the auricular pavilion<\/a><\/li>\n<li><a href=\"http:\/\/www.clinicaclaros.com\/cirugia-endoscopica-de-senos-paranasales\/\">Endoscopic sinus surgery<\/a><\/li>\n<li><a href=\"http:\/\/www.clinicaclaros.com\/otorrinolaringologia-pediatrica\/\">Pediatric Otorhinolaringology<\/a><\/li>\n<li><a href=\"https:\/\/www.clinicaclaros.com\/otoplastia\/\">Otoplasty<\/a><\/li>\n<li><a href=\"http:\/\/www.clinicaclaros.com\/apneas\/\">Snoring and sleep apnea treatment<\/a><\/li>\n<li><a href=\"http:\/\/www.clinicaclaros.com\/trastornos-de-la-voz-y-el-lenguaje\/\">Voice and language disorders<\/a><\/li>\n<li>Tumors of head and neck<\/li>\n<\/td>\n<\/table>\n<\/ul>\n<\/div>\n<\/div>\n<\/div>\n<\/div>\n<\/div>\n<\/div>[\/vc_tta_section][vc_tta_section title=&#8221;Facial plastic surgery&#8221; tab_id=&#8221;1553596849293-7f803102-3565&#8243;]<div class=\"standard-arrow list-divider bullet-top\"><div class=\"vc_tta-panel-body\">\n<div class=\"shortcode-banner\">\n<div class=\"shortcode-banner-bg wf-table\">\n<div class=\"shortcode-banner-inside wf-table text-big\">\n<div>\n<ul>\n<table style=\"text-align:center;\">\n<td>\n<li><a href=\"http:\/\/www.clinicaclaros.com\/rinoplastia\/\">Rhinoplasty<\/a><\/li>\n<li><a href=\"http:\/\/www.clinicaclaros.com\/blefaroplastia\/\">Blepharoplasty<\/a><\/li>\n<li><a href=\"http:\/\/www.clinicaclaros.com\/otoplastia\/\">Otoplasty<\/a><\/li>\n<li><a href=\"http:\/\/www.clinicaclaros.com\/mentoplastia\/\">Mentoplasty<\/a><\/li>\n<li><a href=\"http:\/\/www.clinicaclaros.com\/cirugia-de-los-labios\/\">Lip surgery<\/a><\/li>\n<\/td>\n<td>\n<li><a href=\"http:\/\/www.clinicaclaros.com\/cicatrices\/\">Correction of scars<\/a><\/li>\n<li><a href=\"http:\/\/www.clinicaclaros.com\/rejuvenecimientofacial\/\">Facial rejuvenation (Vitamins, Botox, Hyaluronic Acid)<\/a><\/li>\n<li><a href=\"http:\/\/www.clinicaclaros.com\/laser-cutaneo\/\">Skin Laser<\/a><\/li>\n<li><a href=\"http:\/\/www.clinicaclaros.com\/malformacion-facial\/\">Surgery of facial malformations<\/a><\/li>\n<\/td>\n<\/table>\n<\/ul>\n<\/div>\n<\/div>\n<\/div>\n<\/div>\n<\/div>\n<\/div>[\/vc_tta_section][vc_tta_section title=&#8221;Facial pathology&#8221; tab_id=&#8221;1553596816825-304a1f49-88ac&#8221;]<div class=\"standard-arrow list-divider bullet-top\"><div class=\"vc_tta-panel-body\">\n<div class=\"shortcode-banner\">\n<div class=\"shortcode-banner-bg wf-table\">\n<div class=\"shortcode-banner-inside wf-table text-big\">\n<div>\n<div>\n<ul>\n<table style=\"text-align:center;\">\n<td>\n<li><a href=\"http:\/\/www.clinicaclaros.com\/cirugia-de-orbita\/\">Orbit surgery: tumors, fractures, orbital decompression due to endocrine exophthalmos<\/a><\/li>\n<li>Facial paralisis<\/li>\n<li>Facial tumor<\/li>\n<\/table>\n<\/ul>\n<\/div>\n<\/div>\n<\/div>\n<\/div>\n<\/div>\n<\/div>\n<\/div>[\/vc_tta_section][vc_tta_section title=&#8221;Cl\u00ednica Dental Clar\u00f3s&#8221; tab_id=&#8221;1553596882160-8f87f7de-3e90&#8243;]<div class=\"standard-arrow list-divider bullet-top\"><div class=\"vc_tta-panel-body\">\n<div class=\"shortcode-banner\">\n<div class=\"shortcode-banner-bg wf-table\">\n<div class=\"shortcode-banner-inside wf-table text-big\">\n<div>\n<ul>\n<table style=\"text-align:center;\">\n<td>\n<li>Minimally invasive dentistry<\/li>\n<li>Dental implantology<\/li>\n<li>Zygomatic implantology<\/li>\n<li>Implantology guided by 3D software<\/li>\n<li>Regenerative flap surgery<\/li>\n<li>\u201cMetal free\u201d implantology and prostheses<\/li>\n<li>Aesthetic and cosmetic dentistry<\/li>\n<\/td>\n<td>\n<li>Aesthetic orthodontics and invisible<\/li>\n<li>Periodontics<\/li>\n<li>CT Scan diagnosis in 3D<\/li>\n<li>Treatments with conscious sedation<\/li>\n<li>Oral rehabilitation techniques \u201cTeeth in one day\u201d<\/li>\n<li>Prosthetic Snoring and sleep apnea treatment<\/li>\n<\/td>\n<\/table>\n<\/ul>\n<\/div>\n<\/div>\n<\/div>\n<\/div>\n<\/div>\n<\/div>[\/vc_tta_section][vc_tta_section title=&#8221;Cochlear and Middle Ear Implant&#8221; tab_id=&#8221;1553596908688-271a17ef-56ad&#8221;]<div class=\"standard-arrow list-divider bullet-top\"><div class=\"vc_tta-panel-body\">\n<div class=\"shortcode-banner\">\n<div class=\"shortcode-banner-bg wf-table\">\n<div class=\"shortcode-banner-inside wf-table text-big\">\n<div>\n<ul>\n<table style=\"text-align:center;\">\n<td>\n<li>Assessment of the candidates<\/li>\n<li><a href=\"http:\/\/www.clinicaclaros.com\/cirugia-programacion-y-rehabilitacion-del-implantado\/\">Surgery, programming and rehabilitation of the cochlear implant<\/a> <a href=\"http:\/\/www.clinicaclaros.com\/cirugia-programacion-y-rehabilitacion-del-implantado\/\">Middle ear implant<\/a><\/li>\n<\/td>\n<\/table>\n<\/ul>\n<\/div>\n<\/div>\n<\/div>\n<\/div>\n<\/div>\n<\/div>[\/vc_tta_section][vc_tta_section title=&#8221;Pathologies of the voice&#8221; tab_id=&#8221;1553606418137-f37fbac1-b65c&#8221;]<div class=\"standard-arrow list-divider bullet-top\"><div class=\"standard-arrow list-divider bullet-top\">\n<div class=\"vc_tta-panel-body\">\n<div class=\"shortcode-banner\">\n<div class=\"shortcode-banner-bg wf-table\">\n<div class=\"shortcode-banner-inside wf-table text-big\">\n<div>\n<ul>\n<table style=\"text-align:center;\">\n<td>\n<li>Logopedia (Language)<\/li>\n<li>Phoniatry (Voice)<\/li>\n<li>Surgery and laser of the larynx<\/li>\n<\/td>\n<\/table>\n<\/ul>\n<\/div>\n<\/div>\n<\/div>\n<\/div>\n<\/div>\n<\/div>\n<\/div>[\/vc_tta_section][\/vc_tta_tabs][\/vc_column][\/vc_row][vc_row type=&#8221;vc_default&#8221; full_width=&#8221;stretch_row_content&#8221; margin_top=&#8221;1&#8243; margin_bottom=&#8221;40&#8243; anchor=&#8221;team&#8221; css=&#8221;.vc_custom_1554117754756{margin-bottom: 40px !important;background-color: #f8f8f8 !important;}&#8221;][vc_column][vc_empty_space height=&#8221;30px&#8221; css=&#8221;.vc_custom_1554117722604{background-color: #f8f8f8 !important;}&#8221;][vc_column_text css=&#8221;.vc_custom_1554117710880{background-color: #f8f8f8 !important;}&#8221;]<\/p>\n<h3 style=\"text-align: center;\">OUR TEAM<\/h3>\n<p>[\/vc_column_text][vc_empty_space height=&#8221;30px&#8221;][\/vc_column][vc_column width=&#8221;2\/3&#8243; offset=&#8221;vc_col-lg-offset-0 vc_col-lg-12 vc_col-md-offset-0 vc_col-md-12 vc_col-sm-offset-2 vc_col-xs-12&#8243;]<style type=\"text\/css\" data-type=\"the7_shortcodes-inline-css\">.team-carousel-shortcode.team-carousel-shortcode-id-d1a6b597227777fcf234a8886e197bb6.owl-carousel .owl-nav div {\n  width: 36px;\n  height: 36px;\n  border-radius: 500px;\n}\n.team-carousel-shortcode.team-carousel-shortcode-id-d1a6b597227777fcf234a8886e197bb6.owl-carousel .owl-nav div:before,\n.team-carousel-shortcode.team-carousel-shortcode-id-d1a6b597227777fcf234a8886e197bb6.owl-carousel .owl-nav div:after {\n  border-width: 0px;\n}\n.team-carousel-shortcode.team-carousel-shortcode-id-d1a6b597227777fcf234a8886e197bb6.owl-carousel .owl-nav div.owl-prev {\n  top: 50%;\n  transform: translateY(calc(-50% + 0px));\n  left: -43px;\n}\n@media all and (-ms-high-contrast: none) {\n  .team-carousel-shortcode.team-carousel-shortcode-id-d1a6b597227777fcf234a8886e197bb6.owl-carousel .owl-nav div.owl-prev {\n    transform: translateY(-50%);\n    margin-top: 0px;\n  }\n}\n.team-carousel-shortcode.team-carousel-shortcode-id-d1a6b597227777fcf234a8886e197bb6.owl-carousel .owl-nav div.owl-prev i {\n  padding: 0px 0px 0px 0px;\n}\n.team-carousel-shortcode.team-carousel-shortcode-id-d1a6b597227777fcf234a8886e197bb6.owl-carousel .owl-nav div.owl-next {\n  top: 50%;\n  transform: translateY(calc(-50% + 0px));\n  right: -43px;\n}\n@media all and (-ms-high-contrast: none) {\n  .team-carousel-shortcode.team-carousel-shortcode-id-d1a6b597227777fcf234a8886e197bb6.owl-carousel .owl-nav div.owl-next {\n    transform: translateY(-50%);\n    margin-top: 0px;\n  }\n}\n.team-carousel-shortcode.team-carousel-shortcode-id-d1a6b597227777fcf234a8886e197bb6.owl-carousel .owl-nav div.owl-next i {\n  padding: 0px 0px 0px 0px;\n}\n.team-carousel-shortcode.team-carousel-shortcode-id-d1a6b597227777fcf234a8886e197bb6.owl-carousel .owl-nav i {\n  font-size: 18px;\n}\n.team-carousel-shortcode.team-carousel-shortcode-id-d1a6b597227777fcf234a8886e197bb6.owl-carousel .owl-nav div:not(:hover) i,\n.team-carousel-shortcode.team-carousel-shortcode-id-d1a6b597227777fcf234a8886e197bb6.owl-carousel .owl-nav div:not(:hover) i:before {\n  color: #ffffff;\n  background: none;\n}\n.team-carousel-shortcode.team-carousel-shortcode-id-d1a6b597227777fcf234a8886e197bb6.owl-carousel .owl-nav div:hover i,\n.team-carousel-shortcode.team-carousel-shortcode-id-d1a6b597227777fcf234a8886e197bb6.owl-carousel .owl-nav div:hover i:before {\n  color: rgba(255,255,255,0.75);\n  background: none;\n}\n.team-carousel-shortcode.team-carousel-shortcode-id-d1a6b597227777fcf234a8886e197bb6 .owl-dots {\n  top: calc(100% + 20px);\n  left: 50%;\n  transform: translateX(calc(-50% + 0px));\n}\n@media all and (-ms-high-contrast: none) {\n  .team-carousel-shortcode.team-carousel-shortcode-id-d1a6b597227777fcf234a8886e197bb6 .owl-dots {\n    transform: translateX(-50%);\n    margin-left: 0px;\n  }\n}\n.team-carousel-shortcode.team-carousel-shortcode-id-d1a6b597227777fcf234a8886e197bb6 .owl-dot {\n  width: 10px;\n  height: 10px;\n  margin: 0 8px;\n}\n@media screen and (max-width: 778px) {\n  .team-carousel-shortcode.team-carousel-shortcode-id-d1a6b597227777fcf234a8886e197bb6.hide-arrows.owl-carousel .owl-nav a {\n    display: none;\n  }\n}\n@media screen and (max-width: 778px) {\n  .team-carousel-shortcode.team-carousel-shortcode-id-d1a6b597227777fcf234a8886e197bb6.reposition-arrows.owl-carousel .owl-nav .owl-prev {\n    top: 50%;\n    transform: translateY(calc(-50% + 0px));\n    left: 10px;\n  }\n  .team-carousel-shortcode.team-carousel-shortcode-id-d1a6b597227777fcf234a8886e197bb6.reposition-arrows.owl-carousel .owl-nav .owl-next {\n    top: 50%;\n    transform: translateY(calc(-50% + 0px));\n    right: 10px;\n  }\n}\n@media screen and (max-width: 778px) and all and (-ms-high-contrast: none) {\n  .team-carousel-shortcode.team-carousel-shortcode-id-d1a6b597227777fcf234a8886e197bb6.reposition-arrows.owl-carousel .owl-nav .owl-prev {\n    transform: translateY(-50%);\n    margin-top: 0px;\n  }\n}\n@media screen and (max-width: 778px) and all and (-ms-high-contrast: none) {\n  .team-carousel-shortcode.team-carousel-shortcode-id-d1a6b597227777fcf234a8886e197bb6.reposition-arrows.owl-carousel .owl-nav .owl-next {\n    transform: translateY(-50%);\n    margin-top: 0px;\n  }\n}\n.team-carousel-shortcode.team-carousel-shortcode-id-d1a6b597227777fcf234a8886e197bb6 .team-desc {\n  padding: 20px 20px 20px 20px;\n}\n.team-carousel-shortcode.team-carousel-shortcode-id-d1a6b597227777fcf234a8886e197bb6 .team-author-name,\n.team-carousel-shortcode.team-carousel-shortcode-id-d1a6b597227777fcf234a8886e197bb6 .team-author-name a {\n  margin-bottom: 0px;\n  font-weight: bold;\n}\n.team-carousel-shortcode.team-carousel-shortcode-id-d1a6b597227777fcf234a8886e197bb6 .team-author p {\n  margin-bottom: 10px;\n  font-weight: bold;\n}\n.team-carousel-shortcode.team-carousel-shortcode-id-d1a6b597227777fcf234a8886e197bb6  .team-media {\n  padding: 0px 0px 0px 0px;\n}\n.team-carousel-shortcode.team-carousel-shortcode-id-d1a6b597227777fcf234a8886e197bb6 .team-content {\n  margin-bottom: 5px;\n}\n.team-carousel-shortcode.team-carousel-shortcode-id-d1a6b597227777fcf234a8886e197bb6  .team-media,\n.team-carousel-shortcode.team-carousel-shortcode-id-d1a6b597227777fcf234a8886e197bb6  .team-media a.rollover,\n.team-carousel-shortcode.team-carousel-shortcode-id-d1a6b597227777fcf234a8886e197bb6  .team-media a.rollover *,\n.team-carousel-shortcode.team-carousel-shortcode-id-d1a6b597227777fcf234a8886e197bb6  .team-media img {\n  border-radius: 0px;\n}\n.team-carousel-shortcode.team-carousel-shortcode-id-d1a6b597227777fcf234a8886e197bb6 .soc-ico {\n  margin-bottom: 15px;\n}\n.team-carousel-shortcode.team-carousel-shortcode-id-d1a6b597227777fcf234a8886e197bb6 .soc-ico a {\n  min-width: 26px;\n  min-height: 26px;\n  font-size: 16px;\n  border-radius: 100px;\n}\n.team-carousel-shortcode.team-carousel-shortcode-id-d1a6b597227777fcf234a8886e197bb6 .soc-ico a:not(:last-child) {\n  margin-right: 4px;\n}\n.team-carousel-shortcode.team-carousel-shortcode-id-d1a6b597227777fcf234a8886e197bb6 .soc-ico a:before,\n.team-carousel-shortcode.team-carousel-shortcode-id-d1a6b597227777fcf234a8886e197bb6 .soc-ico a:after {\n  min-width: 26px;\n  min-height: 26px;\n  padding: inherit;\n}\n.dt-icon-border-on.team-carousel-shortcode.team-carousel-shortcode-id-d1a6b597227777fcf234a8886e197bb6 .soc-ico a:before {\n  border: 0px solid transparent;\n}\n#main .dt-icon-border-on.team-carousel-shortcode.team-carousel-shortcode-id-d1a6b597227777fcf234a8886e197bb6 .soc-ico a:before {\n  border-color: #ffc72c;\n}\n.team-carousel-shortcode.team-carousel-shortcode-id-d1a6b597227777fcf234a8886e197bb6 .soc-ico a:hover {\n  font-size: 16px;\n}\n#page .team-carousel-shortcode.team-carousel-shortcode-id-d1a6b597227777fcf234a8886e197bb6 .soc-ico a:hover .soc-font-icon {\n  color: rgba(160,169,193,0.75);\n  background: none;\n}\n.dt-icon-border-hover-on.team-carousel-shortcode.team-carousel-shortcode-id-d1a6b597227777fcf234a8886e197bb6 .soc-ico a:after {\n  border: 0px solid transparent;\n}\n#main .dt-icon-border-hover-on.team-carousel-shortcode.team-carousel-shortcode-id-d1a6b597227777fcf234a8886e197bb6 .soc-ico a:after {\n  border-color: #8ba5bf;\n}\n#page .team-carousel-shortcode.team-carousel-shortcode-id-d1a6b597227777fcf234a8886e197bb6 .soc-ico a:not(:hover) .soc-font-icon {\n  color: #ffc72c;\n  background: none;\n}\n.team-carousel-shortcode.team-carousel-shortcode-id-d1a6b597227777fcf234a8886e197bb6 .soc-ico a .soc-font-icon {\n  font-size: 16px;\n}<\/style><div class=\"owl-carousel team-carousel-shortcode dt-team-shortcode dt-owl-carousel-call team-carousel-shortcode-id-d1a6b597227777fcf234a8886e197bb6 content-align-center content-bg-on scale-img dt-icon-bg-off dt-arrow-border-on dt-arrow-hover-border-on dt-icon-border-on dt-icon-border-hover-on dt-icon-hover-bg-off move-icons-under-position bullets-small-dot-stroke reposition-arrows arrows-bg-on disable-arrows-hover-bg arrows-hover-bg-on  \" data-scroll-mode=\"page\" data-col-num=\"4\" data-wide-col-num=\"4\" data-laptop-col=\"4\" data-h-tablet-columns-num=\"3\" data-v-tablet-columns-num=\"2\" data-phone-columns-num=\"2\" data-auto-height=\"false\" data-col-gap=\"30\" data-stage-padding=\"0\" data-speed=\"600\" data-autoplay=\"true\" data-autoplay_speed=\"6000\" data-arrows=\"false\" data-bullet=\"false\" data-next-icon=\"icon-ar-017-r\" data-prev-icon=\"icon-ar-017-l\"><div class=\"team-container\"><div class=\"team-media\"><a href=\"https:\/\/www.clinicaclaros.com\/ar\/dt_team\/pedro-claros-blanch\/\" class=\"rollover layzr-bg\"><img decoding=\"async\" class=\"preload-me owl-lazy-load aspect\" src=\"data:image\/svg+xml,%3Csvg%20xmlns%3D&#39;http%3A%2F%2Fwww.w3.org%2F2000%2Fsvg&#39;%20viewBox%3D&#39;0%200%20310%20310&#39;%2F%3E\" data-src=\"https:\/\/www.clinicaclaros.com\/wp-content\/uploads\/2015\/05\/pedrocb1.jpg\" data-srcset=\"https:\/\/www.clinicaclaros.com\/wp-content\/uploads\/2015\/05\/pedrocb1.jpg 310w\" loading=\"eager\" style=\"--ratio: 310 \/ 310\" sizes=\"(max-width: 310px) 100vw, 310px\" width=\"310\" height=\"310\"  title=\"Pedro Clar\u00f3s Blanch\" alt=\"\" \/><\/a><\/div><div class=\"team-desc\"><div class=\"team-author\"><div class=\"team-author-name\"><a href=\"https:\/\/www.clinicaclaros.com\/ar\/dt_team\/pedro-claros-blanch\/\">Pedro Clar\u00f3s Blanch<\/a><\/div><\/div><div class=\"team-content\"><\/div><div class=\"soc-ico\"><a title=\"E-mail\" href=\"mailto:clinica@clinicaclaros.com\" target=\"_top\" class=\"mail\"><span class=\"soc-font-icon\"><\/span><span class=\"screen-reader-text\">E-mail<\/span><\/a><a title=\"Facebook\" href=\"http:\/\/www.facebook.com\/clinicaclaros\" target=\"_blank\" class=\"facebook\"><span class=\"soc-font-icon\"><\/span><span class=\"screen-reader-text\">Facebook<\/span><\/a><a title=\"X\" href=\"http:\/\/www.twitter.com\/clinicaclaros\" target=\"_blank\" class=\"twitter\"><span class=\"soc-font-icon\"><\/span><span class=\"screen-reader-text\">X<\/span><\/a><\/div><\/div><\/div><div class=\"team-container\"><div class=\"team-media\"><a href=\"https:\/\/www.clinicaclaros.com\/ar\/dt_team\/andres-claros-blanch\/\" class=\"rollover layzr-bg\"><img decoding=\"async\" class=\"preload-me owl-lazy-load aspect\" src=\"data:image\/svg+xml,%3Csvg%20xmlns%3D&#39;http%3A%2F%2Fwww.w3.org%2F2000%2Fsvg&#39;%20viewBox%3D&#39;0%200%20310%20310&#39;%2F%3E\" data-src=\"https:\/\/www.clinicaclaros.com\/wp-content\/uploads\/2015\/05\/andrescb1.jpg\" data-srcset=\"https:\/\/www.clinicaclaros.com\/wp-content\/uploads\/2015\/05\/andrescb1.jpg 310w\" loading=\"eager\" style=\"--ratio: 310 \/ 310\" sizes=\"(max-width: 310px) 100vw, 310px\" width=\"310\" height=\"310\"  title=\"Andr\u00e9s Clar\u00f3s Blanch\" alt=\"\" \/><\/a><\/div><div class=\"team-desc\"><div class=\"team-author\"><div class=\"team-author-name\"><a href=\"https:\/\/www.clinicaclaros.com\/ar\/dt_team\/andres-claros-blanch\/\">Andr\u00e9s Clar\u00f3s Blanch<\/a><\/div><\/div><div class=\"team-content\"><\/div><div class=\"soc-ico\"><a title=\"E-mail\" href=\"mailto:clinica@clinicaclaros.com\" target=\"_top\" class=\"mail\"><span class=\"soc-font-icon\"><\/span><span class=\"screen-reader-text\">E-mail<\/span><\/a><a title=\"Facebook\" href=\"http:\/\/www.facebook.com\/clinicaclaros\" target=\"_blank\" class=\"facebook\"><span class=\"soc-font-icon\"><\/span><span class=\"screen-reader-text\">Facebook<\/span><\/a><a title=\"X\" href=\"http:\/\/www.twitter.com\/clinicaclaros\" target=\"_blank\" class=\"twitter\"><span class=\"soc-font-icon\"><\/span><span class=\"screen-reader-text\">X<\/span><\/a><\/div><\/div><\/div><div class=\"team-container\"><div class=\"team-media\"><a href=\"https:\/\/www.clinicaclaros.com\/ar\/dt_team\/daniel-claros-pujol\/\" class=\"rollover layzr-bg\"><img decoding=\"async\" class=\"preload-me owl-lazy-load aspect\" src=\"data:image\/svg+xml,%3Csvg%20xmlns%3D&#39;http%3A%2F%2Fwww.w3.org%2F2000%2Fsvg&#39;%20viewBox%3D&#39;0%200%20310%20310&#39;%2F%3E\" data-src=\"https:\/\/www.clinicaclaros.com\/wp-content\/uploads\/2015\/05\/danieljr.jpg\" data-srcset=\"https:\/\/www.clinicaclaros.com\/wp-content\/uploads\/2015\/05\/danieljr.jpg 310w\" loading=\"eager\" style=\"--ratio: 310 \/ 310\" sizes=\"(max-width: 310px) 100vw, 310px\" width=\"310\" height=\"310\"  title=\"Daniel Clar\u00f3s Pujol\" alt=\"\" \/><\/a><\/div><div class=\"team-desc\"><div class=\"team-author\"><div class=\"team-author-name\"><a href=\"https:\/\/www.clinicaclaros.com\/ar\/dt_team\/daniel-claros-pujol\/\">Daniel Clar\u00f3s Pujol<\/a><\/div><\/div><div class=\"team-content\"><\/div><div class=\"soc-ico\"><a title=\"Personal blog \/ website\" href=\"http:\/\/www.dentalclaros.com\/\" target=\"_blank\" class=\"website\"><span class=\"soc-font-icon\"><\/span><span class=\"screen-reader-text\">Personal blog \/ website<\/span><\/a><a title=\"E-mail\" href=\"mailto:clinicadental@clinicaclaros.com\" target=\"_top\" class=\"mail\"><span class=\"soc-font-icon\"><\/span><span class=\"screen-reader-text\">E-mail<\/span><\/a><a title=\"Facebook\" href=\"http:\/\/www.facebook.com\/dentalclaros\" target=\"_blank\" class=\"facebook\"><span class=\"soc-font-icon\"><\/span><span class=\"screen-reader-text\">Facebook<\/span><\/a><a title=\"X\" href=\"https:\/\/twitter.com\/dentalclaros\" target=\"_blank\" class=\"twitter\"><span class=\"soc-font-icon\"><\/span><span class=\"screen-reader-text\">X<\/span><\/a><\/div><\/div><\/div><div class=\"team-container\"><div class=\"team-media\"><a href=\"https:\/\/www.clinicaclaros.com\/ar\/dt_team\/pedro-claros-pujol\/\" class=\"rollover layzr-bg\"><img decoding=\"async\" class=\"preload-me owl-lazy-load aspect\" src=\"data:image\/svg+xml,%3Csvg%20xmlns%3D&#39;http%3A%2F%2Fwww.w3.org%2F2000%2Fsvg&#39;%20viewBox%3D&#39;0%200%20310%20310&#39;%2F%3E\" data-src=\"https:\/\/www.clinicaclaros.com\/wp-content\/uploads\/2015\/06\/Sin-t\u00edtulo-1.jpg\" data-srcset=\"https:\/\/www.clinicaclaros.com\/wp-content\/uploads\/2015\/06\/Sin-t\u00edtulo-1.jpg 310w\" loading=\"eager\" style=\"--ratio: 310 \/ 310\" sizes=\"(max-width: 310px) 100vw, 310px\" width=\"310\" height=\"310\"  title=\"Pedro Clar\u00f3s Jr\" alt=\"\" \/><\/a><\/div><div class=\"team-desc\"><div class=\"team-author\"><div class=\"team-author-name\"><a href=\"https:\/\/www.clinicaclaros.com\/ar\/dt_team\/pedro-claros-pujol\/\">Pedro Clar\u00f3s Pujol<\/a><\/div><\/div><div class=\"team-content\"><\/div><div class=\"soc-ico\"><a title=\"Personal blog \/ website\" href=\"http:\/\/www.dentalclaros.com\/\" target=\"_blank\" class=\"website\"><span class=\"soc-font-icon\"><\/span><span class=\"screen-reader-text\">Personal blog \/ website<\/span><\/a><a title=\"E-mail\" href=\"mailto:clinicadental@clinicaclaros.com\" target=\"_top\" class=\"mail\"><span class=\"soc-font-icon\"><\/span><span class=\"screen-reader-text\">E-mail<\/span><\/a><a title=\"Facebook\" href=\"http:\/\/www.facebook.com\/dentalclaros\" target=\"_blank\" class=\"facebook\"><span class=\"soc-font-icon\"><\/span><span class=\"screen-reader-text\">Facebook<\/span><\/a><a title=\"X\" href=\"https:\/\/twitter.com\/dentalclaros\" target=\"_blank\" class=\"twitter\"><span class=\"soc-font-icon\"><\/span><span class=\"screen-reader-text\">X<\/span><\/a><\/div><\/div><\/div><\/div>[vc_empty_space height=&#8221;40px&#8221;][\/vc_column][\/vc_row][vc_row type=&#8221;2&#8243; full_width=&#8221;true&#8221; padding_bottom=&#8221;40&#8243; bg_repeat=&#8221;repeat&#8221; bg_type=&#8221;no_bg&#8221; anchor=&#8221;portfolio&#8221; min_height=&#8221;0&#8243; full_width_padding_left=&#8221;40&#8243; full_width_padding_right=&#8221;40&#8243; full_width_margin_top=&#8221;0&#8243; full_width_margin_bottom=&#8221;0&#8243;][vc_column][vc_empty_space height=&#8221;30px&#8221;][vc_column_text]<\/p>\n<h1 style=\"text-align: center;\">NEWS<\/h1>\n<p>[\/vc_column_text][vc_empty_space height=&#8221;20px&#8221;]<style type=\"text\/css\" data-type=\"the7_shortcodes-inline-css\">.gradient-overlay-layout-list .post-entry-content {\n  -webkit-backface-visibility: hidden;\n  transform: translatez(0);\n}\n.portfolio-shortcode.portfolio-masonry-shortcode-id-4ca001b2b9b3d2164e0b055c3d2b2606.gradient-overlay-layout-list:not(.portfolio-shortcode):not(.albums-shortcode) .post-entry-content {\n  top: 20px;\n  right: 20px;\n  bottom: 20px;\n  left: 20px;\n}\n.portfolio-shortcode.portfolio-masonry-shortcode-id-4ca001b2b9b3d2164e0b055c3d2b2606 .filter-bg-decoration .filter-categories a.act {\n  color: #fff;\n}\n.portfolio-shortcode.portfolio-masonry-shortcode-id-4ca001b2b9b3d2164e0b055c3d2b2606:not(.mode-masonry) article:first-of-type,\n.portfolio-shortcode.portfolio-masonry-shortcode-id-4ca001b2b9b3d2164e0b055c3d2b2606:not(.mode-masonry) article.visible.first {\n  margin-top: 0;\n}\n.portfolio-shortcode.portfolio-masonry-shortcode-id-4ca001b2b9b3d2164e0b055c3d2b2606.dividers-on:not(.mode-masonry) article {\n  margin-top: 0;\n}\n.portfolio-shortcode.portfolio-masonry-shortcode-id-4ca001b2b9b3d2164e0b055c3d2b2606.dividers-on:not(.mode-masonry) article:first-of-type,\n.portfolio-shortcode.portfolio-masonry-shortcode-id-4ca001b2b9b3d2164e0b055c3d2b2606.dividers-on:not(.mode-masonry) article.visible.first {\n  margin-top: 0;\n  padding-top: 0;\n}\n.portfolio-shortcode.portfolio-masonry-shortcode-id-4ca001b2b9b3d2164e0b055c3d2b2606.hover-scale article:after {\n  background: -webkit-linear-gradient();\n  background: linear-gradient();\n}\n.portfolio-shortcode.portfolio-masonry-shortcode-id-4ca001b2b9b3d2164e0b055c3d2b2606.gradient-overlay-layout-list article {\n  border-radius: 0px;\n}\n.portfolio-shortcode.portfolio-masonry-shortcode-id-4ca001b2b9b3d2164e0b055c3d2b2606 .post-thumbnail-wrap {\n  padding: 0px 0px 0px 0px;\n  border-radius: 0px;\n}\n.portfolio-shortcode.portfolio-masonry-shortcode-id-4ca001b2b9b3d2164e0b055c3d2b2606 .post-thumbnail-wrap *,\n.portfolio-shortcode.portfolio-masonry-shortcode-id-4ca001b2b9b3d2164e0b055c3d2b2606 .post-thumbnail-rollover:after {\n  border-radius: 0px;\n}\n.portfolio-shortcode.portfolio-masonry-shortcode-id-4ca001b2b9b3d2164e0b055c3d2b2606.enable-bg-rollover .post-thumbnail-rollover:after {\n  background: -webkit-linear-gradient();\n  background: linear-gradient();\n}\n.bottom-overlap-layout-list.portfolio-shortcode.portfolio-masonry-shortcode-id-4ca001b2b9b3d2164e0b055c3d2b2606 .project-links-container {\n  height: calc(100% - 100px);\n}\n.portfolio-shortcode.portfolio-masonry-shortcode-id-4ca001b2b9b3d2164e0b055c3d2b2606 .project-links-container a {\n  width: 44px;\n  height: 44px;\n  line-height: 44px;\n  border-radius: 100px;\n  margin: 10px 5px 10px;\n}\n.content-rollover-layout-list:not(.content-align-center).portfolio-shortcode.portfolio-masonry-shortcode-id-4ca001b2b9b3d2164e0b055c3d2b2606 .project-links-container a,\n.gradient-overlay-layout-list:not(.content-align-center).portfolio-shortcode.portfolio-masonry-shortcode-id-4ca001b2b9b3d2164e0b055c3d2b2606 .project-links-container a {\n  margin: 10px 10px 10px 0;\n}\n.dt-icon-border-on.portfolio-shortcode.portfolio-masonry-shortcode-id-4ca001b2b9b3d2164e0b055c3d2b2606 .project-links-container a:before {\n  border-width: 0px;\n  border-style: solid;\n}\n.dt-icon-hover-border-on.portfolio-shortcode.portfolio-masonry-shortcode-id-4ca001b2b9b3d2164e0b055c3d2b2606 .project-links-container a:after {\n  border-width: 0px;\n  border-style: solid;\n}\n.dt-icon-bg-on.portfolio-shortcode.portfolio-masonry-shortcode-id-4ca001b2b9b3d2164e0b055c3d2b2606 .project-links-container a:before {\n  background: rgba(255,255,255,0.3);\n  -webkit-box-shadow: none;\n  box-shadow: none;\n}\n.dt-icon-hover-bg-on.portfolio-shortcode.portfolio-masonry-shortcode-id-4ca001b2b9b3d2164e0b055c3d2b2606 .project-links-container a:after {\n  background: rgba(255,255,255,0.5);\n  -webkit-box-shadow: none;\n  box-shadow: none;\n}\n.portfolio-shortcode.portfolio-masonry-shortcode-id-4ca001b2b9b3d2164e0b055c3d2b2606 .project-links-container a > span,\n.portfolio-shortcode.portfolio-masonry-shortcode-id-4ca001b2b9b3d2164e0b055c3d2b2606 .project-links-container a > span:before {\n  font-size: 16px;\n  line-height: 44px;\n}\n.portfolio-shortcode.portfolio-masonry-shortcode-id-4ca001b2b9b3d2164e0b055c3d2b2606 .project-links-container a:not(:hover) > span {\n  color: #ffffff;\n}\n.dt-icon-hover-off.portfolio-shortcode.portfolio-masonry-shortcode-id-4ca001b2b9b3d2164e0b055c3d2b2606 .project-links-container a > span,\n.dt-icon-hover-off.portfolio-shortcode.portfolio-masonry-shortcode-id-4ca001b2b9b3d2164e0b055c3d2b2606 .project-links-container a:hover > span {\n  color: #ffffff;\n}\n.dt-icon-hover-on.portfolio-shortcode.portfolio-masonry-shortcode-id-4ca001b2b9b3d2164e0b055c3d2b2606 .project-links-container a:hover > span {\n  color: #ffffff;\n}\n.portfolio-shortcode.portfolio-masonry-shortcode-id-4ca001b2b9b3d2164e0b055c3d2b2606 .entry-title,\n.portfolio-shortcode.portfolio-masonry-shortcode-id-4ca001b2b9b3d2164e0b055c3d2b2606.owl-carousel .entry-title {\n  margin-bottom: 5px;\n  line-height: -1px;\n  font-weight: bold;\n}\n.portfolio-shortcode.portfolio-masonry-shortcode-id-4ca001b2b9b3d2164e0b055c3d2b2606 .entry-meta {\n  margin-bottom: 15px;\n}\n.portfolio-shortcode.portfolio-masonry-shortcode-id-4ca001b2b9b3d2164e0b055c3d2b2606 .entry-meta * {\n  font-weight: bold;\n}\n.portfolio-shortcode.portfolio-masonry-shortcode-id-4ca001b2b9b3d2164e0b055c3d2b2606 .portfolio-categories {\n  margin-bottom: 15px;\n}\n.portfolio-shortcode.portfolio-masonry-shortcode-id-4ca001b2b9b3d2164e0b055c3d2b2606 .entry-excerpt {\n  margin-bottom: 5px;\n}\n.portfolio-shortcode.portfolio-masonry-shortcode-id-4ca001b2b9b3d2164e0b055c3d2b2606:not(.centered-layout-list) .post-entry-content {\n  padding: 25px 30px 30px 30px;\n}\n.portfolio-shortcode.portfolio-masonry-shortcode-id-4ca001b2b9b3d2164e0b055c3d2b2606:not(.centered-layout-list):not(\n      .content-bg-on\n    ):not(.mode-list)\n    .no-img\n    .post-entry-content {\n  padding: 0;\n}\n.portfolio-shortcode.portfolio-masonry-shortcode-id-4ca001b2b9b3d2164e0b055c3d2b2606.gradient-overlay-layout-list .post-entry-content {\n  border-radius: 0px;\n}\n@media screen and (max-width: ) {\n  .portfolio-shortcode.portfolio-masonry-shortcode-id-4ca001b2b9b3d2164e0b055c3d2b2606 article {\n    -webkit-flex-flow: column nowrap;\n    -moz-flex-flow: column nowrap;\n    -ms-flex-flow: column nowrap;\n    flex-flow: column nowrap;\n    margin-top: 20px;\n  }\n  .portfolio-shortcode.portfolio-masonry-shortcode-id-4ca001b2b9b3d2164e0b055c3d2b2606.dividers-on article {\n    border: none;\n  }\n  .portfolio-shortcode.portfolio-masonry-shortcode-id-4ca001b2b9b3d2164e0b055c3d2b2606.content-bg-on.centered-layout-list article {\n    padding: 0;\n  }\n  #page .portfolio-shortcode.portfolio-masonry-shortcode-id-4ca001b2b9b3d2164e0b055c3d2b2606 .post-thumbnail-wrap,\n  #page .portfolio-shortcode.portfolio-masonry-shortcode-id-4ca001b2b9b3d2164e0b055c3d2b2606 .post-entry-content {\n    width: 100%;\n    margin: 0;\n    top: 0;\n  }\n  #page .portfolio-shortcode.portfolio-masonry-shortcode-id-4ca001b2b9b3d2164e0b055c3d2b2606 .post-thumbnail-wrap {\n    padding: 0;\n  }\n  #page .portfolio-shortcode.portfolio-masonry-shortcode-id-4ca001b2b9b3d2164e0b055c3d2b2606 .post-entry-content:after {\n    display: none;\n  }\n  #page .portfolio-shortcode.portfolio-masonry-shortcode-id-4ca001b2b9b3d2164e0b055c3d2b2606 .project-even .post-thumbnail-wrap,\n  #page .portfolio-shortcode.portfolio-masonry-shortcode-id-4ca001b2b9b3d2164e0b055c3d2b2606.centered-layout-list .post-thumbnail-wrap {\n    -webkit-order: 0;\n    -moz-order: 0;\n    -ms-flex-order: 0;\n    order: 0;\n  }\n  #page .portfolio-shortcode.portfolio-masonry-shortcode-id-4ca001b2b9b3d2164e0b055c3d2b2606.centered-layout-list .post-entry-title-content {\n    -webkit-order: 1;\n    -moz-order: 1;\n    -ms-flex-order: 1;\n    order: 1;\n    width: 100%;\n    padding: 20px 20px 0;\n  }\n  #page .portfolio-shortcode.portfolio-masonry-shortcode-id-4ca001b2b9b3d2164e0b055c3d2b2606.centered-layout-list .post-entry-content {\n    -webkit-order: 2;\n    -moz-order: 2;\n    -ms-flex-order: 2;\n    order: 2;\n    padding-top: 0;\n  }\n  #page .portfolio-shortcode.portfolio-masonry-shortcode-id-4ca001b2b9b3d2164e0b055c3d2b2606 .post-entry-content {\n    padding: 20px;\n  }\n  #page .portfolio-shortcode.portfolio-masonry-shortcode-id-4ca001b2b9b3d2164e0b055c3d2b2606 .entry-title {\n    margin: 3px 0 5px;\n    font-size: 20px;\n    line-height: 26px;\n    line-height: -1px;\n  }\n  #page .portfolio-shortcode.portfolio-masonry-shortcode-id-4ca001b2b9b3d2164e0b055c3d2b2606 .entry-meta {\n    margin: 5px 0 5px;\n  }\n  #page .portfolio-shortcode.portfolio-masonry-shortcode-id-4ca001b2b9b3d2164e0b055c3d2b2606 .entry-excerpt {\n    margin: 15px 0 0;\n  }\n  #page .portfolio-shortcode.portfolio-masonry-shortcode-id-4ca001b2b9b3d2164e0b055c3d2b2606 .post-details {\n    margin: 5px 0 10px;\n  }\n  #page .portfolio-shortcode.portfolio-masonry-shortcode-id-4ca001b2b9b3d2164e0b055c3d2b2606 .post-details.details-type-link {\n    margin-bottom: 2px;\n  }\n}<\/style><div class=\"portfolio-shortcode portfolio-masonry-shortcode-id-4ca001b2b9b3d2164e0b055c3d2b2606 mode-masonry gradient-overlay-layout-list content-bg-on jquery-filter content-align-center dt-icon-bg-on dt-icon-border-on dt-icon-hover-on dt-icon-hover-border-on dt-icon-hover-bg-on quick-scale-img meta-info-off enable-bg-rollover resize-by-browser-width  hover-fade loading-effect-none description-on-hover\" data-padding=\"15px\" data-cur-page=\"1\" data-post-limit=\"-1\" data-pagination-mode=\"none\" data-desktop-columns-num=\"3\" data-v-tablet-columns-num=\"2\" data-h-tablet-columns-num=\"3\" data-phone-columns-num=\"2\" data-width=\"0px\" data-columns=\"0\"><div class=\"iso-container\" ><div class=\"visible wf-cell iso-item\" data-post-id=\"82419\" data-date=\"2026-03-25T07:52:02+00:00\" data-name=\"(Espa\u00f1ol) Presentaci\u00f3n del libro &quot;Luces y Sombras de la Solidaridad&quot; del Dr. Clar\u00f3s\"><article class=\"post visible post-82419 dt_portfolio type-dt_portfolio status-publish has-post-thumbnail hentry dt_portfolio_category-noticias dt_portfolio_category-73\" data-name=\"(Espa\u00f1ol) Presentaci\u00f3n del libro &#8220;Luces y Sombras de la Solidaridad&#8221; del Dr. Clar\u00f3s\" data-date=\"2026-03-25T07:52:02+00:00\">\n<div class=\"post-thumbnail-wrap\">\n\t<div class=\"post-thumbnail\">\n\n\t\t<a href=\"https:\/\/www.clinicaclaros.com\/ar\/project\/presentacion-del-libro-luces-y-sombras-de-la-solidaridad-del-dr-claros-2\/\" class=\"post-thumbnail-rollover layzr-bg\" target=\"\"  aria-label=\"Post image\"><img fetchpriority=\"high\" decoding=\"async\" class=\"iso-lazy-load preload-me iso-lazy-load aspect\" src=\"data:image\/svg+xml,%3Csvg%20xmlns%3D&#39;http%3A%2F%2Fwww.w3.org%2F2000%2Fsvg&#39;%20viewBox%3D&#39;0%200%20369%20369&#39;%2F%3E\" data-src=\"https:\/\/www.clinicaclaros.com\/wp-content\/uploads\/2026\/03\/WhatsApp-Image-2026-03-25-at-07.48.37-369x369.jpeg\" data-srcset=\"https:\/\/www.clinicaclaros.com\/wp-content\/uploads\/2026\/03\/WhatsApp-Image-2026-03-25-at-07.48.37-369x369.jpeg 369w, https:\/\/www.clinicaclaros.com\/wp-content\/uploads\/2026\/03\/WhatsApp-Image-2026-03-25-at-07.48.37-554x554.jpeg 554w\" loading=\"eager\" style=\"--ratio: 369 \/ 369\" sizes=\"(max-width: 369px) 100vw, 369px\" alt=\"\" title=\"WhatsApp Image 2026-03-25 at 07.48.37\" width=\"369\" height=\"369\"  \/><\/a>\t<\/div>\n<\/div>\n\n<div class=\"post-entry-content   rollover-active\">\n\n\t<div class=\"project-links-container\"><a href=\"https:\/\/www.clinicaclaros.com\/ar\/project\/presentacion-del-libro-luces-y-sombras-de-la-solidaridad-del-dr-claros-2\/\" target=\"\" class=\"project-details\" aria-label=\"Details link\"><span class=\"icon-portfolio-p205\"><\/span><\/a><\/div>\n\t<h3 class=\"entry-title\">\n\t\t<a href=\"https:\/\/www.clinicaclaros.com\/ar\/project\/presentacion-del-libro-luces-y-sombras-de-la-solidaridad-del-dr-claros-2\/\" target=\"\" title=\"(Espa\u00f1ol) Presentaci\u00f3n del libro &#8220;Luces y Sombras de la Solidaridad&#8221; del Dr. Clar\u00f3s\" rel=\"bookmark\">(Espa\u00f1ol) Presentaci\u00f3n del libro &#8220;Luces y Sombras de la Solidaridad&#8221; del Dr. Clar\u00f3s<\/a>\n\t<\/h3>\n\n\t\n\t<a class=\"post-details details-type-link\" href=\"https:\/\/www.clinicaclaros.com\/ar\/project\/presentacion-del-libro-luces-y-sombras-de-la-solidaridad-del-dr-claros-2\/\" target=\"\">m\u00e1s<i class=\"dt-icon-the7-arrow-03\" aria-hidden=\"true\"><\/i><\/a>\n<\/div><\/article><\/div><div class=\"visible wf-cell iso-item\" data-post-id=\"80191\" data-date=\"2025-04-07T06:59:18+00:00\" data-name=\"(Espa\u00f1ol) Pedro Clar\u00f3s, el cirujano c\u00f3nsul (Entrevista en La Vanguardia)\"><article class=\"post visible post-80191 dt_portfolio type-dt_portfolio status-publish has-post-thumbnail hentry dt_portfolio_category-noticias dt_portfolio_category-73\" data-name=\"(Espa\u00f1ol) Pedro Clar\u00f3s, el cirujano c\u00f3nsul (Entrevista en La Vanguardia)\" data-date=\"2025-04-07T06:59:18+00:00\">\n<div class=\"post-thumbnail-wrap\">\n\t<div class=\"post-thumbnail\">\n\n\t\t<a href=\"https:\/\/www.clinicaclaros.com\/ar\/project\/pedro-claros-el-cirujano-consul-entrevista-en-la-vanguardia\/\" class=\"post-thumbnail-rollover layzr-bg\" target=\"\"  aria-label=\"Post image\"><img decoding=\"async\" class=\"iso-lazy-load preload-me iso-lazy-load aspect\" src=\"data:image\/svg+xml,%3Csvg%20xmlns%3D&#39;http%3A%2F%2Fwww.w3.org%2F2000%2Fsvg&#39;%20viewBox%3D&#39;0%200%20369%20369&#39;%2F%3E\" data-src=\"https:\/\/www.clinicaclaros.com\/wp-content\/uploads\/2025\/04\/WhatsApp-Image-2025-04-06-at-19.01.42-1-369x369.jpeg\" data-srcset=\"https:\/\/www.clinicaclaros.com\/wp-content\/uploads\/2025\/04\/WhatsApp-Image-2025-04-06-at-19.01.42-1-369x369.jpeg 369w, https:\/\/www.clinicaclaros.com\/wp-content\/uploads\/2025\/04\/WhatsApp-Image-2025-04-06-at-19.01.42-1-554x554.jpeg 554w\" loading=\"eager\" style=\"--ratio: 369 \/ 369\" sizes=\"(max-width: 369px) 100vw, 369px\" alt=\"\" title=\"WhatsApp Image 2025-04-06 at 19.01.42 (1)\" width=\"369\" height=\"369\"  \/><\/a>\t<\/div>\n<\/div>\n\n<div class=\"post-entry-content   rollover-active\">\n\n\t<div class=\"project-links-container\"><a href=\"https:\/\/www.clinicaclaros.com\/ar\/project\/pedro-claros-el-cirujano-consul-entrevista-en-la-vanguardia\/\" target=\"\" class=\"project-details\" aria-label=\"Details link\"><span class=\"icon-portfolio-p205\"><\/span><\/a><\/div>\n\t<h3 class=\"entry-title\">\n\t\t<a href=\"https:\/\/www.clinicaclaros.com\/ar\/project\/pedro-claros-el-cirujano-consul-entrevista-en-la-vanguardia\/\" target=\"\" title=\"(Espa\u00f1ol) Pedro Clar\u00f3s, el cirujano c\u00f3nsul (Entrevista en La Vanguardia)\" rel=\"bookmark\">(Espa\u00f1ol) Pedro Clar\u00f3s, el cirujano c\u00f3nsul (Entrevista en La Vanguardia)<\/a>\n\t<\/h3>\n\n\t\n\t<a class=\"post-details details-type-link\" href=\"https:\/\/www.clinicaclaros.com\/ar\/project\/pedro-claros-el-cirujano-consul-entrevista-en-la-vanguardia\/\" target=\"\">m\u00e1s<i class=\"dt-icon-the7-arrow-03\" aria-hidden=\"true\"><\/i><\/a>\n<\/div><\/article><\/div><div class=\"visible wf-cell iso-item\" data-post-id=\"79884\" data-date=\"2025-03-12T09:37:28+00:00\" data-name=\"(Espa\u00f1ol) Presentaci\u00f3n del libro &quot;Tertulias nocturnas&quot; del Dr. Pedro Clar\u00f3s\"><article class=\"post visible post-79884 dt_portfolio type-dt_portfolio status-publish has-post-thumbnail hentry dt_portfolio_category-noticias dt_portfolio_category-73\" data-name=\"(Espa\u00f1ol) Presentaci\u00f3n del libro &#8220;Tertulias nocturnas&#8221; del Dr. Pedro Clar\u00f3s\" data-date=\"2025-03-12T09:37:28+00:00\">\n<div class=\"post-thumbnail-wrap\">\n\t<div class=\"post-thumbnail\">\n\n\t\t<a href=\"https:\/\/www.clinicaclaros.com\/ar\/project\/presentacion-del-libro-tertulias-nocturnas-del-dr-pedro-claros\/\" class=\"post-thumbnail-rollover layzr-bg\" target=\"\"  aria-label=\"Post image\"><img decoding=\"async\" class=\"iso-lazy-load preload-me iso-lazy-load aspect\" src=\"data:image\/svg+xml,%3Csvg%20xmlns%3D&#39;http%3A%2F%2Fwww.w3.org%2F2000%2Fsvg&#39;%20viewBox%3D&#39;0%200%20369%20369&#39;%2F%3E\" data-src=\"https:\/\/www.clinicaclaros.com\/wp-content\/uploads\/2025\/03\/Sin-titulo-2-369x369.jpg\" data-srcset=\"https:\/\/www.clinicaclaros.com\/wp-content\/uploads\/2025\/03\/Sin-titulo-2-369x369.jpg 369w, https:\/\/www.clinicaclaros.com\/wp-content\/uploads\/2025\/03\/Sin-titulo-2-554x554.jpg 554w\" loading=\"eager\" style=\"--ratio: 369 \/ 369\" sizes=\"(max-width: 369px) 100vw, 369px\" alt=\"\" title=\"Sin t\u00edtulo-2\" width=\"369\" height=\"369\"  \/><\/a>\t<\/div>\n<\/div>\n\n<div class=\"post-entry-content   rollover-active\">\n\n\t<div class=\"project-links-container\"><a href=\"https:\/\/www.clinicaclaros.com\/ar\/project\/presentacion-del-libro-tertulias-nocturnas-del-dr-pedro-claros\/\" target=\"\" class=\"project-details\" aria-label=\"Details link\"><span class=\"icon-portfolio-p205\"><\/span><\/a><\/div>\n\t<h3 class=\"entry-title\">\n\t\t<a href=\"https:\/\/www.clinicaclaros.com\/ar\/project\/presentacion-del-libro-tertulias-nocturnas-del-dr-pedro-claros\/\" target=\"\" title=\"(Espa\u00f1ol) Presentaci\u00f3n del libro &#8220;Tertulias nocturnas&#8221; del Dr. Pedro Clar\u00f3s\" rel=\"bookmark\">(Espa\u00f1ol) Presentaci\u00f3n del libro &#8220;Tertulias nocturnas&#8221; del Dr. Pedro Clar\u00f3s<\/a>\n\t<\/h3>\n\n\t\n\t<a class=\"post-details details-type-link\" href=\"https:\/\/www.clinicaclaros.com\/ar\/project\/presentacion-del-libro-tertulias-nocturnas-del-dr-pedro-claros\/\" target=\"\">m\u00e1s<i class=\"dt-icon-the7-arrow-03\" aria-hidden=\"true\"><\/i><\/a>\n<\/div><\/article><\/div><div class=\"visible wf-cell iso-item\" data-post-id=\"79842\" data-date=\"2025-03-10T09:59:55+00:00\" data-name=\"(Espa\u00f1ol) Entrevista en &quot;La Vanguardia&quot; el d\u00eda 9 de Marzo de 2025\"><article class=\"post visible post-79842 dt_portfolio type-dt_portfolio status-publish has-post-thumbnail hentry dt_portfolio_category-noticias dt_portfolio_category-73\" data-name=\"(Espa\u00f1ol) Entrevista en &#8220;La Vanguardia&#8221; el d\u00eda 9 de Marzo de 2025\" data-date=\"2025-03-10T09:59:55+00:00\">\n<div class=\"post-thumbnail-wrap\">\n\t<div class=\"post-thumbnail\">\n\n\t\t<a href=\"https:\/\/www.clinicaclaros.com\/ar\/project\/entrevista-en-la-vanguardia-el-dia-9-de-marzo-de-2025\/\" class=\"post-thumbnail-rollover layzr-bg\" target=\"\"  aria-label=\"Post image\"><img decoding=\"async\" class=\"iso-lazy-load preload-me iso-lazy-load aspect\" src=\"data:image\/svg+xml,%3Csvg%20xmlns%3D&#39;http%3A%2F%2Fwww.w3.org%2F2000%2Fsvg&#39;%20viewBox%3D&#39;0%200%20369%20369&#39;%2F%3E\" data-src=\"https:\/\/www.clinicaclaros.com\/wp-content\/uploads\/2025\/03\/lavanguardia-369x369.jpg\" data-srcset=\"https:\/\/www.clinicaclaros.com\/wp-content\/uploads\/2025\/03\/lavanguardia-369x369.jpg 369w, https:\/\/www.clinicaclaros.com\/wp-content\/uploads\/2025\/03\/lavanguardia-554x554.jpg 554w\" loading=\"eager\" style=\"--ratio: 369 \/ 369\" sizes=\"(max-width: 369px) 100vw, 369px\" alt=\"\" title=\"lavanguardia\" width=\"369\" height=\"369\"  \/><\/a>\t<\/div>\n<\/div>\n\n<div class=\"post-entry-content   rollover-active\">\n\n\t<div class=\"project-links-container\"><a href=\"https:\/\/www.clinicaclaros.com\/ar\/project\/entrevista-en-la-vanguardia-el-dia-9-de-marzo-de-2025\/\" target=\"\" class=\"project-details\" aria-label=\"Details link\"><span class=\"icon-portfolio-p205\"><\/span><\/a><\/div>\n\t<h3 class=\"entry-title\">\n\t\t<a href=\"https:\/\/www.clinicaclaros.com\/ar\/project\/entrevista-en-la-vanguardia-el-dia-9-de-marzo-de-2025\/\" target=\"\" title=\"(Espa\u00f1ol) Entrevista en &#8220;La Vanguardia&#8221; el d\u00eda 9 de Marzo de 2025\" rel=\"bookmark\">(Espa\u00f1ol) Entrevista en &#8220;La Vanguardia&#8221; el d\u00eda 9 de Marzo de 2025<\/a>\n\t<\/h3>\n\n\t\n\t<a class=\"post-details details-type-link\" href=\"https:\/\/www.clinicaclaros.com\/ar\/project\/entrevista-en-la-vanguardia-el-dia-9-de-marzo-de-2025\/\" target=\"\">m\u00e1s<i class=\"dt-icon-the7-arrow-03\" aria-hidden=\"true\"><\/i><\/a>\n<\/div><\/article><\/div><div class=\"visible wf-cell iso-item\" data-post-id=\"79398\" data-date=\"2025-01-24T09:51:56+00:00\" data-name=\"(Espa\u00f1ol) Pr\u00f3ximo lanzamiento del libro &quot;Tertulias Nocturnas&quot; del Dr. Pedro Clar\u00f3s.\"><article class=\"post visible post-79398 dt_portfolio type-dt_portfolio status-publish has-post-thumbnail hentry dt_portfolio_category-noticias dt_portfolio_category-73\" data-name=\"(Espa\u00f1ol) Pr\u00f3ximo lanzamiento del libro &#8220;Tertulias Nocturnas&#8221; del Dr. Pedro Clar\u00f3s.\" data-date=\"2025-01-24T09:51:56+00:00\">\n<div class=\"post-thumbnail-wrap\">\n\t<div class=\"post-thumbnail\">\n\n\t\t<a href=\"https:\/\/www.clinicaclaros.com\/ar\/project\/proximo-lanzamiento-del-libro-tertulias-nocturnas-del-dr-pedro-claros\/\" class=\"post-thumbnail-rollover layzr-bg\" target=\"\"  aria-label=\"Post image\"><img decoding=\"async\" class=\"iso-lazy-load preload-me iso-lazy-load aspect\" src=\"data:image\/svg+xml,%3Csvg%20xmlns%3D&#39;http%3A%2F%2Fwww.w3.org%2F2000%2Fsvg&#39;%20viewBox%3D&#39;0%200%20369%20369&#39;%2F%3E\" data-src=\"https:\/\/www.clinicaclaros.com\/wp-content\/uploads\/2025\/01\/portada-libro-web-369x369.jpg\" data-srcset=\"https:\/\/www.clinicaclaros.com\/wp-content\/uploads\/2025\/01\/portada-libro-web-369x369.jpg 369w, https:\/\/www.clinicaclaros.com\/wp-content\/uploads\/2025\/01\/portada-libro-web-554x554.jpg 554w\" loading=\"eager\" style=\"--ratio: 369 \/ 369\" sizes=\"(max-width: 369px) 100vw, 369px\" alt=\"\" title=\"portada libro web\" width=\"369\" height=\"369\"  \/><\/a>\t<\/div>\n<\/div>\n\n<div class=\"post-entry-content   rollover-active\">\n\n\t<div class=\"project-links-container\"><a href=\"https:\/\/www.clinicaclaros.com\/ar\/project\/proximo-lanzamiento-del-libro-tertulias-nocturnas-del-dr-pedro-claros\/\" target=\"\" class=\"project-details\" aria-label=\"Details link\"><span class=\"icon-portfolio-p205\"><\/span><\/a><\/div>\n\t<h3 class=\"entry-title\">\n\t\t<a href=\"https:\/\/www.clinicaclaros.com\/ar\/project\/proximo-lanzamiento-del-libro-tertulias-nocturnas-del-dr-pedro-claros\/\" target=\"\" title=\"(Espa\u00f1ol) Pr\u00f3ximo lanzamiento del libro &#8220;Tertulias Nocturnas&#8221; del Dr. Pedro Clar\u00f3s.\" rel=\"bookmark\">(Espa\u00f1ol) Pr\u00f3ximo lanzamiento del libro &#8220;Tertulias Nocturnas&#8221; del Dr. Pedro Clar\u00f3s.<\/a>\n\t<\/h3>\n\n\t\n\t<a class=\"post-details details-type-link\" href=\"https:\/\/www.clinicaclaros.com\/ar\/project\/proximo-lanzamiento-del-libro-tertulias-nocturnas-del-dr-pedro-claros\/\" target=\"\">m\u00e1s<i class=\"dt-icon-the7-arrow-03\" aria-hidden=\"true\"><\/i><\/a>\n<\/div><\/article><\/div><div class=\"visible wf-cell iso-item\" data-post-id=\"79003\" data-date=\"2024-12-04T11:46:58+00:00\" data-name=\"(Espa\u00f1ol) Entrevista al Dr. Andr\u00e9s Clar\u00f3s a Radio Vilassar el passat 28 de novembre de 2024\"><article class=\"post visible post-79003 dt_portfolio type-dt_portfolio status-publish has-post-thumbnail hentry dt_portfolio_category-noticias dt_portfolio_category-73\" data-name=\"(Espa\u00f1ol) Entrevista al Dr. Andr\u00e9s Clar\u00f3s a Radio Vilassar el passat 28 de novembre de 2024\" data-date=\"2024-12-04T11:46:58+00:00\">\n<div class=\"post-thumbnail-wrap\">\n\t<div class=\"post-thumbnail\">\n\n\t\t<a href=\"https:\/\/www.clinicaclaros.com\/ar\/project\/entrevista-al-dr-andres-claros-a-radio-vilassar-el-passat-28-de-novembre-de-2024\/\" class=\"post-thumbnail-rollover layzr-bg\" target=\"\"  aria-label=\"Post image\"><img decoding=\"async\" class=\"iso-lazy-load preload-me iso-lazy-load aspect\" src=\"data:image\/svg+xml,%3Csvg%20xmlns%3D&#39;http%3A%2F%2Fwww.w3.org%2F2000%2Fsvg&#39;%20viewBox%3D&#39;0%200%20369%20369&#39;%2F%3E\" data-src=\"https:\/\/www.clinicaclaros.com\/wp-content\/uploads\/2024\/12\/WhatsApp-Image-2024-11-21-at-15.02.292-369x369.jpeg\" data-srcset=\"https:\/\/www.clinicaclaros.com\/wp-content\/uploads\/2024\/12\/WhatsApp-Image-2024-11-21-at-15.02.292-369x369.jpeg 369w, https:\/\/www.clinicaclaros.com\/wp-content\/uploads\/2024\/12\/WhatsApp-Image-2024-11-21-at-15.02.292-517x517.jpeg 517w\" loading=\"eager\" style=\"--ratio: 369 \/ 369\" sizes=\"(max-width: 369px) 100vw, 369px\" alt=\"\" title=\"WhatsApp Image 2024-11-21 at 15.02.29~2\" width=\"369\" height=\"369\"  \/><\/a>\t<\/div>\n<\/div>\n\n<div class=\"post-entry-content   rollover-active\">\n\n\t<div class=\"project-links-container\"><a href=\"https:\/\/www.clinicaclaros.com\/ar\/project\/entrevista-al-dr-andres-claros-a-radio-vilassar-el-passat-28-de-novembre-de-2024\/\" target=\"\" class=\"project-details\" aria-label=\"Details link\"><span class=\"icon-portfolio-p205\"><\/span><\/a><\/div>\n\t<h3 class=\"entry-title\">\n\t\t<a href=\"https:\/\/www.clinicaclaros.com\/ar\/project\/entrevista-al-dr-andres-claros-a-radio-vilassar-el-passat-28-de-novembre-de-2024\/\" target=\"\" title=\"(Espa\u00f1ol) Entrevista al Dr. Andr\u00e9s Clar\u00f3s a Radio Vilassar el passat 28 de novembre de 2024\" rel=\"bookmark\">(Espa\u00f1ol) Entrevista al Dr. Andr\u00e9s Clar\u00f3s a Radio Vilassar el passat 28 de novembre de 2024<\/a>\n\t<\/h3>\n\n\t\n\t<a class=\"post-details details-type-link\" href=\"https:\/\/www.clinicaclaros.com\/ar\/project\/entrevista-al-dr-andres-claros-a-radio-vilassar-el-passat-28-de-novembre-de-2024\/\" target=\"\">m\u00e1s<i class=\"dt-icon-the7-arrow-03\" aria-hidden=\"true\"><\/i><\/a>\n<\/div><\/article><\/div><\/div><!-- iso-container|iso-grid --><\/div>[vc_empty_space height=&#8221;40px&#8221;][vc_empty_space height=&#8221;30px&#8221;][\/vc_column][\/vc_row]<\/p>\n<\/div>","protected":false},"excerpt":{"rendered":"<p>[vc_row][vc_column][vc_column_text] OUR SERVICES [\/vc_column_text][vc_tta_tabs style=&#8221;outline&#8221; shape=&#8221;round&#8221; color=&#8221;orange&#8221; alignment=&#8221;center&#8221; active_section=&#8221;1&#8243; no_fill_content_area=&#8221;true&#8221;][vc_tta_section title=&#8221;Otorhinolaringology&#8221; tab_id=&#8221;1553596816731-91dfa2f1-3201&#8243;][\/vc_tta_section][vc_tta_section title=&#8221;Facial plastic surgery&#8221; tab_id=&#8221;1553596849293-7f803102-3565&#8243;][\/vc_tta_section][vc_tta_section title=&#8221;Facial pathology&#8221; tab_id=&#8221;1553596816825-304a1f49-88ac&#8221;][\/vc_tta_section][vc_tta_section title=&#8221;Cl\u00ednica Dental Clar\u00f3s&#8221; tab_id=&#8221;1553596882160-8f87f7de-3e90&#8243;][\/vc_tta_section][vc_tta_section title=&#8221;Cochlear and Middle Ear Implant&#8221; tab_id=&#8221;1553596908688-271a17ef-56ad&#8221;][\/vc_tta_section][vc_tta_section title=&#8221;Pathologies of the voice&#8221; tab_id=&#8221;1553606418137-f37fbac1-b65c&#8221;][\/vc_tta_section][\/vc_tta_tabs][\/vc_column][\/vc_row][vc_row type=&#8221;vc_default&#8221; full_width=&#8221;stretch_row_content&#8221; margin_top=&#8221;1&#8243; margin_bottom=&#8221;40&#8243; anchor=&#8221;team&#8221; css=&#8221;.vc_custom_1554117754756{margin-bottom: 40px !important;background-color: #f8f8f8 !important;}&#8221;][vc_column][vc_empty_space height=&#8221;30px&#8221; css=&#8221;.vc_custom_1554117722604{background-color: #f8f8f8 !important;}&#8221;][vc_column_text css=&#8221;.vc_custom_1554117710880{background-color: #f8f8f8 !important;}&#8221;] OUR TEAM [\/vc_column_text][vc_empty_space height=&#8221;30px&#8221;][\/vc_column][vc_column&hellip;<\/p>\n","protected":false},"author":1,"featured_media":0,"parent":0,"menu_order":20,"comment_status":"closed","ping_status":"closed","template":"template-microsite.php","meta":{"_monsterinsights_skip_tracking":false,"_monsterinsights_sitenote_active":false,"_monsterinsights_sitenote_note":"","_monsterinsights_sitenote_category":0,"footnotes":""},"class_list":["post-35895","page","type-page","status-publish","hentry","description-off"],"yoast_head":"<!-- This site is optimized with the Yoast SEO plugin v27.4 - https:\/\/yoast.com\/product\/yoast-seo-wordpress\/ -->\n<title>Cl\u00ed\u00adnica Clar\u00f3s - Otorrino en Barcelona - Centro m\u00e9dico o\u00eddo, cuello y nariz<\/title>\n<meta name=\"description\" content=\"Otorrinolaringolog\u00eda y Cirug\u00eda Pl\u00e1stica Facial en Barcelona. M\u00e1s de 40 a\u00f1os de experiencia. Centro m\u00e9dico especializado en otorrino en Barcelona de m\u00e1ximo prestigio. El mejor equipo de otorrinos para su salud.\" \/>\n<meta name=\"robots\" content=\"index, follow, max-snippet:-1, max-image-preview:large, max-video-preview:-1\" \/>\n<link rel=\"canonical\" href=\"https:\/\/www.clinicaclaros.com\/\" \/>\n<meta property=\"og:locale\" content=\"ar_AR\" \/>\n<meta property=\"og:type\" content=\"article\" \/>\n<meta property=\"og:title\" content=\"Cl\u00ed\u00adnica Clar\u00f3s - Otorrino en Barcelona - Centro m\u00e9dico o\u00eddo, cuello y nariz\" \/>\n<meta property=\"og:description\" content=\"Otorrinolaringolog\u00eda y Cirug\u00eda Pl\u00e1stica Facial en Barcelona. M\u00e1s de 40 a\u00f1os de experiencia. Centro m\u00e9dico especializado en otorrino en Barcelona de m\u00e1ximo prestigio. El mejor equipo de otorrinos para su salud.\" \/>\n<meta property=\"og:url\" content=\"https:\/\/www.clinicaclaros.com\/\" \/>\n<meta property=\"og:site_name\" content=\"Cl\u00ed\u00adnica Clar\u00f3s\" \/>\n<meta property=\"article:publisher\" content=\"https:\/\/www.facebook.com\/clinicaclaros\" \/>\n<meta property=\"article:modified_time\" content=\"2025-12-24T09:01:42+00:00\" \/>\n<meta name=\"twitter:card\" content=\"summary_large_image\" \/>\n<meta name=\"twitter:site\" content=\"@ClinicaClaros\" \/>\n<meta name=\"twitter:label1\" content=\"\u0648\u0642\u062a \u0627\u0644\u0642\u0631\u0627\u0621\u0629 \u0627\u0644\u0645\u064f\u0642\u062f\u0651\u0631\" \/>\n\t<meta name=\"twitter:data1\" content=\"7 \u062f\u0642\u0627\u0626\u0642\" \/>\n<script type=\"application\/ld+json\" class=\"yoast-schema-graph\">{\"@context\":\"https:\\\/\\\/schema.org\",\"@graph\":[{\"@type\":\"WebPage\",\"@id\":\"https:\\\/\\\/www.clinicaclaros.com\\\/\",\"url\":\"https:\\\/\\\/www.clinicaclaros.com\\\/\",\"name\":\"Cl\u00ed\u00adnica Clar\u00f3s - Otorrino en Barcelona - Centro m\u00e9dico o\u00eddo, cuello y nariz\",\"isPartOf\":{\"@id\":\"https:\\\/\\\/www.clinicaclaros.com\\\/#website\"},\"datePublished\":\"2015-06-11T09:00:58+00:00\",\"dateModified\":\"2025-12-24T09:01:42+00:00\",\"description\":\"Otorrinolaringolog\u00eda y Cirug\u00eda Pl\u00e1stica Facial en Barcelona. M\u00e1s de 40 a\u00f1os de experiencia. Centro m\u00e9dico especializado en otorrino en Barcelona de m\u00e1ximo prestigio. El mejor equipo de otorrinos para su salud.\",\"breadcrumb\":{\"@id\":\"https:\\\/\\\/www.clinicaclaros.com\\\/#breadcrumb\"},\"inLanguage\":\"ar\",\"potentialAction\":[{\"@type\":\"ReadAction\",\"target\":[\"https:\\\/\\\/www.clinicaclaros.com\\\/\"]}]},{\"@type\":\"BreadcrumbList\",\"@id\":\"https:\\\/\\\/www.clinicaclaros.com\\\/#breadcrumb\",\"itemListElement\":[{\"@type\":\"ListItem\",\"position\":1,\"name\":\"Portada\",\"item\":\"https:\\\/\\\/www.clinicaclaros.com\\\/\"},{\"@type\":\"ListItem\",\"position\":2,\"name\":\"Inicio\"}]},{\"@type\":\"WebSite\",\"@id\":\"https:\\\/\\\/www.clinicaclaros.com\\\/#website\",\"url\":\"https:\\\/\\\/www.clinicaclaros.com\\\/\",\"name\":\"Cl\u00ed\u00adnica Clar\u00f3s\",\"description\":\"Otorrinolaringolog\u00eda y Cirug\u00eda Pl\u00e1stica Facial\",\"publisher\":{\"@id\":\"https:\\\/\\\/www.clinicaclaros.com\\\/#organization\"},\"potentialAction\":[{\"@type\":\"SearchAction\",\"target\":{\"@type\":\"EntryPoint\",\"urlTemplate\":\"https:\\\/\\\/www.clinicaclaros.com\\\/?s={search_term_string}\"},\"query-input\":{\"@type\":\"PropertyValueSpecification\",\"valueRequired\":true,\"valueName\":\"search_term_string\"}}],\"inLanguage\":\"ar\"},{\"@type\":\"Organization\",\"@id\":\"https:\\\/\\\/www.clinicaclaros.com\\\/#organization\",\"name\":\"Cl\u00ednica Clar\u00f3s\",\"url\":\"https:\\\/\\\/www.clinicaclaros.com\\\/\",\"logo\":{\"@type\":\"ImageObject\",\"inLanguage\":\"ar\",\"@id\":\"https:\\\/\\\/www.clinicaclaros.com\\\/#\\\/schema\\\/logo\\\/image\\\/\",\"url\":\"https:\\\/\\\/www.clinicaclaros.com\\\/wp-content\\\/uploads\\\/2015\\\/06\\\/logoalargadocabecera.jpg\",\"contentUrl\":\"https:\\\/\\\/www.clinicaclaros.com\\\/wp-content\\\/uploads\\\/2015\\\/06\\\/logoalargadocabecera.jpg\",\"width\":200,\"height\":60,\"caption\":\"Cl\u00ednica Clar\u00f3s\"},\"image\":{\"@id\":\"https:\\\/\\\/www.clinicaclaros.com\\\/#\\\/schema\\\/logo\\\/image\\\/\"},\"sameAs\":[\"https:\\\/\\\/www.facebook.com\\\/clinicaclaros\",\"https:\\\/\\\/x.com\\\/ClinicaClaros\",\"https:\\\/\\\/www.linkedin.com\\\/company\\\/cl\u00ednica-clar\u00f3s\",\"https:\\\/\\\/www.youtube.com\\\/user\\\/FundacioClaros\"]}]}<\/script>\n<!-- \/ Yoast SEO plugin. -->","yoast_head_json":{"title":"Cl\u00ed\u00adnica Clar\u00f3s - Otorrino en Barcelona - Centro m\u00e9dico o\u00eddo, cuello y nariz","description":"Otorrinolaringolog\u00eda y Cirug\u00eda Pl\u00e1stica Facial en Barcelona. M\u00e1s de 40 a\u00f1os de experiencia. Centro m\u00e9dico especializado en otorrino en Barcelona de m\u00e1ximo prestigio. El mejor equipo de otorrinos para su salud.","robots":{"index":"index","follow":"follow","max-snippet":"max-snippet:-1","max-image-preview":"max-image-preview:large","max-video-preview":"max-video-preview:-1"},"canonical":"https:\/\/www.clinicaclaros.com\/","og_locale":"ar_AR","og_type":"article","og_title":"Cl\u00ed\u00adnica Clar\u00f3s - Otorrino en Barcelona - Centro m\u00e9dico o\u00eddo, cuello y nariz","og_description":"Otorrinolaringolog\u00eda y Cirug\u00eda Pl\u00e1stica Facial en Barcelona. M\u00e1s de 40 a\u00f1os de experiencia. Centro m\u00e9dico especializado en otorrino en Barcelona de m\u00e1ximo prestigio. El mejor equipo de otorrinos para su salud.","og_url":"https:\/\/www.clinicaclaros.com\/","og_site_name":"Cl\u00ed\u00adnica Clar\u00f3s","article_publisher":"https:\/\/www.facebook.com\/clinicaclaros","article_modified_time":"2025-12-24T09:01:42+00:00","twitter_card":"summary_large_image","twitter_site":"@ClinicaClaros","twitter_misc":{"\u0648\u0642\u062a \u0627\u0644\u0642\u0631\u0627\u0621\u0629 \u0627\u0644\u0645\u064f\u0642\u062f\u0651\u0631":"7 \u062f\u0642\u0627\u0626\u0642"},"schema":{"@context":"https:\/\/schema.org","@graph":[{"@type":"WebPage","@id":"https:\/\/www.clinicaclaros.com\/","url":"https:\/\/www.clinicaclaros.com\/","name":"Cl\u00ed\u00adnica Clar\u00f3s - Otorrino en Barcelona - Centro m\u00e9dico o\u00eddo, cuello y nariz","isPartOf":{"@id":"https:\/\/www.clinicaclaros.com\/#website"},"datePublished":"2015-06-11T09:00:58+00:00","dateModified":"2025-12-24T09:01:42+00:00","description":"Otorrinolaringolog\u00eda y Cirug\u00eda Pl\u00e1stica Facial en Barcelona. M\u00e1s de 40 a\u00f1os de experiencia. Centro m\u00e9dico especializado en otorrino en Barcelona de m\u00e1ximo prestigio. El mejor equipo de otorrinos para su salud.","breadcrumb":{"@id":"https:\/\/www.clinicaclaros.com\/#breadcrumb"},"inLanguage":"ar","potentialAction":[{"@type":"ReadAction","target":["https:\/\/www.clinicaclaros.com\/"]}]},{"@type":"BreadcrumbList","@id":"https:\/\/www.clinicaclaros.com\/#breadcrumb","itemListElement":[{"@type":"ListItem","position":1,"name":"Portada","item":"https:\/\/www.clinicaclaros.com\/"},{"@type":"ListItem","position":2,"name":"Inicio"}]},{"@type":"WebSite","@id":"https:\/\/www.clinicaclaros.com\/#website","url":"https:\/\/www.clinicaclaros.com\/","name":"Cl\u00ed\u00adnica Clar\u00f3s","description":"Otorrinolaringolog\u00eda y Cirug\u00eda Pl\u00e1stica Facial","publisher":{"@id":"https:\/\/www.clinicaclaros.com\/#organization"},"potentialAction":[{"@type":"SearchAction","target":{"@type":"EntryPoint","urlTemplate":"https:\/\/www.clinicaclaros.com\/?s={search_term_string}"},"query-input":{"@type":"PropertyValueSpecification","valueRequired":true,"valueName":"search_term_string"}}],"inLanguage":"ar"},{"@type":"Organization","@id":"https:\/\/www.clinicaclaros.com\/#organization","name":"Cl\u00ednica Clar\u00f3s","url":"https:\/\/www.clinicaclaros.com\/","logo":{"@type":"ImageObject","inLanguage":"ar","@id":"https:\/\/www.clinicaclaros.com\/#\/schema\/logo\/image\/","url":"https:\/\/www.clinicaclaros.com\/wp-content\/uploads\/2015\/06\/logoalargadocabecera.jpg","contentUrl":"https:\/\/www.clinicaclaros.com\/wp-content\/uploads\/2015\/06\/logoalargadocabecera.jpg","width":200,"height":60,"caption":"Cl\u00ednica Clar\u00f3s"},"image":{"@id":"https:\/\/www.clinicaclaros.com\/#\/schema\/logo\/image\/"},"sameAs":["https:\/\/www.facebook.com\/clinicaclaros","https:\/\/x.com\/ClinicaClaros","https:\/\/www.linkedin.com\/company\/cl\u00ednica-clar\u00f3s","https:\/\/www.youtube.com\/user\/FundacioClaros"]}]}},"_links":{"self":[{"href":"https:\/\/www.clinicaclaros.com\/ar\/wp-json\/wp\/v2\/pages\/35895","targetHints":{"allow":["GET"]}}],"collection":[{"href":"https:\/\/www.clinicaclaros.com\/ar\/wp-json\/wp\/v2\/pages"}],"about":[{"href":"https:\/\/www.clinicaclaros.com\/ar\/wp-json\/wp\/v2\/types\/page"}],"author":[{"embeddable":true,"href":"https:\/\/www.clinicaclaros.com\/ar\/wp-json\/wp\/v2\/users\/1"}],"replies":[{"embeddable":true,"href":"https:\/\/www.clinicaclaros.com\/ar\/wp-json\/wp\/v2\/comments?post=35895"}],"version-history":[{"count":0,"href":"https:\/\/www.clinicaclaros.com\/ar\/wp-json\/wp\/v2\/pages\/35895\/revisions"}],"wp:attachment":[{"href":"https:\/\/www.clinicaclaros.com\/ar\/wp-json\/wp\/v2\/media?parent=35895"}],"curies":[{"name":"wp","href":"https:\/\/api.w.org\/{rel}","templated":true}]}}