{"id":14059,"date":"2014-04-14T11:04:19","date_gmt":"2014-04-14T11:04:19","guid":{"rendered":"http:\/\/the7.dream-demo.com\/?page_id=14059"},"modified":"2014-04-14T11:04:19","modified_gmt":"2014-04-14T11:04:19","slug":"tabs-top","status":"publish","type":"page","link":"https:\/\/www.clinicaclaros.com\/ar\/shortcodes\/5-shortcodes\/tabs-top\/","title":{"rendered":"Tabs (top)"},"content":{"rendered":"<div class=\"wpb-content-wrapper\"><p>[vc_row margin_top=&#8221;-5&#8243; margin_bottom=&#8221;0&#8243; padding_left=&#8221;40&#8243; padding_right=&#8221;40&#8243; bg_position=&#8221;top&#8221; bg_repeat=&#8221;no-repeat&#8221; bg_cover=&#8221;false&#8221; bg_attachment=&#8221;false&#8221; padding_top=&#8221;40&#8243; padding_bottom=&#8221;40&#8243; parallax_speed=&#8221;0.1&#8243;][vc_column width=&#8221;1\/1&#8243; animation=&#8221;fadeIn&#8221;]<div class=\"dt-fancy-separator title-left h6-size style-disabled accent-border-color\" style=\"width: 100%;\"><div class=\"dt-fancy-title bg-on\" style=\"color: #ffffff;\"><span class=\"separator-holder separator-left\"><\/span>Titles with background<span class=\"separator-holder separator-right\"><\/span><\/div><\/div>[vc_empty_space height=&#8221;45px&#8221;][vc_tabs style=&#8221;tab-style-one&#8221; interval=&#8221;0&#8243;][vc_tab title=&#8221;Our company&#8221; tab_id=&#8221;1407943498-1-42c0be-9433&#8243;][vc_column_text]Vased interdum pellen tesque, velit nulla sem lacus et vulputate pellen tesque velit lorem nulla sem, at egestas velit nulla ipsum dolor glavrida <span class=\"shortcode-tooltip\">lorem tooltip<span class=\"tooltip-c\">Vased interdum pellen tesque!<\/span><\/span> sit amet commun vitas imperdiet imperdiet eleifend pellen nulla metus velit nulla sem lacus et vulputate vel sapien!<\/p>\n<p>Lorem ipsum dolor interdum pellen tesque, velit nulla ipsum dolor sit amet commun vitas imperdiet eleifend magna pellen tesque sit <a href=\"http:\/\/themeforest.net\/user\/Dream-Theme\/portfolio?ref=Dream-Theme\" target=\"_blank\">amet lorem<\/a> ipsum dolor commun vitas imperdiet eleifend magna pellen tesque velit nulla. Vased interdum pellen tesque, velit nulla ipsum dolor sit amet commun vitas imperdiet eleifend magna pellen tesque velit nulla. Integer vitae ante vitae mauris. Loremious ipsum ipsum dolor sit amet commun vitas amos nulla massa sed turpis aliquam pulvinar metus sed turpis.[\/vc_column_text][\/vc_tab][vc_tab title=&#8221;Mission &amp; goals&#8221; tab_id=&#8221;1407943649252-3-1c0be-9433&#8243;][vc_column_text]Vased interdum pellen tesque, velit nulla ipsum commun vitas amos nulla massa sed turpis aliquam pulvinar metus sed turpis. Lorem ipsum dolor sit amet lorem ipsum dolor commun vitas imperdiet eleifend magna pellen tesque velit nulla. Vased interdum pellen tesque![\/vc_column_text][vc_empty_space height=&#8221;24px&#8221;]<section class=\"shortcode-action-box table shortcode-action-bg block-style-widget\"><div class=\"text-big\"><h5>The best and most beautiful things in the world cannot be seen or even touched \u2013 they must be felt with the heart.<\/h5>\n<\/div><\/section>[vc_empty_space height=&#8221;24px&#8221;][vc_column_text]Vased interdum pellen elit nulla. Integer vitae ante vitae mauris. Loremious ipsum ipsum dolor sit amet commun vitas amos nulla massa sed turpis aliquam pulvinar metus sed turpis.[\/vc_column_text][\/vc_tab][vc_tab title=&#8221;We are good at&#8221; tab_id=&#8221;1407943648221-2-9c0be-9433&#8243;][vc_column_text]Vased interdum pellen tesque, velit nulla ipsum dolor sit amet commun vitas imperdiet eleifend magna pellen tesque velit nulla. Integer vitae ante vitae mauris. Loremious ipsum ipsum dolor sit amet sit amet nulla massa sed turpis aliquam pulvinar metus sed turpis![\/vc_column_text][vc_empty_space height=&#8221;24px&#8221;][vc_progress_bar values=&#8221;90|Development,80|Design,70|Marketing,55|Photography&#8221; bgcolor=&#8221;accent-bg&#8221; options=&#8221;striped&#8221; caption_pos=&#8221;on&#8221;][vc_empty_space height=&#8221;10px&#8221;][\/vc_tab][vc_tab title=&#8221;Contact us&#8221; tab_id=&#8221;1407943691591-4-10c0be-9433&#8243;][vc_column_text]Vased interdum pellen tesque, velit nulla sem lacus et vulputate pellen tesque velit lorem nulla sem lacus et vulputate vel sapien![\/vc_column_text][vc_empty_space height=&#8221;24px&#8221;]<form class=\"dt-contact-form dt-form\" method=\"post\"><input type=\"hidden\" name=\"widget_id\" value=\"presscore-contact-form-widget--1\" \/><input type=\"hidden\" name=\"send_message\" value=\"\" \/><input type=\"hidden\" name=\"security_token\" value=\"3133cca6ac78964fedbb\"\/><div class=\"form-fields\"><span class=\"form-name\"><label class=\"assistive-text\">Name<\/label><input type=\"text\" placeholder=\"Name\" name=\"name\" value=\"\" aria-required=\"false\">\n<\/span><span class=\"form-mail\"><label class=\"assistive-text\">E-mail *<\/label><input type=\"text\" class=\"validate[required,custom[email]]\" placeholder=\"E-mail *\" name=\"email\" value=\"\" aria-required=\"true\">\n<\/span><\/div><span class=\"form-message\"><label class=\"assistive-text\">Message<\/label><textarea placeholder=\"Message\" name=\"message\" rows=\"4\" aria-required=\"false\"><\/textarea>\n<\/span><p><a href=\"#\" class=\"dt-btn dt-btn-m dt-btn-submit\" rel=\"nofollow\"><span>Send message<\/span><\/a><input class=\"assistive-text\" type=\"submit\" value=\"submit\"><\/p><\/form>\n[\/vc_tab][\/vc_tabs][vc_empty_space height=&#8221;80px&#8221;]<div class=\"dt-fancy-separator title-left h6-size style-disabled accent-border-color\" style=\"width: 100%;\"><div class=\"dt-fancy-title bg-on\" style=\"color: #ffffff;\"><span class=\"separator-holder separator-left\"><\/span>Solid background<span class=\"separator-holder separator-right\"><\/span><\/div><\/div>[vc_empty_space height=&#8221;45px&#8221;][vc_tabs style=&#8221;tab-style-two&#8221; interval=&#8221;0&#8243;][vc_tab title=&#8221;Key features&#8221; tab_id=&#8221;1408636000016-0-2&#8243;][vc_column_text]Vased interdum pellen tesque, velit nulla ipsum commun vitas amos nulla massa sed turpis aliquam pulvinar metus sed turpis. Lorem ipsum dolor sit amet lorem ipsum dolor commun vitas imperdiet eleifend magna pellen tesque velit nulla. Vased interdum pellen tesque![\/vc_column_text][vc_empty_space height=&#8221;20px&#8221;]<div class=\"standard-number-list bullet-top\"><ul>\n<li>Modern &amp; easy to customize\u00a0design;<\/li>\n<li>Powerful visual layout builder &amp; tons of shortcodes;<\/li>\n<li>Ultra responsive &amp; retina ready layout;<\/li>\n<li>Friendly support &amp; regular updates.<\/li>\n<\/ul>\n<\/div>[vc_empty_space height=&#8221;5px&#8221;][vc_column_text]Vased interdum pellen elit nulla. Integer vitae ante vitae mauris. Loremious ipsum ipsum dolor sit amet commun vitas amos nulla massa sed turpis aliquam pulvinar metus sed turpis.[\/vc_column_text][\/vc_tab][vc_tab title=&#8221;Our company&#8221; tab_id=&#8221;1408635999877-0-9&#8243;][vc_column_text]Vased interdum pellen tesque, velit nulla sem lacus et vulputate pellen tesque velit lorem nulla sem, at egestas velit nulla ipsum dolor glavrida <span class=\"shortcode-tooltip\">lorem tooltip<span class=\"tooltip-c\">Vased interdum pellen tesque!<\/span><\/span> sit amet commun vitas imperdiet imperdiet eleifend pellen nulla metus velit nulla sem lacus et vulputate vel sapien!<\/p>\n<p>Lorem ipsum dolor interdum pellen tesque, velit nulla ipsum dolor sit amet commun vitas imperdiet eleifend magna pellen tesque sit <a href=\"http:\/\/themeforest.net\/user\/Dream-Theme\/portfolio?ref=Dream-Theme\" target=\"_blank\">amet lorem<\/a> ipsum dolor commun vitas imperdiet eleifend magna pellen tesque velit nulla. Vased interdum pellen tesque, velit nulla ipsum dolor sit amet commun vitas imperdiet eleifend magna pellen tesque velit nulla. Integer vitae ante vitae mauris. Loremious ipsum ipsum dolor sit amet commun vitas amos nulla massa sed turpis aliquam pulvinar metus sed turpis.[\/vc_column_text][\/vc_tab][vc_tab title=&#8221;We are good at&#8221; tab_id=&#8221;1408636000399-0-1&#8243;][vc_column_text]Vased interdum pellen tesque, velit nulla ipsum dolor sit amet commun vitas imperdiet eleifend magna pellen tesque velit nulla. Integer vitae ante vitae mauris. Loremious ipsum ipsum dolor sit amet sit amet nulla massa sed turpis aliquam pulvinar metus sed turpis![\/vc_column_text][vc_empty_space height=&#8221;24px&#8221;][vc_progress_bar values=&#8221;90|Development,80|Design,70|Marketing,55|Photography&#8221; bgcolor=&#8221;accent-bg&#8221; options=&#8221;striped&#8221; caption_pos=&#8221;top&#8221;][vc_empty_space height=&#8221;10px&#8221;][\/vc_tab][vc_tab title=&#8221;Contact us&#8221; tab_id=&#8221;1408636000734-0-0&#8243;][vc_column_text]Vased interdum pellen tesque, velit nulla sem lacus et vulputate pellen tesque velit lorem nulla sem lacus et vulputate vel sapien![\/vc_column_text][vc_empty_space height=&#8221;24px&#8221;]<form class=\"dt-contact-form dt-form\" method=\"post\"><input type=\"hidden\" name=\"widget_id\" value=\"presscore-contact-form-widget--1\" \/><input type=\"hidden\" name=\"send_message\" value=\"\" \/><input type=\"hidden\" name=\"security_token\" value=\"3133cca6ac78964fedbb\"\/><div class=\"form-fields\"><span class=\"form-name\"><label class=\"assistive-text\">Name<\/label><input type=\"text\" placeholder=\"Name\" name=\"name\" value=\"\" aria-required=\"false\">\n<\/span><span class=\"form-mail\"><label class=\"assistive-text\">E-mail *<\/label><input type=\"text\" class=\"validate[required,custom[email]]\" placeholder=\"E-mail *\" name=\"email\" value=\"\" aria-required=\"true\">\n<\/span><\/div><span class=\"form-message\"><label class=\"assistive-text\">Message<\/label><textarea placeholder=\"Message\" name=\"message\" rows=\"4\" aria-required=\"false\"><\/textarea>\n<\/span><p><a href=\"#\" class=\"dt-btn dt-btn-m dt-btn-submit\" rel=\"nofollow\"><span>Send message<\/span><\/a><input class=\"assistive-text\" type=\"submit\" value=\"submit\"><\/p><\/form>\n[\/vc_tab][\/vc_tabs][vc_empty_space height=&#8221;80px&#8221;]<div class=\"dt-fancy-separator title-left h6-size style-disabled accent-border-color\" style=\"width: 100%;\"><div class=\"dt-fancy-title bg-on\" style=\"color: #ffffff;\"><span class=\"separator-holder separator-left\"><\/span>No background<span class=\"separator-holder separator-right\"><\/span><\/div><\/div>[vc_empty_space height=&#8221;45px&#8221;][vc_tabs style=&#8221;tab-style-three&#8221; interval=&#8221;0&#8243;][vc_tab title=&#8221;OUR SKILLS&#8221; tab_id=&#8221;1408636603789-0-1&#8243;][vc_column_text]Vased interdum pellen tesque, velit nulla ipsum dolor sit amet commun vitas imperdiet eleifend magna pellen tesque velit nulla. Integer vitae ante vitae mauris. Loremious ipsum ipsum dolor sit amet sit amet nulla massa sed turpis aliquam pulvinar metus sed turpis![\/vc_column_text][vc_empty_space height=&#8221;24px&#8221;][vc_progress_bar values=&#8221;90|Development,80|Design,70|Marketing,55|Photography&#8221; bgcolor=&#8221;accent-bg&#8221; options=&#8221;striped,animated&#8221; caption_pos=&#8221;top&#8221;][\/vc_tab][vc_tab title=&#8221;ABOUT COMPANY&#8221; tab_id=&#8221;1408636603162-0-0&#8243;][vc_column_text]Vased interdum pellen tesque, velit nulla sem lacus et vulputate pellen tesque velit lorem nulla sem, at egestas velit nulla ipsum dolor glavrida <span class=\"shortcode-tooltip\">lorem tooltip<span class=\"tooltip-c\">Vased interdum pellen tesque!<\/span><\/span> sit amet commun vitas imperdiet imperdiet eleifend pellen nulla metus velit nulla sem lacus et vulputate vel sapien!<\/p>\n<p>Lorem ipsum dolor interdum pellen tesque, velit nulla ipsum dolor sit amet commun vitas imperdiet eleifend magna pellen tesque sit <a href=\"http:\/\/themeforest.net\/user\/Dream-Theme\/portfolio?ref=Dream-Theme\" target=\"_blank\">amet lorem<\/a> ipsum dolor commun vitas imperdiet eleifend magna pellen tesque velit nulla. Vased interdum pellen tesque, velit nulla ipsum dolor sit amet commun vitas imperdiet eleifend magna pellen tesque velit nulla. Integer vitae ante vitae mauris. Loremious ipsum ipsum dolor sit amet commun vitas amos nulla massa sed turpis aliquam pulvinar metus sed turpis.<\/p>\n<p>Vased interdum pellen tesque, velit nulla ipsum commun vitas amos nulla massa sed turpis aliquam lorem ipsum dolor sit amet lorem ipsum dolor commun vitas imperdiet eleifend![\/vc_column_text][\/vc_tab][vc_tab title=&#8221;OUR MISSION&#8221; tab_id=&#8221;1408636603331-0-3&#8243;][vc_column_text]Vased interdum pellen tesque, velit nulla ipsum commun vitas amos nulla massa sed turpis aliquam pulvinar metus sed turpis. Lorem ipsum dolor sit amet lorem ipsum dolor commun vitas imperdiet eleifend magna pellen tesque velit nulla. Vased interdum pellen tesque![\/vc_column_text][vc_empty_space height=&#8221;24px&#8221;]<section class=\"shortcode-action-box table shortcode-action-bg block-style-widget\"><div class=\"text-big\"><h5>The best and most beautiful things in the world cannot be seen or even touched \u2013 they must be felt with the heart.<\/h5>\n<\/div><\/section>[vc_empty_space height=&#8221;24px&#8221;][vc_column_text]Vased interdum pellen elit nulla. Integer vitae ante vitae mauris. Loremious ipsum ipsum dolor sit amet commun vitas amos nulla massa sed turpis aliquam pulvinar metus sed turpis.[\/vc_column_text][\/vc_tab][vc_tab title=&#8221;GET IN TOUCH&#8221; tab_id=&#8221;1408636604182-0-8&#8243;][vc_column_text]Vased interdum pellen tesque, velit nulla sem lacus et vulputate pellen tesque velit lorem nulla sem lacus et vulputate vel sapien![\/vc_column_text][vc_empty_space height=&#8221;24px&#8221;]<form class=\"dt-contact-form dt-form\" method=\"post\"><input type=\"hidden\" name=\"widget_id\" value=\"presscore-contact-form-widget--1\" \/><input type=\"hidden\" name=\"send_message\" value=\"\" \/><input type=\"hidden\" name=\"security_token\" value=\"3133cca6ac78964fedbb\"\/><div class=\"form-fields\"><span class=\"form-name\"><label class=\"assistive-text\">Name<\/label><input type=\"text\" placeholder=\"Name\" name=\"name\" value=\"\" aria-required=\"false\">\n<\/span><span class=\"form-mail\"><label class=\"assistive-text\">E-mail *<\/label><input type=\"text\" class=\"validate[required,custom[email]]\" placeholder=\"E-mail *\" name=\"email\" value=\"\" aria-required=\"true\">\n<\/span><\/div><span class=\"form-message\"><label class=\"assistive-text\">Message<\/label><textarea placeholder=\"Message\" name=\"message\" rows=\"4\" aria-required=\"false\"><\/textarea>\n<\/span><p><a href=\"#\" class=\"dt-btn dt-btn-m dt-btn-submit\" rel=\"nofollow\"><span>Send message<\/span><\/a><input class=\"assistive-text\" type=\"submit\" value=\"submit\"><\/p><\/form>\n[\/vc_tab][\/vc_tabs][\/vc_column][\/vc_row]<\/p>\n<\/div>","protected":false},"excerpt":{"rendered":"<p>[vc_row margin_top=&#8221;-5&#8243; margin_bottom=&#8221;0&#8243; padding_left=&#8221;40&#8243; padding_right=&#8221;40&#8243; bg_position=&#8221;top&#8221; bg_repeat=&#8221;no-repeat&#8221; bg_cover=&#8221;false&#8221; bg_attachment=&#8221;false&#8221; padding_top=&#8221;40&#8243; padding_bottom=&#8221;40&#8243; parallax_speed=&#8221;0.1&#8243;][vc_column width=&#8221;1\/1&#8243; animation=&#8221;fadeIn&#8221;][vc_empty_space height=&#8221;45px&#8221;][vc_tabs style=&#8221;tab-style-one&#8221; interval=&#8221;0&#8243;][vc_tab title=&#8221;Our company&#8221; tab_id=&#8221;1407943498-1-42c0be-9433&#8243;][vc_column_text]Vased interdum pellen tesque, velit nulla sem lacus et vulputate pellen tesque velit lorem nulla sem, at egestas velit nulla ipsum dolor glavrida sit amet commun vitas imperdiet imperdiet eleifend pellen nulla metus velit nulla sem&hellip;<\/p>\n","protected":false},"author":1,"featured_media":0,"parent":19105,"menu_order":520,"comment_status":"closed","ping_status":"closed","template":"","meta":{"_monsterinsights_skip_tracking":false,"_monsterinsights_sitenote_active":false,"_monsterinsights_sitenote_note":"","_monsterinsights_sitenote_category":0,"footnotes":""},"class_list":["post-14059","page","type-page","status-publish","hentry","description-off"],"yoast_head":"<!-- This site is optimized with the Yoast SEO plugin v27.4 - https:\/\/yoast.com\/product\/yoast-seo-wordpress\/ -->\n<title>Tabs (top) - Cl\u00ed\u00adnica Clar\u00f3s<\/title>\n<meta name=\"description\" content=\"Otorrino Cirug\u00eda Pl\u00e1stica, Contactar, Cl\u00ednica Clar\u00f3s, Equipo profesional. Urgencias Otorrino en Barcelona. Llame ahora. Cirug\u00eda Pl\u00e1stica Facial. Siempre a su servicio. Otorrinolaringolog\u00eda. + 40 a\u00f1os de experiencia. Servicios: Otorrinolaringolog\u00eda, Cirug\u00eda facial.\" \/>\n<meta name=\"robots\" content=\"index, follow, max-snippet:-1, max-image-preview:large, max-video-preview:-1\" \/>\n<link rel=\"canonical\" href=\"https:\/\/www.clinicaclaros.com\/ru\/shortcodes\/5-shortcodes\/tabs-top\/\" \/>\n<meta property=\"og:locale\" content=\"ar_AR\" \/>\n<meta property=\"og:type\" content=\"article\" \/>\n<meta property=\"og:title\" content=\"Tabs (top) - Cl\u00ed\u00adnica Clar\u00f3s\" \/>\n<meta property=\"og:description\" content=\"Otorrino Cirug\u00eda Pl\u00e1stica, Contactar, Cl\u00ednica Clar\u00f3s, Equipo profesional. Urgencias Otorrino en Barcelona. Llame ahora. Cirug\u00eda Pl\u00e1stica Facial. Siempre a su servicio. Otorrinolaringolog\u00eda. + 40 a\u00f1os de experiencia. Servicios: Otorrinolaringolog\u00eda, Cirug\u00eda facial.\" \/>\n<meta property=\"og:url\" content=\"https:\/\/www.clinicaclaros.com\/ru\/shortcodes\/5-shortcodes\/tabs-top\/\" \/>\n<meta property=\"og:site_name\" content=\"Cl\u00ed\u00adnica Clar\u00f3s\" \/>\n<meta property=\"article:publisher\" content=\"https:\/\/www.facebook.com\/clinicaclaros\" \/>\n<meta name=\"twitter:card\" content=\"summary_large_image\" \/>\n<meta name=\"twitter:site\" content=\"@ClinicaClaros\" \/>\n<meta name=\"twitter:label1\" content=\"\u0648\u0642\u062a \u0627\u0644\u0642\u0631\u0627\u0621\u0629 \u0627\u0644\u0645\u064f\u0642\u062f\u0651\u0631\" \/>\n\t<meta name=\"twitter:data1\" content=\"7 \u062f\u0642\u0627\u0626\u0642\" \/>\n<script type=\"application\/ld+json\" class=\"yoast-schema-graph\">{\"@context\":\"https:\\\/\\\/schema.org\",\"@graph\":[{\"@type\":\"WebPage\",\"@id\":\"https:\\\/\\\/www.clinicaclaros.com\\\/ru\\\/shortcodes\\\/5-shortcodes\\\/tabs-top\\\/\",\"url\":\"https:\\\/\\\/www.clinicaclaros.com\\\/ru\\\/shortcodes\\\/5-shortcodes\\\/tabs-top\\\/\",\"name\":\"Tabs (top) - Cl\u00ed\u00adnica Clar\u00f3s\",\"isPartOf\":{\"@id\":\"https:\\\/\\\/www.clinicaclaros.com\\\/#website\"},\"datePublished\":\"2014-04-14T11:04:19+00:00\",\"description\":\"Otorrino Cirug\u00eda Pl\u00e1stica, Contactar, Cl\u00ednica Clar\u00f3s, Equipo profesional. Urgencias Otorrino en Barcelona. Llame ahora. Cirug\u00eda Pl\u00e1stica Facial. Siempre a su servicio. Otorrinolaringolog\u00eda. + 40 a\u00f1os de experiencia. Servicios: Otorrinolaringolog\u00eda, Cirug\u00eda facial.\",\"breadcrumb\":{\"@id\":\"https:\\\/\\\/www.clinicaclaros.com\\\/ru\\\/shortcodes\\\/5-shortcodes\\\/tabs-top\\\/#breadcrumb\"},\"inLanguage\":\"ar\",\"potentialAction\":[{\"@type\":\"ReadAction\",\"target\":[\"https:\\\/\\\/www.clinicaclaros.com\\\/ru\\\/shortcodes\\\/5-shortcodes\\\/tabs-top\\\/\"]}]},{\"@type\":\"BreadcrumbList\",\"@id\":\"https:\\\/\\\/www.clinicaclaros.com\\\/ru\\\/shortcodes\\\/5-shortcodes\\\/tabs-top\\\/#breadcrumb\",\"itemListElement\":[{\"@type\":\"ListItem\",\"position\":1,\"name\":\"Portada\",\"item\":\"https:\\\/\\\/www.clinicaclaros.com\\\/\"},{\"@type\":\"ListItem\",\"position\":2,\"name\":\"Shortcodes\",\"item\":\"https:\\\/\\\/www.clinicaclaros.com\\\/ru\\\/shortcodes\\\/\"},{\"@type\":\"ListItem\",\"position\":3,\"name\":\"5. Shortcodes\",\"item\":\"https:\\\/\\\/www.clinicaclaros.com\\\/ru\\\/shortcodes\\\/5-shortcodes\\\/\"},{\"@type\":\"ListItem\",\"position\":4,\"name\":\"Tabs (top)\"}]},{\"@type\":\"WebSite\",\"@id\":\"https:\\\/\\\/www.clinicaclaros.com\\\/#website\",\"url\":\"https:\\\/\\\/www.clinicaclaros.com\\\/\",\"name\":\"Cl\u00ed\u00adnica Clar\u00f3s\",\"description\":\"Otorrinolaringolog\u00eda y Cirug\u00eda Pl\u00e1stica Facial\",\"publisher\":{\"@id\":\"https:\\\/\\\/www.clinicaclaros.com\\\/#organization\"},\"potentialAction\":[{\"@type\":\"SearchAction\",\"target\":{\"@type\":\"EntryPoint\",\"urlTemplate\":\"https:\\\/\\\/www.clinicaclaros.com\\\/?s={search_term_string}\"},\"query-input\":{\"@type\":\"PropertyValueSpecification\",\"valueRequired\":true,\"valueName\":\"search_term_string\"}}],\"inLanguage\":\"ar\"},{\"@type\":\"Organization\",\"@id\":\"https:\\\/\\\/www.clinicaclaros.com\\\/#organization\",\"name\":\"Cl\u00ednica Clar\u00f3s\",\"url\":\"https:\\\/\\\/www.clinicaclaros.com\\\/\",\"logo\":{\"@type\":\"ImageObject\",\"inLanguage\":\"ar\",\"@id\":\"https:\\\/\\\/www.clinicaclaros.com\\\/#\\\/schema\\\/logo\\\/image\\\/\",\"url\":\"https:\\\/\\\/www.clinicaclaros.com\\\/wp-content\\\/uploads\\\/2015\\\/06\\\/logoalargadocabecera.jpg\",\"contentUrl\":\"https:\\\/\\\/www.clinicaclaros.com\\\/wp-content\\\/uploads\\\/2015\\\/06\\\/logoalargadocabecera.jpg\",\"width\":200,\"height\":60,\"caption\":\"Cl\u00ednica Clar\u00f3s\"},\"image\":{\"@id\":\"https:\\\/\\\/www.clinicaclaros.com\\\/#\\\/schema\\\/logo\\\/image\\\/\"},\"sameAs\":[\"https:\\\/\\\/www.facebook.com\\\/clinicaclaros\",\"https:\\\/\\\/x.com\\\/ClinicaClaros\",\"https:\\\/\\\/www.linkedin.com\\\/company\\\/cl\u00ednica-clar\u00f3s\",\"https:\\\/\\\/www.youtube.com\\\/user\\\/FundacioClaros\"]}]}<\/script>\n<!-- \/ Yoast SEO plugin. -->","yoast_head_json":{"title":"Tabs (top) - Cl\u00ed\u00adnica Clar\u00f3s","description":"Otorrino Cirug\u00eda Pl\u00e1stica, Contactar, Cl\u00ednica Clar\u00f3s, Equipo profesional. Urgencias Otorrino en Barcelona. Llame ahora. Cirug\u00eda Pl\u00e1stica Facial. Siempre a su servicio. Otorrinolaringolog\u00eda. + 40 a\u00f1os de experiencia. Servicios: Otorrinolaringolog\u00eda, Cirug\u00eda facial.","robots":{"index":"index","follow":"follow","max-snippet":"max-snippet:-1","max-image-preview":"max-image-preview:large","max-video-preview":"max-video-preview:-1"},"canonical":"https:\/\/www.clinicaclaros.com\/ru\/shortcodes\/5-shortcodes\/tabs-top\/","og_locale":"ar_AR","og_type":"article","og_title":"Tabs (top) - Cl\u00ed\u00adnica Clar\u00f3s","og_description":"Otorrino Cirug\u00eda Pl\u00e1stica, Contactar, Cl\u00ednica Clar\u00f3s, Equipo profesional. Urgencias Otorrino en Barcelona. Llame ahora. Cirug\u00eda Pl\u00e1stica Facial. Siempre a su servicio. Otorrinolaringolog\u00eda. + 40 a\u00f1os de experiencia. Servicios: Otorrinolaringolog\u00eda, Cirug\u00eda facial.","og_url":"https:\/\/www.clinicaclaros.com\/ru\/shortcodes\/5-shortcodes\/tabs-top\/","og_site_name":"Cl\u00ed\u00adnica Clar\u00f3s","article_publisher":"https:\/\/www.facebook.com\/clinicaclaros","twitter_card":"summary_large_image","twitter_site":"@ClinicaClaros","twitter_misc":{"\u0648\u0642\u062a \u0627\u0644\u0642\u0631\u0627\u0621\u0629 \u0627\u0644\u0645\u064f\u0642\u062f\u0651\u0631":"7 \u062f\u0642\u0627\u0626\u0642"},"schema":{"@context":"https:\/\/schema.org","@graph":[{"@type":"WebPage","@id":"https:\/\/www.clinicaclaros.com\/ru\/shortcodes\/5-shortcodes\/tabs-top\/","url":"https:\/\/www.clinicaclaros.com\/ru\/shortcodes\/5-shortcodes\/tabs-top\/","name":"Tabs (top) - Cl\u00ed\u00adnica Clar\u00f3s","isPartOf":{"@id":"https:\/\/www.clinicaclaros.com\/#website"},"datePublished":"2014-04-14T11:04:19+00:00","description":"Otorrino Cirug\u00eda Pl\u00e1stica, Contactar, Cl\u00ednica Clar\u00f3s, Equipo profesional. Urgencias Otorrino en Barcelona. Llame ahora. Cirug\u00eda Pl\u00e1stica Facial. Siempre a su servicio. Otorrinolaringolog\u00eda. + 40 a\u00f1os de experiencia. Servicios: Otorrinolaringolog\u00eda, Cirug\u00eda facial.","breadcrumb":{"@id":"https:\/\/www.clinicaclaros.com\/ru\/shortcodes\/5-shortcodes\/tabs-top\/#breadcrumb"},"inLanguage":"ar","potentialAction":[{"@type":"ReadAction","target":["https:\/\/www.clinicaclaros.com\/ru\/shortcodes\/5-shortcodes\/tabs-top\/"]}]},{"@type":"BreadcrumbList","@id":"https:\/\/www.clinicaclaros.com\/ru\/shortcodes\/5-shortcodes\/tabs-top\/#breadcrumb","itemListElement":[{"@type":"ListItem","position":1,"name":"Portada","item":"https:\/\/www.clinicaclaros.com\/"},{"@type":"ListItem","position":2,"name":"Shortcodes","item":"https:\/\/www.clinicaclaros.com\/ru\/shortcodes\/"},{"@type":"ListItem","position":3,"name":"5. Shortcodes","item":"https:\/\/www.clinicaclaros.com\/ru\/shortcodes\/5-shortcodes\/"},{"@type":"ListItem","position":4,"name":"Tabs (top)"}]},{"@type":"WebSite","@id":"https:\/\/www.clinicaclaros.com\/#website","url":"https:\/\/www.clinicaclaros.com\/","name":"Cl\u00ed\u00adnica Clar\u00f3s","description":"Otorrinolaringolog\u00eda y Cirug\u00eda Pl\u00e1stica Facial","publisher":{"@id":"https:\/\/www.clinicaclaros.com\/#organization"},"potentialAction":[{"@type":"SearchAction","target":{"@type":"EntryPoint","urlTemplate":"https:\/\/www.clinicaclaros.com\/?s={search_term_string}"},"query-input":{"@type":"PropertyValueSpecification","valueRequired":true,"valueName":"search_term_string"}}],"inLanguage":"ar"},{"@type":"Organization","@id":"https:\/\/www.clinicaclaros.com\/#organization","name":"Cl\u00ednica Clar\u00f3s","url":"https:\/\/www.clinicaclaros.com\/","logo":{"@type":"ImageObject","inLanguage":"ar","@id":"https:\/\/www.clinicaclaros.com\/#\/schema\/logo\/image\/","url":"https:\/\/www.clinicaclaros.com\/wp-content\/uploads\/2015\/06\/logoalargadocabecera.jpg","contentUrl":"https:\/\/www.clinicaclaros.com\/wp-content\/uploads\/2015\/06\/logoalargadocabecera.jpg","width":200,"height":60,"caption":"Cl\u00ednica Clar\u00f3s"},"image":{"@id":"https:\/\/www.clinicaclaros.com\/#\/schema\/logo\/image\/"},"sameAs":["https:\/\/www.facebook.com\/clinicaclaros","https:\/\/x.com\/ClinicaClaros","https:\/\/www.linkedin.com\/company\/cl\u00ednica-clar\u00f3s","https:\/\/www.youtube.com\/user\/FundacioClaros"]}]}},"_links":{"self":[{"href":"https:\/\/www.clinicaclaros.com\/ar\/wp-json\/wp\/v2\/pages\/14059","targetHints":{"allow":["GET"]}}],"collection":[{"href":"https:\/\/www.clinicaclaros.com\/ar\/wp-json\/wp\/v2\/pages"}],"about":[{"href":"https:\/\/www.clinicaclaros.com\/ar\/wp-json\/wp\/v2\/types\/page"}],"author":[{"embeddable":true,"href":"https:\/\/www.clinicaclaros.com\/ar\/wp-json\/wp\/v2\/users\/1"}],"replies":[{"embeddable":true,"href":"https:\/\/www.clinicaclaros.com\/ar\/wp-json\/wp\/v2\/comments?post=14059"}],"version-history":[{"count":0,"href":"https:\/\/www.clinicaclaros.com\/ar\/wp-json\/wp\/v2\/pages\/14059\/revisions"}],"up":[{"embeddable":true,"href":"https:\/\/www.clinicaclaros.com\/ar\/wp-json\/wp\/v2\/pages\/19105"}],"wp:attachment":[{"href":"https:\/\/www.clinicaclaros.com\/ar\/wp-json\/wp\/v2\/media?parent=14059"}],"curies":[{"name":"wp","href":"https:\/\/api.w.org\/{rel}","templated":true}]}}