{"id":79842,"date":"2025-03-10T09:59:55","date_gmt":"2025-03-10T09:59:55","guid":{"rendered":"https:\/\/www.clinicaclaros.com\/?post_type=dt_portfolio&#038;p=79842"},"modified":"2025-03-10T10:04:08","modified_gmt":"2025-03-10T10:04:08","slug":"entrevista-en-la-vanguardia-el-dia-9-de-marzo-de-2025","status":"publish","type":"dt_portfolio","link":"https:\/\/www.clinicaclaros.com\/ar\/project\/entrevista-en-la-vanguardia-el-dia-9-de-marzo-de-2025\/","title":{"rendered":"(Espa\u00f1ol) Entrevista en &#8220;La Vanguardia&#8221; el d\u00eda 9 de Marzo de 2025"},"content":{"rendered":"<p class=\"qtranxs-available-languages-message qtranxs-available-languages-message-ar\">\u0639\u0641\u0648\u0627\u060c \u0647\u0630\u0647 \u0627\u0644\u0645\u062f\u062e\u0644\u0629 \u0645\u0648\u062c\u0648\u062f\u0629 \u0641\u0642\u0637 \u0641\u064a <a href=\"https:\/\/www.clinicaclaros.com\/es\/wp-json\/wp\/v2\/dt_portfolio\/79842\" class=\"qtranxs-available-language-link qtranxs-available-language-link-es\" title=\"Espa\u00f1ol\">Espa\u00f1ol<\/a>.<\/p>","protected":false},"excerpt":{"rendered":"<p>\u0639\u0641\u0648\u0627\u060c \u0647\u0630\u0647 \u0627\u0644\u0645\u062f\u062e\u0644\u0629 \u0645\u0648\u062c\u0648\u062f\u0629 \u0641\u0642\u0637 \u0641\u064a Espa\u00f1ol.<\/p>\n","protected":false},"author":1,"featured_media":79843,"comment_status":"closed","ping_status":"closed","template":"","dt_portfolio_category":[73],"dt_portfolio_tags":[],"class_list":["post-79842","dt_portfolio","type-dt_portfolio","status-publish","has-post-thumbnail","hentry","dt_portfolio_category-noticias","dt_portfolio_category-73","description-off"],"yoast_head":"<!-- This site is optimized with the Yoast SEO plugin v27.4 - https:\/\/yoast.com\/product\/yoast-seo-wordpress\/ -->\n<title><\/title>\n<meta name=\"robots\" content=\"noindex, follow\" \/>\n<meta property=\"og:locale\" content=\"ar_AR\" \/>\n<meta property=\"og:type\" content=\"article\" \/>\n<meta property=\"og:title\" content=\"[:es]Entrevista en &quot;La Vanguardia&quot; el d\u00eda 9 de Marzo de 2025[:] - Cl\u00ed\u00adnica Clar\u00f3s\" \/>\n<meta property=\"og:description\" content=\"\u0639\u0641\u0648\u0627\u060c \u0647\u0630\u0647 \u0627\u0644\u0645\u062f\u062e\u0644\u0629 \u0645\u0648\u062c\u0648\u062f\u0629 \u0641\u0642\u0637 \u0641\u064a Espa\u00f1ol.\" \/>\n<meta property=\"og:url\" content=\"https:\/\/www.clinicaclaros.com\/project\/entrevista-en-la-vanguardia-el-dia-9-de-marzo-de-2025\/\" \/>\n<meta property=\"og:site_name\" content=\"Cl\u00ed\u00adnica Clar\u00f3s\" \/>\n<meta property=\"article:publisher\" content=\"https:\/\/www.facebook.com\/clinicaclaros\" \/>\n<meta property=\"article:modified_time\" content=\"2025-03-10T10:04:08+00:00\" \/>\n<meta property=\"og:image\" content=\"https:\/\/www.clinicaclaros.com\/wp-content\/uploads\/2025\/03\/lavanguardia.jpg\" \/>\n\t<meta property=\"og:image:width\" content=\"1031\" \/>\n\t<meta property=\"og:image:height\" content=\"1054\" \/>\n\t<meta property=\"og:image:type\" content=\"image\/jpeg\" \/>\n<meta name=\"twitter:card\" content=\"summary_large_image\" \/>\n<meta name=\"twitter:site\" content=\"@ClinicaClaros\" \/>\n<meta name=\"twitter:label1\" content=\"\u0648\u0642\u062a \u0627\u0644\u0642\u0631\u0627\u0621\u0629 \u0627\u0644\u0645\u064f\u0642\u062f\u0651\u0631\" \/>\n\t<meta name=\"twitter:data1\" content=\"\u062f\u0642\u064a\u0642\u0629 \u0648\u0627\u062d\u062f\u0629\" \/>\n<script type=\"application\/ld+json\" class=\"yoast-schema-graph\">{\"@context\":\"https:\\\/\\\/schema.org\",\"@graph\":[{\"@type\":\"WebPage\",\"@id\":\"https:\\\/\\\/www.clinicaclaros.com\\\/project\\\/entrevista-en-la-vanguardia-el-dia-9-de-marzo-de-2025\\\/\",\"url\":\"https:\\\/\\\/www.clinicaclaros.com\\\/project\\\/entrevista-en-la-vanguardia-el-dia-9-de-marzo-de-2025\\\/\",\"name\":\"[:es]Entrevista en \\\"La Vanguardia\\\" el d\u00eda 9 de Marzo de 2025[:] - Cl\u00ed\u00adnica Clar\u00f3s\",\"isPartOf\":{\"@id\":\"https:\\\/\\\/www.clinicaclaros.com\\\/#website\"},\"primaryImageOfPage\":{\"@id\":\"https:\\\/\\\/www.clinicaclaros.com\\\/project\\\/entrevista-en-la-vanguardia-el-dia-9-de-marzo-de-2025\\\/#primaryimage\"},\"image\":{\"@id\":\"https:\\\/\\\/www.clinicaclaros.com\\\/project\\\/entrevista-en-la-vanguardia-el-dia-9-de-marzo-de-2025\\\/#primaryimage\"},\"thumbnailUrl\":\"https:\\\/\\\/www.clinicaclaros.com\\\/wp-content\\\/uploads\\\/2025\\\/03\\\/lavanguardia.jpg\",\"datePublished\":\"2025-03-10T09:59:55+00:00\",\"dateModified\":\"2025-03-10T10:04:08+00:00\",\"breadcrumb\":{\"@id\":\"https:\\\/\\\/www.clinicaclaros.com\\\/project\\\/entrevista-en-la-vanguardia-el-dia-9-de-marzo-de-2025\\\/#breadcrumb\"},\"inLanguage\":\"ar\",\"potentialAction\":[{\"@type\":\"ReadAction\",\"target\":[\"https:\\\/\\\/www.clinicaclaros.com\\\/project\\\/entrevista-en-la-vanguardia-el-dia-9-de-marzo-de-2025\\\/\"]}]},{\"@type\":\"ImageObject\",\"inLanguage\":\"ar\",\"@id\":\"https:\\\/\\\/www.clinicaclaros.com\\\/project\\\/entrevista-en-la-vanguardia-el-dia-9-de-marzo-de-2025\\\/#primaryimage\",\"url\":\"https:\\\/\\\/www.clinicaclaros.com\\\/wp-content\\\/uploads\\\/2025\\\/03\\\/lavanguardia.jpg\",\"contentUrl\":\"https:\\\/\\\/www.clinicaclaros.com\\\/wp-content\\\/uploads\\\/2025\\\/03\\\/lavanguardia.jpg\",\"width\":1031,\"height\":1054},{\"@type\":\"BreadcrumbList\",\"@id\":\"https:\\\/\\\/www.clinicaclaros.com\\\/project\\\/entrevista-en-la-vanguardia-el-dia-9-de-marzo-de-2025\\\/#breadcrumb\",\"itemListElement\":[{\"@type\":\"ListItem\",\"position\":1,\"name\":\"Portada\",\"item\":\"https:\\\/\\\/www.clinicaclaros.com\\\/\"},{\"@type\":\"ListItem\",\"position\":2,\"name\":\"Portafolio\",\"item\":\"https:\\\/\\\/www.clinicaclaros.com\\\/project\\\/\"},{\"@type\":\"ListItem\",\"position\":3,\"name\":\"Entrevista en \u00abLa Vanguardia\u00bb el d\u00eda 9 de Marzo de 2025\"}]},{\"@type\":\"WebSite\",\"@id\":\"https:\\\/\\\/www.clinicaclaros.com\\\/#website\",\"url\":\"https:\\\/\\\/www.clinicaclaros.com\\\/\",\"name\":\"Cl\u00ed\u00adnica Clar\u00f3s\",\"description\":\"Otorrinolaringolog\u00eda y Cirug\u00eda Pl\u00e1stica Facial\",\"publisher\":{\"@id\":\"https:\\\/\\\/www.clinicaclaros.com\\\/#organization\"},\"potentialAction\":[{\"@type\":\"SearchAction\",\"target\":{\"@type\":\"EntryPoint\",\"urlTemplate\":\"https:\\\/\\\/www.clinicaclaros.com\\\/?s={search_term_string}\"},\"query-input\":{\"@type\":\"PropertyValueSpecification\",\"valueRequired\":true,\"valueName\":\"search_term_string\"}}],\"inLanguage\":\"ar\"},{\"@type\":\"Organization\",\"@id\":\"https:\\\/\\\/www.clinicaclaros.com\\\/#organization\",\"name\":\"Cl\u00ednica Clar\u00f3s\",\"url\":\"https:\\\/\\\/www.clinicaclaros.com\\\/\",\"logo\":{\"@type\":\"ImageObject\",\"inLanguage\":\"ar\",\"@id\":\"https:\\\/\\\/www.clinicaclaros.com\\\/#\\\/schema\\\/logo\\\/image\\\/\",\"url\":\"https:\\\/\\\/www.clinicaclaros.com\\\/wp-content\\\/uploads\\\/2015\\\/06\\\/logoalargadocabecera.jpg\",\"contentUrl\":\"https:\\\/\\\/www.clinicaclaros.com\\\/wp-content\\\/uploads\\\/2015\\\/06\\\/logoalargadocabecera.jpg\",\"width\":200,\"height\":60,\"caption\":\"Cl\u00ednica Clar\u00f3s\"},\"image\":{\"@id\":\"https:\\\/\\\/www.clinicaclaros.com\\\/#\\\/schema\\\/logo\\\/image\\\/\"},\"sameAs\":[\"https:\\\/\\\/www.facebook.com\\\/clinicaclaros\",\"https:\\\/\\\/x.com\\\/ClinicaClaros\",\"https:\\\/\\\/www.linkedin.com\\\/company\\\/cl\u00ednica-clar\u00f3s\",\"https:\\\/\\\/www.youtube.com\\\/user\\\/FundacioClaros\"]}]}<\/script>\n<!-- \/ Yoast SEO plugin. -->","yoast_head_json":{"title":"[:es]Entrevista en \"La Vanguardia\" el d\u00eda 9 de Marzo de 2025[:] - Cl\u00ed\u00adnica Clar\u00f3s","robots":{"index":"noindex","follow":"follow"},"og_locale":"ar_AR","og_type":"article","og_title":"[:es]Entrevista en \"La Vanguardia\" el d\u00eda 9 de Marzo de 2025[:] - Cl\u00ed\u00adnica Clar\u00f3s","og_description":"\u0639\u0641\u0648\u0627\u060c \u0647\u0630\u0647 \u0627\u0644\u0645\u062f\u062e\u0644\u0629 \u0645\u0648\u062c\u0648\u062f\u0629 \u0641\u0642\u0637 \u0641\u064a Espa\u00f1ol.","og_url":"https:\/\/www.clinicaclaros.com\/project\/entrevista-en-la-vanguardia-el-dia-9-de-marzo-de-2025\/","og_site_name":"Cl\u00ed\u00adnica Clar\u00f3s","article_publisher":"https:\/\/www.facebook.com\/clinicaclaros","article_modified_time":"2025-03-10T10:04:08+00:00","og_image":[{"width":1031,"height":1054,"url":"https:\/\/www.clinicaclaros.com\/wp-content\/uploads\/2025\/03\/lavanguardia.jpg","type":"image\/jpeg"}],"twitter_card":"summary_large_image","twitter_site":"@ClinicaClaros","twitter_misc":{"\u0648\u0642\u062a \u0627\u0644\u0642\u0631\u0627\u0621\u0629 \u0627\u0644\u0645\u064f\u0642\u062f\u0651\u0631":"\u062f\u0642\u064a\u0642\u0629 \u0648\u0627\u062d\u062f\u0629"},"schema":{"@context":"https:\/\/schema.org","@graph":[{"@type":"WebPage","@id":"https:\/\/www.clinicaclaros.com\/project\/entrevista-en-la-vanguardia-el-dia-9-de-marzo-de-2025\/","url":"https:\/\/www.clinicaclaros.com\/project\/entrevista-en-la-vanguardia-el-dia-9-de-marzo-de-2025\/","name":"[:es]Entrevista en \"La Vanguardia\" el d\u00eda 9 de Marzo de 2025[:] - Cl\u00ed\u00adnica Clar\u00f3s","isPartOf":{"@id":"https:\/\/www.clinicaclaros.com\/#website"},"primaryImageOfPage":{"@id":"https:\/\/www.clinicaclaros.com\/project\/entrevista-en-la-vanguardia-el-dia-9-de-marzo-de-2025\/#primaryimage"},"image":{"@id":"https:\/\/www.clinicaclaros.com\/project\/entrevista-en-la-vanguardia-el-dia-9-de-marzo-de-2025\/#primaryimage"},"thumbnailUrl":"https:\/\/www.clinicaclaros.com\/wp-content\/uploads\/2025\/03\/lavanguardia.jpg","datePublished":"2025-03-10T09:59:55+00:00","dateModified":"2025-03-10T10:04:08+00:00","breadcrumb":{"@id":"https:\/\/www.clinicaclaros.com\/project\/entrevista-en-la-vanguardia-el-dia-9-de-marzo-de-2025\/#breadcrumb"},"inLanguage":"ar","potentialAction":[{"@type":"ReadAction","target":["https:\/\/www.clinicaclaros.com\/project\/entrevista-en-la-vanguardia-el-dia-9-de-marzo-de-2025\/"]}]},{"@type":"ImageObject","inLanguage":"ar","@id":"https:\/\/www.clinicaclaros.com\/project\/entrevista-en-la-vanguardia-el-dia-9-de-marzo-de-2025\/#primaryimage","url":"https:\/\/www.clinicaclaros.com\/wp-content\/uploads\/2025\/03\/lavanguardia.jpg","contentUrl":"https:\/\/www.clinicaclaros.com\/wp-content\/uploads\/2025\/03\/lavanguardia.jpg","width":1031,"height":1054},{"@type":"BreadcrumbList","@id":"https:\/\/www.clinicaclaros.com\/project\/entrevista-en-la-vanguardia-el-dia-9-de-marzo-de-2025\/#breadcrumb","itemListElement":[{"@type":"ListItem","position":1,"name":"Portada","item":"https:\/\/www.clinicaclaros.com\/"},{"@type":"ListItem","position":2,"name":"Portafolio","item":"https:\/\/www.clinicaclaros.com\/project\/"},{"@type":"ListItem","position":3,"name":"Entrevista en \u00abLa Vanguardia\u00bb el d\u00eda 9 de Marzo de 2025"}]},{"@type":"WebSite","@id":"https:\/\/www.clinicaclaros.com\/#website","url":"https:\/\/www.clinicaclaros.com\/","name":"Cl\u00ed\u00adnica Clar\u00f3s","description":"Otorrinolaringolog\u00eda y Cirug\u00eda Pl\u00e1stica Facial","publisher":{"@id":"https:\/\/www.clinicaclaros.com\/#organization"},"potentialAction":[{"@type":"SearchAction","target":{"@type":"EntryPoint","urlTemplate":"https:\/\/www.clinicaclaros.com\/?s={search_term_string}"},"query-input":{"@type":"PropertyValueSpecification","valueRequired":true,"valueName":"search_term_string"}}],"inLanguage":"ar"},{"@type":"Organization","@id":"https:\/\/www.clinicaclaros.com\/#organization","name":"Cl\u00ednica Clar\u00f3s","url":"https:\/\/www.clinicaclaros.com\/","logo":{"@type":"ImageObject","inLanguage":"ar","@id":"https:\/\/www.clinicaclaros.com\/#\/schema\/logo\/image\/","url":"https:\/\/www.clinicaclaros.com\/wp-content\/uploads\/2015\/06\/logoalargadocabecera.jpg","contentUrl":"https:\/\/www.clinicaclaros.com\/wp-content\/uploads\/2015\/06\/logoalargadocabecera.jpg","width":200,"height":60,"caption":"Cl\u00ednica Clar\u00f3s"},"image":{"@id":"https:\/\/www.clinicaclaros.com\/#\/schema\/logo\/image\/"},"sameAs":["https:\/\/www.facebook.com\/clinicaclaros","https:\/\/x.com\/ClinicaClaros","https:\/\/www.linkedin.com\/company\/cl\u00ednica-clar\u00f3s","https:\/\/www.youtube.com\/user\/FundacioClaros"]}]}},"_links":{"self":[{"href":"https:\/\/www.clinicaclaros.com\/ar\/wp-json\/wp\/v2\/dt_portfolio\/79842","targetHints":{"allow":["GET"]}}],"collection":[{"href":"https:\/\/www.clinicaclaros.com\/ar\/wp-json\/wp\/v2\/dt_portfolio"}],"about":[{"href":"https:\/\/www.clinicaclaros.com\/ar\/wp-json\/wp\/v2\/types\/dt_portfolio"}],"author":[{"embeddable":true,"href":"https:\/\/www.clinicaclaros.com\/ar\/wp-json\/wp\/v2\/users\/1"}],"replies":[{"embeddable":true,"href":"https:\/\/www.clinicaclaros.com\/ar\/wp-json\/wp\/v2\/comments?post=79842"}],"version-history":[{"count":0,"href":"https:\/\/www.clinicaclaros.com\/ar\/wp-json\/wp\/v2\/dt_portfolio\/79842\/revisions"}],"wp:featuredmedia":[{"embeddable":true,"href":"https:\/\/www.clinicaclaros.com\/ar\/wp-json\/wp\/v2\/media\/79843"}],"wp:attachment":[{"href":"https:\/\/www.clinicaclaros.com\/ar\/wp-json\/wp\/v2\/media?parent=79842"}],"wp:term":[{"taxonomy":"dt_portfolio_category","embeddable":true,"href":"https:\/\/www.clinicaclaros.com\/ar\/wp-json\/wp\/v2\/dt_portfolio_category?post=79842"},{"taxonomy":"dt_portfolio_tags","embeddable":true,"href":"https:\/\/www.clinicaclaros.com\/ar\/wp-json\/wp\/v2\/dt_portfolio_tags?post=79842"}],"curies":[{"name":"wp","href":"https:\/\/api.w.org\/{rel}","templated":true}]}}